{"id":8395,"date":"2025-04-29T16:32:14","date_gmt":"2025-04-29T14:32:14","guid":{"rendered":"https:\/\/www.aucoeurdelamain.fr\/?post_type=product&#038;p=8395"},"modified":"2025-04-29T16:32:14","modified_gmt":"2025-04-29T14:32:14","slug":"la-lampe-itineraire","status":"publish","type":"product","link":"https:\/\/www.aucoeurdelamain.fr\/index.php\/product\/la-lampe-itineraire\/","title":{"rendered":"La Lampe Itin\u00e9raire"},"content":{"rendered":"<h4><em>La Lampe Itin\u00e9raire,<\/em><\/h4>\n<h4><em>un geste artistique entre sculpture et \u00e9b\u00e9nisterie<\/em><\/h4>\n<p>&nbsp;<\/p>\n<p><em>R\u00e9alis\u00e9e en 2014 et pr\u00e9sent\u00e9e au Prix de l\u2019Intelligence de la Main,<\/em><br \/>\n<em>Fondation Bettencourt Schueller, en juin 2015.<\/em><br \/>\n<em>Mati\u00e8res : sycomore et \u00e9timo\u00e9 &#8211; 1,30 m de hauteur<\/em><\/p>\n<p>&nbsp;<\/p>\n<p>Mouvement \u00e9lanc\u00e9 qui d\u00e9fie l\u2019apesanteur, cette lampe est inspir\u00e9e de la forme d\u2019un copeau de bois enroul\u00e9 qui s\u2019\u00e9l\u00e8ve avec la l\u00e9g\u00e8ret\u00e9 d\u2019une volute de fum\u00e9e. Cet assemblage de diff\u00e9rentes essences est n\u00e9 de la rencontre entre les techniques contemporaines et traditionnelles d\u2019\u00e9b\u00e9nisterie. Elle raconte l\u2019itin\u00e9raire d\u2019un jeune homme qui gr\u00e2ce au bois prend son envol&#8230;<\/p>\n","protected":false},"excerpt":{"rendered":"<p>La Lampe Itin\u00e9raire, un geste artistique entre sculpture et \u00e9b\u00e9nisterie &nbsp; R\u00e9alis\u00e9e en 2014 et pr\u00e9sent\u00e9e au Prix de l\u2019Intelligence de la Main, Fondation Bettencourt Schueller, en juin 2015. Mati\u00e8res : sycomore et \u00e9timo\u00e9 &#8211; 1,30 m de hauteur &nbsp; Mouvement \u00e9lanc\u00e9 qui d\u00e9fie l\u2019apesanteur, cette lampe est inspir\u00e9e de<\/p>\n","protected":false},"featured_media":6141,"comment_status":"open","ping_status":"closed","template":"","meta":[],"product_brand":[],"product_cat":[109],"product_tag":[],"class_list":{"0":"post-8395","1":"product","2":"type-product","3":"status-publish","4":"has-post-thumbnail","6":"product_cat-editions-bdm2","8":"first","9":"instock","10":"shipping-taxable","11":"purchasable","12":"product-type-simple"},"jetpack_sharing_enabled":true,"_links":{"self":[{"href":"https:\/\/www.aucoeurdelamain.fr\/index.php\/wp-json\/wp\/v2\/product\/8395","targetHints":{"allow":["GET"]}}],"collection":[{"href":"https:\/\/www.aucoeurdelamain.fr\/index.php\/wp-json\/wp\/v2\/product"}],"about":[{"href":"https:\/\/www.aucoeurdelamain.fr\/index.php\/wp-json\/wp\/v2\/types\/product"}],"replies":[{"embeddable":true,"href":"https:\/\/www.aucoeurdelamain.fr\/index.php\/wp-json\/wp\/v2\/comments?post=8395"}],"wp:featuredmedia":[{"embeddable":true,"href":"https:\/\/www.aucoeurdelamain.fr\/index.php\/wp-json\/wp\/v2\/media\/6141"}],"wp:attachment":[{"href":"https:\/\/www.aucoeurdelamain.fr\/index.php\/wp-json\/wp\/v2\/media?parent=8395"}],"wp:term":[{"taxonomy":"product_brand","embeddable":true,"href":"https:\/\/www.aucoeurdelamain.fr\/index.php\/wp-json\/wp\/v2\/product_brand?post=8395"},{"taxonomy":"product_cat","embeddable":true,"href":"https:\/\/www.aucoeurdelamain.fr\/index.php\/wp-json\/wp\/v2\/product_cat?post=8395"},{"taxonomy":"product_tag","embeddable":true,"href":"https:\/\/www.aucoeurdelamain.fr\/index.php\/wp-json\/wp\/v2\/product_tag?post=8395"}],"curies":[{"name":"wp","href":"https:\/\/api.w.org\/{rel}","templated":true}]}}