{"id":8388,"date":"2025-04-29T16:20:21","date_gmt":"2025-04-29T14:20:21","guid":{"rendered":"https:\/\/www.aucoeurdelamain.fr\/?post_type=product&#038;p=8388"},"modified":"2025-04-29T16:27:08","modified_gmt":"2025-04-29T14:27:08","slug":"modules-papillon","status":"publish","type":"product","link":"https:\/\/www.aucoeurdelamain.fr\/index.php\/product\/modules-papillon\/","title":{"rendered":"Modules Papillon"},"content":{"rendered":"<h4>Modules Papillon<\/h4>\n<p>&nbsp;<\/p>\n<p><em>Dimensions : 36\u201940\u201940 cm<\/em><br \/>\n<em>Mars 2022 \u2013 Expos\u00e9s dans la Galerie Guillaume <\/em><br \/>\n<em>D\u00e9cembre 2024 \u2013 Entr\u00e9e dans les Collections du Mobilier National<\/em><\/p>\n<p>&nbsp;<\/p>\n<p>En un battement d\u2019ailes, les modules Papillon composent votre mobilier.<br \/>\nCon\u00e7us avec Beno\u00eet de Mal\u00e9zieux au sein des \u00c9ditions BdM2,<br \/>\ncette ligne color\u00e9e et originale s\u2019adapte \u00e0 vos envies.<\/p>\n<p>&nbsp;<\/p>\n<p>Utilisables seuls, en table basse, en bout de canap\u00e9 ou assembl\u00e9s pour former des colonnes et des \u00e9tag\u00e8res, ces collections de modules cr\u00e9ent des espaces ais\u00e9ment personnalisables et configurables. Pour chaque module num\u00e9rot\u00e9, choisissez une ou deux essences<br \/>\n(ici H\u00eatre et Noyer, Acajou et Sycomore)<\/p>\n","protected":false},"excerpt":{"rendered":"<p>Modules Papillon &nbsp; Dimensions : 36\u201940\u201940 cm Mars 2022 \u2013 Expos\u00e9s dans la Galerie Guillaume D\u00e9cembre 2024 \u2013 Entr\u00e9e dans les Collections du Mobilier National &nbsp; En un battement d\u2019ailes, les modules Papillon composent votre mobilier. Con\u00e7us avec Beno\u00eet de Mal\u00e9zieux au sein des \u00c9ditions BdM2, cette ligne color\u00e9e et<\/p>\n","protected":false},"featured_media":6167,"comment_status":"open","ping_status":"closed","template":"","meta":[],"product_brand":[],"product_cat":[109],"product_tag":[],"class_list":{"0":"post-8388","1":"product","2":"type-product","3":"status-publish","4":"has-post-thumbnail","6":"product_cat-editions-bdm2","8":"first","9":"instock","10":"shipping-taxable","11":"purchasable","12":"product-type-simple"},"jetpack_sharing_enabled":true,"_links":{"self":[{"href":"https:\/\/www.aucoeurdelamain.fr\/index.php\/wp-json\/wp\/v2\/product\/8388","targetHints":{"allow":["GET"]}}],"collection":[{"href":"https:\/\/www.aucoeurdelamain.fr\/index.php\/wp-json\/wp\/v2\/product"}],"about":[{"href":"https:\/\/www.aucoeurdelamain.fr\/index.php\/wp-json\/wp\/v2\/types\/product"}],"replies":[{"embeddable":true,"href":"https:\/\/www.aucoeurdelamain.fr\/index.php\/wp-json\/wp\/v2\/comments?post=8388"}],"wp:featuredmedia":[{"embeddable":true,"href":"https:\/\/www.aucoeurdelamain.fr\/index.php\/wp-json\/wp\/v2\/media\/6167"}],"wp:attachment":[{"href":"https:\/\/www.aucoeurdelamain.fr\/index.php\/wp-json\/wp\/v2\/media?parent=8388"}],"wp:term":[{"taxonomy":"product_brand","embeddable":true,"href":"https:\/\/www.aucoeurdelamain.fr\/index.php\/wp-json\/wp\/v2\/product_brand?post=8388"},{"taxonomy":"product_cat","embeddable":true,"href":"https:\/\/www.aucoeurdelamain.fr\/index.php\/wp-json\/wp\/v2\/product_cat?post=8388"},{"taxonomy":"product_tag","embeddable":true,"href":"https:\/\/www.aucoeurdelamain.fr\/index.php\/wp-json\/wp\/v2\/product_tag?post=8388"}],"curies":[{"name":"wp","href":"https:\/\/api.w.org\/{rel}","templated":true}]}}