{"id":8107,"date":"2025-04-28T16:54:22","date_gmt":"2025-04-28T14:54:22","guid":{"rendered":"https:\/\/www.aucoeurdelamain.fr\/?page_id=8107"},"modified":"2025-04-28T17:32:11","modified_gmt":"2025-04-28T15:32:11","slug":"articles-art-sacre","status":"publish","type":"page","link":"https:\/\/www.aucoeurdelamain.fr\/index.php\/articles-art-sacre\/","title":{"rendered":"Articles Art Sacr\u00e9"},"content":{"rendered":"\t\t<div data-elementor-type=\"wp-page\" data-elementor-id=\"8107\" class=\"elementor elementor-8107\">\n\t\t\t\t<div class=\"elementor-element elementor-element-f0f6f6e e-flex e-con-boxed wpr-particle-no wpr-jarallax-no wpr-parallax-no wpr-sticky-section-no wpr-equal-height-no e-con e-parent\" data-id=\"f0f6f6e\" data-element_type=\"container\" data-e-type=\"container\">\n\t\t\t\t\t<div class=\"e-con-inner\">\n\t\t\t\t<div class=\"elementor-element elementor-element-26cf082 wpr-grid-columns-3 wpr-grid-columns--tablet2 wpr-grid-columns--mobile1 wpr-grid-pagination-center wpr-item-styles-inner elementor-widget elementor-widget-wpr-grid\" data-id=\"26cf082\" data-element_type=\"widget\" data-e-type=\"widget\" data-widget_type=\"wpr-grid.default\">\n\t\t\t\t<div class=\"elementor-widget-container\">\n\t\t\t\t\t<ul class=\"wpr-grid-filters elementor-clearfix wpr-grid-filters-sep-right\"><li class=\" wpr-pointer-none wpr-pointer-line-fx wpr-pointer-fx-none\"><span  data-filter=\"*\" class=\"wpr-grid-filters-item wpr-active-filter \">All Posts<\/span><em class=\"wpr-grid-filters-sep\"><\/em><\/li><li class=\" wpr-pointer-none wpr-pointer-line-fx wpr-pointer-fx-none\"><span   data-ajax-filter=[\"category\",\"art-sacre\"]  data-filter=\".category-art-sacre\">Art Sacr\u00e9<\/span><em class=\"wpr-grid-filters-sep\"><\/em><\/li><\/ul><section class=\"wpr-grid elementor-clearfix\" data-settings=\"{&quot;layout&quot;:&quot;fitRows&quot;,&quot;stick_last_element_to_bottom&quot;:&quot;&quot;,&quot;columns_desktop&quot;:3,&quot;gutter_hr&quot;:15,&quot;gutter_hr_mobile&quot;:15,&quot;gutter_hr_mobile_extra&quot;:15,&quot;gutter_hr_tablet&quot;:15,&quot;gutter_hr_tablet_extra&quot;:15,&quot;gutter_hr_laptop&quot;:15,&quot;gutter_hr_widescreen&quot;:15,&quot;gutter_vr&quot;:15,&quot;gutter_vr_mobile&quot;:15,&quot;gutter_vr_mobile_extra&quot;:15,&quot;gutter_vr_tablet&quot;:15,&quot;gutter_vr_tablet_extra&quot;:15,&quot;gutter_vr_laptop&quot;:15,&quot;gutter_vr_widescreen&quot;:15,&quot;animation&quot;:&quot;default&quot;,&quot;animation_duration&quot;:0.3,&quot;animation_delay&quot;:0.1,&quot;deeplinking&quot;:&quot;&quot;,&quot;filters_linkable&quot;:&quot;no&quot;,&quot;filters_default_filter&quot;:&quot;&quot;,&quot;filters_count&quot;:&quot;&quot;,&quot;filters_hide_empty&quot;:&quot;no&quot;,&quot;filters_animation&quot;:&quot;default&quot;,&quot;filters_animation_duration&quot;:0.3,&quot;filters_animation_delay&quot;:0.1,&quot;pagination_type&quot;:&quot;load-more&quot;,&quot;pagination_max_pages&quot;:2,&quot;lightbox&quot;:{&quot;selector&quot;:&quot;.wpr-grid-image-wrap&quot;,&quot;iframeMaxWidth&quot;:&quot;60%&quot;,&quot;hash&quot;:false,&quot;autoplay&quot;:&quot;true&quot;,&quot;pause&quot;:5000,&quot;progressBar&quot;:&quot;true&quot;,&quot;counter&quot;:&quot;true&quot;,&quot;controls&quot;:&quot;true&quot;,&quot;getCaptionFromTitleOrAlt&quot;:&quot;true&quot;,&quot;thumbnail&quot;:&quot;&quot;,&quot;showThumbByDefault&quot;:&quot;&quot;,&quot;share&quot;:&quot;&quot;,&quot;zoom&quot;:&quot;true&quot;,&quot;fullScreen&quot;:&quot;true&quot;,&quot;download&quot;:&quot;true&quot;}}\" data-advanced-filters=\"no\"><article class=\"wpr-grid-item elementor-clearfix post-8768 post type-post status-publish format-standard has-post-thumbnail hentry category-art-sacre\"><div class=\"wpr-grid-item-inner\"><div class=\"wpr-grid-media-wrap wpr-effect-size-medium \" data-overlay-link=\"yes\"><div class=\"wpr-grid-image-wrap\" data-src=\"https:\/\/www.aucoeurdelamain.fr\/wp-content\/uploads\/2025\/05\/WhatsApp-Image-2025-06-25-a-23.00.05_7ae7dbff.jpg\" data-img-on-hover=\"\"  data-src-secondary=\"\"><img decoding=\"async\" data-no-lazy=\"1\" src=\"https:\/\/www.aucoeurdelamain.fr\/wp-content\/uploads\/2025\/05\/WhatsApp-Image-2025-06-25-a-23.00.05_7ae7dbff.jpg\" alt=\"Saint-Pierre-Saint-Paul\u00a0\u00e0\u00a0Courbevoie\" class=\"wpr-anim-timing-ease-default\"><\/div><div class=\"wpr-grid-media-hover wpr-animation-wrap\"><div class=\"wpr-grid-media-hover-bg  wpr-overlay-fade-in wpr-anim-size-large wpr-anim-timing-ease-default wpr-anim-transparency\" data-url=\"https:\/\/www.aucoeurdelamain.fr\/index.php\/2025\/05\/21\/saint-pierre-saint-paul-a-courbevoie\/\"><\/div><\/div><\/div><div class=\"wpr-grid-item-below-content elementor-clearfix\"><h2 class=\"wpr-grid-item-title elementor-repeater-item-7780b79 wpr-grid-item-display-block wpr-grid-item-align-left wpr-pointer-none wpr-pointer-line-fx wpr-pointer-fx-fade\"><div class=\"inner-block\"><a target=\"_self\"  href=\"https:\/\/www.aucoeurdelamain.fr\/index.php\/2025\/05\/21\/saint-pierre-saint-paul-a-courbevoie\/\">Saint-Pierre-Saint-Paul\u00a0\u00e0\u00a0Courbevoie<\/a><\/div><\/h2><div class=\"wpr-grid-item-date elementor-repeater-item-ee86bf7 wpr-grid-item-display-inline wpr-grid-item-align-left\"><div class=\"inner-block\"><span>21 mai 2025<span class=\"wpr-grid-extra-text-right\">\/<\/span><\/span><\/div><\/div><div class=\"wpr-grid-item-comments elementor-repeater-item-6354adf wpr-grid-item-display-inline wpr-grid-item-align-left\"><div class=\"inner-block\"><a href=\"https:\/\/www.aucoeurdelamain.fr\/index.php\/2025\/05\/21\/saint-pierre-saint-paul-a-courbevoie\/#respond\"><span>No Comments<\/span><\/a><\/div><\/div><div class=\"wpr-grid-item-excerpt elementor-repeater-item-da6cdea wpr-grid-item-display-block wpr-grid-item-align-left\"><div class=\"inner-block\"><p>C\u2019est toujours tr\u00e8s \u00e9mouvant de pr\u00e9senter \u00ab en vrai \u00bb le nouveau mobilier d\u2019un ch\u0153ur \u00e0 ceux qui sont \u00e0...<\/p><\/div><\/div><div class=\"wpr-grid-item-read-more elementor-repeater-item-39682b0 wpr-grid-item-display-block wpr-grid-item-align-left\"><div class=\"inner-block\"><a target=\"_self\" href=\"https:\/\/www.aucoeurdelamain.fr\/index.php\/2025\/05\/21\/saint-pierre-saint-paul-a-courbevoie\/\" class=\"wpr-button-effect wpr-button-none\"><span>Read More<\/span><\/a><\/div><\/div><\/div><\/div><\/article><article class=\"wpr-grid-item elementor-clearfix post-8727 post type-post status-publish format-standard has-post-thumbnail hentry category-art-sacre category-dernieres-news-des-evenements-a-venir\"><div class=\"wpr-grid-item-inner\"><div class=\"wpr-grid-media-wrap wpr-effect-size-medium \" data-overlay-link=\"yes\"><div class=\"wpr-grid-image-wrap\" data-src=\"https:\/\/www.aucoeurdelamain.fr\/wp-content\/uploads\/2025\/05\/WhatsApp-Image-2025-05-20-a-20.06.09_5056d946.jpg\" data-img-on-hover=\"\"  data-src-secondary=\"\"><img decoding=\"async\" data-no-lazy=\"1\" src=\"https:\/\/www.aucoeurdelamain.fr\/wp-content\/uploads\/2025\/05\/WhatsApp-Image-2025-05-20-a-20.06.09_5056d946.jpg\" alt=\"La Table Trinit\u00e9\" class=\"wpr-anim-timing-ease-default\"><\/div><div class=\"wpr-grid-media-hover wpr-animation-wrap\"><div class=\"wpr-grid-media-hover-bg  wpr-overlay-fade-in wpr-anim-size-large wpr-anim-timing-ease-default wpr-anim-transparency\" data-url=\"https:\/\/www.aucoeurdelamain.fr\/index.php\/2025\/05\/21\/la-table-trinite\/\"><\/div><\/div><\/div><div class=\"wpr-grid-item-below-content elementor-clearfix\"><h2 class=\"wpr-grid-item-title elementor-repeater-item-7780b79 wpr-grid-item-display-block wpr-grid-item-align-left wpr-pointer-none wpr-pointer-line-fx wpr-pointer-fx-fade\"><div class=\"inner-block\"><a target=\"_self\"  href=\"https:\/\/www.aucoeurdelamain.fr\/index.php\/2025\/05\/21\/la-table-trinite\/\">La Table Trinit\u00e9<\/a><\/div><\/h2><div class=\"wpr-grid-item-date elementor-repeater-item-ee86bf7 wpr-grid-item-display-inline wpr-grid-item-align-left\"><div class=\"inner-block\"><span>21 mai 2025<span class=\"wpr-grid-extra-text-right\">\/<\/span><\/span><\/div><\/div><div class=\"wpr-grid-item-comments elementor-repeater-item-6354adf wpr-grid-item-display-inline wpr-grid-item-align-left\"><div class=\"inner-block\"><a href=\"https:\/\/www.aucoeurdelamain.fr\/index.php\/2025\/05\/21\/la-table-trinite\/#respond\"><span>No Comments<\/span><\/a><\/div><\/div><div class=\"wpr-grid-item-excerpt elementor-repeater-item-da6cdea wpr-grid-item-display-block wpr-grid-item-align-left\"><div class=\"inner-block\"><p>Les lueurs naissent l\u00e0 o\u00f9 la v\u00e9rit\u00e9 rencontre la douceur, elles \u00e9claireurs les c\u0153urs autant que les regards. \u00c0 l\u2019occasion...<\/p><\/div><\/div><div class=\"wpr-grid-item-read-more elementor-repeater-item-39682b0 wpr-grid-item-display-block wpr-grid-item-align-left\"><div class=\"inner-block\"><a target=\"_self\" href=\"https:\/\/www.aucoeurdelamain.fr\/index.php\/2025\/05\/21\/la-table-trinite\/\" class=\"wpr-button-effect wpr-button-none\"><span>Read More<\/span><\/a><\/div><\/div><\/div><\/div><\/article><article class=\"wpr-grid-item elementor-clearfix post-8619 post type-post status-publish format-standard has-post-thumbnail hentry category-art-sacre category-presse\"><div class=\"wpr-grid-item-inner\"><div class=\"wpr-grid-media-wrap wpr-effect-size-medium \" data-overlay-link=\"yes\"><div class=\"wpr-grid-image-wrap\" data-src=\"https:\/\/www.aucoeurdelamain.fr\/wp-content\/uploads\/2025\/05\/WhatsApp-Image-2025-05-20-a-19.47.50_0e544b47.jpg\" data-img-on-hover=\"\"  data-src-secondary=\"\"><img decoding=\"async\" data-no-lazy=\"1\" src=\"https:\/\/www.aucoeurdelamain.fr\/wp-content\/uploads\/2025\/05\/WhatsApp-Image-2025-05-20-a-19.47.50_0e544b47.jpg\" alt=\"&#8220;B\u00e2tisseurs&#8221; (Chantier du Cardinal) : Artisans d&#8217;Art Sacr\u00e9, transmettre la foi ou les savoir-faire?\" class=\"wpr-anim-timing-ease-default\"><\/div><div class=\"wpr-grid-media-hover wpr-animation-wrap\"><div class=\"wpr-grid-media-hover-bg  wpr-overlay-fade-in wpr-anim-size-large wpr-anim-timing-ease-default wpr-anim-transparency\" data-url=\"https:\/\/www.aucoeurdelamain.fr\/index.php\/2025\/05\/21\/batisseurs-chantier-du-cardinal-artisans-dart-sacre-transmettre-la-foi-ou-les-savoir-faire\/\"><\/div><\/div><\/div><div class=\"wpr-grid-item-below-content elementor-clearfix\"><h2 class=\"wpr-grid-item-title elementor-repeater-item-7780b79 wpr-grid-item-display-block wpr-grid-item-align-left wpr-pointer-none wpr-pointer-line-fx wpr-pointer-fx-fade\"><div class=\"inner-block\"><a target=\"_self\"  href=\"https:\/\/www.aucoeurdelamain.fr\/index.php\/2025\/05\/21\/batisseurs-chantier-du-cardinal-artisans-dart-sacre-transmettre-la-foi-ou-les-savoir-faire\/\">&#8220;B\u00e2tisseurs&#8221; (Chantier du Cardinal) : Artisans d&#8217;Art Sacr\u00e9, transmettre la foi ou les savoir-faire?<\/a><\/div><\/h2><div class=\"wpr-grid-item-date elementor-repeater-item-ee86bf7 wpr-grid-item-display-inline wpr-grid-item-align-left\"><div class=\"inner-block\"><span>21 mai 2025<span class=\"wpr-grid-extra-text-right\">\/<\/span><\/span><\/div><\/div><div class=\"wpr-grid-item-comments elementor-repeater-item-6354adf wpr-grid-item-display-inline wpr-grid-item-align-left\"><div class=\"inner-block\"><a href=\"https:\/\/www.aucoeurdelamain.fr\/index.php\/2025\/05\/21\/batisseurs-chantier-du-cardinal-artisans-dart-sacre-transmettre-la-foi-ou-les-savoir-faire\/#respond\"><span>No Comments<\/span><\/a><\/div><\/div><div class=\"wpr-grid-item-read-more elementor-repeater-item-39682b0 wpr-grid-item-display-block wpr-grid-item-align-left\"><div class=\"inner-block\"><a target=\"_self\" href=\"https:\/\/www.aucoeurdelamain.fr\/index.php\/2025\/05\/21\/batisseurs-chantier-du-cardinal-artisans-dart-sacre-transmettre-la-foi-ou-les-savoir-faire\/\" class=\"wpr-button-effect wpr-button-none\"><span>Read More<\/span><\/a><\/div><\/div><\/div><\/div><\/article><article class=\"wpr-grid-item elementor-clearfix post-8220 post type-post status-publish format-standard has-post-thumbnail hentry category-art-sacre\"><div class=\"wpr-grid-item-inner\"><div class=\"wpr-grid-media-wrap wpr-effect-size-medium \" data-overlay-link=\"yes\"><div class=\"wpr-grid-image-wrap\" data-src=\"https:\/\/www.aucoeurdelamain.fr\/wp-content\/uploads\/2025\/04\/IMG_3264-scaled.jpg\" data-img-on-hover=\"\"  data-src-secondary=\"\"><img decoding=\"async\" data-no-lazy=\"1\" src=\"https:\/\/www.aucoeurdelamain.fr\/wp-content\/uploads\/2025\/04\/IMG_3264-scaled.jpg\" alt=\"&#8220;Un nouvel autel pour l\u2019\u00e9glise Saint-Jacques de Lyon !&#8221; ALETEIA &#8211; 9 janvier 2024\" class=\"wpr-anim-timing-ease-default\"><\/div><div class=\"wpr-grid-media-hover wpr-animation-wrap\"><div class=\"wpr-grid-media-hover-bg  wpr-overlay-fade-in wpr-anim-size-large wpr-anim-timing-ease-default wpr-anim-transparency\" data-url=\"https:\/\/www.aucoeurdelamain.fr\/index.php\/2024\/01\/09\/un-nouvel-autel-pour-leglise-saint-jacques-de-lyon-aleteia-9-janvier-2024\/\"><\/div><\/div><\/div><div class=\"wpr-grid-item-below-content elementor-clearfix\"><h2 class=\"wpr-grid-item-title elementor-repeater-item-7780b79 wpr-grid-item-display-block wpr-grid-item-align-left wpr-pointer-none wpr-pointer-line-fx wpr-pointer-fx-fade\"><div class=\"inner-block\"><a target=\"_self\"  href=\"https:\/\/www.aucoeurdelamain.fr\/index.php\/2024\/01\/09\/un-nouvel-autel-pour-leglise-saint-jacques-de-lyon-aleteia-9-janvier-2024\/\">&#8220;Un nouvel autel pour l\u2019\u00e9glise Saint-Jacques de Lyon !&#8221; ALETEIA &#8211; 9 janvier 2024<\/a><\/div><\/h2><div class=\"wpr-grid-item-date elementor-repeater-item-ee86bf7 wpr-grid-item-display-inline wpr-grid-item-align-left\"><div class=\"inner-block\"><span>9 janvier 2024<span class=\"wpr-grid-extra-text-right\">\/<\/span><\/span><\/div><\/div><div class=\"wpr-grid-item-comments elementor-repeater-item-6354adf wpr-grid-item-display-inline wpr-grid-item-align-left\"><div class=\"inner-block\"><a href=\"https:\/\/www.aucoeurdelamain.fr\/index.php\/2024\/01\/09\/un-nouvel-autel-pour-leglise-saint-jacques-de-lyon-aleteia-9-janvier-2024\/#respond\"><span>No Comments<\/span><\/a><\/div><\/div><div class=\"wpr-grid-item-excerpt elementor-repeater-item-da6cdea wpr-grid-item-display-block wpr-grid-item-align-left\"><div class=\"inner-block\"><p>C\u2019\u00e9tait une premi\u00e8re pour le nouvel \u00e9v\u00eaque auxiliaire de Lyon, Mgr Lo\u00efc Lagadec. Ce dimanche 7 janvier, il a consacr\u00e9...<\/p><\/div><\/div><div class=\"wpr-grid-item-read-more elementor-repeater-item-39682b0 wpr-grid-item-display-block wpr-grid-item-align-left\"><div class=\"inner-block\"><a target=\"_self\" href=\"https:\/\/www.aucoeurdelamain.fr\/index.php\/2024\/01\/09\/un-nouvel-autel-pour-leglise-saint-jacques-de-lyon-aleteia-9-janvier-2024\/\" class=\"wpr-button-effect wpr-button-none\"><span>Read More<\/span><\/a><\/div><\/div><\/div><\/div><\/article><article class=\"wpr-grid-item elementor-clearfix post-8334 post type-post status-publish format-standard has-post-thumbnail hentry category-art-sacre category-dernieres-news-des-evenements-a-venir\"><div class=\"wpr-grid-item-inner\"><div class=\"wpr-grid-media-wrap wpr-effect-size-medium \" data-overlay-link=\"yes\"><div class=\"wpr-grid-image-wrap\" data-src=\"https:\/\/www.aucoeurdelamain.fr\/wp-content\/uploads\/2023\/11\/IMG_2411-rotated-1.jpg\" data-img-on-hover=\"\"  data-src-secondary=\"\"><img decoding=\"async\" data-no-lazy=\"1\" src=\"https:\/\/www.aucoeurdelamain.fr\/wp-content\/uploads\/2023\/11\/IMG_2411-rotated-1.jpg\" alt=\"Remise de la m\u00e9daille de l\u2019Excellence Artisanale (sept 2023)\" class=\"wpr-anim-timing-ease-default\"><\/div><div class=\"wpr-grid-media-hover wpr-animation-wrap\"><div class=\"wpr-grid-media-hover-bg  wpr-overlay-fade-in wpr-anim-size-large wpr-anim-timing-ease-default wpr-anim-transparency\" data-url=\"https:\/\/www.aucoeurdelamain.fr\/index.php\/2023\/11\/07\/remise-de-la-medaille-de-lexcellence-artisanale-sept-2023\/\"><\/div><\/div><\/div><div class=\"wpr-grid-item-below-content elementor-clearfix\"><h2 class=\"wpr-grid-item-title elementor-repeater-item-7780b79 wpr-grid-item-display-block wpr-grid-item-align-left wpr-pointer-none wpr-pointer-line-fx wpr-pointer-fx-fade\"><div class=\"inner-block\"><a target=\"_self\"  href=\"https:\/\/www.aucoeurdelamain.fr\/index.php\/2023\/11\/07\/remise-de-la-medaille-de-lexcellence-artisanale-sept-2023\/\">Remise de la m\u00e9daille de l\u2019Excellence Artisanale (sept 2023)<\/a><\/div><\/h2><div class=\"wpr-grid-item-date elementor-repeater-item-ee86bf7 wpr-grid-item-display-inline wpr-grid-item-align-left\"><div class=\"inner-block\"><span>7 novembre 2023<span class=\"wpr-grid-extra-text-right\">\/<\/span><\/span><\/div><\/div><div class=\"wpr-grid-item-comments elementor-repeater-item-6354adf wpr-grid-item-display-inline wpr-grid-item-align-left\"><div class=\"inner-block\"><a href=\"https:\/\/www.aucoeurdelamain.fr\/index.php\/2023\/11\/07\/remise-de-la-medaille-de-lexcellence-artisanale-sept-2023\/#respond\"><span>No Comments<\/span><\/a><\/div><\/div><div class=\"wpr-grid-item-excerpt elementor-repeater-item-da6cdea wpr-grid-item-display-block wpr-grid-item-align-left\"><div class=\"inner-block\"><p>Comme c\u2019est si justement sculpt\u00e9 sur cette m\u00e9daille, c\u2019est \u00e0 plusieurs que l\u2019on peut viser l\u2019excellence et gravir pas \u00e0...<\/p><\/div><\/div><div class=\"wpr-grid-item-read-more elementor-repeater-item-39682b0 wpr-grid-item-display-block wpr-grid-item-align-left\"><div class=\"inner-block\"><a target=\"_self\" href=\"https:\/\/www.aucoeurdelamain.fr\/index.php\/2023\/11\/07\/remise-de-la-medaille-de-lexcellence-artisanale-sept-2023\/\" class=\"wpr-button-effect wpr-button-none\"><span>Read More<\/span><\/a><\/div><\/div><\/div><\/div><\/article><article class=\"wpr-grid-item elementor-clearfix post-8300 post type-post status-publish format-standard has-post-thumbnail hentry category-art-sacre category-dernieres-news-des-evenements-a-venir\"><div class=\"wpr-grid-item-inner\"><div class=\"wpr-grid-media-wrap wpr-effect-size-medium \" data-overlay-link=\"yes\"><div class=\"wpr-grid-image-wrap\" data-src=\"https:\/\/www.aucoeurdelamain.fr\/wp-content\/uploads\/2023\/11\/IMG_6089-scaled-1.jpg\" data-img-on-hover=\"\"  data-src-secondary=\"\"><img decoding=\"async\" data-no-lazy=\"1\" src=\"https:\/\/www.aucoeurdelamain.fr\/wp-content\/uploads\/2023\/11\/IMG_6089-scaled-1.jpg\" alt=\"Label Artisan du Tourisme \u2013 CMA IDF (juin 2023)\" class=\"wpr-anim-timing-ease-default\"><\/div><div class=\"wpr-grid-media-hover wpr-animation-wrap\"><div class=\"wpr-grid-media-hover-bg  wpr-overlay-fade-in wpr-anim-size-large wpr-anim-timing-ease-default wpr-anim-transparency\" data-url=\"https:\/\/www.aucoeurdelamain.fr\/index.php\/2023\/11\/07\/label-artisan-du-tourisme-cma-idf-juin-2023-2\/\"><\/div><\/div><\/div><div class=\"wpr-grid-item-below-content elementor-clearfix\"><h2 class=\"wpr-grid-item-title elementor-repeater-item-7780b79 wpr-grid-item-display-block wpr-grid-item-align-left wpr-pointer-none wpr-pointer-line-fx wpr-pointer-fx-fade\"><div class=\"inner-block\"><a target=\"_self\"  href=\"https:\/\/www.aucoeurdelamain.fr\/index.php\/2023\/11\/07\/label-artisan-du-tourisme-cma-idf-juin-2023-2\/\">Label Artisan du Tourisme \u2013 CMA IDF (juin 2023)<\/a><\/div><\/h2><div class=\"wpr-grid-item-date elementor-repeater-item-ee86bf7 wpr-grid-item-display-inline wpr-grid-item-align-left\"><div class=\"inner-block\"><span>7 novembre 2023<span class=\"wpr-grid-extra-text-right\">\/<\/span><\/span><\/div><\/div><div class=\"wpr-grid-item-comments elementor-repeater-item-6354adf wpr-grid-item-display-inline wpr-grid-item-align-left\"><div class=\"inner-block\"><a href=\"https:\/\/www.aucoeurdelamain.fr\/index.php\/2023\/11\/07\/label-artisan-du-tourisme-cma-idf-juin-2023-2\/#respond\"><span>No Comments<\/span><\/a><\/div><\/div><div class=\"wpr-grid-item-excerpt elementor-repeater-item-da6cdea wpr-grid-item-display-block wpr-grid-item-align-left\"><div class=\"inner-block\"><p>\u00ab Nos metiers artisanaux d\u2019excellence sont des m\u00e9tiers de rep\u00e8res solides. L\u2019avenir appartient \u00e0 l intelligence de la main. Suscitons...<\/p><\/div><\/div><div class=\"wpr-grid-item-read-more elementor-repeater-item-39682b0 wpr-grid-item-display-block wpr-grid-item-align-left\"><div class=\"inner-block\"><a target=\"_self\" href=\"https:\/\/www.aucoeurdelamain.fr\/index.php\/2023\/11\/07\/label-artisan-du-tourisme-cma-idf-juin-2023-2\/\" class=\"wpr-button-effect wpr-button-none\"><span>Read More<\/span><\/a><\/div><\/div><\/div><\/div><\/article><article class=\"wpr-grid-item elementor-clearfix post-8146 post type-post status-publish format-standard has-post-thumbnail hentry category-art-sacre\"><div class=\"wpr-grid-item-inner\"><div class=\"wpr-grid-media-wrap wpr-effect-size-medium \" data-overlay-link=\"yes\"><div class=\"wpr-grid-image-wrap\" data-src=\"https:\/\/www.aucoeurdelamain.fr\/wp-content\/uploads\/2025\/04\/IMG_3240-scaled.jpg\" data-img-on-hover=\"\"  data-src-secondary=\"\"><img decoding=\"async\" data-no-lazy=\"1\" src=\"https:\/\/www.aucoeurdelamain.fr\/wp-content\/uploads\/2025\/04\/IMG_3240-scaled.jpg\" alt=\"&#8220;Le feu du c\u0153ur du Christ et de l\u2019Esprit-Saint nous br\u00fblent et nous envoient en mission&#8221; 7 janvier 2024 &#8211; Dioc\u00e8se de Lyon\" class=\"wpr-anim-timing-ease-default\"><\/div><div class=\"wpr-grid-media-hover wpr-animation-wrap\"><div class=\"wpr-grid-media-hover-bg  wpr-overlay-fade-in wpr-anim-size-large wpr-anim-timing-ease-default wpr-anim-transparency\" data-url=\"https:\/\/www.aucoeurdelamain.fr\/index.php\/2023\/04\/28\/le-feu-du-coeur-du-christ-et-de-lesprit-saint-nous-brulent-et-nous-envoient-en-mission-7-janvier-2024-diocese-de-lyon\/\"><\/div><\/div><\/div><div class=\"wpr-grid-item-below-content elementor-clearfix\"><h2 class=\"wpr-grid-item-title elementor-repeater-item-7780b79 wpr-grid-item-display-block wpr-grid-item-align-left wpr-pointer-none wpr-pointer-line-fx wpr-pointer-fx-fade\"><div class=\"inner-block\"><a target=\"_self\"  href=\"https:\/\/www.aucoeurdelamain.fr\/index.php\/2023\/04\/28\/le-feu-du-coeur-du-christ-et-de-lesprit-saint-nous-brulent-et-nous-envoient-en-mission-7-janvier-2024-diocese-de-lyon\/\">&#8220;Le feu du c\u0153ur du Christ et de l\u2019Esprit-Saint nous br\u00fblent et nous envoient en mission&#8221; 7 janvier 2024 &#8211;\u2026<\/a><\/div><\/h2><div class=\"wpr-grid-item-date elementor-repeater-item-ee86bf7 wpr-grid-item-display-inline wpr-grid-item-align-left\"><div class=\"inner-block\"><span>28 avril 2023<span class=\"wpr-grid-extra-text-right\">\/<\/span><\/span><\/div><\/div><div class=\"wpr-grid-item-comments elementor-repeater-item-6354adf wpr-grid-item-display-inline wpr-grid-item-align-left\"><div class=\"inner-block\"><a href=\"https:\/\/www.aucoeurdelamain.fr\/index.php\/2023\/04\/28\/le-feu-du-coeur-du-christ-et-de-lesprit-saint-nous-brulent-et-nous-envoient-en-mission-7-janvier-2024-diocese-de-lyon\/#respond\"><span>No Comments<\/span><\/a><\/div><\/div><div class=\"wpr-grid-item-excerpt elementor-repeater-item-da6cdea wpr-grid-item-display-block wpr-grid-item-align-left\"><div class=\"inner-block\"><p>Petit mot pr\u00e9par\u00e9 pour ce matin \u00e0 l\u2019occasion de la cons\u00e9cration du nouvel autel en cette f\u00eate de l\u2019Epiphanie.A la...<\/p><\/div><\/div><div class=\"wpr-grid-item-read-more elementor-repeater-item-39682b0 wpr-grid-item-display-block wpr-grid-item-align-left\"><div class=\"inner-block\"><a target=\"_self\" href=\"https:\/\/www.aucoeurdelamain.fr\/index.php\/2023\/04\/28\/le-feu-du-coeur-du-christ-et-de-lesprit-saint-nous-brulent-et-nous-envoient-en-mission-7-janvier-2024-diocese-de-lyon\/\" class=\"wpr-button-effect wpr-button-none\"><span>Read More<\/span><\/a><\/div><\/div><\/div><\/div><\/article><article class=\"wpr-grid-item elementor-clearfix post-8151 post type-post status-publish format-standard has-post-thumbnail hentry category-art-sacre\"><div class=\"wpr-grid-item-inner\"><div class=\"wpr-grid-media-wrap wpr-effect-size-medium \" data-overlay-link=\"yes\"><div class=\"wpr-grid-image-wrap\" data-src=\"https:\/\/www.aucoeurdelamain.fr\/wp-content\/uploads\/2025\/04\/vitrail-colombe-1-scaled-e1745569648613.jpg\" data-img-on-hover=\"\"  data-src-secondary=\"\"><img decoding=\"async\" data-no-lazy=\"1\" src=\"https:\/\/www.aucoeurdelamain.fr\/wp-content\/uploads\/2025\/04\/vitrail-colombe-1-scaled-e1745569648613.jpg\" alt=\"&#8220;Le Mobilier de Dieu&#8221; par le Dioc\u00e8se de Paris (Mars 2023)\" class=\"wpr-anim-timing-ease-default\"><\/div><div class=\"wpr-grid-media-hover wpr-animation-wrap\"><div class=\"wpr-grid-media-hover-bg  wpr-overlay-fade-in wpr-anim-size-large wpr-anim-timing-ease-default wpr-anim-transparency\" data-url=\"https:\/\/www.aucoeurdelamain.fr\/index.php\/2023\/04\/18\/le-mobilier-de-dieu-par-le-diocese-de-paris-mars-2023\/\"><\/div><\/div><\/div><div class=\"wpr-grid-item-below-content elementor-clearfix\"><h2 class=\"wpr-grid-item-title elementor-repeater-item-7780b79 wpr-grid-item-display-block wpr-grid-item-align-left wpr-pointer-none wpr-pointer-line-fx wpr-pointer-fx-fade\"><div class=\"inner-block\"><a target=\"_self\"  href=\"https:\/\/www.aucoeurdelamain.fr\/index.php\/2023\/04\/18\/le-mobilier-de-dieu-par-le-diocese-de-paris-mars-2023\/\">&#8220;Le Mobilier de Dieu&#8221; par le Dioc\u00e8se de Paris (Mars 2023)<\/a><\/div><\/h2><div class=\"wpr-grid-item-date elementor-repeater-item-ee86bf7 wpr-grid-item-display-inline wpr-grid-item-align-left\"><div class=\"inner-block\"><span>18 avril 2023<span class=\"wpr-grid-extra-text-right\">\/<\/span><\/span><\/div><\/div><div class=\"wpr-grid-item-comments elementor-repeater-item-6354adf wpr-grid-item-display-inline wpr-grid-item-align-left\"><div class=\"inner-block\"><a href=\"https:\/\/www.aucoeurdelamain.fr\/index.php\/2023\/04\/18\/le-mobilier-de-dieu-par-le-diocese-de-paris-mars-2023\/#respond\"><span>No Comments<\/span><\/a><\/div><\/div><div class=\"wpr-grid-item-excerpt elementor-repeater-item-da6cdea wpr-grid-item-display-block wpr-grid-item-align-left\"><div class=\"inner-block\"><p>Vivez une immersion au c\u0153ur du chantier de la r\u00e9novation de la maison Familya au travers de la cr\u00e9ation de...<\/p><\/div><\/div><div class=\"wpr-grid-item-read-more elementor-repeater-item-39682b0 wpr-grid-item-display-block wpr-grid-item-align-left\"><div class=\"inner-block\"><a target=\"_self\" href=\"https:\/\/www.aucoeurdelamain.fr\/index.php\/2023\/04\/18\/le-mobilier-de-dieu-par-le-diocese-de-paris-mars-2023\/\" class=\"wpr-button-effect wpr-button-none\"><span>Read More<\/span><\/a><\/div><\/div><\/div><\/div><\/article><article class=\"wpr-grid-item elementor-clearfix post-8131 post type-post status-publish format-standard has-post-thumbnail hentry category-art-sacre category-presse\"><div class=\"wpr-grid-item-inner\"><div class=\"wpr-grid-media-wrap wpr-effect-size-medium \" data-overlay-link=\"yes\"><div class=\"wpr-grid-image-wrap\" data-src=\"https:\/\/www.aucoeurdelamain.fr\/wp-content\/uploads\/2025\/04\/IMG_6448-scaled.jpg\" data-img-on-hover=\"\"  data-src-secondary=\"\"><img decoding=\"async\" data-no-lazy=\"1\" src=\"https:\/\/www.aucoeurdelamain.fr\/wp-content\/uploads\/2025\/04\/IMG_6448-scaled.jpg\" alt=\"&#8220;Faire exprimer la volont\u00e9 pastorale&#8221; La Croix, 14 avril 2023\" class=\"wpr-anim-timing-ease-default\"><\/div><div class=\"wpr-grid-media-hover wpr-animation-wrap\"><div class=\"wpr-grid-media-hover-bg  wpr-overlay-fade-in wpr-anim-size-large wpr-anim-timing-ease-default wpr-anim-transparency\" data-url=\"https:\/\/www.aucoeurdelamain.fr\/index.php\/2023\/04\/18\/faire-exprimer-la-volonte-pastorale-la-croix-14-avril-2023\/\"><\/div><\/div><\/div><div class=\"wpr-grid-item-below-content elementor-clearfix\"><h2 class=\"wpr-grid-item-title elementor-repeater-item-7780b79 wpr-grid-item-display-block wpr-grid-item-align-left wpr-pointer-none wpr-pointer-line-fx wpr-pointer-fx-fade\"><div class=\"inner-block\"><a target=\"_self\"  href=\"https:\/\/www.aucoeurdelamain.fr\/index.php\/2023\/04\/18\/faire-exprimer-la-volonte-pastorale-la-croix-14-avril-2023\/\">&#8220;Faire exprimer la volont\u00e9 pastorale&#8221; La Croix, 14 avril 2023<\/a><\/div><\/h2><div class=\"wpr-grid-item-date elementor-repeater-item-ee86bf7 wpr-grid-item-display-inline wpr-grid-item-align-left\"><div class=\"inner-block\"><span>18 avril 2023<span class=\"wpr-grid-extra-text-right\">\/<\/span><\/span><\/div><\/div><div class=\"wpr-grid-item-comments elementor-repeater-item-6354adf wpr-grid-item-display-inline wpr-grid-item-align-left\"><div class=\"inner-block\"><a href=\"https:\/\/www.aucoeurdelamain.fr\/index.php\/2023\/04\/18\/faire-exprimer-la-volonte-pastorale-la-croix-14-avril-2023\/#respond\"><span>No Comments<\/span><\/a><\/div><\/div><div class=\"wpr-grid-item-excerpt elementor-repeater-item-da6cdea wpr-grid-item-display-block wpr-grid-item-align-left\"><div class=\"inner-block\"><p>Merci La Croix pour ces t\u00e9moignages r\u00e9colt\u00e9s d\u2019artisans au service du Sacr\u00e9 \u00e0 l\u2019occasion du triste anniversaire de l\u2019incendie de...<\/p><\/div><\/div><div class=\"wpr-grid-item-read-more elementor-repeater-item-39682b0 wpr-grid-item-display-block wpr-grid-item-align-left\"><div class=\"inner-block\"><a target=\"_self\" href=\"https:\/\/www.aucoeurdelamain.fr\/index.php\/2023\/04\/18\/faire-exprimer-la-volonte-pastorale-la-croix-14-avril-2023\/\" class=\"wpr-button-effect wpr-button-none\"><span>Read More<\/span><\/a><\/div><\/div><\/div><\/div><\/article><article class=\"wpr-grid-item elementor-clearfix post-8292 post type-post status-publish format-standard has-post-thumbnail hentry category-art-sacre\"><div class=\"wpr-grid-item-inner\"><div class=\"wpr-grid-media-wrap wpr-effect-size-medium \" data-overlay-link=\"yes\"><div class=\"wpr-grid-image-wrap\" data-src=\"https:\/\/www.aucoeurdelamain.fr\/wp-content\/uploads\/2025\/04\/IMG_2833-scaled-1.jpg\" data-img-on-hover=\"\"  data-src-secondary=\"\"><img decoding=\"async\" data-no-lazy=\"1\" src=\"https:\/\/www.aucoeurdelamain.fr\/wp-content\/uploads\/2025\/04\/IMG_2833-scaled-1.jpg\" alt=\"Journ\u00e9es Europ\u00e9ennes des M\u00e9tiers d&#8217;Art 2023 : Sublimer le quotidien (avril 2023)\" class=\"wpr-anim-timing-ease-default\"><\/div><div class=\"wpr-grid-media-hover wpr-animation-wrap\"><div class=\"wpr-grid-media-hover-bg  wpr-overlay-fade-in wpr-anim-size-large wpr-anim-timing-ease-default wpr-anim-transparency\" data-url=\"https:\/\/www.aucoeurdelamain.fr\/index.php\/2023\/04\/18\/journees-europeennes-des-metiers-dart-2023-sublimer-le-quotidien-avril-2023\/\"><\/div><\/div><\/div><div class=\"wpr-grid-item-below-content elementor-clearfix\"><h2 class=\"wpr-grid-item-title elementor-repeater-item-7780b79 wpr-grid-item-display-block wpr-grid-item-align-left wpr-pointer-none wpr-pointer-line-fx wpr-pointer-fx-fade\"><div class=\"inner-block\"><a target=\"_self\"  href=\"https:\/\/www.aucoeurdelamain.fr\/index.php\/2023\/04\/18\/journees-europeennes-des-metiers-dart-2023-sublimer-le-quotidien-avril-2023\/\">Journ\u00e9es Europ\u00e9ennes des M\u00e9tiers d&#8217;Art 2023 : Sublimer le quotidien (avril 2023)<\/a><\/div><\/h2><div class=\"wpr-grid-item-date elementor-repeater-item-ee86bf7 wpr-grid-item-display-inline wpr-grid-item-align-left\"><div class=\"inner-block\"><span>18 avril 2023<span class=\"wpr-grid-extra-text-right\">\/<\/span><\/span><\/div><\/div><div class=\"wpr-grid-item-comments elementor-repeater-item-6354adf wpr-grid-item-display-inline wpr-grid-item-align-left\"><div class=\"inner-block\"><a href=\"https:\/\/www.aucoeurdelamain.fr\/index.php\/2023\/04\/18\/journees-europeennes-des-metiers-dart-2023-sublimer-le-quotidien-avril-2023\/#respond\"><span>No Comments<\/span><\/a><\/div><\/div><div class=\"wpr-grid-item-excerpt elementor-repeater-item-da6cdea wpr-grid-item-display-block wpr-grid-item-align-left\"><div class=\"inner-block\"><p>C\u2019est le we de l\u2019ann\u00e9e o\u00f9 les visites sont possibles, nous avons \u00e9t\u00e9 ravis de vous retrouver, nombreux, plus de...<\/p><\/div><\/div><div class=\"wpr-grid-item-read-more elementor-repeater-item-39682b0 wpr-grid-item-display-block wpr-grid-item-align-left\"><div class=\"inner-block\"><a target=\"_self\" href=\"https:\/\/www.aucoeurdelamain.fr\/index.php\/2023\/04\/18\/journees-europeennes-des-metiers-dart-2023-sublimer-le-quotidien-avril-2023\/\" class=\"wpr-button-effect wpr-button-none\"><span>Read More<\/span><\/a><\/div><\/div><\/div><\/div><\/article><article class=\"wpr-grid-item elementor-clearfix post-8277 post type-post status-publish format-standard has-post-thumbnail hentry category-art-sacre\"><div class=\"wpr-grid-item-inner\"><div class=\"wpr-grid-media-wrap wpr-effect-size-medium \" data-overlay-link=\"yes\"><div class=\"wpr-grid-image-wrap\" data-src=\"https:\/\/www.aucoeurdelamain.fr\/wp-content\/uploads\/2025\/04\/IMG_1497-scaled.jpg\" data-img-on-hover=\"\"  data-src-secondary=\"\"><img decoding=\"async\" data-no-lazy=\"1\" src=\"https:\/\/www.aucoeurdelamain.fr\/wp-content\/uploads\/2025\/04\/IMG_1497-scaled.jpg\" alt=\"Cr\u00e9ation de 6 vitraux en verres de couleurs pour la chapelle de la Charit\u00e9 \u00e0 Clichy (92) &#8211; Avril 2023\" class=\"wpr-anim-timing-ease-default\"><\/div><div class=\"wpr-grid-media-hover wpr-animation-wrap\"><div class=\"wpr-grid-media-hover-bg  wpr-overlay-fade-in wpr-anim-size-large wpr-anim-timing-ease-default wpr-anim-transparency\" data-url=\"https:\/\/www.aucoeurdelamain.fr\/index.php\/2023\/04\/18\/creation-de-6-vitraux-en-verres-de-couleurs-pour-la-chapelle-de-la-charite-a-clichy-92-avril-2023\/\"><\/div><\/div><\/div><div class=\"wpr-grid-item-below-content elementor-clearfix\"><h2 class=\"wpr-grid-item-title elementor-repeater-item-7780b79 wpr-grid-item-display-block wpr-grid-item-align-left wpr-pointer-none wpr-pointer-line-fx wpr-pointer-fx-fade\"><div class=\"inner-block\"><a target=\"_self\"  href=\"https:\/\/www.aucoeurdelamain.fr\/index.php\/2023\/04\/18\/creation-de-6-vitraux-en-verres-de-couleurs-pour-la-chapelle-de-la-charite-a-clichy-92-avril-2023\/\">Cr\u00e9ation de 6 vitraux en verres de couleurs pour la chapelle de la Charit\u00e9 \u00e0 Clichy (92) &#8211; Avril 2023<\/a><\/div><\/h2><div class=\"wpr-grid-item-date elementor-repeater-item-ee86bf7 wpr-grid-item-display-inline wpr-grid-item-align-left\"><div class=\"inner-block\"><span>18 avril 2023<span class=\"wpr-grid-extra-text-right\">\/<\/span><\/span><\/div><\/div><div class=\"wpr-grid-item-comments elementor-repeater-item-6354adf wpr-grid-item-display-inline wpr-grid-item-align-left\"><div class=\"inner-block\"><a href=\"https:\/\/www.aucoeurdelamain.fr\/index.php\/2023\/04\/18\/creation-de-6-vitraux-en-verres-de-couleurs-pour-la-chapelle-de-la-charite-a-clichy-92-avril-2023\/#respond\"><span>No Comments<\/span><\/a><\/div><\/div><div class=\"wpr-grid-item-excerpt elementor-repeater-item-da6cdea wpr-grid-item-display-block wpr-grid-item-align-left\"><div class=\"inner-block\"><p>Cr\u00e9ation de 6 vitraux en verres de couleurs, une cat\u00e9ch\u00e8se pour les enfants de cette \u00e9cole et de ce coll\u00e8ge...<\/p><\/div><\/div><div class=\"wpr-grid-item-read-more elementor-repeater-item-39682b0 wpr-grid-item-display-block wpr-grid-item-align-left\"><div class=\"inner-block\"><a target=\"_self\" href=\"https:\/\/www.aucoeurdelamain.fr\/index.php\/2023\/04\/18\/creation-de-6-vitraux-en-verres-de-couleurs-pour-la-chapelle-de-la-charite-a-clichy-92-avril-2023\/\" class=\"wpr-button-effect wpr-button-none\"><span>Read More<\/span><\/a><\/div><\/div><\/div><\/div><\/article><article class=\"wpr-grid-item elementor-clearfix post-8257 post type-post status-publish format-standard has-post-thumbnail hentry category-art-sacre\"><div class=\"wpr-grid-item-inner\"><div class=\"wpr-grid-media-wrap wpr-effect-size-medium \" data-overlay-link=\"yes\"><div class=\"wpr-grid-image-wrap\" data-src=\"https:\/\/www.aucoeurdelamain.fr\/wp-content\/uploads\/2021\/02\/DSC_2676a-scaled-1.jpg\" data-img-on-hover=\"\"  data-src-secondary=\"\"><img decoding=\"async\" data-no-lazy=\"1\" src=\"https:\/\/www.aucoeurdelamain.fr\/wp-content\/uploads\/2021\/02\/DSC_2676a-scaled-1.jpg\" alt=\"B\u00e9n\u00e9diction par Mgr Roug\u00e9 de la nouvelle Chapelle Sainte-Genevi\u00e8ve \u00e0 Rueil-Malmaison (92)\" class=\"wpr-anim-timing-ease-default\"><\/div><div class=\"wpr-grid-media-hover wpr-animation-wrap\"><div class=\"wpr-grid-media-hover-bg  wpr-overlay-fade-in wpr-anim-size-large wpr-anim-timing-ease-default wpr-anim-transparency\" data-url=\"https:\/\/www.aucoeurdelamain.fr\/index.php\/2023\/01\/04\/benediction-par-mgr-rouge-de-la-nouvelle-chapelle-sainte-genevieve-a-rueil-malmaison-92\/\"><\/div><\/div><\/div><div class=\"wpr-grid-item-below-content elementor-clearfix\"><h2 class=\"wpr-grid-item-title elementor-repeater-item-7780b79 wpr-grid-item-display-block wpr-grid-item-align-left wpr-pointer-none wpr-pointer-line-fx wpr-pointer-fx-fade\"><div class=\"inner-block\"><a target=\"_self\"  href=\"https:\/\/www.aucoeurdelamain.fr\/index.php\/2023\/01\/04\/benediction-par-mgr-rouge-de-la-nouvelle-chapelle-sainte-genevieve-a-rueil-malmaison-92\/\">B\u00e9n\u00e9diction par Mgr Roug\u00e9 de la nouvelle Chapelle Sainte-Genevi\u00e8ve \u00e0 Rueil-Malmaison (92)<\/a><\/div><\/h2><div class=\"wpr-grid-item-date elementor-repeater-item-ee86bf7 wpr-grid-item-display-inline wpr-grid-item-align-left\"><div class=\"inner-block\"><span>4 janvier 2023<span class=\"wpr-grid-extra-text-right\">\/<\/span><\/span><\/div><\/div><div class=\"wpr-grid-item-comments elementor-repeater-item-6354adf wpr-grid-item-display-inline wpr-grid-item-align-left\"><div class=\"inner-block\"><a href=\"https:\/\/www.aucoeurdelamain.fr\/index.php\/2023\/01\/04\/benediction-par-mgr-rouge-de-la-nouvelle-chapelle-sainte-genevieve-a-rueil-malmaison-92\/#respond\"><span>No Comments<\/span><\/a><\/div><\/div><div class=\"wpr-grid-item-excerpt elementor-repeater-item-da6cdea wpr-grid-item-display-block wpr-grid-item-align-left\"><div class=\"inner-block\"><p>En cette f\u00eate de la Sainte Genevi\u00e8ve, b\u00e9n\u00e9diction de cette nouvelle chapelle par Mgr Roug\u00e9 \u00e0 Rueil-Malmaison.Livr\u00e9e juin 2021; Merci...<\/p><\/div><\/div><div class=\"wpr-grid-item-read-more elementor-repeater-item-39682b0 wpr-grid-item-display-block wpr-grid-item-align-left\"><div class=\"inner-block\"><a target=\"_self\" href=\"https:\/\/www.aucoeurdelamain.fr\/index.php\/2023\/01\/04\/benediction-par-mgr-rouge-de-la-nouvelle-chapelle-sainte-genevieve-a-rueil-malmaison-92\/\" class=\"wpr-button-effect wpr-button-none\"><span>Read More<\/span><\/a><\/div><\/div><\/div><\/div><\/article><article class=\"wpr-grid-item elementor-clearfix post-8246 post type-post status-publish format-standard has-post-thumbnail hentry category-art-sacre\"><div class=\"wpr-grid-item-inner\"><div class=\"wpr-grid-media-wrap wpr-effect-size-medium \" data-overlay-link=\"yes\"><div class=\"wpr-grid-image-wrap\" data-src=\"https:\/\/www.aucoeurdelamain.fr\/wp-content\/uploads\/2025\/04\/IMG_7155-1-scaled.jpg\" data-img-on-hover=\"\"  data-src-secondary=\"\"><img decoding=\"async\" data-no-lazy=\"1\" src=\"https:\/\/www.aucoeurdelamain.fr\/wp-content\/uploads\/2025\/04\/IMG_7155-1-scaled.jpg\" alt=\"Au service de Notre-Dame de Paris &#8211; Dossier de Candidature\" class=\"wpr-anim-timing-ease-default\"><\/div><div class=\"wpr-grid-media-hover wpr-animation-wrap\"><div class=\"wpr-grid-media-hover-bg  wpr-overlay-fade-in wpr-anim-size-large wpr-anim-timing-ease-default wpr-anim-transparency\" data-url=\"https:\/\/www.aucoeurdelamain.fr\/index.php\/2022\/11\/17\/au-service-de-notre-dame-de-paris-dossier-de-candidature\/\"><\/div><\/div><\/div><div class=\"wpr-grid-item-below-content elementor-clearfix\"><h2 class=\"wpr-grid-item-title elementor-repeater-item-7780b79 wpr-grid-item-display-block wpr-grid-item-align-left wpr-pointer-none wpr-pointer-line-fx wpr-pointer-fx-fade\"><div class=\"inner-block\"><a target=\"_self\"  href=\"https:\/\/www.aucoeurdelamain.fr\/index.php\/2022\/11\/17\/au-service-de-notre-dame-de-paris-dossier-de-candidature\/\">Au service de Notre-Dame de Paris &#8211; Dossier de Candidature<\/a><\/div><\/h2><div class=\"wpr-grid-item-date elementor-repeater-item-ee86bf7 wpr-grid-item-display-inline wpr-grid-item-align-left\"><div class=\"inner-block\"><span>17 novembre 2022<span class=\"wpr-grid-extra-text-right\">\/<\/span><\/span><\/div><\/div><div class=\"wpr-grid-item-comments elementor-repeater-item-6354adf wpr-grid-item-display-inline wpr-grid-item-align-left\"><div class=\"inner-block\"><a href=\"https:\/\/www.aucoeurdelamain.fr\/index.php\/2022\/11\/17\/au-service-de-notre-dame-de-paris-dossier-de-candidature\/#respond\"><span>No Comments<\/span><\/a><\/div><\/div><div class=\"wpr-grid-item-excerpt elementor-repeater-item-da6cdea wpr-grid-item-display-block wpr-grid-item-align-left\"><div class=\"inner-block\"><p>Candidature de Bruno de Maistre pour les Ateliers BdM d&#8217;Arimathie.Appel d\u2019offres \u2013 Autel majeur et autres mobiliersCr\u00e9dit photo : Yannick-BOSCHAT...<\/p><\/div><\/div><div class=\"wpr-grid-item-read-more elementor-repeater-item-39682b0 wpr-grid-item-display-block wpr-grid-item-align-left\"><div class=\"inner-block\"><a target=\"_self\" href=\"https:\/\/www.aucoeurdelamain.fr\/index.php\/2022\/11\/17\/au-service-de-notre-dame-de-paris-dossier-de-candidature\/\" class=\"wpr-button-effect wpr-button-none\"><span>Read More<\/span><\/a><\/div><\/div><\/div><\/div><\/article><article class=\"wpr-grid-item elementor-clearfix post-8117 post type-post status-publish format-standard has-post-thumbnail hentry category-art-sacre category-presse\"><div class=\"wpr-grid-item-inner\"><div class=\"wpr-grid-media-wrap wpr-effect-size-medium \" data-overlay-link=\"yes\"><div class=\"wpr-grid-image-wrap\" data-src=\"https:\/\/www.aucoeurdelamain.fr\/wp-content\/uploads\/2025\/04\/IMG_6049-scaled.jpg\" data-img-on-hover=\"\"  data-src-secondary=\"\"><img decoding=\"async\" data-no-lazy=\"1\" src=\"https:\/\/www.aucoeurdelamain.fr\/wp-content\/uploads\/2025\/04\/IMG_6049-scaled.jpg\" alt=\"&#8220;Bruno de Maistre, un \u00e9b\u00e9niste au service du sacr\u00e9&#8221; &#8211; ALETEIA &#8211; 4 novembre 2022\" class=\"wpr-anim-timing-ease-default\"><\/div><div class=\"wpr-grid-media-hover wpr-animation-wrap\"><div class=\"wpr-grid-media-hover-bg  wpr-overlay-fade-in wpr-anim-size-large wpr-anim-timing-ease-default wpr-anim-transparency\" data-url=\"https:\/\/www.aucoeurdelamain.fr\/index.php\/2022\/11\/05\/bruno-de-maistre-un-ebeniste-au-service-du-sacre-aleteia-4-novembre-2022\/\"><\/div><\/div><\/div><div class=\"wpr-grid-item-below-content elementor-clearfix\"><h2 class=\"wpr-grid-item-title elementor-repeater-item-7780b79 wpr-grid-item-display-block wpr-grid-item-align-left wpr-pointer-none wpr-pointer-line-fx wpr-pointer-fx-fade\"><div class=\"inner-block\"><a target=\"_self\"  href=\"https:\/\/www.aucoeurdelamain.fr\/index.php\/2022\/11\/05\/bruno-de-maistre-un-ebeniste-au-service-du-sacre-aleteia-4-novembre-2022\/\">&#8220;Bruno de Maistre, un \u00e9b\u00e9niste au service du sacr\u00e9&#8221; &#8211; ALETEIA &#8211; 4 novembre 2022<\/a><\/div><\/h2><div class=\"wpr-grid-item-date elementor-repeater-item-ee86bf7 wpr-grid-item-display-inline wpr-grid-item-align-left\"><div class=\"inner-block\"><span>5 novembre 2022<span class=\"wpr-grid-extra-text-right\">\/<\/span><\/span><\/div><\/div><div class=\"wpr-grid-item-comments elementor-repeater-item-6354adf wpr-grid-item-display-inline wpr-grid-item-align-left\"><div class=\"inner-block\"><a href=\"https:\/\/www.aucoeurdelamain.fr\/index.php\/2022\/11\/05\/bruno-de-maistre-un-ebeniste-au-service-du-sacre-aleteia-4-novembre-2022\/#respond\"><span>No Comments<\/span><\/a><\/div><\/div><div class=\"wpr-grid-item-excerpt elementor-repeater-item-da6cdea wpr-grid-item-display-block wpr-grid-item-align-left\"><div class=\"inner-block\"><p>Bruno de Maistre, un \u00e9b\u00e9niste au service du Sacr\u00e9Caroline Becker\u00a0&#8211;\u00a0publi\u00e9 le 04\/11\/22 \u00c9beniste de talent, Bruno de Maistre a fond\u00e9...<\/p><\/div><\/div><div class=\"wpr-grid-item-read-more elementor-repeater-item-39682b0 wpr-grid-item-display-block wpr-grid-item-align-left\"><div class=\"inner-block\"><a target=\"_self\" href=\"https:\/\/www.aucoeurdelamain.fr\/index.php\/2022\/11\/05\/bruno-de-maistre-un-ebeniste-au-service-du-sacre-aleteia-4-novembre-2022\/\" class=\"wpr-button-effect wpr-button-none\"><span>Read More<\/span><\/a><\/div><\/div><\/div><\/div><\/article><article class=\"wpr-grid-item elementor-clearfix post-8251 post type-post status-publish format-standard has-post-thumbnail hentry category-art-sacre\"><div class=\"wpr-grid-item-inner\"><div class=\"wpr-grid-media-wrap wpr-effect-size-medium \" data-overlay-link=\"yes\"><div class=\"wpr-grid-image-wrap\" data-src=\"https:\/\/www.aucoeurdelamain.fr\/wp-content\/uploads\/2025\/04\/IMG_9463-scaled.jpg\" data-img-on-hover=\"\"  data-src-secondary=\"\"><img decoding=\"async\" data-no-lazy=\"1\" src=\"https:\/\/www.aucoeurdelamain.fr\/wp-content\/uploads\/2025\/04\/IMG_9463-scaled.jpg\" alt=\"B\u00e9n\u00e9diction de la Maison Familya SFX par Mgr Ulrich &#8211; 14 octobre 2022\" class=\"wpr-anim-timing-ease-default\"><\/div><div class=\"wpr-grid-media-hover wpr-animation-wrap\"><div class=\"wpr-grid-media-hover-bg  wpr-overlay-fade-in wpr-anim-size-large wpr-anim-timing-ease-default wpr-anim-transparency\" data-url=\"https:\/\/www.aucoeurdelamain.fr\/index.php\/2022\/10\/17\/benediction-de-la-maison-familya-sfx-par-mgr-ulrich-14-octobre-2022\/\"><\/div><\/div><\/div><div class=\"wpr-grid-item-below-content elementor-clearfix\"><h2 class=\"wpr-grid-item-title elementor-repeater-item-7780b79 wpr-grid-item-display-block wpr-grid-item-align-left wpr-pointer-none wpr-pointer-line-fx wpr-pointer-fx-fade\"><div class=\"inner-block\"><a target=\"_self\"  href=\"https:\/\/www.aucoeurdelamain.fr\/index.php\/2022\/10\/17\/benediction-de-la-maison-familya-sfx-par-mgr-ulrich-14-octobre-2022\/\">B\u00e9n\u00e9diction de la Maison Familya SFX par Mgr Ulrich &#8211; 14 octobre 2022<\/a><\/div><\/h2><div class=\"wpr-grid-item-date elementor-repeater-item-ee86bf7 wpr-grid-item-display-inline wpr-grid-item-align-left\"><div class=\"inner-block\"><span>17 octobre 2022<span class=\"wpr-grid-extra-text-right\">\/<\/span><\/span><\/div><\/div><div class=\"wpr-grid-item-comments elementor-repeater-item-6354adf wpr-grid-item-display-inline wpr-grid-item-align-left\"><div class=\"inner-block\"><a href=\"https:\/\/www.aucoeurdelamain.fr\/index.php\/2022\/10\/17\/benediction-de-la-maison-familya-sfx-par-mgr-ulrich-14-octobre-2022\/#respond\"><span>No Comments<\/span><\/a><\/div><\/div><div class=\"wpr-grid-item-excerpt elementor-repeater-item-da6cdea wpr-grid-item-display-block wpr-grid-item-align-left\"><div class=\"inner-block\"><p>\u00c9mouvante soir\u00e9e hier \u00e0 la Maison Familya SFX PARIS de la Paroisse Saint Fran\u00e7ois Xavier, Paris 7e &#8211; Dioc\u00e8se de...<\/p><\/div><\/div><div class=\"wpr-grid-item-read-more elementor-repeater-item-39682b0 wpr-grid-item-display-block wpr-grid-item-align-left\"><div class=\"inner-block\"><a target=\"_self\" href=\"https:\/\/www.aucoeurdelamain.fr\/index.php\/2022\/10\/17\/benediction-de-la-maison-familya-sfx-par-mgr-ulrich-14-octobre-2022\/\" class=\"wpr-button-effect wpr-button-none\"><span>Read More<\/span><\/a><\/div><\/div><\/div><\/div><\/article><article class=\"wpr-grid-item elementor-clearfix post-8344 post type-post status-publish format-standard has-post-thumbnail hentry category-art-sacre category-presse\"><div class=\"wpr-grid-item-inner\"><div class=\"wpr-grid-media-wrap wpr-effect-size-medium \" data-overlay-link=\"yes\"><div class=\"wpr-grid-image-wrap\" data-src=\"https:\/\/www.aucoeurdelamain.fr\/wp-content\/uploads\/2020\/11\/image_2021-01-02_090953.png\" data-img-on-hover=\"\"  data-src-secondary=\"\"><img decoding=\"async\" data-no-lazy=\"1\" src=\"https:\/\/www.aucoeurdelamain.fr\/wp-content\/uploads\/2020\/11\/image_2021-01-02_090953.png\" alt=\"Reportage sur les Ateliers d&#8217;Arimathie r\u00e9alis\u00e9 par les Chantiers du Cardinal (Novembre 2020)\" class=\"wpr-anim-timing-ease-default\"><\/div><div class=\"wpr-grid-media-hover wpr-animation-wrap\"><div class=\"wpr-grid-media-hover-bg  wpr-overlay-fade-in wpr-anim-size-large wpr-anim-timing-ease-default wpr-anim-transparency\" data-url=\"https:\/\/www.aucoeurdelamain.fr\/index.php\/2022\/08\/17\/reportage-sur-les-ateliers-darimathie-realise-par-les-chantiers-du-cardinal-novembre-2020\/\"><\/div><\/div><\/div><div class=\"wpr-grid-item-below-content elementor-clearfix\"><h2 class=\"wpr-grid-item-title elementor-repeater-item-7780b79 wpr-grid-item-display-block wpr-grid-item-align-left wpr-pointer-none wpr-pointer-line-fx wpr-pointer-fx-fade\"><div class=\"inner-block\"><a target=\"_self\"  href=\"https:\/\/www.aucoeurdelamain.fr\/index.php\/2022\/08\/17\/reportage-sur-les-ateliers-darimathie-realise-par-les-chantiers-du-cardinal-novembre-2020\/\">Reportage sur les Ateliers d&#8217;Arimathie r\u00e9alis\u00e9 par les Chantiers du Cardinal (Novembre 2020)<\/a><\/div><\/h2><div class=\"wpr-grid-item-date elementor-repeater-item-ee86bf7 wpr-grid-item-display-inline wpr-grid-item-align-left\"><div class=\"inner-block\"><span>17 ao\u00fbt 2022<span class=\"wpr-grid-extra-text-right\">\/<\/span><\/span><\/div><\/div><div class=\"wpr-grid-item-comments elementor-repeater-item-6354adf wpr-grid-item-display-inline wpr-grid-item-align-left\"><div class=\"inner-block\"><a href=\"https:\/\/www.aucoeurdelamain.fr\/index.php\/2022\/08\/17\/reportage-sur-les-ateliers-darimathie-realise-par-les-chantiers-du-cardinal-novembre-2020\/#respond\"><span>No Comments<\/span><\/a><\/div><\/div><div class=\"wpr-grid-item-excerpt elementor-repeater-item-da6cdea wpr-grid-item-display-block wpr-grid-item-align-left\"><div class=\"inner-block\"><p>R\u00e9alis\u00e9 par Etienne Castelein \u00e0 la demande des Chantiers du Cardinal pour une pr\u00e9sentation \u00e0 l&#8217;ensemble de ses b\u00e9n\u00e9voles en...<\/p><\/div><\/div><div class=\"wpr-grid-item-read-more elementor-repeater-item-39682b0 wpr-grid-item-display-block wpr-grid-item-align-left\"><div class=\"inner-block\"><a target=\"_self\" href=\"https:\/\/www.aucoeurdelamain.fr\/index.php\/2022\/08\/17\/reportage-sur-les-ateliers-darimathie-realise-par-les-chantiers-du-cardinal-novembre-2020\/\" class=\"wpr-button-effect wpr-button-none\"><span>Read More<\/span><\/a><\/div><\/div><\/div><\/div><\/article><article class=\"wpr-grid-item elementor-clearfix post-8339 post type-post status-publish format-standard has-post-thumbnail hentry category-art-sacre category-presse\"><div class=\"wpr-grid-item-inner\"><div class=\"wpr-grid-media-wrap wpr-effect-size-medium \" data-overlay-link=\"yes\"><div class=\"wpr-grid-image-wrap\" data-src=\"https:\/\/www.aucoeurdelamain.fr\/wp-content\/uploads\/2020\/11\/image_2020-11-11_224014.png\" data-img-on-hover=\"\"  data-src-secondary=\"\"><img decoding=\"async\" data-no-lazy=\"1\" src=\"https:\/\/www.aucoeurdelamain.fr\/wp-content\/uploads\/2020\/11\/image_2020-11-11_224014.png\" alt=\"Reportage sur la cr\u00e9ation du nouveau choeur de Notre-Dame de Boulogne (Mai 2020)\" class=\"wpr-anim-timing-ease-default\"><\/div><div class=\"wpr-grid-media-hover wpr-animation-wrap\"><div class=\"wpr-grid-media-hover-bg  wpr-overlay-fade-in wpr-anim-size-large wpr-anim-timing-ease-default wpr-anim-transparency\" data-url=\"https:\/\/www.aucoeurdelamain.fr\/index.php\/2022\/05\/29\/reportage-sur-la-creation-du-nouveau-choeur-de-notre-dame-de-boulogne-mai-2020\/\"><\/div><\/div><\/div><div class=\"wpr-grid-item-below-content elementor-clearfix\"><h2 class=\"wpr-grid-item-title elementor-repeater-item-7780b79 wpr-grid-item-display-block wpr-grid-item-align-left wpr-pointer-none wpr-pointer-line-fx wpr-pointer-fx-fade\"><div class=\"inner-block\"><a target=\"_self\"  href=\"https:\/\/www.aucoeurdelamain.fr\/index.php\/2022\/05\/29\/reportage-sur-la-creation-du-nouveau-choeur-de-notre-dame-de-boulogne-mai-2020\/\">Reportage sur la cr\u00e9ation du nouveau choeur de Notre-Dame de Boulogne (Mai 2020)<\/a><\/div><\/h2><div class=\"wpr-grid-item-date elementor-repeater-item-ee86bf7 wpr-grid-item-display-inline wpr-grid-item-align-left\"><div class=\"inner-block\"><span>29 mai 2022<span class=\"wpr-grid-extra-text-right\">\/<\/span><\/span><\/div><\/div><div class=\"wpr-grid-item-comments elementor-repeater-item-6354adf wpr-grid-item-display-inline wpr-grid-item-align-left\"><div class=\"inner-block\"><a href=\"https:\/\/www.aucoeurdelamain.fr\/index.php\/2022\/05\/29\/reportage-sur-la-creation-du-nouveau-choeur-de-notre-dame-de-boulogne-mai-2020\/#respond\"><span>No Comments<\/span><\/a><\/div><\/div><div class=\"wpr-grid-item-excerpt elementor-repeater-item-da6cdea wpr-grid-item-display-block wpr-grid-item-align-left\"><div class=\"inner-block\"><p>Un ch\u0153ur en chemin, 700 ans d&#8217;histoire, nous portent. Une volont\u00e9 affirm\u00e9e d\u2019inscrire le nouvel autel dans la continuit\u00e9 architecturale...<\/p><\/div><\/div><div class=\"wpr-grid-item-read-more elementor-repeater-item-39682b0 wpr-grid-item-display-block wpr-grid-item-align-left\"><div class=\"inner-block\"><a target=\"_self\" href=\"https:\/\/www.aucoeurdelamain.fr\/index.php\/2022\/05\/29\/reportage-sur-la-creation-du-nouveau-choeur-de-notre-dame-de-boulogne-mai-2020\/\" class=\"wpr-button-effect wpr-button-none\"><span>Read More<\/span><\/a><\/div><\/div><\/div><\/div><\/article><article class=\"wpr-grid-item elementor-clearfix post-8314 post type-post status-publish format-standard has-post-thumbnail hentry category-art-sacre\"><div class=\"wpr-grid-item-inner\"><div class=\"wpr-grid-media-wrap wpr-effect-size-medium \" data-overlay-link=\"yes\"><div class=\"wpr-grid-image-wrap\" data-src=\"https:\/\/www.aucoeurdelamain.fr\/wp-content\/uploads\/2025\/04\/Copie-de-IMG-5814-1-scaled.jpg\" data-img-on-hover=\"\"  data-src-secondary=\"\"><img decoding=\"async\" data-no-lazy=\"1\" src=\"https:\/\/www.aucoeurdelamain.fr\/wp-content\/uploads\/2025\/04\/Copie-de-IMG-5814-1-scaled.jpg\" alt=\"Les Ateliers BdM-d&#8217;Arimathie pr\u00e9sents au salon REVELATIONS, Biennale Internationale des M\u00e9tiers d&#8217;Art, Grand Palais Eph\u00e9m\u00e8re, Juin 2022\" class=\"wpr-anim-timing-ease-default\"><\/div><div class=\"wpr-grid-media-hover wpr-animation-wrap\"><div class=\"wpr-grid-media-hover-bg  wpr-overlay-fade-in wpr-anim-size-large wpr-anim-timing-ease-default wpr-anim-transparency\" data-url=\"https:\/\/www.aucoeurdelamain.fr\/index.php\/2022\/05\/18\/les-ateliers-bdm-darimathie-presents-au-salon-revelations-biennale-internationale-des-metiers-dart-grand-palais-ephemere-juin-2022\/\"><\/div><\/div><\/div><div class=\"wpr-grid-item-below-content elementor-clearfix\"><h2 class=\"wpr-grid-item-title elementor-repeater-item-7780b79 wpr-grid-item-display-block wpr-grid-item-align-left wpr-pointer-none wpr-pointer-line-fx wpr-pointer-fx-fade\"><div class=\"inner-block\"><a target=\"_self\"  href=\"https:\/\/www.aucoeurdelamain.fr\/index.php\/2022\/05\/18\/les-ateliers-bdm-darimathie-presents-au-salon-revelations-biennale-internationale-des-metiers-dart-grand-palais-ephemere-juin-2022\/\">Les Ateliers BdM-d&#8217;Arimathie pr\u00e9sents au salon REVELATIONS, Biennale Internationale des M\u00e9tiers d&#8217;Art, Grand Palais Eph\u00e9m\u00e8re, Juin 2022<\/a><\/div><\/h2><div class=\"wpr-grid-item-date elementor-repeater-item-ee86bf7 wpr-grid-item-display-inline wpr-grid-item-align-left\"><div class=\"inner-block\"><span>18 mai 2022<span class=\"wpr-grid-extra-text-right\">\/<\/span><\/span><\/div><\/div><div class=\"wpr-grid-item-comments elementor-repeater-item-6354adf wpr-grid-item-display-inline wpr-grid-item-align-left\"><div class=\"inner-block\"><a href=\"https:\/\/www.aucoeurdelamain.fr\/index.php\/2022\/05\/18\/les-ateliers-bdm-darimathie-presents-au-salon-revelations-biennale-internationale-des-metiers-dart-grand-palais-ephemere-juin-2022\/#respond\"><span>No Comments<\/span><\/a><\/div><\/div><div class=\"wpr-grid-item-excerpt elementor-repeater-item-da6cdea wpr-grid-item-display-block wpr-grid-item-align-left\"><div class=\"inner-block\"><p>Les Ateliers BdM d&#8217;Arimathie sont tr\u00e8s heureux de vous retrouver bient\u00f4t au Salon R\u00e9v\u00e9lations &#8211; Biennale Internationale M\u00e9tiers d\u2019Art et...<\/p><\/div><\/div><div class=\"wpr-grid-item-read-more elementor-repeater-item-39682b0 wpr-grid-item-display-block wpr-grid-item-align-left\"><div class=\"inner-block\"><a target=\"_self\" href=\"https:\/\/www.aucoeurdelamain.fr\/index.php\/2022\/05\/18\/les-ateliers-bdm-darimathie-presents-au-salon-revelations-biennale-internationale-des-metiers-dart-grand-palais-ephemere-juin-2022\/\" class=\"wpr-button-effect wpr-button-none\"><span>Read More<\/span><\/a><\/div><\/div><\/div><\/div><\/article><article class=\"wpr-grid-item elementor-clearfix post-8095 post type-post status-publish format-standard has-post-thumbnail hentry category-art-sacre category-presse\"><div class=\"wpr-grid-item-inner\"><div class=\"wpr-grid-media-wrap wpr-effect-size-medium \" data-overlay-link=\"yes\"><div class=\"wpr-grid-image-wrap\" data-src=\"https:\/\/www.aucoeurdelamain.fr\/wp-content\/uploads\/2025\/04\/Copie-de-RemisePrixCC031116-8-1-1-scaled.jpg\" data-img-on-hover=\"\"  data-src-secondary=\"\"><img decoding=\"async\" data-no-lazy=\"1\" src=\"https:\/\/www.aucoeurdelamain.fr\/wp-content\/uploads\/2025\/04\/Copie-de-RemisePrixCC031116-8-1-1-scaled.jpg\" alt=\"&#8220;Bruno de Maistre, Grand Prix P\u00e8lerin Patrimoine et Cr\u00e9ateur Design au Mobilier National &#8221; Chantiers du Cardinal, Mars 2022\" class=\"wpr-anim-timing-ease-default\"><\/div><div class=\"wpr-grid-media-hover wpr-animation-wrap\"><div class=\"wpr-grid-media-hover-bg  wpr-overlay-fade-in wpr-anim-size-large wpr-anim-timing-ease-default wpr-anim-transparency\" data-url=\"https:\/\/www.aucoeurdelamain.fr\/index.php\/2022\/04\/01\/bruno-de-maistre-grand-prix-pelerin-patrimoine-et-createur-design-au-mobilier-national-chantiers-du-cardinal-mars-2022\/\"><\/div><\/div><\/div><div class=\"wpr-grid-item-below-content elementor-clearfix\"><h2 class=\"wpr-grid-item-title elementor-repeater-item-7780b79 wpr-grid-item-display-block wpr-grid-item-align-left wpr-pointer-none wpr-pointer-line-fx wpr-pointer-fx-fade\"><div class=\"inner-block\"><a target=\"_self\"  href=\"https:\/\/www.aucoeurdelamain.fr\/index.php\/2022\/04\/01\/bruno-de-maistre-grand-prix-pelerin-patrimoine-et-createur-design-au-mobilier-national-chantiers-du-cardinal-mars-2022\/\">&#8220;Bruno de Maistre, Grand Prix P\u00e8lerin Patrimoine et Cr\u00e9ateur Design au Mobilier National &#8221; Chantiers du Cardinal, Mars 2022<\/a><\/div><\/h2><div class=\"wpr-grid-item-date elementor-repeater-item-ee86bf7 wpr-grid-item-display-inline wpr-grid-item-align-left\"><div class=\"inner-block\"><span>1 avril 2022<span class=\"wpr-grid-extra-text-right\">\/<\/span><\/span><\/div><\/div><div class=\"wpr-grid-item-comments elementor-repeater-item-6354adf wpr-grid-item-display-inline wpr-grid-item-align-left\"><div class=\"inner-block\"><a href=\"https:\/\/www.aucoeurdelamain.fr\/index.php\/2022\/04\/01\/bruno-de-maistre-grand-prix-pelerin-patrimoine-et-createur-design-au-mobilier-national-chantiers-du-cardinal-mars-2022\/#respond\"><span>No Comments<\/span><\/a><\/div><\/div><div class=\"wpr-grid-item-excerpt elementor-repeater-item-da6cdea wpr-grid-item-display-block wpr-grid-item-align-left\"><div class=\"inner-block\"><p>Merci aux Chantiers du Cardinal pour ce portrait retra\u00e7ant quelques cr\u00e9ations r\u00e9alis\u00e9es pour les Ateliers BdM (pi\u00e8ces uniques, mobilier d\u2019exception)...<\/p><\/div><\/div><div class=\"wpr-grid-item-read-more elementor-repeater-item-39682b0 wpr-grid-item-display-block wpr-grid-item-align-left\"><div class=\"inner-block\"><a target=\"_self\" href=\"https:\/\/www.aucoeurdelamain.fr\/index.php\/2022\/04\/01\/bruno-de-maistre-grand-prix-pelerin-patrimoine-et-createur-design-au-mobilier-national-chantiers-du-cardinal-mars-2022\/\" class=\"wpr-button-effect wpr-button-none\"><span>Read More<\/span><\/a><\/div><\/div><\/div><\/div><\/article><article class=\"wpr-grid-item elementor-clearfix post-8287 post type-post status-publish format-standard has-post-thumbnail hentry category-art-sacre category-presse\"><div class=\"wpr-grid-item-inner\"><div class=\"wpr-grid-media-wrap wpr-effect-size-medium \" data-overlay-link=\"yes\"><div class=\"wpr-grid-image-wrap\" data-src=\"https:\/\/www.aucoeurdelamain.fr\/wp-content\/uploads\/2022\/04\/37DE58FE-FFD6-4319-ADA1-19D7B5CF7104-1-1.jpg\" data-img-on-hover=\"\"  data-src-secondary=\"\"><img decoding=\"async\" data-no-lazy=\"1\" src=\"https:\/\/www.aucoeurdelamain.fr\/wp-content\/uploads\/2022\/04\/37DE58FE-FFD6-4319-ADA1-19D7B5CF7104-1-1.jpg\" alt=\"JEMA 2022 &#8220;Le Renouveau de l&#8217;\u00e9b\u00e9nisterie d&#8217;Art&#8221; Figaroscope &#8211; 23 Mars 2022\" class=\"wpr-anim-timing-ease-default\"><\/div><div class=\"wpr-grid-media-hover wpr-animation-wrap\"><div class=\"wpr-grid-media-hover-bg  wpr-overlay-fade-in wpr-anim-size-large wpr-anim-timing-ease-default wpr-anim-transparency\" data-url=\"https:\/\/www.aucoeurdelamain.fr\/index.php\/2022\/04\/01\/jema-2022-le-renouveau-de-lebenisterie-dart-figaroscope-23-mars-2022\/\"><\/div><\/div><\/div><div class=\"wpr-grid-item-below-content elementor-clearfix\"><h2 class=\"wpr-grid-item-title elementor-repeater-item-7780b79 wpr-grid-item-display-block wpr-grid-item-align-left wpr-pointer-none wpr-pointer-line-fx wpr-pointer-fx-fade\"><div class=\"inner-block\"><a target=\"_self\"  href=\"https:\/\/www.aucoeurdelamain.fr\/index.php\/2022\/04\/01\/jema-2022-le-renouveau-de-lebenisterie-dart-figaroscope-23-mars-2022\/\">JEMA 2022 &#8220;Le Renouveau de l&#8217;\u00e9b\u00e9nisterie d&#8217;Art&#8221; Figaroscope &#8211; 23 Mars 2022<\/a><\/div><\/h2><div class=\"wpr-grid-item-date elementor-repeater-item-ee86bf7 wpr-grid-item-display-inline wpr-grid-item-align-left\"><div class=\"inner-block\"><span>1 avril 2022<span class=\"wpr-grid-extra-text-right\">\/<\/span><\/span><\/div><\/div><div class=\"wpr-grid-item-comments elementor-repeater-item-6354adf wpr-grid-item-display-inline wpr-grid-item-align-left\"><div class=\"inner-block\"><a href=\"https:\/\/www.aucoeurdelamain.fr\/index.php\/2022\/04\/01\/jema-2022-le-renouveau-de-lebenisterie-dart-figaroscope-23-mars-2022\/#respond\"><span>No Comments<\/span><\/a><\/div><\/div><div class=\"wpr-grid-item-excerpt elementor-repeater-item-da6cdea wpr-grid-item-display-block wpr-grid-item-align-left\"><div class=\"inner-block\"><p>Les Ateliers BdM ont h\u00e2te de vous retrouver les 2 et 3 avril 2022 \u00e0 l\u2019occasion des Journ\u00e9es europ\u00e9ennes des...<\/p><\/div><\/div><div class=\"wpr-grid-item-read-more elementor-repeater-item-39682b0 wpr-grid-item-display-block wpr-grid-item-align-left\"><div class=\"inner-block\"><a target=\"_self\" href=\"https:\/\/www.aucoeurdelamain.fr\/index.php\/2022\/04\/01\/jema-2022-le-renouveau-de-lebenisterie-dart-figaroscope-23-mars-2022\/\" class=\"wpr-button-effect wpr-button-none\"><span>Read More<\/span><\/a><\/div><\/div><\/div><\/div><\/article><\/section><div class=\"wpr-grid-pagination elementor-clearfix wpr-grid-pagination-load-more\" data-pages=\"2\"><a href=\"https:\/\/www.aucoeurdelamain.fr\/index.php\/wp-json\/wp\/v2\/pages\/8107\/page\/2\/\" class=\"wpr-load-more-btn\" data-e-disable-page-transition >Load More<\/a><div class=\"wpr-pagination-loading\"><div class=\"wpr-double-bounce\"><div class=\"wpr-child wpr-double-bounce1\"><\/div><div class=\"wpr-child wpr-double-bounce2\"><\/div><\/div><\/div><p class=\"wpr-pagination-finish\">End of Content.<\/p><\/div>\t\t\t\t<\/div>\n\t\t\t\t<\/div>\n\t\t\t\t\t<\/div>\n\t\t\t\t<\/div>\n\t\t\t\t<\/div>\n\t\t","protected":false},"excerpt":{"rendered":"<p>All Posts Art Sacr\u00e9 &#8220;Le Mobilier de Dieu&#8221; par le Dioc\u00e8se de Paris (Mars 2023) 18 avril 2023\/No Comments Vivez une immersion au c\u0153ur du chantier de la r\u00e9novation de la maison Familya au travers de la cr\u00e9ation de&#8230; Read More &#8220;Faire exprimer la volont\u00e9 pastorale&#8221; La Croix, 14 avril<\/p>\n","protected":false},"author":3,"featured_media":0,"parent":0,"menu_order":0,"comment_status":"closed","ping_status":"closed","template":"","meta":{"footnotes":""},"class_list":["post-8107","page","type-page","status-publish","hentry"],"jetpack_sharing_enabled":true,"_links":{"self":[{"href":"https:\/\/www.aucoeurdelamain.fr\/index.php\/wp-json\/wp\/v2\/pages\/8107","targetHints":{"allow":["GET"]}}],"collection":[{"href":"https:\/\/www.aucoeurdelamain.fr\/index.php\/wp-json\/wp\/v2\/pages"}],"about":[{"href":"https:\/\/www.aucoeurdelamain.fr\/index.php\/wp-json\/wp\/v2\/types\/page"}],"author":[{"embeddable":true,"href":"https:\/\/www.aucoeurdelamain.fr\/index.php\/wp-json\/wp\/v2\/users\/3"}],"replies":[{"embeddable":true,"href":"https:\/\/www.aucoeurdelamain.fr\/index.php\/wp-json\/wp\/v2\/comments?post=8107"}],"version-history":[{"count":10,"href":"https:\/\/www.aucoeurdelamain.fr\/index.php\/wp-json\/wp\/v2\/pages\/8107\/revisions"}],"predecessor-version":[{"id":8159,"href":"https:\/\/www.aucoeurdelamain.fr\/index.php\/wp-json\/wp\/v2\/pages\/8107\/revisions\/8159"}],"wp:attachment":[{"href":"https:\/\/www.aucoeurdelamain.fr\/index.php\/wp-json\/wp\/v2\/media?parent=8107"}],"curies":[{"name":"wp","href":"https:\/\/api.w.org\/{rel}","templated":true}]}}