{"id":6733,"date":"2025-04-15T08:37:57","date_gmt":"2025-04-15T06:37:57","guid":{"rendered":"https:\/\/www.aucoeurdelamain.fr\/?page_id=6733"},"modified":"2026-01-16T10:02:05","modified_gmt":"2026-01-16T09:02:05","slug":"mobiliers-dexception","status":"publish","type":"page","link":"https:\/\/www.aucoeurdelamain.fr\/index.php\/mobiliers-dexception\/","title":{"rendered":"Mobiliers d&#8217;Exception"},"content":{"rendered":"\t\t<div data-elementor-type=\"wp-page\" data-elementor-id=\"6733\" class=\"elementor elementor-6733\">\n\t\t\t\t<div class=\"elementor-element elementor-element-2f9cd07c e-flex e-con-boxed wpr-particle-no wpr-jarallax-no wpr-parallax-no wpr-sticky-section-no wpr-equal-height-no e-con e-parent\" data-id=\"2f9cd07c\" data-element_type=\"container\" data-e-type=\"container\">\n\t\t\t\t\t<div class=\"e-con-inner\">\n\t\t\t\t<div class=\"elementor-element elementor-element-6654a492 elementor-widget elementor-widget-text-editor\" data-id=\"6654a492\" data-element_type=\"widget\" data-e-type=\"widget\" data-widget_type=\"text-editor.default\">\n\t\t\t\t<div class=\"elementor-widget-container\">\n\t\t\t\t\t\t\t\t\t\n<p><em>Cr\u00e9ation et r\u00e9alisation de mobiliers d&#8217;Exception depuis 2011<\/em><\/p>\n\t\t\t\t\t\t\t\t<\/div>\n\t\t\t\t<\/div>\n\t\t\t\t\t<\/div>\n\t\t\t\t<\/div>\n\t\t<div class=\"elementor-element elementor-element-7987844 e-flex e-con-boxed wpr-particle-no wpr-jarallax-no wpr-parallax-no wpr-sticky-section-no wpr-equal-height-no e-con e-parent\" data-id=\"7987844\" data-element_type=\"container\" data-e-type=\"container\">\n\t\t\t\t\t<div class=\"e-con-inner\">\n\t\t\t\t<div class=\"elementor-element elementor-element-2f17e87 elementor-widget-divider--view-line elementor-widget elementor-widget-divider\" data-id=\"2f17e87\" data-element_type=\"widget\" data-e-type=\"widget\" data-widget_type=\"divider.default\">\n\t\t\t\t<div class=\"elementor-widget-container\">\n\t\t\t\t\t\t\t<div class=\"elementor-divider\">\n\t\t\t<span class=\"elementor-divider-separator\">\n\t\t\t\t\t\t<\/span>\n\t\t<\/div>\n\t\t\t\t\t\t<\/div>\n\t\t\t\t<\/div>\n\t\t\t\t<div class=\"elementor-element elementor-element-5f4cb50 elementor-widget elementor-widget-text-editor\" data-id=\"5f4cb50\" data-element_type=\"widget\" data-e-type=\"widget\" data-widget_type=\"text-editor.default\">\n\t\t\t\t<div class=\"elementor-widget-container\">\n\t\t\t\t\t\t\t\t\t<h3 class=\"\" data-start=\"168\" data-end=\"222\"><strong data-start=\"172\" data-end=\"222\">Mobilier d\u2019exception \u2013 L\u2019art de cr\u00e9er l\u2019unique<\/strong><\/h3>\n<p>\u00a0<\/p>\n<p class=\"\" data-start=\"224\" data-end=\"449\">Chaque cr\u00e9ation na\u00eet d\u2019un dialogue entre la mati\u00e8re et la main, entre l\u2019intuition du dessin et la rigueur du geste. Nos pi\u00e8ces de mobilier sont fa\u00e7onn\u00e9es comme des sculptures d\u2019usage, \u00e0 la crois\u00e9e de l\u2019art et du savoir-faire.<\/p>\n<p class=\"\" data-start=\"451\" data-end=\"810\">Essences nobles, finitions pr\u00e9cieuses, assemblages invisibles \u2014 chaque d\u00e9tail est pens\u00e9 avec une exigence absolue. Ici, le temps ne presse pas : il sculpte, il polit, il r\u00e9v\u00e8le.<br data-start=\"628\" data-end=\"631\" \/>Nous faisons le choix de l\u2019exception, celui d\u2019un luxe discret o\u00f9 la singularit\u00e9 remplace la s\u00e9rie, et o\u00f9 chaque meuble porte en lui la trace d\u2019un artisan, d\u2019une vision, d\u2019un lieu.<\/p>\n<p class=\"\" data-start=\"812\" data-end=\"888\">Concevoir un mobilier d\u2019exception, c\u2019est donner forme \u00e0 une \u00e9motion durable.<\/p>\t\t\t\t\t\t\t\t<\/div>\n\t\t\t\t<\/div>\n\t\t\t\t<div class=\"elementor-element elementor-element-db49eb0 elementor-widget-divider--view-line elementor-widget elementor-widget-divider\" data-id=\"db49eb0\" data-element_type=\"widget\" data-e-type=\"widget\" data-widget_type=\"divider.default\">\n\t\t\t\t<div class=\"elementor-widget-container\">\n\t\t\t\t\t\t\t<div class=\"elementor-divider\">\n\t\t\t<span class=\"elementor-divider-separator\">\n\t\t\t\t\t\t<\/span>\n\t\t<\/div>\n\t\t\t\t\t\t<\/div>\n\t\t\t\t<\/div>\n\t\t\t\t\t<\/div>\n\t\t\t\t<\/div>\n\t\t<div class=\"elementor-element elementor-element-0339bc2 e-flex e-con-boxed wpr-particle-no wpr-jarallax-no wpr-parallax-no wpr-sticky-section-no wpr-equal-height-no e-con e-parent\" data-id=\"0339bc2\" data-element_type=\"container\" data-e-type=\"container\">\n\t\t\t\t\t<div class=\"e-con-inner\">\n\t\t\t\t<div class=\"elementor-element elementor-element-c7ef727 elementor-widget elementor-widget-mkdf_portfolio_tabs_slider\" data-id=\"c7ef727\" data-element_type=\"widget\" data-e-type=\"widget\" data-widget_type=\"mkdf_portfolio_tabs_slider.default\">\n\t\t\t\t<div class=\"elementor-widget-container\">\n\t\t\t\t\t<div class=\"mkdf-portfolio-tabs-slider \">\n\t<div class=\"mkdf-pts-menu mkdf-columns-3\">\n    <ul>\n\t\t            <li>\n                <a href=\"#\">\n\t\t\t\t\t<span class=\"mkdf-pts-menu-text\">\n                    Mobiliers d'Exception                    <\/span>\n                <\/a>\n            <\/li>\n\t\t            <li>\n                <a href=\"#\">\n\t\t\t\t\t<span class=\"mkdf-pts-menu-text\">\n                    Art Sacr\u00e9                    <\/span>\n                <\/a>\n            <\/li>\n\t\t            <li>\n                <a href=\"#\">\n\t\t\t\t\t<span class=\"mkdf-pts-menu-text\">\n                    Design d'Espaces                    <\/span>\n                <\/a>\n            <\/li>\n\t\t    <\/ul>\n<\/div>    <div class=\"mkdf-pts-content mkdf-owl-slider\">\n\t\t<div class=\"mkdf-portfolio-list-holder mkdf-grid-list mkdf-pl-gallery mkdf-three-columns mkdf-normal-space  mkdf-disable-bottom-space mkdf-pl-standard-shader    mkdf-pl-pag-no-pagination      \"  data-type=gallery data-number-of-columns=three data-space-between-items=normal data-number-of-items=-1 data-image-proportions=square data-enable-fixed-proportions=no data-enable-image-shadow=no data-category=mobiliers-dexception data-orderby=date data-order=ASC data-item-style=standard-shader data-enable-title=yes data-title-tag=h5 data-enable-category=yes data-enable-excerpt=no data-pagination-type=no-pagination data-filter=no data-filter-order-by=name data-enable-article-animation=no data-portfolio-slider-on=no data-enable-loop=yes data-enable-autoplay=yes data-slider-speed=5000 data-slider-speed-animation=800 data-enable-navigation=yes data-enable-pagination=yes data-list-is-slider=no data-custom-stylization=no data-max-num-pages=0 data-next-page=2>\n\t\t<div class=\"mkdf-pl-inner mkdf-outer-space  clearfix\">\n\t\t\n<article class=\"mkdf-pl-item mkdf-item-space  post-6128 portfolio-item type-portfolio-item status-publish has-post-thumbnail hentry portfolio-category-mobiliers-dexception\" >\n\t<div class=\"mkdf-pl-item-inner\">\n\t\t<div class=\"mkdf-pli-image\">\n\t<a itemprop=\"url\" class=\"mkdf-pli-image-main\" href=\"https:\/\/www.aucoeurdelamain.fr\/index.php\/test1\/6128\/\" target=\"_self\">\n\t\t<img fetchpriority=\"high\" decoding=\"async\" width=\"650\" height=\"650\" src=\"https:\/\/www.aucoeurdelamain.fr\/wp-content\/uploads\/2019\/03\/Copie-de-Bureau-lyrique-tissu-Pierre-Frey-@Ateliers-BdM-650x650.jpg\" class=\"attachment-dor_mikado_image_square size-dor_mikado_image_square wp-post-image\" alt=\"\" srcset=\"https:\/\/www.aucoeurdelamain.fr\/wp-content\/uploads\/2019\/03\/Copie-de-Bureau-lyrique-tissu-Pierre-Frey-@Ateliers-BdM-650x650.jpg 650w, https:\/\/www.aucoeurdelamain.fr\/wp-content\/uploads\/2019\/03\/Copie-de-Bureau-lyrique-tissu-Pierre-Frey-@Ateliers-BdM-150x150.jpg 150w, https:\/\/www.aucoeurdelamain.fr\/wp-content\/uploads\/2019\/03\/Copie-de-Bureau-lyrique-tissu-Pierre-Frey-@Ateliers-BdM-450x450.jpg 450w, https:\/\/www.aucoeurdelamain.fr\/wp-content\/uploads\/2019\/03\/Copie-de-Bureau-lyrique-tissu-Pierre-Frey-@Ateliers-BdM-1300x1300.jpg 1300w, https:\/\/www.aucoeurdelamain.fr\/wp-content\/uploads\/2019\/03\/Copie-de-Bureau-lyrique-tissu-Pierre-Frey-@Ateliers-BdM-300x300.jpg 300w, https:\/\/www.aucoeurdelamain.fr\/wp-content\/uploads\/2019\/03\/Copie-de-Bureau-lyrique-tissu-Pierre-Frey-@Ateliers-BdM-100x100.jpg 100w\" sizes=\"(max-width: 650px) 100vw, 650px\" \/>\t<\/a>\n\t<\/div>\n<div class=\"mkdf-pli-text-holder\" >\n\t<div class=\"mkdf-pli-text-wrapper\">\n\t\t<div class=\"mkdf-pli-text\">\n\t\t\t\t<h5 itemprop=\"name\" class=\"mkdf-pli-title entry-title\" >\n\t\t<a itemprop=\"url\" href=\"https:\/\/www.aucoeurdelamain.fr\/index.php\/test1\/6128\/\" target=\"_self\">\n\t\t\tLes bureaux Lyriques\t\t<\/a>\n\t<\/h5>\n\n\t\t\t\t\t<div class=\"mkdf-pli-category-holder\">\n\t\t\t\t\t\t\t<span class=\"mkdf-pli-category-outer\"><a itemprop=\"url\" class=\"mkdf-pli-category\" href=\"https:\/\/www.aucoeurdelamain.fr\/index.php\/portfolio-category\/mobiliers-dexception\/\">Mobiliers d&#039;Exception<\/a><\/span>\n\t\t\t\t\t<\/div>\n\t\n\t\t\t\n\t\t\t\t\t<\/div>\n\t<\/div>\n<\/div>\n\t\t\t<\/div>\n<\/article>\n<article class=\"mkdf-pl-item mkdf-item-space  post-6140 portfolio-item type-portfolio-item status-publish has-post-thumbnail hentry portfolio-category-mobiliers-dexception\" >\n\t<div class=\"mkdf-pl-item-inner\">\n\t\t<div class=\"mkdf-pli-image\">\n\t<a itemprop=\"url\" class=\"mkdf-pli-image-main\" href=\"https:\/\/www.aucoeurdelamain.fr\/index.php\/test1\/la-lampe-itineraire\/\" target=\"_self\">\n\t\t<img decoding=\"async\" width=\"650\" height=\"650\" src=\"https:\/\/www.aucoeurdelamain.fr\/wp-content\/uploads\/2025\/04\/Copie-de-Itineraire-BdM-778x1536-1-650x650.jpg\" class=\"attachment-dor_mikado_image_square size-dor_mikado_image_square wp-post-image\" alt=\"\" srcset=\"https:\/\/www.aucoeurdelamain.fr\/wp-content\/uploads\/2025\/04\/Copie-de-Itineraire-BdM-778x1536-1-650x650.jpg 650w, https:\/\/www.aucoeurdelamain.fr\/wp-content\/uploads\/2025\/04\/Copie-de-Itineraire-BdM-778x1536-1-150x150.jpg 150w, https:\/\/www.aucoeurdelamain.fr\/wp-content\/uploads\/2025\/04\/Copie-de-Itineraire-BdM-778x1536-1-450x450.jpg 450w, https:\/\/www.aucoeurdelamain.fr\/wp-content\/uploads\/2025\/04\/Copie-de-Itineraire-BdM-778x1536-1-300x300.jpg 300w, https:\/\/www.aucoeurdelamain.fr\/wp-content\/uploads\/2025\/04\/Copie-de-Itineraire-BdM-778x1536-1-100x100.jpg 100w\" sizes=\"(max-width: 650px) 100vw, 650px\" \/>\t<\/a>\n\t<\/div>\n<div class=\"mkdf-pli-text-holder\" >\n\t<div class=\"mkdf-pli-text-wrapper\">\n\t\t<div class=\"mkdf-pli-text\">\n\t\t\t\t<h5 itemprop=\"name\" class=\"mkdf-pli-title entry-title\" >\n\t\t<a itemprop=\"url\" href=\"https:\/\/www.aucoeurdelamain.fr\/index.php\/test1\/la-lampe-itineraire\/\" target=\"_self\">\n\t\t\tLa Lampe Itin\u00e9raire\t\t<\/a>\n\t<\/h5>\n\n\t\t\t\t\t<div class=\"mkdf-pli-category-holder\">\n\t\t\t\t\t\t\t<span class=\"mkdf-pli-category-outer\"><a itemprop=\"url\" class=\"mkdf-pli-category\" href=\"https:\/\/www.aucoeurdelamain.fr\/index.php\/portfolio-category\/mobiliers-dexception\/\">Mobiliers d&#039;Exception<\/a><\/span>\n\t\t\t\t\t<\/div>\n\t\n\t\t\t\n\t\t\t\t\t<\/div>\n\t<\/div>\n<\/div>\n\t\t\t<\/div>\n<\/article>\n<article class=\"mkdf-pl-item mkdf-item-space  post-6145 portfolio-item type-portfolio-item status-publish has-post-thumbnail hentry portfolio-category-les-lampes-collection portfolio-category-mobiliers-dexception\" >\n\t<div class=\"mkdf-pl-item-inner\">\n\t\t<div class=\"mkdf-pli-image\">\n\t<a itemprop=\"url\" class=\"mkdf-pli-image-main\" href=\"https:\/\/www.aucoeurdelamain.fr\/index.php\/test1\/les-lampes-envol\/\" target=\"_self\">\n\t\t<img decoding=\"async\" width=\"650\" height=\"650\" src=\"https:\/\/www.aucoeurdelamain.fr\/wp-content\/uploads\/2025\/04\/Copie-de-IMG-3463-650x650.jpg\" class=\"attachment-dor_mikado_image_square size-dor_mikado_image_square wp-post-image\" alt=\"\" srcset=\"https:\/\/www.aucoeurdelamain.fr\/wp-content\/uploads\/2025\/04\/Copie-de-IMG-3463-650x650.jpg 650w, https:\/\/www.aucoeurdelamain.fr\/wp-content\/uploads\/2025\/04\/Copie-de-IMG-3463-150x150.jpg 150w, https:\/\/www.aucoeurdelamain.fr\/wp-content\/uploads\/2025\/04\/Copie-de-IMG-3463-450x450.jpg 450w, https:\/\/www.aucoeurdelamain.fr\/wp-content\/uploads\/2025\/04\/Copie-de-IMG-3463-1300x1300.jpg 1300w, https:\/\/www.aucoeurdelamain.fr\/wp-content\/uploads\/2025\/04\/Copie-de-IMG-3463-300x300.jpg 300w, https:\/\/www.aucoeurdelamain.fr\/wp-content\/uploads\/2025\/04\/Copie-de-IMG-3463-100x100.jpg 100w\" sizes=\"(max-width: 650px) 100vw, 650px\" \/>\t<\/a>\n\t<\/div>\n<div class=\"mkdf-pli-text-holder\" >\n\t<div class=\"mkdf-pli-text-wrapper\">\n\t\t<div class=\"mkdf-pli-text\">\n\t\t\t\t<h5 itemprop=\"name\" class=\"mkdf-pli-title entry-title\" >\n\t\t<a itemprop=\"url\" href=\"https:\/\/www.aucoeurdelamain.fr\/index.php\/test1\/les-lampes-envol\/\" target=\"_self\">\n\t\t\tLes Lampes Envol\t\t<\/a>\n\t<\/h5>\n\n\t\t\t\t\t<div class=\"mkdf-pli-category-holder\">\n\t\t\t\t\t\t\t<span class=\"mkdf-pli-category-outer\"><a itemprop=\"url\" class=\"mkdf-pli-category\" href=\"https:\/\/www.aucoeurdelamain.fr\/index.php\/portfolio-category\/les-lampes-collection\/\">Les lampes Envol - Collection<\/a><\/span>\n\t\t\t\t\t\t\t<span class=\"mkdf-pli-category-outer\"><a itemprop=\"url\" class=\"mkdf-pli-category\" href=\"https:\/\/www.aucoeurdelamain.fr\/index.php\/portfolio-category\/mobiliers-dexception\/\">Mobiliers d&#039;Exception<\/a><\/span>\n\t\t\t\t\t<\/div>\n\t\n\t\t\t\n\t\t\t\t\t<\/div>\n\t<\/div>\n<\/div>\n\t\t\t<\/div>\n<\/article>\n<article class=\"mkdf-pl-item mkdf-item-space  post-6159 portfolio-item type-portfolio-item status-publish has-post-thumbnail hentry portfolio-category-editions-bdm2 portfolio-category-mobiliers-dexception\" >\n\t<div class=\"mkdf-pl-item-inner\">\n\t\t<div class=\"mkdf-pli-image\">\n\t<a itemprop=\"url\" class=\"mkdf-pli-image-main\" href=\"https:\/\/www.aucoeurdelamain.fr\/index.php\/test1\/modules-papillon\/\" target=\"_self\">\n\t\t<img loading=\"lazy\" decoding=\"async\" width=\"650\" height=\"650\" src=\"https:\/\/www.aucoeurdelamain.fr\/wp-content\/uploads\/2025\/04\/Copie-de-Modules-Papillon-1-650x650.jpg\" class=\"attachment-dor_mikado_image_square size-dor_mikado_image_square wp-post-image\" alt=\"\" srcset=\"https:\/\/www.aucoeurdelamain.fr\/wp-content\/uploads\/2025\/04\/Copie-de-Modules-Papillon-1-650x650.jpg 650w, https:\/\/www.aucoeurdelamain.fr\/wp-content\/uploads\/2025\/04\/Copie-de-Modules-Papillon-1-150x150.jpg 150w, https:\/\/www.aucoeurdelamain.fr\/wp-content\/uploads\/2025\/04\/Copie-de-Modules-Papillon-1-450x450.jpg 450w, https:\/\/www.aucoeurdelamain.fr\/wp-content\/uploads\/2025\/04\/Copie-de-Modules-Papillon-1-1300x1300.jpg 1300w, https:\/\/www.aucoeurdelamain.fr\/wp-content\/uploads\/2025\/04\/Copie-de-Modules-Papillon-1-300x300.jpg 300w, https:\/\/www.aucoeurdelamain.fr\/wp-content\/uploads\/2025\/04\/Copie-de-Modules-Papillon-1-100x100.jpg 100w\" sizes=\"(max-width: 650px) 100vw, 650px\" \/>\t<\/a>\n\t<\/div>\n<div class=\"mkdf-pli-text-holder\" >\n\t<div class=\"mkdf-pli-text-wrapper\">\n\t\t<div class=\"mkdf-pli-text\">\n\t\t\t\t<h5 itemprop=\"name\" class=\"mkdf-pli-title entry-title\" >\n\t\t<a itemprop=\"url\" href=\"https:\/\/www.aucoeurdelamain.fr\/index.php\/test1\/modules-papillon\/\" target=\"_self\">\n\t\t\tModules Papillon\t\t<\/a>\n\t<\/h5>\n\n\t\t\t\t\t<div class=\"mkdf-pli-category-holder\">\n\t\t\t\t\t\t\t<span class=\"mkdf-pli-category-outer\"><a itemprop=\"url\" class=\"mkdf-pli-category\" href=\"https:\/\/www.aucoeurdelamain.fr\/index.php\/portfolio-category\/editions-bdm2\/\">Editions BdM2<\/a><\/span>\n\t\t\t\t\t\t\t<span class=\"mkdf-pli-category-outer\"><a itemprop=\"url\" class=\"mkdf-pli-category\" href=\"https:\/\/www.aucoeurdelamain.fr\/index.php\/portfolio-category\/mobiliers-dexception\/\">Mobiliers d&#039;Exception<\/a><\/span>\n\t\t\t\t\t<\/div>\n\t\n\t\t\t\n\t\t\t\t\t<\/div>\n\t<\/div>\n<\/div>\n\t\t\t<\/div>\n<\/article>\n<article class=\"mkdf-pl-item mkdf-item-space  post-6168 portfolio-item type-portfolio-item status-publish has-post-thumbnail hentry portfolio-category-editions-bdm2 portfolio-category-mobiliers-dexception\" >\n\t<div class=\"mkdf-pl-item-inner\">\n\t\t<div class=\"mkdf-pli-image\">\n\t<a itemprop=\"url\" class=\"mkdf-pli-image-main\" href=\"https:\/\/www.aucoeurdelamain.fr\/index.php\/test1\/modules-hexagone\/\" target=\"_self\">\n\t\t<img loading=\"lazy\" decoding=\"async\" width=\"650\" height=\"650\" src=\"https:\/\/www.aucoeurdelamain.fr\/wp-content\/uploads\/2025\/04\/Copie-de-Modules-Hexagones-650x650.jpg\" class=\"attachment-dor_mikado_image_square size-dor_mikado_image_square wp-post-image\" alt=\"\" srcset=\"https:\/\/www.aucoeurdelamain.fr\/wp-content\/uploads\/2025\/04\/Copie-de-Modules-Hexagones-650x650.jpg 650w, https:\/\/www.aucoeurdelamain.fr\/wp-content\/uploads\/2025\/04\/Copie-de-Modules-Hexagones-150x150.jpg 150w, https:\/\/www.aucoeurdelamain.fr\/wp-content\/uploads\/2025\/04\/Copie-de-Modules-Hexagones-450x450.jpg 450w, https:\/\/www.aucoeurdelamain.fr\/wp-content\/uploads\/2025\/04\/Copie-de-Modules-Hexagones-1300x1300.jpg 1300w, https:\/\/www.aucoeurdelamain.fr\/wp-content\/uploads\/2025\/04\/Copie-de-Modules-Hexagones-300x300.jpg 300w, https:\/\/www.aucoeurdelamain.fr\/wp-content\/uploads\/2025\/04\/Copie-de-Modules-Hexagones-100x100.jpg 100w\" sizes=\"(max-width: 650px) 100vw, 650px\" \/>\t<\/a>\n\t<\/div>\n<div class=\"mkdf-pli-text-holder\" >\n\t<div class=\"mkdf-pli-text-wrapper\">\n\t\t<div class=\"mkdf-pli-text\">\n\t\t\t\t<h5 itemprop=\"name\" class=\"mkdf-pli-title entry-title\" >\n\t\t<a itemprop=\"url\" href=\"https:\/\/www.aucoeurdelamain.fr\/index.php\/test1\/modules-hexagone\/\" target=\"_self\">\n\t\t\tModules Hexagone\t\t<\/a>\n\t<\/h5>\n\n\t\t\t\t\t<div class=\"mkdf-pli-category-holder\">\n\t\t\t\t\t\t\t<span class=\"mkdf-pli-category-outer\"><a itemprop=\"url\" class=\"mkdf-pli-category\" href=\"https:\/\/www.aucoeurdelamain.fr\/index.php\/portfolio-category\/editions-bdm2\/\">Editions BdM2<\/a><\/span>\n\t\t\t\t\t\t\t<span class=\"mkdf-pli-category-outer\"><a itemprop=\"url\" class=\"mkdf-pli-category\" href=\"https:\/\/www.aucoeurdelamain.fr\/index.php\/portfolio-category\/mobiliers-dexception\/\">Mobiliers d&#039;Exception<\/a><\/span>\n\t\t\t\t\t<\/div>\n\t\n\t\t\t\n\t\t\t\t\t<\/div>\n\t<\/div>\n<\/div>\n\t\t\t<\/div>\n<\/article>\n<article class=\"mkdf-pl-item mkdf-item-space  post-6179 portfolio-item type-portfolio-item status-publish has-post-thumbnail hentry portfolio-category-mobiliers-dexception\" >\n\t<div class=\"mkdf-pl-item-inner\">\n\t\t<div class=\"mkdf-pli-image\">\n\t<a itemprop=\"url\" class=\"mkdf-pli-image-main\" href=\"https:\/\/www.aucoeurdelamain.fr\/index.php\/test1\/table-de-jeux-dechecs\/\" target=\"_self\">\n\t\t<img loading=\"lazy\" decoding=\"async\" width=\"650\" height=\"650\" src=\"https:\/\/www.aucoeurdelamain.fr\/wp-content\/uploads\/2025\/04\/Copie-de-Echecs-3-650x650.jpg\" class=\"attachment-dor_mikado_image_square size-dor_mikado_image_square wp-post-image\" alt=\"\" srcset=\"https:\/\/www.aucoeurdelamain.fr\/wp-content\/uploads\/2025\/04\/Copie-de-Echecs-3-650x650.jpg 650w, https:\/\/www.aucoeurdelamain.fr\/wp-content\/uploads\/2025\/04\/Copie-de-Echecs-3-150x150.jpg 150w, https:\/\/www.aucoeurdelamain.fr\/wp-content\/uploads\/2025\/04\/Copie-de-Echecs-3-450x450.jpg 450w, https:\/\/www.aucoeurdelamain.fr\/wp-content\/uploads\/2025\/04\/Copie-de-Echecs-3-1300x1300.jpg 1300w, https:\/\/www.aucoeurdelamain.fr\/wp-content\/uploads\/2025\/04\/Copie-de-Echecs-3-300x300.jpg 300w, https:\/\/www.aucoeurdelamain.fr\/wp-content\/uploads\/2025\/04\/Copie-de-Echecs-3-100x100.jpg 100w\" sizes=\"(max-width: 650px) 100vw, 650px\" \/>\t<\/a>\n\t<\/div>\n<div class=\"mkdf-pli-text-holder\" >\n\t<div class=\"mkdf-pli-text-wrapper\">\n\t\t<div class=\"mkdf-pli-text\">\n\t\t\t\t<h5 itemprop=\"name\" class=\"mkdf-pli-title entry-title\" >\n\t\t<a itemprop=\"url\" href=\"https:\/\/www.aucoeurdelamain.fr\/index.php\/test1\/table-de-jeux-dechecs\/\" target=\"_self\">\n\t\t\tTable de jeux d\u2019echecs\t\t<\/a>\n\t<\/h5>\n\n\t\t\t\t\t<div class=\"mkdf-pli-category-holder\">\n\t\t\t\t\t\t\t<span class=\"mkdf-pli-category-outer\"><a itemprop=\"url\" class=\"mkdf-pli-category\" href=\"https:\/\/www.aucoeurdelamain.fr\/index.php\/portfolio-category\/mobiliers-dexception\/\">Mobiliers d&#039;Exception<\/a><\/span>\n\t\t\t\t\t<\/div>\n\t\n\t\t\t\n\t\t\t\t\t<\/div>\n\t<\/div>\n<\/div>\n\t\t\t<\/div>\n<\/article>\n<article class=\"mkdf-pl-item mkdf-item-space  post-6184 portfolio-item type-portfolio-item status-publish has-post-thumbnail hentry portfolio-category-mobiliers-dexception\" >\n\t<div class=\"mkdf-pl-item-inner\">\n\t\t<div class=\"mkdf-pli-image\">\n\t<a itemprop=\"url\" class=\"mkdf-pli-image-main\" href=\"https:\/\/www.aucoeurdelamain.fr\/index.php\/test1\/tables-darchitecte\/\" target=\"_self\">\n\t\t<img loading=\"lazy\" decoding=\"async\" width=\"650\" height=\"650\" src=\"https:\/\/www.aucoeurdelamain.fr\/wp-content\/uploads\/2025\/04\/Copie-de-IMG_2402-1-650x650.jpg\" class=\"attachment-dor_mikado_image_square size-dor_mikado_image_square wp-post-image\" alt=\"\" srcset=\"https:\/\/www.aucoeurdelamain.fr\/wp-content\/uploads\/2025\/04\/Copie-de-IMG_2402-1-650x650.jpg 650w, https:\/\/www.aucoeurdelamain.fr\/wp-content\/uploads\/2025\/04\/Copie-de-IMG_2402-1-150x150.jpg 150w, https:\/\/www.aucoeurdelamain.fr\/wp-content\/uploads\/2025\/04\/Copie-de-IMG_2402-1-450x450.jpg 450w, https:\/\/www.aucoeurdelamain.fr\/wp-content\/uploads\/2025\/04\/Copie-de-IMG_2402-1-1300x1300.jpg 1300w, https:\/\/www.aucoeurdelamain.fr\/wp-content\/uploads\/2025\/04\/Copie-de-IMG_2402-1-300x300.jpg 300w, https:\/\/www.aucoeurdelamain.fr\/wp-content\/uploads\/2025\/04\/Copie-de-IMG_2402-1-100x100.jpg 100w\" sizes=\"(max-width: 650px) 100vw, 650px\" \/>\t<\/a>\n\t<\/div>\n<div class=\"mkdf-pli-text-holder\" >\n\t<div class=\"mkdf-pli-text-wrapper\">\n\t\t<div class=\"mkdf-pli-text\">\n\t\t\t\t<h5 itemprop=\"name\" class=\"mkdf-pli-title entry-title\" >\n\t\t<a itemprop=\"url\" href=\"https:\/\/www.aucoeurdelamain.fr\/index.php\/test1\/tables-darchitecte\/\" target=\"_self\">\n\t\t\tTables d\u2019architecte\t\t<\/a>\n\t<\/h5>\n\n\t\t\t\t\t<div class=\"mkdf-pli-category-holder\">\n\t\t\t\t\t\t\t<span class=\"mkdf-pli-category-outer\"><a itemprop=\"url\" class=\"mkdf-pli-category\" href=\"https:\/\/www.aucoeurdelamain.fr\/index.php\/portfolio-category\/mobiliers-dexception\/\">Mobiliers d&#039;Exception<\/a><\/span>\n\t\t\t\t\t<\/div>\n\t\n\t\t\t\n\t\t\t\t\t<\/div>\n\t<\/div>\n<\/div>\n\t\t\t<\/div>\n<\/article>\n<article class=\"mkdf-pl-item mkdf-item-space  post-6192 portfolio-item type-portfolio-item status-publish has-post-thumbnail hentry portfolio-category-mobiliers-dexception\" >\n\t<div class=\"mkdf-pl-item-inner\">\n\t\t<div class=\"mkdf-pli-image\">\n\t<a itemprop=\"url\" class=\"mkdf-pli-image-main\" href=\"https:\/\/www.aucoeurdelamain.fr\/index.php\/test1\/le-bureau-damarante\/\" target=\"_self\">\n\t\t<img loading=\"lazy\" decoding=\"async\" width=\"650\" height=\"650\" src=\"https:\/\/www.aucoeurdelamain.fr\/wp-content\/uploads\/2025\/04\/Copie-de-Bureau-damarante-4-650x650.jpg\" class=\"attachment-dor_mikado_image_square size-dor_mikado_image_square wp-post-image\" alt=\"\" srcset=\"https:\/\/www.aucoeurdelamain.fr\/wp-content\/uploads\/2025\/04\/Copie-de-Bureau-damarante-4-650x650.jpg 650w, https:\/\/www.aucoeurdelamain.fr\/wp-content\/uploads\/2025\/04\/Copie-de-Bureau-damarante-4-150x150.jpg 150w, https:\/\/www.aucoeurdelamain.fr\/wp-content\/uploads\/2025\/04\/Copie-de-Bureau-damarante-4-450x450.jpg 450w, https:\/\/www.aucoeurdelamain.fr\/wp-content\/uploads\/2025\/04\/Copie-de-Bureau-damarante-4-1300x1300.jpg 1300w, https:\/\/www.aucoeurdelamain.fr\/wp-content\/uploads\/2025\/04\/Copie-de-Bureau-damarante-4-300x300.jpg 300w, https:\/\/www.aucoeurdelamain.fr\/wp-content\/uploads\/2025\/04\/Copie-de-Bureau-damarante-4-100x100.jpg 100w\" sizes=\"(max-width: 650px) 100vw, 650px\" \/>\t<\/a>\n\t<\/div>\n<div class=\"mkdf-pli-text-holder\" >\n\t<div class=\"mkdf-pli-text-wrapper\">\n\t\t<div class=\"mkdf-pli-text\">\n\t\t\t\t<h5 itemprop=\"name\" class=\"mkdf-pli-title entry-title\" >\n\t\t<a itemprop=\"url\" href=\"https:\/\/www.aucoeurdelamain.fr\/index.php\/test1\/le-bureau-damarante\/\" target=\"_self\">\n\t\t\tLe Bureau d\u2019Amarante\t\t<\/a>\n\t<\/h5>\n\n\t\t\t\t\t<div class=\"mkdf-pli-category-holder\">\n\t\t\t\t\t\t\t<span class=\"mkdf-pli-category-outer\"><a itemprop=\"url\" class=\"mkdf-pli-category\" href=\"https:\/\/www.aucoeurdelamain.fr\/index.php\/portfolio-category\/mobiliers-dexception\/\">Mobiliers d&#039;Exception<\/a><\/span>\n\t\t\t\t\t<\/div>\n\t\n\t\t\t\n\t\t\t\t\t<\/div>\n\t<\/div>\n<\/div>\n\t\t\t<\/div>\n<\/article>\n<article class=\"mkdf-pl-item mkdf-item-space  post-6196 portfolio-item type-portfolio-item status-publish has-post-thumbnail hentry portfolio-category-mobiliers-dexception\" >\n\t<div class=\"mkdf-pl-item-inner\">\n\t\t<div class=\"mkdf-pli-image\">\n\t<a itemprop=\"url\" class=\"mkdf-pli-image-main\" href=\"https:\/\/www.aucoeurdelamain.fr\/index.php\/test1\/table-de-conseil-de-rambouillet\/\" target=\"_self\">\n\t\t<img loading=\"lazy\" decoding=\"async\" width=\"650\" height=\"650\" src=\"https:\/\/www.aucoeurdelamain.fr\/wp-content\/uploads\/2025\/04\/table-horizon-1-650x650.jpg\" class=\"attachment-dor_mikado_image_square size-dor_mikado_image_square wp-post-image\" alt=\"\" srcset=\"https:\/\/www.aucoeurdelamain.fr\/wp-content\/uploads\/2025\/04\/table-horizon-1-650x650.jpg 650w, https:\/\/www.aucoeurdelamain.fr\/wp-content\/uploads\/2025\/04\/table-horizon-1-150x150.jpg 150w, https:\/\/www.aucoeurdelamain.fr\/wp-content\/uploads\/2025\/04\/table-horizon-1-450x450.jpg 450w, https:\/\/www.aucoeurdelamain.fr\/wp-content\/uploads\/2025\/04\/table-horizon-1-1300x1300.jpg 1300w, https:\/\/www.aucoeurdelamain.fr\/wp-content\/uploads\/2025\/04\/table-horizon-1-300x300.jpg 300w, https:\/\/www.aucoeurdelamain.fr\/wp-content\/uploads\/2025\/04\/table-horizon-1-100x100.jpg 100w\" sizes=\"(max-width: 650px) 100vw, 650px\" \/>\t<\/a>\n\t<\/div>\n<div class=\"mkdf-pli-text-holder\" >\n\t<div class=\"mkdf-pli-text-wrapper\">\n\t\t<div class=\"mkdf-pli-text\">\n\t\t\t\t<h5 itemprop=\"name\" class=\"mkdf-pli-title entry-title\" >\n\t\t<a itemprop=\"url\" href=\"https:\/\/www.aucoeurdelamain.fr\/index.php\/test1\/table-de-conseil-de-rambouillet\/\" target=\"_self\">\n\t\t\tTable de Conseil de Rambouillet\t\t<\/a>\n\t<\/h5>\n\n\t\t\t\t\t<div class=\"mkdf-pli-category-holder\">\n\t\t\t\t\t\t\t<span class=\"mkdf-pli-category-outer\"><a itemprop=\"url\" class=\"mkdf-pli-category\" href=\"https:\/\/www.aucoeurdelamain.fr\/index.php\/portfolio-category\/mobiliers-dexception\/\">Mobiliers d&#039;Exception<\/a><\/span>\n\t\t\t\t\t<\/div>\n\t\n\t\t\t\n\t\t\t\t\t<\/div>\n\t<\/div>\n<\/div>\n\t\t\t<\/div>\n<\/article>\n<article class=\"mkdf-pl-item mkdf-item-space  post-6200 portfolio-item type-portfolio-item status-publish has-post-thumbnail hentry portfolio-category-mobiliers-dexception\" >\n\t<div class=\"mkdf-pl-item-inner\">\n\t\t<div class=\"mkdf-pli-image\">\n\t<a itemprop=\"url\" class=\"mkdf-pli-image-main\" href=\"https:\/\/www.aucoeurdelamain.fr\/index.php\/test1\/table-horizon\/\" target=\"_self\">\n\t\t<img loading=\"lazy\" decoding=\"async\" width=\"650\" height=\"650\" src=\"https:\/\/www.aucoeurdelamain.fr\/wp-content\/uploads\/2025\/04\/HORIZON-2-650x650.jpg\" class=\"attachment-dor_mikado_image_square size-dor_mikado_image_square wp-post-image\" alt=\"\" srcset=\"https:\/\/www.aucoeurdelamain.fr\/wp-content\/uploads\/2025\/04\/HORIZON-2-650x650.jpg 650w, https:\/\/www.aucoeurdelamain.fr\/wp-content\/uploads\/2025\/04\/HORIZON-2-150x150.jpg 150w, https:\/\/www.aucoeurdelamain.fr\/wp-content\/uploads\/2025\/04\/HORIZON-2-450x450.jpg 450w, https:\/\/www.aucoeurdelamain.fr\/wp-content\/uploads\/2025\/04\/HORIZON-2-1300x1300.jpg 1300w, https:\/\/www.aucoeurdelamain.fr\/wp-content\/uploads\/2025\/04\/HORIZON-2-300x300.jpg 300w, https:\/\/www.aucoeurdelamain.fr\/wp-content\/uploads\/2025\/04\/HORIZON-2-100x100.jpg 100w\" sizes=\"(max-width: 650px) 100vw, 650px\" \/>\t<\/a>\n\t<\/div>\n<div class=\"mkdf-pli-text-holder\" >\n\t<div class=\"mkdf-pli-text-wrapper\">\n\t\t<div class=\"mkdf-pli-text\">\n\t\t\t\t<h5 itemprop=\"name\" class=\"mkdf-pli-title entry-title\" >\n\t\t<a itemprop=\"url\" href=\"https:\/\/www.aucoeurdelamain.fr\/index.php\/test1\/table-horizon\/\" target=\"_self\">\n\t\t\tTable Horizon\t\t<\/a>\n\t<\/h5>\n\n\t\t\t\t\t<div class=\"mkdf-pli-category-holder\">\n\t\t\t\t\t\t\t<span class=\"mkdf-pli-category-outer\"><a itemprop=\"url\" class=\"mkdf-pli-category\" href=\"https:\/\/www.aucoeurdelamain.fr\/index.php\/portfolio-category\/mobiliers-dexception\/\">Mobiliers d&#039;Exception<\/a><\/span>\n\t\t\t\t\t<\/div>\n\t\n\t\t\t\n\t\t\t\t\t<\/div>\n\t<\/div>\n<\/div>\n\t\t\t<\/div>\n<\/article>\n<article class=\"mkdf-pl-item mkdf-item-space  post-6204 portfolio-item type-portfolio-item status-publish has-post-thumbnail hentry portfolio-category-mobiliers-dexception\" >\n\t<div class=\"mkdf-pl-item-inner\">\n\t\t<div class=\"mkdf-pli-image\">\n\t<a itemprop=\"url\" class=\"mkdf-pli-image-main\" href=\"https:\/\/www.aucoeurdelamain.fr\/index.php\/test1\/table-bee-en-acajou\/\" target=\"_self\">\n\t\t<img loading=\"lazy\" decoding=\"async\" width=\"650\" height=\"650\" src=\"https:\/\/www.aucoeurdelamain.fr\/wp-content\/uploads\/2025\/04\/table-bee-laure-3-650x650.jpg\" class=\"attachment-dor_mikado_image_square size-dor_mikado_image_square wp-post-image\" alt=\"\" srcset=\"https:\/\/www.aucoeurdelamain.fr\/wp-content\/uploads\/2025\/04\/table-bee-laure-3-650x650.jpg 650w, https:\/\/www.aucoeurdelamain.fr\/wp-content\/uploads\/2025\/04\/table-bee-laure-3-150x150.jpg 150w, https:\/\/www.aucoeurdelamain.fr\/wp-content\/uploads\/2025\/04\/table-bee-laure-3-450x450.jpg 450w, https:\/\/www.aucoeurdelamain.fr\/wp-content\/uploads\/2025\/04\/table-bee-laure-3-1300x1300.jpg 1300w, https:\/\/www.aucoeurdelamain.fr\/wp-content\/uploads\/2025\/04\/table-bee-laure-3-300x300.jpg 300w, https:\/\/www.aucoeurdelamain.fr\/wp-content\/uploads\/2025\/04\/table-bee-laure-3-100x100.jpg 100w\" sizes=\"(max-width: 650px) 100vw, 650px\" \/>\t<\/a>\n\t<\/div>\n<div class=\"mkdf-pli-text-holder\" >\n\t<div class=\"mkdf-pli-text-wrapper\">\n\t\t<div class=\"mkdf-pli-text\">\n\t\t\t\t<h5 itemprop=\"name\" class=\"mkdf-pli-title entry-title\" >\n\t\t<a itemprop=\"url\" href=\"https:\/\/www.aucoeurdelamain.fr\/index.php\/test1\/table-bee-en-acajou\/\" target=\"_self\">\n\t\t\tTable Bee en acajou\t\t<\/a>\n\t<\/h5>\n\n\t\t\t\t\t<div class=\"mkdf-pli-category-holder\">\n\t\t\t\t\t\t\t<span class=\"mkdf-pli-category-outer\"><a itemprop=\"url\" class=\"mkdf-pli-category\" href=\"https:\/\/www.aucoeurdelamain.fr\/index.php\/portfolio-category\/mobiliers-dexception\/\">Mobiliers d&#039;Exception<\/a><\/span>\n\t\t\t\t\t<\/div>\n\t\n\t\t\t\n\t\t\t\t\t<\/div>\n\t<\/div>\n<\/div>\n\t\t\t<\/div>\n<\/article>\n<article class=\"mkdf-pl-item mkdf-item-space  post-7345 portfolio-item type-portfolio-item status-publish has-post-thumbnail hentry portfolio-category-editions-bdm2 portfolio-category-mobiliers-dexception\" >\n\t<div class=\"mkdf-pl-item-inner\">\n\t\t<div class=\"mkdf-pli-image\">\n\t<a itemprop=\"url\" class=\"mkdf-pli-image-main\" href=\"https:\/\/www.aucoeurdelamain.fr\/index.php\/test1\/un-voyage-hors-du-temps\/\" target=\"_self\">\n\t\t<img loading=\"lazy\" decoding=\"async\" width=\"650\" height=\"650\" src=\"https:\/\/www.aucoeurdelamain.fr\/wp-content\/uploads\/2025\/04\/TableBDM2-2-650x650.jpg\" class=\"attachment-dor_mikado_image_square size-dor_mikado_image_square wp-post-image\" alt=\"\" srcset=\"https:\/\/www.aucoeurdelamain.fr\/wp-content\/uploads\/2025\/04\/TableBDM2-2-650x650.jpg 650w, https:\/\/www.aucoeurdelamain.fr\/wp-content\/uploads\/2025\/04\/TableBDM2-2-150x150.jpg 150w, https:\/\/www.aucoeurdelamain.fr\/wp-content\/uploads\/2025\/04\/TableBDM2-2-450x450.jpg 450w, https:\/\/www.aucoeurdelamain.fr\/wp-content\/uploads\/2025\/04\/TableBDM2-2-1300x1300.jpg 1300w, https:\/\/www.aucoeurdelamain.fr\/wp-content\/uploads\/2025\/04\/TableBDM2-2-300x300.jpg 300w, https:\/\/www.aucoeurdelamain.fr\/wp-content\/uploads\/2025\/04\/TableBDM2-2-100x100.jpg 100w\" sizes=\"(max-width: 650px) 100vw, 650px\" \/>\t<\/a>\n\t<\/div>\n<div class=\"mkdf-pli-text-holder\" >\n\t<div class=\"mkdf-pli-text-wrapper\">\n\t\t<div class=\"mkdf-pli-text\">\n\t\t\t\t<h5 itemprop=\"name\" class=\"mkdf-pli-title entry-title\" >\n\t\t<a itemprop=\"url\" href=\"https:\/\/www.aucoeurdelamain.fr\/index.php\/test1\/un-voyage-hors-du-temps\/\" target=\"_self\">\n\t\t\tTable en \u00e9b\u00e8ne de macassar\t\t<\/a>\n\t<\/h5>\n\n\t\t\t\t\t<div class=\"mkdf-pli-category-holder\">\n\t\t\t\t\t\t\t<span class=\"mkdf-pli-category-outer\"><a itemprop=\"url\" class=\"mkdf-pli-category\" href=\"https:\/\/www.aucoeurdelamain.fr\/index.php\/portfolio-category\/editions-bdm2\/\">Editions BdM2<\/a><\/span>\n\t\t\t\t\t\t\t<span class=\"mkdf-pli-category-outer\"><a itemprop=\"url\" class=\"mkdf-pli-category\" href=\"https:\/\/www.aucoeurdelamain.fr\/index.php\/portfolio-category\/mobiliers-dexception\/\">Mobiliers d&#039;Exception<\/a><\/span>\n\t\t\t\t\t<\/div>\n\t\n\t\t\t\n\t\t\t\t\t<\/div>\n\t<\/div>\n<\/div>\n\t\t\t<\/div>\n<\/article>\n<article class=\"mkdf-pl-item mkdf-item-space  post-7350 portfolio-item type-portfolio-item status-publish has-post-thumbnail hentry portfolio-category-editions-bdm2 portfolio-category-mobiliers-dexception\" >\n\t<div class=\"mkdf-pl-item-inner\">\n\t\t<div class=\"mkdf-pli-image\">\n\t<a itemprop=\"url\" class=\"mkdf-pli-image-main\" href=\"https:\/\/www.aucoeurdelamain.fr\/index.php\/test1\/tables-de-chevet-en-noyer\/\" target=\"_self\">\n\t\t<img loading=\"lazy\" decoding=\"async\" width=\"650\" height=\"650\" src=\"https:\/\/www.aucoeurdelamain.fr\/wp-content\/uploads\/2019\/09\/IMG_0428-650x650.jpg\" class=\"attachment-dor_mikado_image_square size-dor_mikado_image_square wp-post-image\" alt=\"\" srcset=\"https:\/\/www.aucoeurdelamain.fr\/wp-content\/uploads\/2019\/09\/IMG_0428-650x650.jpg 650w, https:\/\/www.aucoeurdelamain.fr\/wp-content\/uploads\/2019\/09\/IMG_0428-150x150.jpg 150w, https:\/\/www.aucoeurdelamain.fr\/wp-content\/uploads\/2019\/09\/IMG_0428-450x450.jpg 450w, https:\/\/www.aucoeurdelamain.fr\/wp-content\/uploads\/2019\/09\/IMG_0428-1300x1300.jpg 1300w, https:\/\/www.aucoeurdelamain.fr\/wp-content\/uploads\/2019\/09\/IMG_0428-300x300.jpg 300w, https:\/\/www.aucoeurdelamain.fr\/wp-content\/uploads\/2019\/09\/IMG_0428-100x100.jpg 100w\" sizes=\"(max-width: 650px) 100vw, 650px\" \/>\t<\/a>\n\t<\/div>\n<div class=\"mkdf-pli-text-holder\" >\n\t<div class=\"mkdf-pli-text-wrapper\">\n\t\t<div class=\"mkdf-pli-text\">\n\t\t\t\t<h5 itemprop=\"name\" class=\"mkdf-pli-title entry-title\" >\n\t\t<a itemprop=\"url\" href=\"https:\/\/www.aucoeurdelamain.fr\/index.php\/test1\/tables-de-chevet-en-noyer\/\" target=\"_self\">\n\t\t\tTables de chevet en noyer\t\t<\/a>\n\t<\/h5>\n\n\t\t\t\t\t<div class=\"mkdf-pli-category-holder\">\n\t\t\t\t\t\t\t<span class=\"mkdf-pli-category-outer\"><a itemprop=\"url\" class=\"mkdf-pli-category\" href=\"https:\/\/www.aucoeurdelamain.fr\/index.php\/portfolio-category\/editions-bdm2\/\">Editions BdM2<\/a><\/span>\n\t\t\t\t\t\t\t<span class=\"mkdf-pli-category-outer\"><a itemprop=\"url\" class=\"mkdf-pli-category\" href=\"https:\/\/www.aucoeurdelamain.fr\/index.php\/portfolio-category\/mobiliers-dexception\/\">Mobiliers d&#039;Exception<\/a><\/span>\n\t\t\t\t\t<\/div>\n\t\n\t\t\t\n\t\t\t\t\t<\/div>\n\t<\/div>\n<\/div>\n\t\t\t<\/div>\n<\/article>\n<article class=\"mkdf-pl-item mkdf-item-space  post-7351 portfolio-item type-portfolio-item status-publish has-post-thumbnail hentry portfolio-category-mobiliers-dexception\" >\n\t<div class=\"mkdf-pl-item-inner\">\n\t\t<div class=\"mkdf-pli-image\">\n\t<a itemprop=\"url\" class=\"mkdf-pli-image-main\" href=\"https:\/\/www.aucoeurdelamain.fr\/index.php\/test1\/le-valet-dacajou\/\" target=\"_self\">\n\t\t<img loading=\"lazy\" decoding=\"async\" width=\"650\" height=\"650\" src=\"https:\/\/www.aucoeurdelamain.fr\/wp-content\/uploads\/2025\/04\/Valet-7-650x650.jpg\" class=\"attachment-dor_mikado_image_square size-dor_mikado_image_square wp-post-image\" alt=\"\" srcset=\"https:\/\/www.aucoeurdelamain.fr\/wp-content\/uploads\/2025\/04\/Valet-7-650x650.jpg 650w, https:\/\/www.aucoeurdelamain.fr\/wp-content\/uploads\/2025\/04\/Valet-7-150x150.jpg 150w, https:\/\/www.aucoeurdelamain.fr\/wp-content\/uploads\/2025\/04\/Valet-7-450x450.jpg 450w, https:\/\/www.aucoeurdelamain.fr\/wp-content\/uploads\/2025\/04\/Valet-7-1300x1300.jpg 1300w, https:\/\/www.aucoeurdelamain.fr\/wp-content\/uploads\/2025\/04\/Valet-7-300x300.jpg 300w, https:\/\/www.aucoeurdelamain.fr\/wp-content\/uploads\/2025\/04\/Valet-7-100x100.jpg 100w\" sizes=\"(max-width: 650px) 100vw, 650px\" \/>\t<\/a>\n\t<\/div>\n<div class=\"mkdf-pli-text-holder\" >\n\t<div class=\"mkdf-pli-text-wrapper\">\n\t\t<div class=\"mkdf-pli-text\">\n\t\t\t\t<h5 itemprop=\"name\" class=\"mkdf-pli-title entry-title\" >\n\t\t<a itemprop=\"url\" href=\"https:\/\/www.aucoeurdelamain.fr\/index.php\/test1\/le-valet-dacajou\/\" target=\"_self\">\n\t\t\tLe valet d&#8217;acajou\t\t<\/a>\n\t<\/h5>\n\n\t\t\t\t\t<div class=\"mkdf-pli-category-holder\">\n\t\t\t\t\t\t\t<span class=\"mkdf-pli-category-outer\"><a itemprop=\"url\" class=\"mkdf-pli-category\" href=\"https:\/\/www.aucoeurdelamain.fr\/index.php\/portfolio-category\/mobiliers-dexception\/\">Mobiliers d&#039;Exception<\/a><\/span>\n\t\t\t\t\t<\/div>\n\t\n\t\t\t\n\t\t\t\t\t<\/div>\n\t<\/div>\n<\/div>\n\t\t\t<\/div>\n<\/article>\n<article class=\"mkdf-pl-item mkdf-item-space  post-7357 portfolio-item type-portfolio-item status-publish has-post-thumbnail hentry portfolio-category-mobiliers-dexception\" >\n\t<div class=\"mkdf-pl-item-inner\">\n\t\t<div class=\"mkdf-pli-image\">\n\t<a itemprop=\"url\" class=\"mkdf-pli-image-main\" href=\"https:\/\/www.aucoeurdelamain.fr\/index.php\/test1\/sous-verre-ballantines\/\" target=\"_self\">\n\t\t<img loading=\"lazy\" decoding=\"async\" width=\"650\" height=\"650\" src=\"https:\/\/www.aucoeurdelamain.fr\/wp-content\/uploads\/2025\/04\/Ballantines_Carre-13-2048x2048-1-650x650.jpg\" class=\"attachment-dor_mikado_image_square size-dor_mikado_image_square wp-post-image\" alt=\"\" srcset=\"https:\/\/www.aucoeurdelamain.fr\/wp-content\/uploads\/2025\/04\/Ballantines_Carre-13-2048x2048-1-650x650.jpg 650w, https:\/\/www.aucoeurdelamain.fr\/wp-content\/uploads\/2025\/04\/Ballantines_Carre-13-2048x2048-1-300x300.jpg 300w, https:\/\/www.aucoeurdelamain.fr\/wp-content\/uploads\/2025\/04\/Ballantines_Carre-13-2048x2048-1-1024x1024.jpg 1024w, https:\/\/www.aucoeurdelamain.fr\/wp-content\/uploads\/2025\/04\/Ballantines_Carre-13-2048x2048-1-150x150.jpg 150w, https:\/\/www.aucoeurdelamain.fr\/wp-content\/uploads\/2025\/04\/Ballantines_Carre-13-2048x2048-1-768x768.jpg 768w, https:\/\/www.aucoeurdelamain.fr\/wp-content\/uploads\/2025\/04\/Ballantines_Carre-13-2048x2048-1-1536x1536.jpg 1536w, https:\/\/www.aucoeurdelamain.fr\/wp-content\/uploads\/2025\/04\/Ballantines_Carre-13-2048x2048-1-500x500.jpg 500w, https:\/\/www.aucoeurdelamain.fr\/wp-content\/uploads\/2025\/04\/Ballantines_Carre-13-2048x2048-1-800x800.jpg 800w, https:\/\/www.aucoeurdelamain.fr\/wp-content\/uploads\/2025\/04\/Ballantines_Carre-13-2048x2048-1-1280x1280.jpg 1280w, https:\/\/www.aucoeurdelamain.fr\/wp-content\/uploads\/2025\/04\/Ballantines_Carre-13-2048x2048-1-1920x1920.jpg 1920w, https:\/\/www.aucoeurdelamain.fr\/wp-content\/uploads\/2025\/04\/Ballantines_Carre-13-2048x2048-1-450x450.jpg 450w, https:\/\/www.aucoeurdelamain.fr\/wp-content\/uploads\/2025\/04\/Ballantines_Carre-13-2048x2048-1-1300x1300.jpg 1300w, https:\/\/www.aucoeurdelamain.fr\/wp-content\/uploads\/2025\/04\/Ballantines_Carre-13-2048x2048-1-600x600.jpg 600w, https:\/\/www.aucoeurdelamain.fr\/wp-content\/uploads\/2025\/04\/Ballantines_Carre-13-2048x2048-1-100x100.jpg 100w\" sizes=\"(max-width: 650px) 100vw, 650px\" \/>\t<\/a>\n\t<\/div>\n<div class=\"mkdf-pli-text-holder\" >\n\t<div class=\"mkdf-pli-text-wrapper\">\n\t\t<div class=\"mkdf-pli-text\">\n\t\t\t\t<h5 itemprop=\"name\" class=\"mkdf-pli-title entry-title\" >\n\t\t<a itemprop=\"url\" href=\"https:\/\/www.aucoeurdelamain.fr\/index.php\/test1\/sous-verre-ballantines\/\" target=\"_self\">\n\t\t\tSous-verre Ballantine&#8217;s\t\t<\/a>\n\t<\/h5>\n\n\t\t\t\t\t<div class=\"mkdf-pli-category-holder\">\n\t\t\t\t\t\t\t<span class=\"mkdf-pli-category-outer\"><a itemprop=\"url\" class=\"mkdf-pli-category\" href=\"https:\/\/www.aucoeurdelamain.fr\/index.php\/portfolio-category\/mobiliers-dexception\/\">Mobiliers d&#039;Exception<\/a><\/span>\n\t\t\t\t\t<\/div>\n\t\n\t\t\t\n\t\t\t\t\t<\/div>\n\t<\/div>\n<\/div>\n\t\t\t<\/div>\n<\/article>\n<article class=\"mkdf-pl-item mkdf-item-space  post-7363 portfolio-item type-portfolio-item status-publish has-post-thumbnail hentry portfolio-category-mobiliers-dexception\" >\n\t<div class=\"mkdf-pl-item-inner\">\n\t\t<div class=\"mkdf-pli-image\">\n\t<a itemprop=\"url\" class=\"mkdf-pli-image-main\" href=\"https:\/\/www.aucoeurdelamain.fr\/index.php\/test1\/bancs-de-conversations-pour-le-chef-alain-passard\/\" target=\"_self\">\n\t\t<img loading=\"lazy\" decoding=\"async\" width=\"650\" height=\"650\" src=\"https:\/\/www.aucoeurdelamain.fr\/wp-content\/uploads\/2019\/09\/IMG_0765-650x650.jpg\" class=\"attachment-dor_mikado_image_square size-dor_mikado_image_square wp-post-image\" alt=\"\" srcset=\"https:\/\/www.aucoeurdelamain.fr\/wp-content\/uploads\/2019\/09\/IMG_0765-650x650.jpg 650w, https:\/\/www.aucoeurdelamain.fr\/wp-content\/uploads\/2019\/09\/IMG_0765-150x150.jpg 150w, https:\/\/www.aucoeurdelamain.fr\/wp-content\/uploads\/2019\/09\/IMG_0765-450x450.jpg 450w, https:\/\/www.aucoeurdelamain.fr\/wp-content\/uploads\/2019\/09\/IMG_0765-1300x1300.jpg 1300w, https:\/\/www.aucoeurdelamain.fr\/wp-content\/uploads\/2019\/09\/IMG_0765-300x300.jpg 300w, https:\/\/www.aucoeurdelamain.fr\/wp-content\/uploads\/2019\/09\/IMG_0765-100x100.jpg 100w\" sizes=\"(max-width: 650px) 100vw, 650px\" \/>\t<\/a>\n\t<\/div>\n<div class=\"mkdf-pli-text-holder\" >\n\t<div class=\"mkdf-pli-text-wrapper\">\n\t\t<div class=\"mkdf-pli-text\">\n\t\t\t\t<h5 itemprop=\"name\" class=\"mkdf-pli-title entry-title\" >\n\t\t<a itemprop=\"url\" href=\"https:\/\/www.aucoeurdelamain.fr\/index.php\/test1\/bancs-de-conversations-pour-le-chef-alain-passard\/\" target=\"_self\">\n\t\t\tbancs de conversations pour le chef Alain Passard\t\t<\/a>\n\t<\/h5>\n\n\t\t\t\t\t<div class=\"mkdf-pli-category-holder\">\n\t\t\t\t\t\t\t<span class=\"mkdf-pli-category-outer\"><a itemprop=\"url\" class=\"mkdf-pli-category\" href=\"https:\/\/www.aucoeurdelamain.fr\/index.php\/portfolio-category\/mobiliers-dexception\/\">Mobiliers d&#039;Exception<\/a><\/span>\n\t\t\t\t\t<\/div>\n\t\n\t\t\t\n\t\t\t\t\t<\/div>\n\t<\/div>\n<\/div>\n\t\t\t<\/div>\n<\/article>\n<article class=\"mkdf-pl-item mkdf-item-space  post-7364 portfolio-item type-portfolio-item status-publish has-post-thumbnail hentry portfolio-category-mobiliers-dexception\" >\n\t<div class=\"mkdf-pl-item-inner\">\n\t\t<div class=\"mkdf-pli-image\">\n\t<a itemprop=\"url\" class=\"mkdf-pli-image-main\" href=\"https:\/\/www.aucoeurdelamain.fr\/index.php\/test1\/coffret-a-montres\/\" target=\"_self\">\n\t\t<img loading=\"lazy\" decoding=\"async\" width=\"650\" height=\"650\" src=\"https:\/\/www.aucoeurdelamain.fr\/wp-content\/uploads\/2019\/02\/Coffretmontre-2-scaled-1-650x650.jpg\" class=\"attachment-dor_mikado_image_square size-dor_mikado_image_square wp-post-image\" alt=\"\" srcset=\"https:\/\/www.aucoeurdelamain.fr\/wp-content\/uploads\/2019\/02\/Coffretmontre-2-scaled-1-650x650.jpg 650w, https:\/\/www.aucoeurdelamain.fr\/wp-content\/uploads\/2019\/02\/Coffretmontre-2-scaled-1-150x150.jpg 150w, https:\/\/www.aucoeurdelamain.fr\/wp-content\/uploads\/2019\/02\/Coffretmontre-2-scaled-1-450x450.jpg 450w, https:\/\/www.aucoeurdelamain.fr\/wp-content\/uploads\/2019\/02\/Coffretmontre-2-scaled-1-1300x1300.jpg 1300w, https:\/\/www.aucoeurdelamain.fr\/wp-content\/uploads\/2019\/02\/Coffretmontre-2-scaled-1-300x300.jpg 300w, https:\/\/www.aucoeurdelamain.fr\/wp-content\/uploads\/2019\/02\/Coffretmontre-2-scaled-1-100x100.jpg 100w\" sizes=\"(max-width: 650px) 100vw, 650px\" \/>\t<\/a>\n\t<\/div>\n<div class=\"mkdf-pli-text-holder\" >\n\t<div class=\"mkdf-pli-text-wrapper\">\n\t\t<div class=\"mkdf-pli-text\">\n\t\t\t\t<h5 itemprop=\"name\" class=\"mkdf-pli-title entry-title\" >\n\t\t<a itemprop=\"url\" href=\"https:\/\/www.aucoeurdelamain.fr\/index.php\/test1\/coffret-a-montres\/\" target=\"_self\">\n\t\t\tCoffret \u00e0 montres\t\t<\/a>\n\t<\/h5>\n\n\t\t\t\t\t<div class=\"mkdf-pli-category-holder\">\n\t\t\t\t\t\t\t<span class=\"mkdf-pli-category-outer\"><a itemprop=\"url\" class=\"mkdf-pli-category\" href=\"https:\/\/www.aucoeurdelamain.fr\/index.php\/portfolio-category\/mobiliers-dexception\/\">Mobiliers d&#039;Exception<\/a><\/span>\n\t\t\t\t\t<\/div>\n\t\n\t\t\t\n\t\t\t\t\t<\/div>\n\t<\/div>\n<\/div>\n\t\t\t<\/div>\n<\/article>\n<article class=\"mkdf-pl-item mkdf-item-space  post-7325 portfolio-item type-portfolio-item status-publish has-post-thumbnail hentry portfolio-category-mobiliers-dexception\" >\n\t<div class=\"mkdf-pl-item-inner\">\n\t\t<div class=\"mkdf-pli-image\">\n\t<a itemprop=\"url\" class=\"mkdf-pli-image-main\" href=\"https:\/\/www.aucoeurdelamain.fr\/index.php\/test1\/ecritoire-des-ateliers-bdm\/\" target=\"_self\">\n\t\t<img loading=\"lazy\" decoding=\"async\" width=\"650\" height=\"533\" src=\"https:\/\/www.aucoeurdelamain.fr\/wp-content\/uploads\/2025\/04\/ecritoire9-650x533.jpg\" class=\"attachment-dor_mikado_image_square size-dor_mikado_image_square wp-post-image\" alt=\"\" \/>\t<\/a>\n\t<\/div>\n<div class=\"mkdf-pli-text-holder\" >\n\t<div class=\"mkdf-pli-text-wrapper\">\n\t\t<div class=\"mkdf-pli-text\">\n\t\t\t\t<h5 itemprop=\"name\" class=\"mkdf-pli-title entry-title\" >\n\t\t<a itemprop=\"url\" href=\"https:\/\/www.aucoeurdelamain.fr\/index.php\/test1\/ecritoire-des-ateliers-bdm\/\" target=\"_self\">\n\t\t\tEcritoire des Ateliers BdM\t\t<\/a>\n\t<\/h5>\n\n\t\t\t\t\t<div class=\"mkdf-pli-category-holder\">\n\t\t\t\t\t\t\t<span class=\"mkdf-pli-category-outer\"><a itemprop=\"url\" class=\"mkdf-pli-category\" href=\"https:\/\/www.aucoeurdelamain.fr\/index.php\/portfolio-category\/mobiliers-dexception\/\">Mobiliers d&#039;Exception<\/a><\/span>\n\t\t\t\t\t<\/div>\n\t\n\t\t\t\n\t\t\t\t\t<\/div>\n\t<\/div>\n<\/div>\n\t\t\t<\/div>\n<\/article>\n<article class=\"mkdf-pl-item mkdf-item-space  post-7377 portfolio-item type-portfolio-item status-publish has-post-thumbnail hentry portfolio-category-mobiliers-dexception\" >\n\t<div class=\"mkdf-pl-item-inner\">\n\t\t<div class=\"mkdf-pli-image\">\n\t<a itemprop=\"url\" class=\"mkdf-pli-image-main\" href=\"https:\/\/www.aucoeurdelamain.fr\/index.php\/test1\/malle-a-liqueurs\/\" target=\"_self\">\n\t\t<img loading=\"lazy\" decoding=\"async\" width=\"650\" height=\"650\" src=\"https:\/\/www.aucoeurdelamain.fr\/wp-content\/uploads\/2025\/04\/Copie-de-Cave-a-whisky-650x650.jpg\" class=\"attachment-dor_mikado_image_square size-dor_mikado_image_square wp-post-image\" alt=\"\" srcset=\"https:\/\/www.aucoeurdelamain.fr\/wp-content\/uploads\/2025\/04\/Copie-de-Cave-a-whisky-650x650.jpg 650w, https:\/\/www.aucoeurdelamain.fr\/wp-content\/uploads\/2025\/04\/Copie-de-Cave-a-whisky-150x150.jpg 150w, https:\/\/www.aucoeurdelamain.fr\/wp-content\/uploads\/2025\/04\/Copie-de-Cave-a-whisky-450x450.jpg 450w, https:\/\/www.aucoeurdelamain.fr\/wp-content\/uploads\/2025\/04\/Copie-de-Cave-a-whisky-1300x1300.jpg 1300w, https:\/\/www.aucoeurdelamain.fr\/wp-content\/uploads\/2025\/04\/Copie-de-Cave-a-whisky-300x300.jpg 300w, https:\/\/www.aucoeurdelamain.fr\/wp-content\/uploads\/2025\/04\/Copie-de-Cave-a-whisky-100x100.jpg 100w\" sizes=\"(max-width: 650px) 100vw, 650px\" \/>\t<\/a>\n\t<\/div>\n<div class=\"mkdf-pli-text-holder\" >\n\t<div class=\"mkdf-pli-text-wrapper\">\n\t\t<div class=\"mkdf-pli-text\">\n\t\t\t\t<h5 itemprop=\"name\" class=\"mkdf-pli-title entry-title\" >\n\t\t<a itemprop=\"url\" href=\"https:\/\/www.aucoeurdelamain.fr\/index.php\/test1\/malle-a-liqueurs\/\" target=\"_self\">\n\t\t\tMalle \u00e0 liqueurs\t\t<\/a>\n\t<\/h5>\n\n\t\t\t\t\t<div class=\"mkdf-pli-category-holder\">\n\t\t\t\t\t\t\t<span class=\"mkdf-pli-category-outer\"><a itemprop=\"url\" class=\"mkdf-pli-category\" href=\"https:\/\/www.aucoeurdelamain.fr\/index.php\/portfolio-category\/mobiliers-dexception\/\">Mobiliers d&#039;Exception<\/a><\/span>\n\t\t\t\t\t<\/div>\n\t\n\t\t\t\n\t\t\t\t\t<\/div>\n\t<\/div>\n<\/div>\n\t\t\t<\/div>\n<\/article>\n<article class=\"mkdf-pl-item mkdf-item-space  post-7378 portfolio-item type-portfolio-item status-publish has-post-thumbnail hentry portfolio-category-design-despaces portfolio-category-mobiliers-dexception\" >\n\t<div class=\"mkdf-pl-item-inner\">\n\t\t<div class=\"mkdf-pli-image\">\n\t<a itemprop=\"url\" class=\"mkdf-pli-image-main\" href=\"https:\/\/www.aucoeurdelamain.fr\/index.php\/test1\/table-de-reunion-toute-en-transparence\/\" target=\"_self\">\n\t\t<img loading=\"lazy\" decoding=\"async\" width=\"650\" height=\"650\" src=\"https:\/\/www.aucoeurdelamain.fr\/wp-content\/uploads\/2025\/04\/Table-reunion-3-650x650.jpg\" class=\"attachment-dor_mikado_image_square size-dor_mikado_image_square wp-post-image\" alt=\"\" srcset=\"https:\/\/www.aucoeurdelamain.fr\/wp-content\/uploads\/2025\/04\/Table-reunion-3-650x650.jpg 650w, https:\/\/www.aucoeurdelamain.fr\/wp-content\/uploads\/2025\/04\/Table-reunion-3-150x150.jpg 150w, https:\/\/www.aucoeurdelamain.fr\/wp-content\/uploads\/2025\/04\/Table-reunion-3-450x450.jpg 450w, https:\/\/www.aucoeurdelamain.fr\/wp-content\/uploads\/2025\/04\/Table-reunion-3-1300x1300.jpg 1300w, https:\/\/www.aucoeurdelamain.fr\/wp-content\/uploads\/2025\/04\/Table-reunion-3-300x300.jpg 300w, https:\/\/www.aucoeurdelamain.fr\/wp-content\/uploads\/2025\/04\/Table-reunion-3-100x100.jpg 100w\" sizes=\"(max-width: 650px) 100vw, 650px\" \/>\t<\/a>\n\t<\/div>\n<div class=\"mkdf-pli-text-holder\" >\n\t<div class=\"mkdf-pli-text-wrapper\">\n\t\t<div class=\"mkdf-pli-text\">\n\t\t\t\t<h5 itemprop=\"name\" class=\"mkdf-pli-title entry-title\" >\n\t\t<a itemprop=\"url\" href=\"https:\/\/www.aucoeurdelamain.fr\/index.php\/test1\/table-de-reunion-toute-en-transparence\/\" target=\"_self\">\n\t\t\tTable de r\u00e9union toute en transparence\t\t<\/a>\n\t<\/h5>\n\n\t\t\t\t\t<div class=\"mkdf-pli-category-holder\">\n\t\t\t\t\t\t\t<span class=\"mkdf-pli-category-outer\"><a itemprop=\"url\" class=\"mkdf-pli-category\" href=\"https:\/\/www.aucoeurdelamain.fr\/index.php\/portfolio-category\/design-despaces\/\">Design d&#039;Espaces<\/a><\/span>\n\t\t\t\t\t\t\t<span class=\"mkdf-pli-category-outer\"><a itemprop=\"url\" class=\"mkdf-pli-category\" href=\"https:\/\/www.aucoeurdelamain.fr\/index.php\/portfolio-category\/mobiliers-dexception\/\">Mobiliers d&#039;Exception<\/a><\/span>\n\t\t\t\t\t<\/div>\n\t\n\t\t\t\n\t\t\t\t\t<\/div>\n\t<\/div>\n<\/div>\n\t\t\t<\/div>\n<\/article>\n<article class=\"mkdf-pl-item mkdf-item-space  post-7387 portfolio-item type-portfolio-item status-publish has-post-thumbnail hentry portfolio-category-design-despaces portfolio-category-mobiliers-dexception\" >\n\t<div class=\"mkdf-pl-item-inner\">\n\t\t<div class=\"mkdf-pli-image\">\n\t<a itemprop=\"url\" class=\"mkdf-pli-image-main\" href=\"https:\/\/www.aucoeurdelamain.fr\/index.php\/test1\/la-table-pour-le-centre-daffaires-wacano\/\" target=\"_self\">\n\t\t<img loading=\"lazy\" decoding=\"async\" width=\"650\" height=\"650\" src=\"https:\/\/www.aucoeurdelamain.fr\/wp-content\/uploads\/2025\/04\/IMG_6424-650x650.jpg\" class=\"attachment-dor_mikado_image_square size-dor_mikado_image_square wp-post-image\" alt=\"\" srcset=\"https:\/\/www.aucoeurdelamain.fr\/wp-content\/uploads\/2025\/04\/IMG_6424-650x650.jpg 650w, https:\/\/www.aucoeurdelamain.fr\/wp-content\/uploads\/2025\/04\/IMG_6424-150x150.jpg 150w, https:\/\/www.aucoeurdelamain.fr\/wp-content\/uploads\/2025\/04\/IMG_6424-450x450.jpg 450w, https:\/\/www.aucoeurdelamain.fr\/wp-content\/uploads\/2025\/04\/IMG_6424-300x300.jpg 300w, https:\/\/www.aucoeurdelamain.fr\/wp-content\/uploads\/2025\/04\/IMG_6424-100x100.jpg 100w\" sizes=\"(max-width: 650px) 100vw, 650px\" \/>\t<\/a>\n\t<\/div>\n<div class=\"mkdf-pli-text-holder\" >\n\t<div class=\"mkdf-pli-text-wrapper\">\n\t\t<div class=\"mkdf-pli-text\">\n\t\t\t\t<h5 itemprop=\"name\" class=\"mkdf-pli-title entry-title\" >\n\t\t<a itemprop=\"url\" href=\"https:\/\/www.aucoeurdelamain.fr\/index.php\/test1\/la-table-pour-le-centre-daffaires-wacano\/\" target=\"_self\">\n\t\t\tTable pour le centre d&#8217;affaires WACANO &#8211; Roissy Charles de Gaulle\t\t<\/a>\n\t<\/h5>\n\n\t\t\t\t\t<div class=\"mkdf-pli-category-holder\">\n\t\t\t\t\t\t\t<span class=\"mkdf-pli-category-outer\"><a itemprop=\"url\" class=\"mkdf-pli-category\" href=\"https:\/\/www.aucoeurdelamain.fr\/index.php\/portfolio-category\/design-despaces\/\">Design d&#039;Espaces<\/a><\/span>\n\t\t\t\t\t\t\t<span class=\"mkdf-pli-category-outer\"><a itemprop=\"url\" class=\"mkdf-pli-category\" href=\"https:\/\/www.aucoeurdelamain.fr\/index.php\/portfolio-category\/mobiliers-dexception\/\">Mobiliers d&#039;Exception<\/a><\/span>\n\t\t\t\t\t<\/div>\n\t\n\t\t\t\n\t\t\t\t\t<\/div>\n\t<\/div>\n<\/div>\n\t\t\t<\/div>\n<\/article>\n<article class=\"mkdf-pl-item mkdf-item-space  post-7398 portfolio-item type-portfolio-item status-publish has-post-thumbnail hentry portfolio-category-mobiliers-dexception\" >\n\t<div class=\"mkdf-pl-item-inner\">\n\t\t<div class=\"mkdf-pli-image\">\n\t<a itemprop=\"url\" class=\"mkdf-pli-image-main\" href=\"https:\/\/www.aucoeurdelamain.fr\/index.php\/test1\/ikigai\/\" target=\"_self\">\n\t\t<img loading=\"lazy\" decoding=\"async\" width=\"650\" height=\"650\" src=\"https:\/\/www.aucoeurdelamain.fr\/wp-content\/uploads\/2025\/04\/ikigai-650x650.jpg\" class=\"attachment-dor_mikado_image_square size-dor_mikado_image_square wp-post-image\" alt=\"\" srcset=\"https:\/\/www.aucoeurdelamain.fr\/wp-content\/uploads\/2025\/04\/ikigai-650x650.jpg 650w, https:\/\/www.aucoeurdelamain.fr\/wp-content\/uploads\/2025\/04\/ikigai-150x150.jpg 150w, https:\/\/www.aucoeurdelamain.fr\/wp-content\/uploads\/2025\/04\/ikigai-450x450.jpg 450w, https:\/\/www.aucoeurdelamain.fr\/wp-content\/uploads\/2025\/04\/ikigai-1300x1300.jpg 1300w, https:\/\/www.aucoeurdelamain.fr\/wp-content\/uploads\/2025\/04\/ikigai-300x300.jpg 300w, https:\/\/www.aucoeurdelamain.fr\/wp-content\/uploads\/2025\/04\/ikigai-100x100.jpg 100w\" sizes=\"(max-width: 650px) 100vw, 650px\" \/>\t<\/a>\n\t<\/div>\n<div class=\"mkdf-pli-text-holder\" >\n\t<div class=\"mkdf-pli-text-wrapper\">\n\t\t<div class=\"mkdf-pli-text\">\n\t\t\t\t<h5 itemprop=\"name\" class=\"mkdf-pli-title entry-title\" >\n\t\t<a itemprop=\"url\" href=\"https:\/\/www.aucoeurdelamain.fr\/index.php\/test1\/ikigai\/\" target=\"_self\">\n\t\t\tIkiga\u00ef\t\t<\/a>\n\t<\/h5>\n\n\t\t\t\t\t<div class=\"mkdf-pli-category-holder\">\n\t\t\t\t\t\t\t<span class=\"mkdf-pli-category-outer\"><a itemprop=\"url\" class=\"mkdf-pli-category\" href=\"https:\/\/www.aucoeurdelamain.fr\/index.php\/portfolio-category\/mobiliers-dexception\/\">Mobiliers d&#039;Exception<\/a><\/span>\n\t\t\t\t\t<\/div>\n\t\n\t\t\t\n\t\t\t\t\t<\/div>\n\t<\/div>\n<\/div>\n\t\t\t<\/div>\n<\/article>\n<article class=\"mkdf-pl-item mkdf-item-space  post-7402 portfolio-item type-portfolio-item status-publish has-post-thumbnail hentry portfolio-category-mobiliers-dexception\" >\n\t<div class=\"mkdf-pl-item-inner\">\n\t\t<div class=\"mkdf-pli-image\">\n\t<a itemprop=\"url\" class=\"mkdf-pli-image-main\" href=\"https:\/\/www.aucoeurdelamain.fr\/index.php\/test1\/entrelacs-a-bijoux\/\" target=\"_self\">\n\t\t<img loading=\"lazy\" decoding=\"async\" width=\"650\" height=\"650\" src=\"https:\/\/www.aucoeurdelamain.fr\/wp-content\/uploads\/2025\/04\/BdM-Croquis-Serre-Bijoux-650x650.jpg\" class=\"attachment-dor_mikado_image_square size-dor_mikado_image_square wp-post-image\" alt=\"\" srcset=\"https:\/\/www.aucoeurdelamain.fr\/wp-content\/uploads\/2025\/04\/BdM-Croquis-Serre-Bijoux-650x650.jpg 650w, https:\/\/www.aucoeurdelamain.fr\/wp-content\/uploads\/2025\/04\/BdM-Croquis-Serre-Bijoux-150x150.jpg 150w, https:\/\/www.aucoeurdelamain.fr\/wp-content\/uploads\/2025\/04\/BdM-Croquis-Serre-Bijoux-450x450.jpg 450w, https:\/\/www.aucoeurdelamain.fr\/wp-content\/uploads\/2025\/04\/BdM-Croquis-Serre-Bijoux-1300x1300.jpg 1300w, https:\/\/www.aucoeurdelamain.fr\/wp-content\/uploads\/2025\/04\/BdM-Croquis-Serre-Bijoux-300x300.jpg 300w, https:\/\/www.aucoeurdelamain.fr\/wp-content\/uploads\/2025\/04\/BdM-Croquis-Serre-Bijoux-100x100.jpg 100w\" sizes=\"(max-width: 650px) 100vw, 650px\" \/>\t<\/a>\n\t<\/div>\n<div class=\"mkdf-pli-text-holder\" >\n\t<div class=\"mkdf-pli-text-wrapper\">\n\t\t<div class=\"mkdf-pli-text\">\n\t\t\t\t<h5 itemprop=\"name\" class=\"mkdf-pli-title entry-title\" >\n\t\t<a itemprop=\"url\" href=\"https:\/\/www.aucoeurdelamain.fr\/index.php\/test1\/entrelacs-a-bijoux\/\" target=\"_self\">\n\t\t\tEntrelacs \u00e0 bijoux\t\t<\/a>\n\t<\/h5>\n\n\t\t\t\t\t<div class=\"mkdf-pli-category-holder\">\n\t\t\t\t\t\t\t<span class=\"mkdf-pli-category-outer\"><a itemprop=\"url\" class=\"mkdf-pli-category\" href=\"https:\/\/www.aucoeurdelamain.fr\/index.php\/portfolio-category\/mobiliers-dexception\/\">Mobiliers d&#039;Exception<\/a><\/span>\n\t\t\t\t\t<\/div>\n\t\n\t\t\t\n\t\t\t\t\t<\/div>\n\t<\/div>\n<\/div>\n\t\t\t<\/div>\n<\/article>\n<article class=\"mkdf-pl-item mkdf-item-space  post-7781 portfolio-item type-portfolio-item status-publish has-post-thumbnail hentry portfolio-category-art-sacre portfolio-category-mobiliers-dexception\" >\n\t<div class=\"mkdf-pl-item-inner\">\n\t\t<div class=\"mkdf-pli-image\">\n\t<a itemprop=\"url\" class=\"mkdf-pli-image-main\" href=\"https:\/\/www.aucoeurdelamain.fr\/index.php\/test1\/credences-pour-labbaye-de-solesmes-72\/\" target=\"_self\">\n\t\t<img loading=\"lazy\" decoding=\"async\" width=\"650\" height=\"650\" src=\"https:\/\/www.aucoeurdelamain.fr\/wp-content\/uploads\/2022\/03\/IMG_8803-scaled-1-650x650.jpg\" class=\"attachment-dor_mikado_image_square size-dor_mikado_image_square wp-post-image\" alt=\"\" srcset=\"https:\/\/www.aucoeurdelamain.fr\/wp-content\/uploads\/2022\/03\/IMG_8803-scaled-1-650x650.jpg 650w, https:\/\/www.aucoeurdelamain.fr\/wp-content\/uploads\/2022\/03\/IMG_8803-scaled-1-150x150.jpg 150w, https:\/\/www.aucoeurdelamain.fr\/wp-content\/uploads\/2022\/03\/IMG_8803-scaled-1-450x450.jpg 450w, https:\/\/www.aucoeurdelamain.fr\/wp-content\/uploads\/2022\/03\/IMG_8803-scaled-1-1300x1300.jpg 1300w, https:\/\/www.aucoeurdelamain.fr\/wp-content\/uploads\/2022\/03\/IMG_8803-scaled-1-300x300.jpg 300w, https:\/\/www.aucoeurdelamain.fr\/wp-content\/uploads\/2022\/03\/IMG_8803-scaled-1-100x100.jpg 100w\" sizes=\"(max-width: 650px) 100vw, 650px\" \/>\t<\/a>\n\t<\/div>\n<div class=\"mkdf-pli-text-holder\" >\n\t<div class=\"mkdf-pli-text-wrapper\">\n\t\t<div class=\"mkdf-pli-text\">\n\t\t\t\t<h5 itemprop=\"name\" class=\"mkdf-pli-title entry-title\" >\n\t\t<a itemprop=\"url\" href=\"https:\/\/www.aucoeurdelamain.fr\/index.php\/test1\/credences-pour-labbaye-de-solesmes-72\/\" target=\"_self\">\n\t\t\tCr\u00e9dences pour l&#8217;Abbaye de Solesmes (72)\t\t<\/a>\n\t<\/h5>\n\n\t\t\t\t\t<div class=\"mkdf-pli-category-holder\">\n\t\t\t\t\t\t\t<span class=\"mkdf-pli-category-outer\"><a itemprop=\"url\" class=\"mkdf-pli-category\" href=\"https:\/\/www.aucoeurdelamain.fr\/index.php\/portfolio-category\/art-sacre\/\">Art Sacr\u00e9<\/a><\/span>\n\t\t\t\t\t\t\t<span class=\"mkdf-pli-category-outer\"><a itemprop=\"url\" class=\"mkdf-pli-category\" href=\"https:\/\/www.aucoeurdelamain.fr\/index.php\/portfolio-category\/mobiliers-dexception\/\">Mobiliers d&#039;Exception<\/a><\/span>\n\t\t\t\t\t<\/div>\n\t\n\t\t\t\n\t\t\t\t\t<\/div>\n\t<\/div>\n<\/div>\n\t\t\t<\/div>\n<\/article>\n<article class=\"mkdf-pl-item mkdf-item-space  post-8077 portfolio-item type-portfolio-item status-publish has-post-thumbnail hentry portfolio-category-editions-bdm2 portfolio-category-mobiliers-dexception\" >\n\t<div class=\"mkdf-pl-item-inner\">\n\t\t<div class=\"mkdf-pli-image\">\n\t<a itemprop=\"url\" class=\"mkdf-pli-image-main\" href=\"https:\/\/www.aucoeurdelamain.fr\/index.php\/test1\/la-table-elephant\/\" target=\"_self\">\n\t\t<img loading=\"lazy\" decoding=\"async\" width=\"650\" height=\"650\" src=\"https:\/\/www.aucoeurdelamain.fr\/wp-content\/uploads\/2025\/04\/WhatsApp-Image-2025-03-20-a-10.38.21_2f187a4b-650x650.jpg\" class=\"attachment-dor_mikado_image_square size-dor_mikado_image_square wp-post-image\" alt=\"\" srcset=\"https:\/\/www.aucoeurdelamain.fr\/wp-content\/uploads\/2025\/04\/WhatsApp-Image-2025-03-20-a-10.38.21_2f187a4b-650x650.jpg 650w, https:\/\/www.aucoeurdelamain.fr\/wp-content\/uploads\/2025\/04\/WhatsApp-Image-2025-03-20-a-10.38.21_2f187a4b-150x150.jpg 150w, https:\/\/www.aucoeurdelamain.fr\/wp-content\/uploads\/2025\/04\/WhatsApp-Image-2025-03-20-a-10.38.21_2f187a4b-450x450.jpg 450w, https:\/\/www.aucoeurdelamain.fr\/wp-content\/uploads\/2025\/04\/WhatsApp-Image-2025-03-20-a-10.38.21_2f187a4b-1300x1300.jpg 1300w, https:\/\/www.aucoeurdelamain.fr\/wp-content\/uploads\/2025\/04\/WhatsApp-Image-2025-03-20-a-10.38.21_2f187a4b-300x300.jpg 300w, https:\/\/www.aucoeurdelamain.fr\/wp-content\/uploads\/2025\/04\/WhatsApp-Image-2025-03-20-a-10.38.21_2f187a4b-100x100.jpg 100w\" sizes=\"(max-width: 650px) 100vw, 650px\" \/>\t<\/a>\n\t<\/div>\n<div class=\"mkdf-pli-text-holder\" >\n\t<div class=\"mkdf-pli-text-wrapper\">\n\t\t<div class=\"mkdf-pli-text\">\n\t\t\t\t<h5 itemprop=\"name\" class=\"mkdf-pli-title entry-title\" >\n\t\t<a itemprop=\"url\" href=\"https:\/\/www.aucoeurdelamain.fr\/index.php\/test1\/la-table-elephant\/\" target=\"_self\">\n\t\t\tLa Table Elephant\t\t<\/a>\n\t<\/h5>\n\n\t\t\t\t\t<div class=\"mkdf-pli-category-holder\">\n\t\t\t\t\t\t\t<span class=\"mkdf-pli-category-outer\"><a itemprop=\"url\" class=\"mkdf-pli-category\" href=\"https:\/\/www.aucoeurdelamain.fr\/index.php\/portfolio-category\/editions-bdm2\/\">Editions BdM2<\/a><\/span>\n\t\t\t\t\t\t\t<span class=\"mkdf-pli-category-outer\"><a itemprop=\"url\" class=\"mkdf-pli-category\" href=\"https:\/\/www.aucoeurdelamain.fr\/index.php\/portfolio-category\/mobiliers-dexception\/\">Mobiliers d&#039;Exception<\/a><\/span>\n\t\t\t\t\t<\/div>\n\t\n\t\t\t\n\t\t\t\t\t<\/div>\n\t<\/div>\n<\/div>\n\t\t\t<\/div>\n<\/article>\n<article class=\"mkdf-pl-item mkdf-item-space  post-8085 portfolio-item type-portfolio-item status-publish has-post-thumbnail hentry portfolio-category-art-sacre portfolio-category-mobiliers-dexception\" >\n\t<div class=\"mkdf-pl-item-inner\">\n\t\t<div class=\"mkdf-pli-image\">\n\t<a itemprop=\"url\" class=\"mkdf-pli-image-main\" href=\"https:\/\/www.aucoeurdelamain.fr\/index.php\/test1\/la-table-trinite\/\" target=\"_self\">\n\t\t<img loading=\"lazy\" decoding=\"async\" width=\"650\" height=\"650\" src=\"https:\/\/www.aucoeurdelamain.fr\/wp-content\/uploads\/2025\/04\/WhatsApp-Image-2025-03-20-a-10.50.58_628f2e16-650x650.jpg\" class=\"attachment-dor_mikado_image_square size-dor_mikado_image_square wp-post-image\" alt=\"\" srcset=\"https:\/\/www.aucoeurdelamain.fr\/wp-content\/uploads\/2025\/04\/WhatsApp-Image-2025-03-20-a-10.50.58_628f2e16-650x650.jpg 650w, https:\/\/www.aucoeurdelamain.fr\/wp-content\/uploads\/2025\/04\/WhatsApp-Image-2025-03-20-a-10.50.58_628f2e16-150x150.jpg 150w, https:\/\/www.aucoeurdelamain.fr\/wp-content\/uploads\/2025\/04\/WhatsApp-Image-2025-03-20-a-10.50.58_628f2e16-450x450.jpg 450w, https:\/\/www.aucoeurdelamain.fr\/wp-content\/uploads\/2025\/04\/WhatsApp-Image-2025-03-20-a-10.50.58_628f2e16-1300x1300.jpg 1300w, https:\/\/www.aucoeurdelamain.fr\/wp-content\/uploads\/2025\/04\/WhatsApp-Image-2025-03-20-a-10.50.58_628f2e16-300x300.jpg 300w, https:\/\/www.aucoeurdelamain.fr\/wp-content\/uploads\/2025\/04\/WhatsApp-Image-2025-03-20-a-10.50.58_628f2e16-100x100.jpg 100w\" sizes=\"(max-width: 650px) 100vw, 650px\" \/>\t<\/a>\n\t<\/div>\n<div class=\"mkdf-pli-text-holder\" >\n\t<div class=\"mkdf-pli-text-wrapper\">\n\t\t<div class=\"mkdf-pli-text\">\n\t\t\t\t<h5 itemprop=\"name\" class=\"mkdf-pli-title entry-title\" >\n\t\t<a itemprop=\"url\" href=\"https:\/\/www.aucoeurdelamain.fr\/index.php\/test1\/la-table-trinite\/\" target=\"_self\">\n\t\t\tLa Table Trinit\u00e9 &#8211; Studio les Lueurs (Paris)\t\t<\/a>\n\t<\/h5>\n\n\t\t\t\t\t<div class=\"mkdf-pli-category-holder\">\n\t\t\t\t\t\t\t<span class=\"mkdf-pli-category-outer\"><a itemprop=\"url\" class=\"mkdf-pli-category\" href=\"https:\/\/www.aucoeurdelamain.fr\/index.php\/portfolio-category\/art-sacre\/\">Art Sacr\u00e9<\/a><\/span>\n\t\t\t\t\t\t\t<span class=\"mkdf-pli-category-outer\"><a itemprop=\"url\" class=\"mkdf-pli-category\" href=\"https:\/\/www.aucoeurdelamain.fr\/index.php\/portfolio-category\/mobiliers-dexception\/\">Mobiliers d&#039;Exception<\/a><\/span>\n\t\t\t\t\t<\/div>\n\t\n\t\t\t\n\t\t\t\t\t<\/div>\n\t<\/div>\n<\/div>\n\t\t\t<\/div>\n<\/article>\t<\/div>\n\t\n\t<\/div><div class=\"mkdf-portfolio-list-holder mkdf-grid-list mkdf-pl-gallery mkdf-three-columns mkdf-normal-space  mkdf-disable-bottom-space mkdf-pl-standard-shader    mkdf-pl-pag-no-pagination      \"  data-type=gallery data-number-of-columns=three data-space-between-items=normal data-number-of-items=-1 data-image-proportions=square data-enable-fixed-proportions=no data-enable-image-shadow=no data-category=art-sacre data-orderby=date data-order=ASC data-item-style=standard-shader data-enable-title=yes data-title-tag=h5 data-enable-category=yes data-enable-excerpt=no data-pagination-type=no-pagination data-filter=no data-filter-order-by=name data-enable-article-animation=no data-portfolio-slider-on=no data-enable-loop=yes data-enable-autoplay=yes data-slider-speed=5000 data-slider-speed-animation=800 data-enable-navigation=yes data-enable-pagination=yes data-list-is-slider=no data-custom-stylization=no data-max-num-pages=0 data-next-page=2>\n\t\t<div class=\"mkdf-pl-inner mkdf-outer-space  clearfix\">\n\t\t\n<article class=\"mkdf-pl-item mkdf-item-space  post-6235 portfolio-item type-portfolio-item status-publish has-post-thumbnail hentry portfolio-category-art-sacre portfolio-category-design-despaces\" >\n\t<div class=\"mkdf-pl-item-inner\">\n\t\t<div class=\"mkdf-pli-image\">\n\t<a itemprop=\"url\" class=\"mkdf-pli-image-main\" href=\"https:\/\/www.aucoeurdelamain.fr\/index.php\/test1\/eglise-notre-dame-de-boulogne\/\" target=\"_self\">\n\t\t<img loading=\"lazy\" decoding=\"async\" width=\"650\" height=\"650\" src=\"https:\/\/www.aucoeurdelamain.fr\/wp-content\/uploads\/2025\/04\/301019.BDM-23-sur-26-650x650.jpg\" class=\"attachment-dor_mikado_image_square size-dor_mikado_image_square wp-post-image\" alt=\"\" srcset=\"https:\/\/www.aucoeurdelamain.fr\/wp-content\/uploads\/2025\/04\/301019.BDM-23-sur-26-650x650.jpg 650w, https:\/\/www.aucoeurdelamain.fr\/wp-content\/uploads\/2025\/04\/301019.BDM-23-sur-26-150x150.jpg 150w, https:\/\/www.aucoeurdelamain.fr\/wp-content\/uploads\/2025\/04\/301019.BDM-23-sur-26-450x450.jpg 450w, https:\/\/www.aucoeurdelamain.fr\/wp-content\/uploads\/2025\/04\/301019.BDM-23-sur-26-300x300.jpg 300w, https:\/\/www.aucoeurdelamain.fr\/wp-content\/uploads\/2025\/04\/301019.BDM-23-sur-26-100x100.jpg 100w\" sizes=\"(max-width: 650px) 100vw, 650px\" \/>\t<\/a>\n\t<\/div>\n<div class=\"mkdf-pli-text-holder\" >\n\t<div class=\"mkdf-pli-text-wrapper\">\n\t\t<div class=\"mkdf-pli-text\">\n\t\t\t\t<h5 itemprop=\"name\" class=\"mkdf-pli-title entry-title\" >\n\t\t<a itemprop=\"url\" href=\"https:\/\/www.aucoeurdelamain.fr\/index.php\/test1\/eglise-notre-dame-de-boulogne\/\" target=\"_self\">\n\t\t\tBasilique Notre-Dame de Boulogne (92)\t\t<\/a>\n\t<\/h5>\n\n\t\t\t\t\t<div class=\"mkdf-pli-category-holder\">\n\t\t\t\t\t\t\t<span class=\"mkdf-pli-category-outer\"><a itemprop=\"url\" class=\"mkdf-pli-category\" href=\"https:\/\/www.aucoeurdelamain.fr\/index.php\/portfolio-category\/art-sacre\/\">Art Sacr\u00e9<\/a><\/span>\n\t\t\t\t\t\t\t<span class=\"mkdf-pli-category-outer\"><a itemprop=\"url\" class=\"mkdf-pli-category\" href=\"https:\/\/www.aucoeurdelamain.fr\/index.php\/portfolio-category\/design-despaces\/\">Design d&#039;Espaces<\/a><\/span>\n\t\t\t\t\t<\/div>\n\t\n\t\t\t\n\t\t\t\t\t<\/div>\n\t<\/div>\n<\/div>\n\t\t\t<\/div>\n<\/article>\n<article class=\"mkdf-pl-item mkdf-item-space  post-6241 portfolio-item type-portfolio-item status-publish has-post-thumbnail hentry portfolio-category-art-sacre\" >\n\t<div class=\"mkdf-pl-item-inner\">\n\t\t<div class=\"mkdf-pli-image\">\n\t<a itemprop=\"url\" class=\"mkdf-pli-image-main\" href=\"https:\/\/www.aucoeurdelamain.fr\/index.php\/test1\/choeur-de-la-paroisse-saint-denys-de-vaucresson\/\" target=\"_self\">\n\t\t<img loading=\"lazy\" decoding=\"async\" width=\"650\" height=\"650\" src=\"https:\/\/www.aucoeurdelamain.fr\/wp-content\/uploads\/2025\/04\/Copie-de-Choeur-de-Vaucresson-650x650.jpg\" class=\"attachment-dor_mikado_image_square size-dor_mikado_image_square wp-post-image\" alt=\"\" srcset=\"https:\/\/www.aucoeurdelamain.fr\/wp-content\/uploads\/2025\/04\/Copie-de-Choeur-de-Vaucresson-650x650.jpg 650w, https:\/\/www.aucoeurdelamain.fr\/wp-content\/uploads\/2025\/04\/Copie-de-Choeur-de-Vaucresson-150x150.jpg 150w, https:\/\/www.aucoeurdelamain.fr\/wp-content\/uploads\/2025\/04\/Copie-de-Choeur-de-Vaucresson-450x450.jpg 450w, https:\/\/www.aucoeurdelamain.fr\/wp-content\/uploads\/2025\/04\/Copie-de-Choeur-de-Vaucresson-1300x1300.jpg 1300w, https:\/\/www.aucoeurdelamain.fr\/wp-content\/uploads\/2025\/04\/Copie-de-Choeur-de-Vaucresson-300x300.jpg 300w, https:\/\/www.aucoeurdelamain.fr\/wp-content\/uploads\/2025\/04\/Copie-de-Choeur-de-Vaucresson-100x100.jpg 100w\" sizes=\"(max-width: 650px) 100vw, 650px\" \/>\t<\/a>\n\t<\/div>\n<div class=\"mkdf-pli-text-holder\" >\n\t<div class=\"mkdf-pli-text-wrapper\">\n\t\t<div class=\"mkdf-pli-text\">\n\t\t\t\t<h5 itemprop=\"name\" class=\"mkdf-pli-title entry-title\" >\n\t\t<a itemprop=\"url\" href=\"https:\/\/www.aucoeurdelamain.fr\/index.php\/test1\/choeur-de-la-paroisse-saint-denys-de-vaucresson\/\" target=\"_self\">\n\t\t\tChoeur de la Paroisse Saint-Denys de Vaucresson (92)\t\t<\/a>\n\t<\/h5>\n\n\t\t\t\t\t<div class=\"mkdf-pli-category-holder\">\n\t\t\t\t\t\t\t<span class=\"mkdf-pli-category-outer\"><a itemprop=\"url\" class=\"mkdf-pli-category\" href=\"https:\/\/www.aucoeurdelamain.fr\/index.php\/portfolio-category\/art-sacre\/\">Art Sacr\u00e9<\/a><\/span>\n\t\t\t\t\t<\/div>\n\t\n\t\t\t\n\t\t\t\t\t<\/div>\n\t<\/div>\n<\/div>\n\t\t\t<\/div>\n<\/article>\n<article class=\"mkdf-pl-item mkdf-item-space  post-6246 portfolio-item type-portfolio-item status-publish has-post-thumbnail hentry portfolio-category-art-sacre\" >\n\t<div class=\"mkdf-pl-item-inner\">\n\t\t<div class=\"mkdf-pli-image\">\n\t<a itemprop=\"url\" class=\"mkdf-pli-image-main\" href=\"https:\/\/www.aucoeurdelamain.fr\/index.php\/test1\/chapelle-de-la-maison-familya\/\" target=\"_self\">\n\t\t<img loading=\"lazy\" decoding=\"async\" width=\"650\" height=\"650\" src=\"https:\/\/www.aucoeurdelamain.fr\/wp-content\/uploads\/2025\/04\/IMG-9546-650x650.jpg\" class=\"attachment-dor_mikado_image_square size-dor_mikado_image_square wp-post-image\" alt=\"\" srcset=\"https:\/\/www.aucoeurdelamain.fr\/wp-content\/uploads\/2025\/04\/IMG-9546-650x650.jpg 650w, https:\/\/www.aucoeurdelamain.fr\/wp-content\/uploads\/2025\/04\/IMG-9546-150x150.jpg 150w, https:\/\/www.aucoeurdelamain.fr\/wp-content\/uploads\/2025\/04\/IMG-9546-450x450.jpg 450w, https:\/\/www.aucoeurdelamain.fr\/wp-content\/uploads\/2025\/04\/IMG-9546-1300x1300.jpg 1300w, https:\/\/www.aucoeurdelamain.fr\/wp-content\/uploads\/2025\/04\/IMG-9546-300x300.jpg 300w, https:\/\/www.aucoeurdelamain.fr\/wp-content\/uploads\/2025\/04\/IMG-9546-100x100.jpg 100w\" sizes=\"(max-width: 650px) 100vw, 650px\" \/>\t<\/a>\n\t<\/div>\n<div class=\"mkdf-pli-text-holder\" >\n\t<div class=\"mkdf-pli-text-wrapper\">\n\t\t<div class=\"mkdf-pli-text\">\n\t\t\t\t<h5 itemprop=\"name\" class=\"mkdf-pli-title entry-title\" >\n\t\t<a itemprop=\"url\" href=\"https:\/\/www.aucoeurdelamain.fr\/index.php\/test1\/chapelle-de-la-maison-familya\/\" target=\"_self\">\n\t\t\tChapelle de la Maison Familya, St Fran\u00e7ois-Xavier (Paris)\t\t<\/a>\n\t<\/h5>\n\n\t\t\t\t\t<div class=\"mkdf-pli-category-holder\">\n\t\t\t\t\t\t\t<span class=\"mkdf-pli-category-outer\"><a itemprop=\"url\" class=\"mkdf-pli-category\" href=\"https:\/\/www.aucoeurdelamain.fr\/index.php\/portfolio-category\/art-sacre\/\">Art Sacr\u00e9<\/a><\/span>\n\t\t\t\t\t<\/div>\n\t\n\t\t\t\n\t\t\t\t\t<\/div>\n\t<\/div>\n<\/div>\n\t\t\t<\/div>\n<\/article>\n<article class=\"mkdf-pl-item mkdf-item-space  post-6256 portfolio-item type-portfolio-item status-publish has-post-thumbnail hentry portfolio-category-art-sacre\" >\n\t<div class=\"mkdf-pl-item-inner\">\n\t\t<div class=\"mkdf-pli-image\">\n\t<a itemprop=\"url\" class=\"mkdf-pli-image-main\" href=\"https:\/\/www.aucoeurdelamain.fr\/index.php\/test1\/chapelle-dadoration-sainte-clotilde\/\" target=\"_self\">\n\t\t<img loading=\"lazy\" decoding=\"async\" width=\"650\" height=\"650\" src=\"https:\/\/www.aucoeurdelamain.fr\/wp-content\/uploads\/2025\/04\/a-sainte-clotilde-650x650.png\" class=\"attachment-dor_mikado_image_square size-dor_mikado_image_square wp-post-image\" alt=\"\" srcset=\"https:\/\/www.aucoeurdelamain.fr\/wp-content\/uploads\/2025\/04\/a-sainte-clotilde-650x650.png 650w, https:\/\/www.aucoeurdelamain.fr\/wp-content\/uploads\/2025\/04\/a-sainte-clotilde-150x150.png 150w, https:\/\/www.aucoeurdelamain.fr\/wp-content\/uploads\/2025\/04\/a-sainte-clotilde-450x450.png 450w, https:\/\/www.aucoeurdelamain.fr\/wp-content\/uploads\/2025\/04\/a-sainte-clotilde-1300x1300.png 1300w, https:\/\/www.aucoeurdelamain.fr\/wp-content\/uploads\/2025\/04\/a-sainte-clotilde-300x300.png 300w, https:\/\/www.aucoeurdelamain.fr\/wp-content\/uploads\/2025\/04\/a-sainte-clotilde-100x100.png 100w\" sizes=\"(max-width: 650px) 100vw, 650px\" \/>\t<\/a>\n\t<\/div>\n<div class=\"mkdf-pli-text-holder\" >\n\t<div class=\"mkdf-pli-text-wrapper\">\n\t\t<div class=\"mkdf-pli-text\">\n\t\t\t\t<h5 itemprop=\"name\" class=\"mkdf-pli-title entry-title\" >\n\t\t<a itemprop=\"url\" href=\"https:\/\/www.aucoeurdelamain.fr\/index.php\/test1\/chapelle-dadoration-sainte-clotilde\/\" target=\"_self\">\n\t\t\tChapelle Sainte Clotilde, Eglise Sainte Jeanne d&#8217;Arc \u00e0 Versailles (78)\t\t<\/a>\n\t<\/h5>\n\n\t\t\t\t\t<div class=\"mkdf-pli-category-holder\">\n\t\t\t\t\t\t\t<span class=\"mkdf-pli-category-outer\"><a itemprop=\"url\" class=\"mkdf-pli-category\" href=\"https:\/\/www.aucoeurdelamain.fr\/index.php\/portfolio-category\/art-sacre\/\">Art Sacr\u00e9<\/a><\/span>\n\t\t\t\t\t<\/div>\n\t\n\t\t\t\n\t\t\t\t\t<\/div>\n\t<\/div>\n<\/div>\n\t\t\t<\/div>\n<\/article>\n<article class=\"mkdf-pl-item mkdf-item-space  post-6262 portfolio-item type-portfolio-item status-publish has-post-thumbnail hentry portfolio-category-art-sacre\" >\n\t<div class=\"mkdf-pl-item-inner\">\n\t\t<div class=\"mkdf-pli-image\">\n\t<a itemprop=\"url\" class=\"mkdf-pli-image-main\" href=\"https:\/\/www.aucoeurdelamain.fr\/index.php\/test1\/eglise-saint-jacques-a-lyon\/\" target=\"_self\">\n\t\t<img loading=\"lazy\" decoding=\"async\" width=\"650\" height=\"650\" src=\"https:\/\/www.aucoeurdelamain.fr\/wp-content\/uploads\/2025\/04\/lyon-saint-jacques-4-650x650.jpg\" class=\"attachment-dor_mikado_image_square size-dor_mikado_image_square wp-post-image\" alt=\"\" srcset=\"https:\/\/www.aucoeurdelamain.fr\/wp-content\/uploads\/2025\/04\/lyon-saint-jacques-4-650x650.jpg 650w, https:\/\/www.aucoeurdelamain.fr\/wp-content\/uploads\/2025\/04\/lyon-saint-jacques-4-150x150.jpg 150w, https:\/\/www.aucoeurdelamain.fr\/wp-content\/uploads\/2025\/04\/lyon-saint-jacques-4-450x450.jpg 450w, https:\/\/www.aucoeurdelamain.fr\/wp-content\/uploads\/2025\/04\/lyon-saint-jacques-4-1300x1300.jpg 1300w, https:\/\/www.aucoeurdelamain.fr\/wp-content\/uploads\/2025\/04\/lyon-saint-jacques-4-300x300.jpg 300w, https:\/\/www.aucoeurdelamain.fr\/wp-content\/uploads\/2025\/04\/lyon-saint-jacques-4-100x100.jpg 100w\" sizes=\"(max-width: 650px) 100vw, 650px\" \/>\t<\/a>\n\t<\/div>\n<div class=\"mkdf-pli-text-holder\" >\n\t<div class=\"mkdf-pli-text-wrapper\">\n\t\t<div class=\"mkdf-pli-text\">\n\t\t\t\t<h5 itemprop=\"name\" class=\"mkdf-pli-title entry-title\" >\n\t\t<a itemprop=\"url\" href=\"https:\/\/www.aucoeurdelamain.fr\/index.php\/test1\/eglise-saint-jacques-a-lyon\/\" target=\"_self\">\n\t\t\tEglise Saint-Jacques (Lyon)\t\t<\/a>\n\t<\/h5>\n\n\t\t\t\t\t<div class=\"mkdf-pli-category-holder\">\n\t\t\t\t\t\t\t<span class=\"mkdf-pli-category-outer\"><a itemprop=\"url\" class=\"mkdf-pli-category\" href=\"https:\/\/www.aucoeurdelamain.fr\/index.php\/portfolio-category\/art-sacre\/\">Art Sacr\u00e9<\/a><\/span>\n\t\t\t\t\t<\/div>\n\t\n\t\t\t\n\t\t\t\t\t<\/div>\n\t<\/div>\n<\/div>\n\t\t\t<\/div>\n<\/article>\n<article class=\"mkdf-pl-item mkdf-item-space  post-7775 portfolio-item type-portfolio-item status-publish has-post-thumbnail hentry portfolio-category-art-sacre\" >\n\t<div class=\"mkdf-pl-item-inner\">\n\t\t<div class=\"mkdf-pli-image\">\n\t<a itemprop=\"url\" class=\"mkdf-pli-image-main\" href=\"https:\/\/www.aucoeurdelamain.fr\/index.php\/test1\/paroisse-st-remy-de-vanves-92\/\" target=\"_self\">\n\t\t<img loading=\"lazy\" decoding=\"async\" width=\"650\" height=\"650\" src=\"https:\/\/www.aucoeurdelamain.fr\/wp-content\/uploads\/2025\/04\/Ambon-Vanves-2-650x650.jpg\" class=\"attachment-dor_mikado_image_square size-dor_mikado_image_square wp-post-image\" alt=\"\" srcset=\"https:\/\/www.aucoeurdelamain.fr\/wp-content\/uploads\/2025\/04\/Ambon-Vanves-2-650x650.jpg 650w, https:\/\/www.aucoeurdelamain.fr\/wp-content\/uploads\/2025\/04\/Ambon-Vanves-2-150x150.jpg 150w, https:\/\/www.aucoeurdelamain.fr\/wp-content\/uploads\/2025\/04\/Ambon-Vanves-2-450x450.jpg 450w, https:\/\/www.aucoeurdelamain.fr\/wp-content\/uploads\/2025\/04\/Ambon-Vanves-2-1300x1300.jpg 1300w, https:\/\/www.aucoeurdelamain.fr\/wp-content\/uploads\/2025\/04\/Ambon-Vanves-2-300x300.jpg 300w, https:\/\/www.aucoeurdelamain.fr\/wp-content\/uploads\/2025\/04\/Ambon-Vanves-2-100x100.jpg 100w\" sizes=\"(max-width: 650px) 100vw, 650px\" \/>\t<\/a>\n\t<\/div>\n<div class=\"mkdf-pli-text-holder\" >\n\t<div class=\"mkdf-pli-text-wrapper\">\n\t\t<div class=\"mkdf-pli-text\">\n\t\t\t\t<h5 itemprop=\"name\" class=\"mkdf-pli-title entry-title\" >\n\t\t<a itemprop=\"url\" href=\"https:\/\/www.aucoeurdelamain.fr\/index.php\/test1\/paroisse-st-remy-de-vanves-92\/\" target=\"_self\">\n\t\t\tParoisse Saint R\u00e9my de Vanves (92)\t\t<\/a>\n\t<\/h5>\n\n\t\t\t\t\t<div class=\"mkdf-pli-category-holder\">\n\t\t\t\t\t\t\t<span class=\"mkdf-pli-category-outer\"><a itemprop=\"url\" class=\"mkdf-pli-category\" href=\"https:\/\/www.aucoeurdelamain.fr\/index.php\/portfolio-category\/art-sacre\/\">Art Sacr\u00e9<\/a><\/span>\n\t\t\t\t\t<\/div>\n\t\n\t\t\t\n\t\t\t\t\t<\/div>\n\t<\/div>\n<\/div>\n\t\t\t<\/div>\n<\/article>\n<article class=\"mkdf-pl-item mkdf-item-space  post-7777 portfolio-item type-portfolio-item status-publish has-post-thumbnail hentry portfolio-category-art-sacre\" >\n\t<div class=\"mkdf-pl-item-inner\">\n\t\t<div class=\"mkdf-pli-image\">\n\t<a itemprop=\"url\" class=\"mkdf-pli-image-main\" href=\"https:\/\/www.aucoeurdelamain.fr\/index.php\/test1\/chapelle-de-lecole-dupanloup-92\/\" target=\"_self\">\n\t\t<img loading=\"lazy\" decoding=\"async\" width=\"650\" height=\"650\" src=\"https:\/\/www.aucoeurdelamain.fr\/wp-content\/uploads\/2025\/04\/468143444_10160664968249033_6385923971725218196_n-1-650x650.jpg\" class=\"attachment-dor_mikado_image_square size-dor_mikado_image_square wp-post-image\" alt=\"\" srcset=\"https:\/\/www.aucoeurdelamain.fr\/wp-content\/uploads\/2025\/04\/468143444_10160664968249033_6385923971725218196_n-1-650x650.jpg 650w, https:\/\/www.aucoeurdelamain.fr\/wp-content\/uploads\/2025\/04\/468143444_10160664968249033_6385923971725218196_n-1-150x150.jpg 150w, https:\/\/www.aucoeurdelamain.fr\/wp-content\/uploads\/2025\/04\/468143444_10160664968249033_6385923971725218196_n-1-450x450.jpg 450w, https:\/\/www.aucoeurdelamain.fr\/wp-content\/uploads\/2025\/04\/468143444_10160664968249033_6385923971725218196_n-1-1300x1300.jpg 1300w, https:\/\/www.aucoeurdelamain.fr\/wp-content\/uploads\/2025\/04\/468143444_10160664968249033_6385923971725218196_n-1-300x300.jpg 300w, https:\/\/www.aucoeurdelamain.fr\/wp-content\/uploads\/2025\/04\/468143444_10160664968249033_6385923971725218196_n-1-100x100.jpg 100w\" sizes=\"(max-width: 650px) 100vw, 650px\" \/>\t<\/a>\n\t<\/div>\n<div class=\"mkdf-pli-text-holder\" >\n\t<div class=\"mkdf-pli-text-wrapper\">\n\t\t<div class=\"mkdf-pli-text\">\n\t\t\t\t<h5 itemprop=\"name\" class=\"mkdf-pli-title entry-title\" >\n\t\t<a itemprop=\"url\" href=\"https:\/\/www.aucoeurdelamain.fr\/index.php\/test1\/chapelle-de-lecole-dupanloup-92\/\" target=\"_self\">\n\t\t\tChapelle de l&#8217;\u00e9cole Dupanloup (92)\t\t<\/a>\n\t<\/h5>\n\n\t\t\t\t\t<div class=\"mkdf-pli-category-holder\">\n\t\t\t\t\t\t\t<span class=\"mkdf-pli-category-outer\"><a itemprop=\"url\" class=\"mkdf-pli-category\" href=\"https:\/\/www.aucoeurdelamain.fr\/index.php\/portfolio-category\/art-sacre\/\">Art Sacr\u00e9<\/a><\/span>\n\t\t\t\t\t<\/div>\n\t\n\t\t\t\n\t\t\t\t\t<\/div>\n\t<\/div>\n<\/div>\n\t\t\t<\/div>\n<\/article>\n<article class=\"mkdf-pl-item mkdf-item-space  post-7778 portfolio-item type-portfolio-item status-publish has-post-thumbnail hentry portfolio-category-art-sacre\" >\n\t<div class=\"mkdf-pl-item-inner\">\n\t\t<div class=\"mkdf-pli-image\">\n\t<a itemprop=\"url\" class=\"mkdf-pli-image-main\" href=\"https:\/\/www.aucoeurdelamain.fr\/index.php\/test1\/chapelle-de-lecole-stanislas-paris\/\" target=\"_self\">\n\t\t<img loading=\"lazy\" decoding=\"async\" width=\"650\" height=\"650\" src=\"https:\/\/www.aucoeurdelamain.fr\/wp-content\/uploads\/2019\/01\/Stan-Bd-2-sur-10-650x650.jpg\" class=\"attachment-dor_mikado_image_square size-dor_mikado_image_square wp-post-image\" alt=\"\" srcset=\"https:\/\/www.aucoeurdelamain.fr\/wp-content\/uploads\/2019\/01\/Stan-Bd-2-sur-10-650x650.jpg 650w, https:\/\/www.aucoeurdelamain.fr\/wp-content\/uploads\/2019\/01\/Stan-Bd-2-sur-10-150x150.jpg 150w, https:\/\/www.aucoeurdelamain.fr\/wp-content\/uploads\/2019\/01\/Stan-Bd-2-sur-10-450x450.jpg 450w, https:\/\/www.aucoeurdelamain.fr\/wp-content\/uploads\/2019\/01\/Stan-Bd-2-sur-10-300x300.jpg 300w, https:\/\/www.aucoeurdelamain.fr\/wp-content\/uploads\/2019\/01\/Stan-Bd-2-sur-10-100x100.jpg 100w\" sizes=\"(max-width: 650px) 100vw, 650px\" \/>\t<\/a>\n\t<\/div>\n<div class=\"mkdf-pli-text-holder\" >\n\t<div class=\"mkdf-pli-text-wrapper\">\n\t\t<div class=\"mkdf-pli-text\">\n\t\t\t\t<h5 itemprop=\"name\" class=\"mkdf-pli-title entry-title\" >\n\t\t<a itemprop=\"url\" href=\"https:\/\/www.aucoeurdelamain.fr\/index.php\/test1\/chapelle-de-lecole-stanislas-paris\/\" target=\"_self\">\n\t\t\tChapelle de l&#8217;\u00e9cole Stanislas (Paris)\t\t<\/a>\n\t<\/h5>\n\n\t\t\t\t\t<div class=\"mkdf-pli-category-holder\">\n\t\t\t\t\t\t\t<span class=\"mkdf-pli-category-outer\"><a itemprop=\"url\" class=\"mkdf-pli-category\" href=\"https:\/\/www.aucoeurdelamain.fr\/index.php\/portfolio-category\/art-sacre\/\">Art Sacr\u00e9<\/a><\/span>\n\t\t\t\t\t<\/div>\n\t\n\t\t\t\n\t\t\t\t\t<\/div>\n\t<\/div>\n<\/div>\n\t\t\t<\/div>\n<\/article>\n<article class=\"mkdf-pl-item mkdf-item-space  post-7779 portfolio-item type-portfolio-item status-publish has-post-thumbnail hentry portfolio-category-art-sacre\" >\n\t<div class=\"mkdf-pl-item-inner\">\n\t\t<div class=\"mkdf-pli-image\">\n\t<a itemprop=\"url\" class=\"mkdf-pli-image-main\" href=\"https:\/\/www.aucoeurdelamain.fr\/index.php\/test1\/chapelle-de-la-charite-de-lecole-et-du-college-soeur-maguerite-a-clichy-92\/\" target=\"_self\">\n\t\t<img loading=\"lazy\" decoding=\"async\" width=\"650\" height=\"650\" src=\"https:\/\/www.aucoeurdelamain.fr\/wp-content\/uploads\/2025\/04\/IMG_6671-650x650.jpg\" class=\"attachment-dor_mikado_image_square size-dor_mikado_image_square wp-post-image\" alt=\"\" srcset=\"https:\/\/www.aucoeurdelamain.fr\/wp-content\/uploads\/2025\/04\/IMG_6671-650x650.jpg 650w, https:\/\/www.aucoeurdelamain.fr\/wp-content\/uploads\/2025\/04\/IMG_6671-150x150.jpg 150w, https:\/\/www.aucoeurdelamain.fr\/wp-content\/uploads\/2025\/04\/IMG_6671-450x450.jpg 450w, https:\/\/www.aucoeurdelamain.fr\/wp-content\/uploads\/2025\/04\/IMG_6671-1300x1300.jpg 1300w, https:\/\/www.aucoeurdelamain.fr\/wp-content\/uploads\/2025\/04\/IMG_6671-300x300.jpg 300w, https:\/\/www.aucoeurdelamain.fr\/wp-content\/uploads\/2025\/04\/IMG_6671-100x100.jpg 100w\" sizes=\"(max-width: 650px) 100vw, 650px\" \/>\t<\/a>\n\t<\/div>\n<div class=\"mkdf-pli-text-holder\" >\n\t<div class=\"mkdf-pli-text-wrapper\">\n\t\t<div class=\"mkdf-pli-text\">\n\t\t\t\t<h5 itemprop=\"name\" class=\"mkdf-pli-title entry-title\" >\n\t\t<a itemprop=\"url\" href=\"https:\/\/www.aucoeurdelamain.fr\/index.php\/test1\/chapelle-de-la-charite-de-lecole-et-du-college-soeur-maguerite-a-clichy-92\/\" target=\"_self\">\n\t\t\tChapelle de la Charit\u00e9 de l&#8217;Ecole et du Coll\u00e8ge Soeur Maguerite \u00e0 Clichy (92)\t\t<\/a>\n\t<\/h5>\n\n\t\t\t\t\t<div class=\"mkdf-pli-category-holder\">\n\t\t\t\t\t\t\t<span class=\"mkdf-pli-category-outer\"><a itemprop=\"url\" class=\"mkdf-pli-category\" href=\"https:\/\/www.aucoeurdelamain.fr\/index.php\/portfolio-category\/art-sacre\/\">Art Sacr\u00e9<\/a><\/span>\n\t\t\t\t\t<\/div>\n\t\n\t\t\t\n\t\t\t\t\t<\/div>\n\t<\/div>\n<\/div>\n\t\t\t<\/div>\n<\/article>\n<article class=\"mkdf-pl-item mkdf-item-space  post-7780 portfolio-item type-portfolio-item status-publish has-post-thumbnail hentry portfolio-category-art-sacre\" >\n\t<div class=\"mkdf-pl-item-inner\">\n\t\t<div class=\"mkdf-pli-image\">\n\t<a itemprop=\"url\" class=\"mkdf-pli-image-main\" href=\"https:\/\/www.aucoeurdelamain.fr\/index.php\/test1\/une-nouvelle-chapelle-sainte-genevieve-a-rueil-malmaison-92\/\" target=\"_self\">\n\t\t<img loading=\"lazy\" decoding=\"async\" width=\"650\" height=\"650\" src=\"https:\/\/www.aucoeurdelamain.fr\/wp-content\/uploads\/2021\/02\/DSC_2676a-scaled-1-650x650.jpg\" class=\"attachment-dor_mikado_image_square size-dor_mikado_image_square wp-post-image\" alt=\"\" srcset=\"https:\/\/www.aucoeurdelamain.fr\/wp-content\/uploads\/2021\/02\/DSC_2676a-scaled-1-650x650.jpg 650w, https:\/\/www.aucoeurdelamain.fr\/wp-content\/uploads\/2021\/02\/DSC_2676a-scaled-1-150x150.jpg 150w, https:\/\/www.aucoeurdelamain.fr\/wp-content\/uploads\/2021\/02\/DSC_2676a-scaled-1-450x450.jpg 450w, https:\/\/www.aucoeurdelamain.fr\/wp-content\/uploads\/2021\/02\/DSC_2676a-scaled-1-1300x1300.jpg 1300w, https:\/\/www.aucoeurdelamain.fr\/wp-content\/uploads\/2021\/02\/DSC_2676a-scaled-1-300x300.jpg 300w, https:\/\/www.aucoeurdelamain.fr\/wp-content\/uploads\/2021\/02\/DSC_2676a-scaled-1-100x100.jpg 100w\" sizes=\"(max-width: 650px) 100vw, 650px\" \/>\t<\/a>\n\t<\/div>\n<div class=\"mkdf-pli-text-holder\" >\n\t<div class=\"mkdf-pli-text-wrapper\">\n\t\t<div class=\"mkdf-pli-text\">\n\t\t\t\t<h5 itemprop=\"name\" class=\"mkdf-pli-title entry-title\" >\n\t\t<a itemprop=\"url\" href=\"https:\/\/www.aucoeurdelamain.fr\/index.php\/test1\/une-nouvelle-chapelle-sainte-genevieve-a-rueil-malmaison-92\/\" target=\"_self\">\n\t\t\tChapelle Sainte-Genevi\u00e8ve \u00e0 Rueil-Malmaison (92)\t\t<\/a>\n\t<\/h5>\n\n\t\t\t\t\t<div class=\"mkdf-pli-category-holder\">\n\t\t\t\t\t\t\t<span class=\"mkdf-pli-category-outer\"><a itemprop=\"url\" class=\"mkdf-pli-category\" href=\"https:\/\/www.aucoeurdelamain.fr\/index.php\/portfolio-category\/art-sacre\/\">Art Sacr\u00e9<\/a><\/span>\n\t\t\t\t\t<\/div>\n\t\n\t\t\t\n\t\t\t\t\t<\/div>\n\t<\/div>\n<\/div>\n\t\t\t<\/div>\n<\/article>\n<article class=\"mkdf-pl-item mkdf-item-space  post-7781 portfolio-item type-portfolio-item status-publish has-post-thumbnail hentry portfolio-category-art-sacre portfolio-category-mobiliers-dexception\" >\n\t<div class=\"mkdf-pl-item-inner\">\n\t\t<div class=\"mkdf-pli-image\">\n\t<a itemprop=\"url\" class=\"mkdf-pli-image-main\" href=\"https:\/\/www.aucoeurdelamain.fr\/index.php\/test1\/credences-pour-labbaye-de-solesmes-72\/\" target=\"_self\">\n\t\t<img loading=\"lazy\" decoding=\"async\" width=\"650\" height=\"650\" src=\"https:\/\/www.aucoeurdelamain.fr\/wp-content\/uploads\/2022\/03\/IMG_8803-scaled-1-650x650.jpg\" class=\"attachment-dor_mikado_image_square size-dor_mikado_image_square wp-post-image\" alt=\"\" srcset=\"https:\/\/www.aucoeurdelamain.fr\/wp-content\/uploads\/2022\/03\/IMG_8803-scaled-1-650x650.jpg 650w, https:\/\/www.aucoeurdelamain.fr\/wp-content\/uploads\/2022\/03\/IMG_8803-scaled-1-150x150.jpg 150w, https:\/\/www.aucoeurdelamain.fr\/wp-content\/uploads\/2022\/03\/IMG_8803-scaled-1-450x450.jpg 450w, https:\/\/www.aucoeurdelamain.fr\/wp-content\/uploads\/2022\/03\/IMG_8803-scaled-1-1300x1300.jpg 1300w, https:\/\/www.aucoeurdelamain.fr\/wp-content\/uploads\/2022\/03\/IMG_8803-scaled-1-300x300.jpg 300w, https:\/\/www.aucoeurdelamain.fr\/wp-content\/uploads\/2022\/03\/IMG_8803-scaled-1-100x100.jpg 100w\" sizes=\"(max-width: 650px) 100vw, 650px\" \/>\t<\/a>\n\t<\/div>\n<div class=\"mkdf-pli-text-holder\" >\n\t<div class=\"mkdf-pli-text-wrapper\">\n\t\t<div class=\"mkdf-pli-text\">\n\t\t\t\t<h5 itemprop=\"name\" class=\"mkdf-pli-title entry-title\" >\n\t\t<a itemprop=\"url\" href=\"https:\/\/www.aucoeurdelamain.fr\/index.php\/test1\/credences-pour-labbaye-de-solesmes-72\/\" target=\"_self\">\n\t\t\tCr\u00e9dences pour l&#8217;Abbaye de Solesmes (72)\t\t<\/a>\n\t<\/h5>\n\n\t\t\t\t\t<div class=\"mkdf-pli-category-holder\">\n\t\t\t\t\t\t\t<span class=\"mkdf-pli-category-outer\"><a itemprop=\"url\" class=\"mkdf-pli-category\" href=\"https:\/\/www.aucoeurdelamain.fr\/index.php\/portfolio-category\/art-sacre\/\">Art Sacr\u00e9<\/a><\/span>\n\t\t\t\t\t\t\t<span class=\"mkdf-pli-category-outer\"><a itemprop=\"url\" class=\"mkdf-pli-category\" href=\"https:\/\/www.aucoeurdelamain.fr\/index.php\/portfolio-category\/mobiliers-dexception\/\">Mobiliers d&#039;Exception<\/a><\/span>\n\t\t\t\t\t<\/div>\n\t\n\t\t\t\n\t\t\t\t\t<\/div>\n\t<\/div>\n<\/div>\n\t\t\t<\/div>\n<\/article>\n<article class=\"mkdf-pl-item mkdf-item-space  post-7910 portfolio-item type-portfolio-item status-publish has-post-thumbnail hentry portfolio-category-art-sacre\" >\n\t<div class=\"mkdf-pl-item-inner\">\n\t\t<div class=\"mkdf-pli-image\">\n\t<a itemprop=\"url\" class=\"mkdf-pli-image-main\" href=\"https:\/\/www.aucoeurdelamain.fr\/index.php\/test1\/chapelle-de-lecole-des-tilleuls-78\/\" target=\"_self\">\n\t\t<img loading=\"lazy\" decoding=\"async\" width=\"650\" height=\"650\" src=\"https:\/\/www.aucoeurdelamain.fr\/wp-content\/uploads\/2018\/02\/chapelle-autel-darimathie-650x650.jpg\" class=\"attachment-dor_mikado_image_square size-dor_mikado_image_square wp-post-image\" alt=\"\" srcset=\"https:\/\/www.aucoeurdelamain.fr\/wp-content\/uploads\/2018\/02\/chapelle-autel-darimathie-650x650.jpg 650w, https:\/\/www.aucoeurdelamain.fr\/wp-content\/uploads\/2018\/02\/chapelle-autel-darimathie-150x150.jpg 150w, https:\/\/www.aucoeurdelamain.fr\/wp-content\/uploads\/2018\/02\/chapelle-autel-darimathie-450x450.jpg 450w, https:\/\/www.aucoeurdelamain.fr\/wp-content\/uploads\/2018\/02\/chapelle-autel-darimathie-300x300.jpg 300w, https:\/\/www.aucoeurdelamain.fr\/wp-content\/uploads\/2018\/02\/chapelle-autel-darimathie-100x100.jpg 100w\" sizes=\"(max-width: 650px) 100vw, 650px\" \/>\t<\/a>\n\t<\/div>\n<div class=\"mkdf-pli-text-holder\" >\n\t<div class=\"mkdf-pli-text-wrapper\">\n\t\t<div class=\"mkdf-pli-text\">\n\t\t\t\t<h5 itemprop=\"name\" class=\"mkdf-pli-title entry-title\" >\n\t\t<a itemprop=\"url\" href=\"https:\/\/www.aucoeurdelamain.fr\/index.php\/test1\/chapelle-de-lecole-des-tilleuls-78\/\" target=\"_self\">\n\t\t\tChapelle de l&#8217;\u00e9cole des Tilleuls (78)\t\t<\/a>\n\t<\/h5>\n\n\t\t\t\t\t<div class=\"mkdf-pli-category-holder\">\n\t\t\t\t\t\t\t<span class=\"mkdf-pli-category-outer\"><a itemprop=\"url\" class=\"mkdf-pli-category\" href=\"https:\/\/www.aucoeurdelamain.fr\/index.php\/portfolio-category\/art-sacre\/\">Art Sacr\u00e9<\/a><\/span>\n\t\t\t\t\t<\/div>\n\t\n\t\t\t\n\t\t\t\t\t<\/div>\n\t<\/div>\n<\/div>\n\t\t\t<\/div>\n<\/article>\n<article class=\"mkdf-pl-item mkdf-item-space  post-7912 portfolio-item type-portfolio-item status-publish has-post-thumbnail hentry portfolio-category-art-sacre\" >\n\t<div class=\"mkdf-pl-item-inner\">\n\t\t<div class=\"mkdf-pli-image\">\n\t<a itemprop=\"url\" class=\"mkdf-pli-image-main\" href=\"https:\/\/www.aucoeurdelamain.fr\/index.php\/test1\/ambon-de-leveche-de-nanterre-92\/\" target=\"_self\">\n\t\t<img loading=\"lazy\" decoding=\"async\" width=\"650\" height=\"650\" src=\"https:\/\/www.aucoeurdelamain.fr\/wp-content\/uploads\/2018\/02\/Ambon-Aupetit-1-650x650.jpg\" class=\"attachment-dor_mikado_image_square size-dor_mikado_image_square wp-post-image\" alt=\"\" srcset=\"https:\/\/www.aucoeurdelamain.fr\/wp-content\/uploads\/2018\/02\/Ambon-Aupetit-1-650x650.jpg 650w, https:\/\/www.aucoeurdelamain.fr\/wp-content\/uploads\/2018\/02\/Ambon-Aupetit-1-150x150.jpg 150w, https:\/\/www.aucoeurdelamain.fr\/wp-content\/uploads\/2018\/02\/Ambon-Aupetit-1-450x450.jpg 450w, https:\/\/www.aucoeurdelamain.fr\/wp-content\/uploads\/2018\/02\/Ambon-Aupetit-1-300x300.jpg 300w, https:\/\/www.aucoeurdelamain.fr\/wp-content\/uploads\/2018\/02\/Ambon-Aupetit-1-100x100.jpg 100w\" sizes=\"(max-width: 650px) 100vw, 650px\" \/>\t<\/a>\n\t<\/div>\n<div class=\"mkdf-pli-text-holder\" >\n\t<div class=\"mkdf-pli-text-wrapper\">\n\t\t<div class=\"mkdf-pli-text\">\n\t\t\t\t<h5 itemprop=\"name\" class=\"mkdf-pli-title entry-title\" >\n\t\t<a itemprop=\"url\" href=\"https:\/\/www.aucoeurdelamain.fr\/index.php\/test1\/ambon-de-leveche-de-nanterre-92\/\" target=\"_self\">\n\t\t\tAmbon de l&#8217;\u00e9v\u00e9ch\u00e9 de Nanterre (92)\t\t<\/a>\n\t<\/h5>\n\n\t\t\t\t\t<div class=\"mkdf-pli-category-holder\">\n\t\t\t\t\t\t\t<span class=\"mkdf-pli-category-outer\"><a itemprop=\"url\" class=\"mkdf-pli-category\" href=\"https:\/\/www.aucoeurdelamain.fr\/index.php\/portfolio-category\/art-sacre\/\">Art Sacr\u00e9<\/a><\/span>\n\t\t\t\t\t<\/div>\n\t\n\t\t\t\n\t\t\t\t\t<\/div>\n\t<\/div>\n<\/div>\n\t\t\t<\/div>\n<\/article>\n<article class=\"mkdf-pl-item mkdf-item-space  post-7913 portfolio-item type-portfolio-item status-publish has-post-thumbnail hentry portfolio-category-art-sacre\" >\n\t<div class=\"mkdf-pl-item-inner\">\n\t\t<div class=\"mkdf-pli-image\">\n\t<a itemprop=\"url\" class=\"mkdf-pli-image-main\" href=\"https:\/\/www.aucoeurdelamain.fr\/index.php\/test1\/ambon-pour-saint-joseph-de-buzenval-rueil-malmaison-92\/\" target=\"_self\">\n\t\t<img loading=\"lazy\" decoding=\"async\" width=\"639\" height=\"650\" src=\"https:\/\/www.aucoeurdelamain.fr\/wp-content\/uploads\/2011\/10\/IMG_2303-639x650.jpg\" class=\"attachment-dor_mikado_image_square size-dor_mikado_image_square wp-post-image\" alt=\"\" \/>\t<\/a>\n\t<\/div>\n<div class=\"mkdf-pli-text-holder\" >\n\t<div class=\"mkdf-pli-text-wrapper\">\n\t\t<div class=\"mkdf-pli-text\">\n\t\t\t\t<h5 itemprop=\"name\" class=\"mkdf-pli-title entry-title\" >\n\t\t<a itemprop=\"url\" href=\"https:\/\/www.aucoeurdelamain.fr\/index.php\/test1\/ambon-pour-saint-joseph-de-buzenval-rueil-malmaison-92\/\" target=\"_self\">\n\t\t\tAmbon pour Saint-Joseph de Buzenval (Rueil-Malmaison, 92)\t\t<\/a>\n\t<\/h5>\n\n\t\t\t\t\t<div class=\"mkdf-pli-category-holder\">\n\t\t\t\t\t\t\t<span class=\"mkdf-pli-category-outer\"><a itemprop=\"url\" class=\"mkdf-pli-category\" href=\"https:\/\/www.aucoeurdelamain.fr\/index.php\/portfolio-category\/art-sacre\/\">Art Sacr\u00e9<\/a><\/span>\n\t\t\t\t\t<\/div>\n\t\n\t\t\t\n\t\t\t\t\t<\/div>\n\t<\/div>\n<\/div>\n\t\t\t<\/div>\n<\/article>\n<article class=\"mkdf-pl-item mkdf-item-space  post-7914 portfolio-item type-portfolio-item status-publish has-post-thumbnail hentry portfolio-category-art-sacre\" >\n\t<div class=\"mkdf-pl-item-inner\">\n\t\t<div class=\"mkdf-pli-image\">\n\t<a itemprop=\"url\" class=\"mkdf-pli-image-main\" href=\"https:\/\/www.aucoeurdelamain.fr\/index.php\/test1\/autel-pour-un-oratoire-prive-en-bretagne-44\/\" target=\"_self\">\n\t\t<img loading=\"lazy\" decoding=\"async\" width=\"650\" height=\"650\" src=\"https:\/\/www.aucoeurdelamain.fr\/wp-content\/uploads\/2022\/02\/IMG_9472-scaled-1-650x650.jpg\" class=\"attachment-dor_mikado_image_square size-dor_mikado_image_square wp-post-image\" alt=\"\" srcset=\"https:\/\/www.aucoeurdelamain.fr\/wp-content\/uploads\/2022\/02\/IMG_9472-scaled-1-650x650.jpg 650w, https:\/\/www.aucoeurdelamain.fr\/wp-content\/uploads\/2022\/02\/IMG_9472-scaled-1-150x150.jpg 150w, https:\/\/www.aucoeurdelamain.fr\/wp-content\/uploads\/2022\/02\/IMG_9472-scaled-1-450x450.jpg 450w, https:\/\/www.aucoeurdelamain.fr\/wp-content\/uploads\/2022\/02\/IMG_9472-scaled-1-1300x1300.jpg 1300w, https:\/\/www.aucoeurdelamain.fr\/wp-content\/uploads\/2022\/02\/IMG_9472-scaled-1-300x300.jpg 300w, https:\/\/www.aucoeurdelamain.fr\/wp-content\/uploads\/2022\/02\/IMG_9472-scaled-1-100x100.jpg 100w\" sizes=\"(max-width: 650px) 100vw, 650px\" \/>\t<\/a>\n\t<\/div>\n<div class=\"mkdf-pli-text-holder\" >\n\t<div class=\"mkdf-pli-text-wrapper\">\n\t\t<div class=\"mkdf-pli-text\">\n\t\t\t\t<h5 itemprop=\"name\" class=\"mkdf-pli-title entry-title\" >\n\t\t<a itemprop=\"url\" href=\"https:\/\/www.aucoeurdelamain.fr\/index.php\/test1\/autel-pour-un-oratoire-prive-en-bretagne-44\/\" target=\"_self\">\n\t\t\tAutel pour un oratoire priv\u00e9 en bretagne (44)\t\t<\/a>\n\t<\/h5>\n\n\t\t\t\t\t<div class=\"mkdf-pli-category-holder\">\n\t\t\t\t\t\t\t<span class=\"mkdf-pli-category-outer\"><a itemprop=\"url\" class=\"mkdf-pli-category\" href=\"https:\/\/www.aucoeurdelamain.fr\/index.php\/portfolio-category\/art-sacre\/\">Art Sacr\u00e9<\/a><\/span>\n\t\t\t\t\t<\/div>\n\t\n\t\t\t\n\t\t\t\t\t<\/div>\n\t<\/div>\n<\/div>\n\t\t\t<\/div>\n<\/article>\n<article class=\"mkdf-pl-item mkdf-item-space  post-7915 portfolio-item type-portfolio-item status-publish has-post-thumbnail hentry portfolio-category-art-sacre\" >\n\t<div class=\"mkdf-pl-item-inner\">\n\t\t<div class=\"mkdf-pli-image\">\n\t<a itemprop=\"url\" class=\"mkdf-pli-image-main\" href=\"https:\/\/www.aucoeurdelamain.fr\/index.php\/test1\/chapelle-verso-lalto-aumonerie-de-nanterre-92\/\" target=\"_self\">\n\t\t<img loading=\"lazy\" decoding=\"async\" width=\"650\" height=\"650\" src=\"https:\/\/www.aucoeurdelamain.fr\/wp-content\/uploads\/2018\/05\/Chapelle1-650x650.jpg\" class=\"attachment-dor_mikado_image_square size-dor_mikado_image_square wp-post-image\" alt=\"\" srcset=\"https:\/\/www.aucoeurdelamain.fr\/wp-content\/uploads\/2018\/05\/Chapelle1-650x650.jpg 650w, https:\/\/www.aucoeurdelamain.fr\/wp-content\/uploads\/2018\/05\/Chapelle1-150x150.jpg 150w, https:\/\/www.aucoeurdelamain.fr\/wp-content\/uploads\/2018\/05\/Chapelle1-450x450.jpg 450w, https:\/\/www.aucoeurdelamain.fr\/wp-content\/uploads\/2018\/05\/Chapelle1-300x300.jpg 300w, https:\/\/www.aucoeurdelamain.fr\/wp-content\/uploads\/2018\/05\/Chapelle1-100x100.jpg 100w\" sizes=\"(max-width: 650px) 100vw, 650px\" \/>\t<\/a>\n\t<\/div>\n<div class=\"mkdf-pli-text-holder\" >\n\t<div class=\"mkdf-pli-text-wrapper\">\n\t\t<div class=\"mkdf-pli-text\">\n\t\t\t\t<h5 itemprop=\"name\" class=\"mkdf-pli-title entry-title\" >\n\t\t<a itemprop=\"url\" href=\"https:\/\/www.aucoeurdelamain.fr\/index.php\/test1\/chapelle-verso-lalto-aumonerie-de-nanterre-92\/\" target=\"_self\">\n\t\t\tChapelle Verso l&#8217;Alto, Aum\u00f4nerie de Nanterre (92)\t\t<\/a>\n\t<\/h5>\n\n\t\t\t\t\t<div class=\"mkdf-pli-category-holder\">\n\t\t\t\t\t\t\t<span class=\"mkdf-pli-category-outer\"><a itemprop=\"url\" class=\"mkdf-pli-category\" href=\"https:\/\/www.aucoeurdelamain.fr\/index.php\/portfolio-category\/art-sacre\/\">Art Sacr\u00e9<\/a><\/span>\n\t\t\t\t\t<\/div>\n\t\n\t\t\t\n\t\t\t\t\t<\/div>\n\t<\/div>\n<\/div>\n\t\t\t<\/div>\n<\/article>\n<article class=\"mkdf-pl-item mkdf-item-space  post-7916 portfolio-item type-portfolio-item status-publish has-post-thumbnail hentry portfolio-category-art-sacre\" >\n\t<div class=\"mkdf-pl-item-inner\">\n\t\t<div class=\"mkdf-pli-image\">\n\t<a itemprop=\"url\" class=\"mkdf-pli-image-main\" href=\"https:\/\/www.aucoeurdelamain.fr\/index.php\/test1\/croix-de-larbre-de-vie-a-adainville-78\/\" target=\"_self\">\n\t\t<img loading=\"lazy\" decoding=\"async\" width=\"650\" height=\"650\" src=\"https:\/\/www.aucoeurdelamain.fr\/wp-content\/uploads\/2019\/12\/Croix-Adainville-650x650.jpg\" class=\"attachment-dor_mikado_image_square size-dor_mikado_image_square wp-post-image\" alt=\"\" srcset=\"https:\/\/www.aucoeurdelamain.fr\/wp-content\/uploads\/2019\/12\/Croix-Adainville-650x650.jpg 650w, https:\/\/www.aucoeurdelamain.fr\/wp-content\/uploads\/2019\/12\/Croix-Adainville-150x150.jpg 150w, https:\/\/www.aucoeurdelamain.fr\/wp-content\/uploads\/2019\/12\/Croix-Adainville-450x450.jpg 450w, https:\/\/www.aucoeurdelamain.fr\/wp-content\/uploads\/2019\/12\/Croix-Adainville-1300x1300.jpg 1300w, https:\/\/www.aucoeurdelamain.fr\/wp-content\/uploads\/2019\/12\/Croix-Adainville-300x300.jpg 300w, https:\/\/www.aucoeurdelamain.fr\/wp-content\/uploads\/2019\/12\/Croix-Adainville-100x100.jpg 100w\" sizes=\"(max-width: 650px) 100vw, 650px\" \/>\t<\/a>\n\t<\/div>\n<div class=\"mkdf-pli-text-holder\" >\n\t<div class=\"mkdf-pli-text-wrapper\">\n\t\t<div class=\"mkdf-pli-text\">\n\t\t\t\t<h5 itemprop=\"name\" class=\"mkdf-pli-title entry-title\" >\n\t\t<a itemprop=\"url\" href=\"https:\/\/www.aucoeurdelamain.fr\/index.php\/test1\/croix-de-larbre-de-vie-a-adainville-78\/\" target=\"_self\">\n\t\t\tCroix de l&#8217;arbre de vie \u00e0 Adainville (78)\t\t<\/a>\n\t<\/h5>\n\n\t\t\t\t\t<div class=\"mkdf-pli-category-holder\">\n\t\t\t\t\t\t\t<span class=\"mkdf-pli-category-outer\"><a itemprop=\"url\" class=\"mkdf-pli-category\" href=\"https:\/\/www.aucoeurdelamain.fr\/index.php\/portfolio-category\/art-sacre\/\">Art Sacr\u00e9<\/a><\/span>\n\t\t\t\t\t<\/div>\n\t\n\t\t\t\n\t\t\t\t\t<\/div>\n\t<\/div>\n<\/div>\n\t\t\t<\/div>\n<\/article>\n<article class=\"mkdf-pl-item mkdf-item-space  post-7917 portfolio-item type-portfolio-item status-publish has-post-thumbnail hentry portfolio-category-art-sacre\" >\n\t<div class=\"mkdf-pl-item-inner\">\n\t\t<div class=\"mkdf-pli-image\">\n\t<a itemprop=\"url\" class=\"mkdf-pli-image-main\" href=\"https:\/\/www.aucoeurdelamain.fr\/index.php\/test1\/croix-de-procession-nd-de-la-compassion-a-rueil-malmaison-92\/\" target=\"_self\">\n\t\t<img loading=\"lazy\" decoding=\"async\" width=\"650\" height=\"650\" src=\"https:\/\/www.aucoeurdelamain.fr\/wp-content\/uploads\/2021\/02\/IMG_3390-1-scaled-1-650x650.jpg\" class=\"attachment-dor_mikado_image_square size-dor_mikado_image_square wp-post-image\" alt=\"\" srcset=\"https:\/\/www.aucoeurdelamain.fr\/wp-content\/uploads\/2021\/02\/IMG_3390-1-scaled-1-650x650.jpg 650w, https:\/\/www.aucoeurdelamain.fr\/wp-content\/uploads\/2021\/02\/IMG_3390-1-scaled-1-150x150.jpg 150w, https:\/\/www.aucoeurdelamain.fr\/wp-content\/uploads\/2021\/02\/IMG_3390-1-scaled-1-450x450.jpg 450w, https:\/\/www.aucoeurdelamain.fr\/wp-content\/uploads\/2021\/02\/IMG_3390-1-scaled-1-1300x1300.jpg 1300w, https:\/\/www.aucoeurdelamain.fr\/wp-content\/uploads\/2021\/02\/IMG_3390-1-scaled-1-300x300.jpg 300w, https:\/\/www.aucoeurdelamain.fr\/wp-content\/uploads\/2021\/02\/IMG_3390-1-scaled-1-100x100.jpg 100w\" sizes=\"(max-width: 650px) 100vw, 650px\" \/>\t<\/a>\n\t<\/div>\n<div class=\"mkdf-pli-text-holder\" >\n\t<div class=\"mkdf-pli-text-wrapper\">\n\t\t<div class=\"mkdf-pli-text\">\n\t\t\t\t<h5 itemprop=\"name\" class=\"mkdf-pli-title entry-title\" >\n\t\t<a itemprop=\"url\" href=\"https:\/\/www.aucoeurdelamain.fr\/index.php\/test1\/croix-de-procession-nd-de-la-compassion-a-rueil-malmaison-92\/\" target=\"_self\">\n\t\t\tCroix de Procession, ND de la Compassion \u00e0 Rueil-Malmaison (92)\t\t<\/a>\n\t<\/h5>\n\n\t\t\t\t\t<div class=\"mkdf-pli-category-holder\">\n\t\t\t\t\t\t\t<span class=\"mkdf-pli-category-outer\"><a itemprop=\"url\" class=\"mkdf-pli-category\" href=\"https:\/\/www.aucoeurdelamain.fr\/index.php\/portfolio-category\/art-sacre\/\">Art Sacr\u00e9<\/a><\/span>\n\t\t\t\t\t<\/div>\n\t\n\t\t\t\n\t\t\t\t\t<\/div>\n\t<\/div>\n<\/div>\n\t\t\t<\/div>\n<\/article>\n<article class=\"mkdf-pl-item mkdf-item-space  post-7918 portfolio-item type-portfolio-item status-publish has-post-thumbnail hentry portfolio-category-art-sacre\" >\n\t<div class=\"mkdf-pl-item-inner\">\n\t\t<div class=\"mkdf-pli-image\">\n\t<a itemprop=\"url\" class=\"mkdf-pli-image-main\" href=\"https:\/\/www.aucoeurdelamain.fr\/index.php\/test1\/ecole-saint-charles-notre-dame-a-rueil-malmaison-92\/\" target=\"_self\">\n\t\t<img loading=\"lazy\" decoding=\"async\" width=\"650\" height=\"650\" src=\"https:\/\/www.aucoeurdelamain.fr\/wp-content\/uploads\/2021\/04\/IMG_3539-scaled-1-650x650.jpg\" class=\"attachment-dor_mikado_image_square size-dor_mikado_image_square wp-post-image\" alt=\"\" srcset=\"https:\/\/www.aucoeurdelamain.fr\/wp-content\/uploads\/2021\/04\/IMG_3539-scaled-1-650x650.jpg 650w, https:\/\/www.aucoeurdelamain.fr\/wp-content\/uploads\/2021\/04\/IMG_3539-scaled-1-150x150.jpg 150w, https:\/\/www.aucoeurdelamain.fr\/wp-content\/uploads\/2021\/04\/IMG_3539-scaled-1-450x450.jpg 450w, https:\/\/www.aucoeurdelamain.fr\/wp-content\/uploads\/2021\/04\/IMG_3539-scaled-1-1300x1300.jpg 1300w, https:\/\/www.aucoeurdelamain.fr\/wp-content\/uploads\/2021\/04\/IMG_3539-scaled-1-300x300.jpg 300w, https:\/\/www.aucoeurdelamain.fr\/wp-content\/uploads\/2021\/04\/IMG_3539-scaled-1-100x100.jpg 100w\" sizes=\"(max-width: 650px) 100vw, 650px\" \/>\t<\/a>\n\t<\/div>\n<div class=\"mkdf-pli-text-holder\" >\n\t<div class=\"mkdf-pli-text-wrapper\">\n\t\t<div class=\"mkdf-pli-text\">\n\t\t\t\t<h5 itemprop=\"name\" class=\"mkdf-pli-title entry-title\" >\n\t\t<a itemprop=\"url\" href=\"https:\/\/www.aucoeurdelamain.fr\/index.php\/test1\/ecole-saint-charles-notre-dame-a-rueil-malmaison-92\/\" target=\"_self\">\n\t\t\tEcole Saint-Charles Notre-Dame \u00e0 Rueil-Malmaison (92)\t\t<\/a>\n\t<\/h5>\n\n\t\t\t\t\t<div class=\"mkdf-pli-category-holder\">\n\t\t\t\t\t\t\t<span class=\"mkdf-pli-category-outer\"><a itemprop=\"url\" class=\"mkdf-pli-category\" href=\"https:\/\/www.aucoeurdelamain.fr\/index.php\/portfolio-category\/art-sacre\/\">Art Sacr\u00e9<\/a><\/span>\n\t\t\t\t\t<\/div>\n\t\n\t\t\t\n\t\t\t\t\t<\/div>\n\t<\/div>\n<\/div>\n\t\t\t<\/div>\n<\/article>\n<article class=\"mkdf-pl-item mkdf-item-space  post-7919 portfolio-item type-portfolio-item status-publish has-post-thumbnail hentry portfolio-category-art-sacre\" >\n\t<div class=\"mkdf-pl-item-inner\">\n\t\t<div class=\"mkdf-pli-image\">\n\t<a itemprop=\"url\" class=\"mkdf-pli-image-main\" href=\"https:\/\/www.aucoeurdelamain.fr\/index.php\/test1\/eglise-saint-ambroise-paris\/\" target=\"_self\">\n\t\t<img loading=\"lazy\" decoding=\"async\" width=\"650\" height=\"650\" src=\"https:\/\/www.aucoeurdelamain.fr\/wp-content\/uploads\/2021\/02\/IMG_1029-1-scaled-1-650x650.jpg\" class=\"attachment-dor_mikado_image_square size-dor_mikado_image_square wp-post-image\" alt=\"\" srcset=\"https:\/\/www.aucoeurdelamain.fr\/wp-content\/uploads\/2021\/02\/IMG_1029-1-scaled-1-650x650.jpg 650w, https:\/\/www.aucoeurdelamain.fr\/wp-content\/uploads\/2021\/02\/IMG_1029-1-scaled-1-150x150.jpg 150w, https:\/\/www.aucoeurdelamain.fr\/wp-content\/uploads\/2021\/02\/IMG_1029-1-scaled-1-450x450.jpg 450w, https:\/\/www.aucoeurdelamain.fr\/wp-content\/uploads\/2021\/02\/IMG_1029-1-scaled-1-1300x1300.jpg 1300w, https:\/\/www.aucoeurdelamain.fr\/wp-content\/uploads\/2021\/02\/IMG_1029-1-scaled-1-300x300.jpg 300w, https:\/\/www.aucoeurdelamain.fr\/wp-content\/uploads\/2021\/02\/IMG_1029-1-scaled-1-100x100.jpg 100w\" sizes=\"(max-width: 650px) 100vw, 650px\" \/>\t<\/a>\n\t<\/div>\n<div class=\"mkdf-pli-text-holder\" >\n\t<div class=\"mkdf-pli-text-wrapper\">\n\t\t<div class=\"mkdf-pli-text\">\n\t\t\t\t<h5 itemprop=\"name\" class=\"mkdf-pli-title entry-title\" >\n\t\t<a itemprop=\"url\" href=\"https:\/\/www.aucoeurdelamain.fr\/index.php\/test1\/eglise-saint-ambroise-paris\/\" target=\"_self\">\n\t\t\tEglise Saint-Ambroise (Paris)\t\t<\/a>\n\t<\/h5>\n\n\t\t\t\t\t<div class=\"mkdf-pli-category-holder\">\n\t\t\t\t\t\t\t<span class=\"mkdf-pli-category-outer\"><a itemprop=\"url\" class=\"mkdf-pli-category\" href=\"https:\/\/www.aucoeurdelamain.fr\/index.php\/portfolio-category\/art-sacre\/\">Art Sacr\u00e9<\/a><\/span>\n\t\t\t\t\t<\/div>\n\t\n\t\t\t\n\t\t\t\t\t<\/div>\n\t<\/div>\n<\/div>\n\t\t\t<\/div>\n<\/article>\n<article class=\"mkdf-pl-item mkdf-item-space  post-7920 portfolio-item type-portfolio-item status-publish has-post-thumbnail hentry portfolio-category-art-sacre\" >\n\t<div class=\"mkdf-pl-item-inner\">\n\t\t<div class=\"mkdf-pli-image\">\n\t<a itemprop=\"url\" class=\"mkdf-pli-image-main\" href=\"https:\/\/www.aucoeurdelamain.fr\/index.php\/test1\/eglise-saint-gervais-saint-protais-paris\/\" target=\"_self\">\n\t\t<img loading=\"lazy\" decoding=\"async\" width=\"650\" height=\"650\" src=\"https:\/\/www.aucoeurdelamain.fr\/wp-content\/uploads\/2021\/11\/IMG_4387-scaled-1-650x650.jpg\" class=\"attachment-dor_mikado_image_square size-dor_mikado_image_square wp-post-image\" alt=\"\" srcset=\"https:\/\/www.aucoeurdelamain.fr\/wp-content\/uploads\/2021\/11\/IMG_4387-scaled-1-650x650.jpg 650w, https:\/\/www.aucoeurdelamain.fr\/wp-content\/uploads\/2021\/11\/IMG_4387-scaled-1-150x150.jpg 150w, https:\/\/www.aucoeurdelamain.fr\/wp-content\/uploads\/2021\/11\/IMG_4387-scaled-1-450x450.jpg 450w, https:\/\/www.aucoeurdelamain.fr\/wp-content\/uploads\/2021\/11\/IMG_4387-scaled-1-1300x1300.jpg 1300w, https:\/\/www.aucoeurdelamain.fr\/wp-content\/uploads\/2021\/11\/IMG_4387-scaled-1-300x300.jpg 300w, https:\/\/www.aucoeurdelamain.fr\/wp-content\/uploads\/2021\/11\/IMG_4387-scaled-1-100x100.jpg 100w\" sizes=\"(max-width: 650px) 100vw, 650px\" \/>\t<\/a>\n\t<\/div>\n<div class=\"mkdf-pli-text-holder\" >\n\t<div class=\"mkdf-pli-text-wrapper\">\n\t\t<div class=\"mkdf-pli-text\">\n\t\t\t\t<h5 itemprop=\"name\" class=\"mkdf-pli-title entry-title\" >\n\t\t<a itemprop=\"url\" href=\"https:\/\/www.aucoeurdelamain.fr\/index.php\/test1\/eglise-saint-gervais-saint-protais-paris\/\" target=\"_self\">\n\t\t\tEglise Saint-Gervais Saint-Protais (Paris)\t\t<\/a>\n\t<\/h5>\n\n\t\t\t\t\t<div class=\"mkdf-pli-category-holder\">\n\t\t\t\t\t\t\t<span class=\"mkdf-pli-category-outer\"><a itemprop=\"url\" class=\"mkdf-pli-category\" href=\"https:\/\/www.aucoeurdelamain.fr\/index.php\/portfolio-category\/art-sacre\/\">Art Sacr\u00e9<\/a><\/span>\n\t\t\t\t\t<\/div>\n\t\n\t\t\t\n\t\t\t\t\t<\/div>\n\t<\/div>\n<\/div>\n\t\t\t<\/div>\n<\/article>\n<article class=\"mkdf-pl-item mkdf-item-space  post-7921 portfolio-item type-portfolio-item status-publish has-post-thumbnail hentry portfolio-category-art-sacre\" >\n\t<div class=\"mkdf-pl-item-inner\">\n\t\t<div class=\"mkdf-pli-image\">\n\t<a itemprop=\"url\" class=\"mkdf-pli-image-main\" href=\"https:\/\/www.aucoeurdelamain.fr\/index.php\/test1\/eglise-saint-godegrand-a-lisle-adam-95\/\" target=\"_self\">\n\t\t<img loading=\"lazy\" decoding=\"async\" width=\"650\" height=\"650\" src=\"https:\/\/www.aucoeurdelamain.fr\/wp-content\/uploads\/2018\/02\/Ambon-isle-adam-650x650.jpg\" class=\"attachment-dor_mikado_image_square size-dor_mikado_image_square wp-post-image\" alt=\"\" srcset=\"https:\/\/www.aucoeurdelamain.fr\/wp-content\/uploads\/2018\/02\/Ambon-isle-adam-650x650.jpg 650w, https:\/\/www.aucoeurdelamain.fr\/wp-content\/uploads\/2018\/02\/Ambon-isle-adam-150x150.jpg 150w, https:\/\/www.aucoeurdelamain.fr\/wp-content\/uploads\/2018\/02\/Ambon-isle-adam-450x450.jpg 450w, https:\/\/www.aucoeurdelamain.fr\/wp-content\/uploads\/2018\/02\/Ambon-isle-adam-300x300.jpg 300w, https:\/\/www.aucoeurdelamain.fr\/wp-content\/uploads\/2018\/02\/Ambon-isle-adam-100x100.jpg 100w\" sizes=\"(max-width: 650px) 100vw, 650px\" \/>\t<\/a>\n\t<\/div>\n<div class=\"mkdf-pli-text-holder\" >\n\t<div class=\"mkdf-pli-text-wrapper\">\n\t\t<div class=\"mkdf-pli-text\">\n\t\t\t\t<h5 itemprop=\"name\" class=\"mkdf-pli-title entry-title\" >\n\t\t<a itemprop=\"url\" href=\"https:\/\/www.aucoeurdelamain.fr\/index.php\/test1\/eglise-saint-godegrand-a-lisle-adam-95\/\" target=\"_self\">\n\t\t\tEglise Saint-Godegrand \u00e0 L&#8217;isle Adam (95)\t\t<\/a>\n\t<\/h5>\n\n\t\t\t\t\t<div class=\"mkdf-pli-category-holder\">\n\t\t\t\t\t\t\t<span class=\"mkdf-pli-category-outer\"><a itemprop=\"url\" class=\"mkdf-pli-category\" href=\"https:\/\/www.aucoeurdelamain.fr\/index.php\/portfolio-category\/art-sacre\/\">Art Sacr\u00e9<\/a><\/span>\n\t\t\t\t\t<\/div>\n\t\n\t\t\t\n\t\t\t\t\t<\/div>\n\t<\/div>\n<\/div>\n\t\t\t<\/div>\n<\/article>\n<article class=\"mkdf-pl-item mkdf-item-space  post-7922 portfolio-item type-portfolio-item status-publish has-post-thumbnail hentry portfolio-category-art-sacre\" >\n\t<div class=\"mkdf-pl-item-inner\">\n\t\t<div class=\"mkdf-pli-image\">\n\t<a itemprop=\"url\" class=\"mkdf-pli-image-main\" href=\"https:\/\/www.aucoeurdelamain.fr\/index.php\/test1\/chapelle-de-la-sainte-famille-paris\/\" target=\"_self\">\n\t\t<img loading=\"lazy\" decoding=\"async\" width=\"650\" height=\"650\" src=\"https:\/\/www.aucoeurdelamain.fr\/wp-content\/uploads\/2021\/11\/Chapelle_Sainte_Famille_2021-Nov-15_06-22-59AM-000_CustomizedView24406182694-1-650x650.png\" class=\"attachment-dor_mikado_image_square size-dor_mikado_image_square wp-post-image\" alt=\"\" srcset=\"https:\/\/www.aucoeurdelamain.fr\/wp-content\/uploads\/2021\/11\/Chapelle_Sainte_Famille_2021-Nov-15_06-22-59AM-000_CustomizedView24406182694-1-650x650.png 650w, https:\/\/www.aucoeurdelamain.fr\/wp-content\/uploads\/2021\/11\/Chapelle_Sainte_Famille_2021-Nov-15_06-22-59AM-000_CustomizedView24406182694-1-150x150.png 150w, https:\/\/www.aucoeurdelamain.fr\/wp-content\/uploads\/2021\/11\/Chapelle_Sainte_Famille_2021-Nov-15_06-22-59AM-000_CustomizedView24406182694-1-450x450.png 450w, https:\/\/www.aucoeurdelamain.fr\/wp-content\/uploads\/2021\/11\/Chapelle_Sainte_Famille_2021-Nov-15_06-22-59AM-000_CustomizedView24406182694-1-300x300.png 300w, https:\/\/www.aucoeurdelamain.fr\/wp-content\/uploads\/2021\/11\/Chapelle_Sainte_Famille_2021-Nov-15_06-22-59AM-000_CustomizedView24406182694-1-100x100.png 100w\" sizes=\"(max-width: 650px) 100vw, 650px\" \/>\t<\/a>\n\t<\/div>\n<div class=\"mkdf-pli-text-holder\" >\n\t<div class=\"mkdf-pli-text-wrapper\">\n\t\t<div class=\"mkdf-pli-text\">\n\t\t\t\t<h5 itemprop=\"name\" class=\"mkdf-pli-title entry-title\" >\n\t\t<a itemprop=\"url\" href=\"https:\/\/www.aucoeurdelamain.fr\/index.php\/test1\/chapelle-de-la-sainte-famille-paris\/\" target=\"_self\">\n\t\t\tChapelle de la Sainte-Famille (Paris)\t\t<\/a>\n\t<\/h5>\n\n\t\t\t\t\t<div class=\"mkdf-pli-category-holder\">\n\t\t\t\t\t\t\t<span class=\"mkdf-pli-category-outer\"><a itemprop=\"url\" class=\"mkdf-pli-category\" href=\"https:\/\/www.aucoeurdelamain.fr\/index.php\/portfolio-category\/art-sacre\/\">Art Sacr\u00e9<\/a><\/span>\n\t\t\t\t\t<\/div>\n\t\n\t\t\t\n\t\t\t\t\t<\/div>\n\t<\/div>\n<\/div>\n\t\t\t<\/div>\n<\/article>\n<article class=\"mkdf-pl-item mkdf-item-space  post-7923 portfolio-item type-portfolio-item status-publish has-post-thumbnail hentry portfolio-category-art-sacre\" >\n\t<div class=\"mkdf-pl-item-inner\">\n\t\t<div class=\"mkdf-pli-image\">\n\t<a itemprop=\"url\" class=\"mkdf-pli-image-main\" href=\"https:\/\/www.aucoeurdelamain.fr\/index.php\/test1\/les-stalles-de-saint-andre-de-leurope-paris\/\" target=\"_self\">\n\t\t<img loading=\"lazy\" decoding=\"async\" width=\"650\" height=\"650\" src=\"https:\/\/www.aucoeurdelamain.fr\/wp-content\/uploads\/2021\/01\/IMG_1528-scaled-1-650x650.jpg\" class=\"attachment-dor_mikado_image_square size-dor_mikado_image_square wp-post-image\" alt=\"\" srcset=\"https:\/\/www.aucoeurdelamain.fr\/wp-content\/uploads\/2021\/01\/IMG_1528-scaled-1-650x650.jpg 650w, https:\/\/www.aucoeurdelamain.fr\/wp-content\/uploads\/2021\/01\/IMG_1528-scaled-1-150x150.jpg 150w, https:\/\/www.aucoeurdelamain.fr\/wp-content\/uploads\/2021\/01\/IMG_1528-scaled-1-450x450.jpg 450w, https:\/\/www.aucoeurdelamain.fr\/wp-content\/uploads\/2021\/01\/IMG_1528-scaled-1-1300x1300.jpg 1300w, https:\/\/www.aucoeurdelamain.fr\/wp-content\/uploads\/2021\/01\/IMG_1528-scaled-1-300x300.jpg 300w, https:\/\/www.aucoeurdelamain.fr\/wp-content\/uploads\/2021\/01\/IMG_1528-scaled-1-100x100.jpg 100w\" sizes=\"(max-width: 650px) 100vw, 650px\" \/>\t<\/a>\n\t<\/div>\n<div class=\"mkdf-pli-text-holder\" >\n\t<div class=\"mkdf-pli-text-wrapper\">\n\t\t<div class=\"mkdf-pli-text\">\n\t\t\t\t<h5 itemprop=\"name\" class=\"mkdf-pli-title entry-title\" >\n\t\t<a itemprop=\"url\" href=\"https:\/\/www.aucoeurdelamain.fr\/index.php\/test1\/les-stalles-de-saint-andre-de-leurope-paris\/\" target=\"_self\">\n\t\t\tLes stalles de Saint-Andr\u00e9 de l&#8217;Europe (Paris)\t\t<\/a>\n\t<\/h5>\n\n\t\t\t\t\t<div class=\"mkdf-pli-category-holder\">\n\t\t\t\t\t\t\t<span class=\"mkdf-pli-category-outer\"><a itemprop=\"url\" class=\"mkdf-pli-category\" href=\"https:\/\/www.aucoeurdelamain.fr\/index.php\/portfolio-category\/art-sacre\/\">Art Sacr\u00e9<\/a><\/span>\n\t\t\t\t\t<\/div>\n\t\n\t\t\t\n\t\t\t\t\t<\/div>\n\t<\/div>\n<\/div>\n\t\t\t<\/div>\n<\/article>\n<article class=\"mkdf-pl-item mkdf-item-space  post-7924 portfolio-item type-portfolio-item status-publish has-post-thumbnail hentry portfolio-category-art-sacre\" >\n\t<div class=\"mkdf-pl-item-inner\">\n\t\t<div class=\"mkdf-pli-image\">\n\t<a itemprop=\"url\" class=\"mkdf-pli-image-main\" href=\"https:\/\/www.aucoeurdelamain.fr\/index.php\/test1\/maison-paroissiale-saint-jean-paul-ii-a-colombes-92\/\" target=\"_self\">\n\t\t<img loading=\"lazy\" decoding=\"async\" width=\"650\" height=\"650\" src=\"https:\/\/www.aucoeurdelamain.fr\/wp-content\/uploads\/2018\/02\/Ensemble-meubles-liturgiques-650x650.jpg\" class=\"attachment-dor_mikado_image_square size-dor_mikado_image_square wp-post-image\" alt=\"\" srcset=\"https:\/\/www.aucoeurdelamain.fr\/wp-content\/uploads\/2018\/02\/Ensemble-meubles-liturgiques-650x650.jpg 650w, https:\/\/www.aucoeurdelamain.fr\/wp-content\/uploads\/2018\/02\/Ensemble-meubles-liturgiques-150x150.jpg 150w, https:\/\/www.aucoeurdelamain.fr\/wp-content\/uploads\/2018\/02\/Ensemble-meubles-liturgiques-450x450.jpg 450w, https:\/\/www.aucoeurdelamain.fr\/wp-content\/uploads\/2018\/02\/Ensemble-meubles-liturgiques-300x300.jpg 300w, https:\/\/www.aucoeurdelamain.fr\/wp-content\/uploads\/2018\/02\/Ensemble-meubles-liturgiques-100x100.jpg 100w\" sizes=\"(max-width: 650px) 100vw, 650px\" \/>\t<\/a>\n\t<\/div>\n<div class=\"mkdf-pli-text-holder\" >\n\t<div class=\"mkdf-pli-text-wrapper\">\n\t\t<div class=\"mkdf-pli-text\">\n\t\t\t\t<h5 itemprop=\"name\" class=\"mkdf-pli-title entry-title\" >\n\t\t<a itemprop=\"url\" href=\"https:\/\/www.aucoeurdelamain.fr\/index.php\/test1\/maison-paroissiale-saint-jean-paul-ii-a-colombes-92\/\" target=\"_self\">\n\t\t\tMaison paroissiale Saint Jean-Paul II \u00e0 Colombes (92)\t\t<\/a>\n\t<\/h5>\n\n\t\t\t\t\t<div class=\"mkdf-pli-category-holder\">\n\t\t\t\t\t\t\t<span class=\"mkdf-pli-category-outer\"><a itemprop=\"url\" class=\"mkdf-pli-category\" href=\"https:\/\/www.aucoeurdelamain.fr\/index.php\/portfolio-category\/art-sacre\/\">Art Sacr\u00e9<\/a><\/span>\n\t\t\t\t\t<\/div>\n\t\n\t\t\t\n\t\t\t\t\t<\/div>\n\t<\/div>\n<\/div>\n\t\t\t<\/div>\n<\/article>\n<article class=\"mkdf-pl-item mkdf-item-space  post-7925 portfolio-item type-portfolio-item status-publish has-post-thumbnail hentry portfolio-category-art-sacre\" >\n\t<div class=\"mkdf-pl-item-inner\">\n\t\t<div class=\"mkdf-pli-image\">\n\t<a itemprop=\"url\" class=\"mkdf-pli-image-main\" href=\"https:\/\/www.aucoeurdelamain.fr\/index.php\/test1\/paroisse-saint-etienne-saint-henri-a-colombes-92\/\" target=\"_self\">\n\t\t<img loading=\"lazy\" decoding=\"async\" width=\"650\" height=\"650\" src=\"https:\/\/www.aucoeurdelamain.fr\/wp-content\/uploads\/2018\/02\/renovation-choeur-eglise-colombe-darimathie-650x650.jpg\" class=\"attachment-dor_mikado_image_square size-dor_mikado_image_square wp-post-image\" alt=\"\" srcset=\"https:\/\/www.aucoeurdelamain.fr\/wp-content\/uploads\/2018\/02\/renovation-choeur-eglise-colombe-darimathie-650x650.jpg 650w, https:\/\/www.aucoeurdelamain.fr\/wp-content\/uploads\/2018\/02\/renovation-choeur-eglise-colombe-darimathie-150x150.jpg 150w, https:\/\/www.aucoeurdelamain.fr\/wp-content\/uploads\/2018\/02\/renovation-choeur-eglise-colombe-darimathie-450x450.jpg 450w, https:\/\/www.aucoeurdelamain.fr\/wp-content\/uploads\/2018\/02\/renovation-choeur-eglise-colombe-darimathie-300x300.jpg 300w, https:\/\/www.aucoeurdelamain.fr\/wp-content\/uploads\/2018\/02\/renovation-choeur-eglise-colombe-darimathie-100x100.jpg 100w\" sizes=\"(max-width: 650px) 100vw, 650px\" \/>\t<\/a>\n\t<\/div>\n<div class=\"mkdf-pli-text-holder\" >\n\t<div class=\"mkdf-pli-text-wrapper\">\n\t\t<div class=\"mkdf-pli-text\">\n\t\t\t\t<h5 itemprop=\"name\" class=\"mkdf-pli-title entry-title\" >\n\t\t<a itemprop=\"url\" href=\"https:\/\/www.aucoeurdelamain.fr\/index.php\/test1\/paroisse-saint-etienne-saint-henri-a-colombes-92\/\" target=\"_self\">\n\t\t\tParoisse Saint Etienne &#8211; Saint Henri \u00e0 Colombes (92)\t\t<\/a>\n\t<\/h5>\n\n\t\t\t\t\t<div class=\"mkdf-pli-category-holder\">\n\t\t\t\t\t\t\t<span class=\"mkdf-pli-category-outer\"><a itemprop=\"url\" class=\"mkdf-pli-category\" href=\"https:\/\/www.aucoeurdelamain.fr\/index.php\/portfolio-category\/art-sacre\/\">Art Sacr\u00e9<\/a><\/span>\n\t\t\t\t\t<\/div>\n\t\n\t\t\t\n\t\t\t\t\t<\/div>\n\t<\/div>\n<\/div>\n\t\t\t<\/div>\n<\/article>\n<article class=\"mkdf-pl-item mkdf-item-space  post-7929 portfolio-item type-portfolio-item status-publish has-post-thumbnail hentry portfolio-category-art-sacre\" >\n\t<div class=\"mkdf-pl-item-inner\">\n\t\t<div class=\"mkdf-pli-image\">\n\t<a itemprop=\"url\" class=\"mkdf-pli-image-main\" href=\"https:\/\/www.aucoeurdelamain.fr\/index.php\/test1\/paroisse-saint-quentin-les-sources-78\/\" target=\"_self\">\n\t\t<img loading=\"lazy\" decoding=\"async\" width=\"650\" height=\"650\" src=\"https:\/\/www.aucoeurdelamain.fr\/wp-content\/uploads\/2021\/11\/IMG_6150-650x650.jpg\" class=\"attachment-dor_mikado_image_square size-dor_mikado_image_square wp-post-image\" alt=\"\" srcset=\"https:\/\/www.aucoeurdelamain.fr\/wp-content\/uploads\/2021\/11\/IMG_6150-650x650.jpg 650w, https:\/\/www.aucoeurdelamain.fr\/wp-content\/uploads\/2021\/11\/IMG_6150-150x150.jpg 150w, https:\/\/www.aucoeurdelamain.fr\/wp-content\/uploads\/2021\/11\/IMG_6150-450x450.jpg 450w, https:\/\/www.aucoeurdelamain.fr\/wp-content\/uploads\/2021\/11\/IMG_6150-300x300.jpg 300w, https:\/\/www.aucoeurdelamain.fr\/wp-content\/uploads\/2021\/11\/IMG_6150-100x100.jpg 100w\" sizes=\"(max-width: 650px) 100vw, 650px\" \/>\t<\/a>\n\t<\/div>\n<div class=\"mkdf-pli-text-holder\" >\n\t<div class=\"mkdf-pli-text-wrapper\">\n\t\t<div class=\"mkdf-pli-text\">\n\t\t\t\t<h5 itemprop=\"name\" class=\"mkdf-pli-title entry-title\" >\n\t\t<a itemprop=\"url\" href=\"https:\/\/www.aucoeurdelamain.fr\/index.php\/test1\/paroisse-saint-quentin-les-sources-78\/\" target=\"_self\">\n\t\t\tParoisse Saint-Quentin Les Sources (78)\t\t<\/a>\n\t<\/h5>\n\n\t\t\t\t\t<div class=\"mkdf-pli-category-holder\">\n\t\t\t\t\t\t\t<span class=\"mkdf-pli-category-outer\"><a itemprop=\"url\" class=\"mkdf-pli-category\" href=\"https:\/\/www.aucoeurdelamain.fr\/index.php\/portfolio-category\/art-sacre\/\">Art Sacr\u00e9<\/a><\/span>\n\t\t\t\t\t<\/div>\n\t\n\t\t\t\n\t\t\t\t\t<\/div>\n\t<\/div>\n<\/div>\n\t\t\t<\/div>\n<\/article>\n<article class=\"mkdf-pl-item mkdf-item-space  post-7956 portfolio-item type-portfolio-item status-publish has-post-thumbnail hentry portfolio-category-art-sacre\" >\n\t<div class=\"mkdf-pl-item-inner\">\n\t\t<div class=\"mkdf-pli-image\">\n\t<a itemprop=\"url\" class=\"mkdf-pli-image-main\" href=\"https:\/\/www.aucoeurdelamain.fr\/index.php\/test1\/chapelle-des-missions-etrangeres-de-paris-mep-75\/\" target=\"_self\">\n\t\t<img loading=\"lazy\" decoding=\"async\" width=\"650\" height=\"650\" src=\"https:\/\/www.aucoeurdelamain.fr\/wp-content\/uploads\/2025\/04\/IMG_3673-650x650.jpg\" class=\"attachment-dor_mikado_image_square size-dor_mikado_image_square wp-post-image\" alt=\"\" srcset=\"https:\/\/www.aucoeurdelamain.fr\/wp-content\/uploads\/2025\/04\/IMG_3673-650x650.jpg 650w, https:\/\/www.aucoeurdelamain.fr\/wp-content\/uploads\/2025\/04\/IMG_3673-150x150.jpg 150w, https:\/\/www.aucoeurdelamain.fr\/wp-content\/uploads\/2025\/04\/IMG_3673-450x450.jpg 450w, https:\/\/www.aucoeurdelamain.fr\/wp-content\/uploads\/2025\/04\/IMG_3673-1300x1300.jpg 1300w, https:\/\/www.aucoeurdelamain.fr\/wp-content\/uploads\/2025\/04\/IMG_3673-300x300.jpg 300w, https:\/\/www.aucoeurdelamain.fr\/wp-content\/uploads\/2025\/04\/IMG_3673-100x100.jpg 100w\" sizes=\"(max-width: 650px) 100vw, 650px\" \/>\t<\/a>\n\t<\/div>\n<div class=\"mkdf-pli-text-holder\" >\n\t<div class=\"mkdf-pli-text-wrapper\">\n\t\t<div class=\"mkdf-pli-text\">\n\t\t\t\t<h5 itemprop=\"name\" class=\"mkdf-pli-title entry-title\" >\n\t\t<a itemprop=\"url\" href=\"https:\/\/www.aucoeurdelamain.fr\/index.php\/test1\/chapelle-des-missions-etrangeres-de-paris-mep-75\/\" target=\"_self\">\n\t\t\tChapelle des Missions Etrang\u00e8res de Paris, MEP (75)\t\t<\/a>\n\t<\/h5>\n\n\t\t\t\t\t<div class=\"mkdf-pli-category-holder\">\n\t\t\t\t\t\t\t<span class=\"mkdf-pli-category-outer\"><a itemprop=\"url\" class=\"mkdf-pli-category\" href=\"https:\/\/www.aucoeurdelamain.fr\/index.php\/portfolio-category\/art-sacre\/\">Art Sacr\u00e9<\/a><\/span>\n\t\t\t\t\t<\/div>\n\t\n\t\t\t\n\t\t\t\t\t<\/div>\n\t<\/div>\n<\/div>\n\t\t\t<\/div>\n<\/article>\n<article class=\"mkdf-pl-item mkdf-item-space  post-7977 portfolio-item type-portfolio-item status-publish has-post-thumbnail hentry portfolio-category-art-sacre\" >\n\t<div class=\"mkdf-pl-item-inner\">\n\t\t<div class=\"mkdf-pli-image\">\n\t<a itemprop=\"url\" class=\"mkdf-pli-image-main\" href=\"https:\/\/www.aucoeurdelamain.fr\/index.php\/test1\/eglise-saint-vincent-au-mesnil-le-roi-78\/\" target=\"_self\">\n\t\t<img loading=\"lazy\" decoding=\"async\" width=\"650\" height=\"650\" src=\"https:\/\/www.aucoeurdelamain.fr\/wp-content\/uploads\/2025\/04\/IMG_7053-650x650.jpg\" class=\"attachment-dor_mikado_image_square size-dor_mikado_image_square wp-post-image\" alt=\"\" srcset=\"https:\/\/www.aucoeurdelamain.fr\/wp-content\/uploads\/2025\/04\/IMG_7053-650x650.jpg 650w, https:\/\/www.aucoeurdelamain.fr\/wp-content\/uploads\/2025\/04\/IMG_7053-150x150.jpg 150w, https:\/\/www.aucoeurdelamain.fr\/wp-content\/uploads\/2025\/04\/IMG_7053-450x450.jpg 450w, https:\/\/www.aucoeurdelamain.fr\/wp-content\/uploads\/2025\/04\/IMG_7053-1300x1300.jpg 1300w, https:\/\/www.aucoeurdelamain.fr\/wp-content\/uploads\/2025\/04\/IMG_7053-300x300.jpg 300w, https:\/\/www.aucoeurdelamain.fr\/wp-content\/uploads\/2025\/04\/IMG_7053-100x100.jpg 100w\" sizes=\"(max-width: 650px) 100vw, 650px\" \/>\t<\/a>\n\t<\/div>\n<div class=\"mkdf-pli-text-holder\" >\n\t<div class=\"mkdf-pli-text-wrapper\">\n\t\t<div class=\"mkdf-pli-text\">\n\t\t\t\t<h5 itemprop=\"name\" class=\"mkdf-pli-title entry-title\" >\n\t\t<a itemprop=\"url\" href=\"https:\/\/www.aucoeurdelamain.fr\/index.php\/test1\/eglise-saint-vincent-au-mesnil-le-roi-78\/\" target=\"_self\">\n\t\t\tEglise Saint Vincent au Mesnil le Roi (78)\t\t<\/a>\n\t<\/h5>\n\n\t\t\t\t\t<div class=\"mkdf-pli-category-holder\">\n\t\t\t\t\t\t\t<span class=\"mkdf-pli-category-outer\"><a itemprop=\"url\" class=\"mkdf-pli-category\" href=\"https:\/\/www.aucoeurdelamain.fr\/index.php\/portfolio-category\/art-sacre\/\">Art Sacr\u00e9<\/a><\/span>\n\t\t\t\t\t<\/div>\n\t\n\t\t\t\n\t\t\t\t\t<\/div>\n\t<\/div>\n<\/div>\n\t\t\t<\/div>\n<\/article>\n<article class=\"mkdf-pl-item mkdf-item-space  post-7996 portfolio-item type-portfolio-item status-publish has-post-thumbnail hentry portfolio-category-art-sacre\" >\n\t<div class=\"mkdf-pl-item-inner\">\n\t\t<div class=\"mkdf-pli-image\">\n\t<a itemprop=\"url\" class=\"mkdf-pli-image-main\" href=\"https:\/\/www.aucoeurdelamain.fr\/index.php\/test1\/notre-dame-des-airs-a-saint-cloud-78\/\" target=\"_self\">\n\t\t<img loading=\"lazy\" decoding=\"async\" width=\"650\" height=\"650\" src=\"https:\/\/www.aucoeurdelamain.fr\/wp-content\/uploads\/2025\/04\/IMG_6448-650x650.jpg\" class=\"attachment-dor_mikado_image_square size-dor_mikado_image_square wp-post-image\" alt=\"\" srcset=\"https:\/\/www.aucoeurdelamain.fr\/wp-content\/uploads\/2025\/04\/IMG_6448-650x650.jpg 650w, https:\/\/www.aucoeurdelamain.fr\/wp-content\/uploads\/2025\/04\/IMG_6448-150x150.jpg 150w, https:\/\/www.aucoeurdelamain.fr\/wp-content\/uploads\/2025\/04\/IMG_6448-450x450.jpg 450w, https:\/\/www.aucoeurdelamain.fr\/wp-content\/uploads\/2025\/04\/IMG_6448-1300x1300.jpg 1300w, https:\/\/www.aucoeurdelamain.fr\/wp-content\/uploads\/2025\/04\/IMG_6448-300x300.jpg 300w, https:\/\/www.aucoeurdelamain.fr\/wp-content\/uploads\/2025\/04\/IMG_6448-100x100.jpg 100w\" sizes=\"(max-width: 650px) 100vw, 650px\" \/>\t<\/a>\n\t<\/div>\n<div class=\"mkdf-pli-text-holder\" >\n\t<div class=\"mkdf-pli-text-wrapper\">\n\t\t<div class=\"mkdf-pli-text\">\n\t\t\t\t<h5 itemprop=\"name\" class=\"mkdf-pli-title entry-title\" >\n\t\t<a itemprop=\"url\" href=\"https:\/\/www.aucoeurdelamain.fr\/index.php\/test1\/notre-dame-des-airs-a-saint-cloud-78\/\" target=\"_self\">\n\t\t\tNotre-Dame des Airs \u00e0 Saint-Cloud (78)\t\t<\/a>\n\t<\/h5>\n\n\t\t\t\t\t<div class=\"mkdf-pli-category-holder\">\n\t\t\t\t\t\t\t<span class=\"mkdf-pli-category-outer\"><a itemprop=\"url\" class=\"mkdf-pli-category\" href=\"https:\/\/www.aucoeurdelamain.fr\/index.php\/portfolio-category\/art-sacre\/\">Art Sacr\u00e9<\/a><\/span>\n\t\t\t\t\t<\/div>\n\t\n\t\t\t\n\t\t\t\t\t<\/div>\n\t<\/div>\n<\/div>\n\t\t\t<\/div>\n<\/article>\n<article class=\"mkdf-pl-item mkdf-item-space  post-8009 portfolio-item type-portfolio-item status-publish has-post-thumbnail hentry portfolio-category-art-sacre\" >\n\t<div class=\"mkdf-pl-item-inner\">\n\t\t<div class=\"mkdf-pli-image\">\n\t<a itemprop=\"url\" class=\"mkdf-pli-image-main\" href=\"https:\/\/www.aucoeurdelamain.fr\/index.php\/test1\/chapelle-carlo-acutis-village-notre-dame-de-boulogne-92\/\" target=\"_self\">\n\t\t<img loading=\"lazy\" decoding=\"async\" width=\"640\" height=\"640\" src=\"https:\/\/www.aucoeurdelamain.fr\/wp-content\/uploads\/2025\/04\/IMG_4329.jpg\" class=\"attachment-dor_mikado_image_square size-dor_mikado_image_square wp-post-image\" alt=\"\" srcset=\"https:\/\/www.aucoeurdelamain.fr\/wp-content\/uploads\/2025\/04\/IMG_4329.jpg 640w, https:\/\/www.aucoeurdelamain.fr\/wp-content\/uploads\/2025\/04\/IMG_4329-300x300.jpg 300w, https:\/\/www.aucoeurdelamain.fr\/wp-content\/uploads\/2025\/04\/IMG_4329-150x150.jpg 150w, https:\/\/www.aucoeurdelamain.fr\/wp-content\/uploads\/2025\/04\/IMG_4329-450x450.jpg 450w, https:\/\/www.aucoeurdelamain.fr\/wp-content\/uploads\/2025\/04\/IMG_4329-600x600.jpg 600w, https:\/\/www.aucoeurdelamain.fr\/wp-content\/uploads\/2025\/04\/IMG_4329-100x100.jpg 100w\" sizes=\"(max-width: 640px) 100vw, 640px\" \/>\t<\/a>\n\t<\/div>\n<div class=\"mkdf-pli-text-holder\" >\n\t<div class=\"mkdf-pli-text-wrapper\">\n\t\t<div class=\"mkdf-pli-text\">\n\t\t\t\t<h5 itemprop=\"name\" class=\"mkdf-pli-title entry-title\" >\n\t\t<a itemprop=\"url\" href=\"https:\/\/www.aucoeurdelamain.fr\/index.php\/test1\/chapelle-carlo-acutis-village-notre-dame-de-boulogne-92\/\" target=\"_self\">\n\t\t\tOratoire Carlo Acutis &#8211; Village Notre-Dame de Boulogne (92)\t\t<\/a>\n\t<\/h5>\n\n\t\t\t\t\t<div class=\"mkdf-pli-category-holder\">\n\t\t\t\t\t\t\t<span class=\"mkdf-pli-category-outer\"><a itemprop=\"url\" class=\"mkdf-pli-category\" href=\"https:\/\/www.aucoeurdelamain.fr\/index.php\/portfolio-category\/art-sacre\/\">Art Sacr\u00e9<\/a><\/span>\n\t\t\t\t\t<\/div>\n\t\n\t\t\t\n\t\t\t\t\t<\/div>\n\t<\/div>\n<\/div>\n\t\t\t<\/div>\n<\/article>\n<article class=\"mkdf-pl-item mkdf-item-space  post-8033 portfolio-item type-portfolio-item status-publish has-post-thumbnail hentry portfolio-category-art-sacre\" >\n\t<div class=\"mkdf-pl-item-inner\">\n\t\t<div class=\"mkdf-pli-image\">\n\t<a itemprop=\"url\" class=\"mkdf-pli-image-main\" href=\"https:\/\/www.aucoeurdelamain.fr\/index.php\/test1\/paroisse-saint-vincent-de-paul-a-clichy-92\/\" target=\"_self\">\n\t\t<img loading=\"lazy\" decoding=\"async\" width=\"650\" height=\"650\" src=\"https:\/\/www.aucoeurdelamain.fr\/wp-content\/uploads\/2025\/04\/IMG_7160-650x650.jpg\" class=\"attachment-dor_mikado_image_square size-dor_mikado_image_square wp-post-image\" alt=\"\" srcset=\"https:\/\/www.aucoeurdelamain.fr\/wp-content\/uploads\/2025\/04\/IMG_7160-650x650.jpg 650w, https:\/\/www.aucoeurdelamain.fr\/wp-content\/uploads\/2025\/04\/IMG_7160-150x150.jpg 150w, https:\/\/www.aucoeurdelamain.fr\/wp-content\/uploads\/2025\/04\/IMG_7160-450x450.jpg 450w, https:\/\/www.aucoeurdelamain.fr\/wp-content\/uploads\/2025\/04\/IMG_7160-1300x1300.jpg 1300w, https:\/\/www.aucoeurdelamain.fr\/wp-content\/uploads\/2025\/04\/IMG_7160-300x300.jpg 300w, https:\/\/www.aucoeurdelamain.fr\/wp-content\/uploads\/2025\/04\/IMG_7160-100x100.jpg 100w\" sizes=\"(max-width: 650px) 100vw, 650px\" \/>\t<\/a>\n\t<\/div>\n<div class=\"mkdf-pli-text-holder\" >\n\t<div class=\"mkdf-pli-text-wrapper\">\n\t\t<div class=\"mkdf-pli-text\">\n\t\t\t\t<h5 itemprop=\"name\" class=\"mkdf-pli-title entry-title\" >\n\t\t<a itemprop=\"url\" href=\"https:\/\/www.aucoeurdelamain.fr\/index.php\/test1\/paroisse-saint-vincent-de-paul-a-clichy-92\/\" target=\"_self\">\n\t\t\tParoisse Saint Vincent de Paul \u00e0 Clichy (92)\t\t<\/a>\n\t<\/h5>\n\n\t\t\t\t\t<div class=\"mkdf-pli-category-holder\">\n\t\t\t\t\t\t\t<span class=\"mkdf-pli-category-outer\"><a itemprop=\"url\" class=\"mkdf-pli-category\" href=\"https:\/\/www.aucoeurdelamain.fr\/index.php\/portfolio-category\/art-sacre\/\">Art Sacr\u00e9<\/a><\/span>\n\t\t\t\t\t<\/div>\n\t\n\t\t\t\n\t\t\t\t\t<\/div>\n\t<\/div>\n<\/div>\n\t\t\t<\/div>\n<\/article>\n<article class=\"mkdf-pl-item mkdf-item-space  post-8049 portfolio-item type-portfolio-item status-publish has-post-thumbnail hentry portfolio-category-art-sacre\" >\n\t<div class=\"mkdf-pl-item-inner\">\n\t\t<div class=\"mkdf-pli-image\">\n\t<a itemprop=\"url\" class=\"mkdf-pli-image-main\" href=\"https:\/\/www.aucoeurdelamain.fr\/index.php\/test1\/notre-dame-dauteuil-a-paris-75\/\" target=\"_self\">\n\t\t<img loading=\"lazy\" decoding=\"async\" width=\"650\" height=\"650\" src=\"https:\/\/www.aucoeurdelamain.fr\/wp-content\/uploads\/2025\/04\/IMG_1681-650x650.jpg\" class=\"attachment-dor_mikado_image_square size-dor_mikado_image_square wp-post-image\" alt=\"\" srcset=\"https:\/\/www.aucoeurdelamain.fr\/wp-content\/uploads\/2025\/04\/IMG_1681-650x650.jpg 650w, https:\/\/www.aucoeurdelamain.fr\/wp-content\/uploads\/2025\/04\/IMG_1681-150x150.jpg 150w, https:\/\/www.aucoeurdelamain.fr\/wp-content\/uploads\/2025\/04\/IMG_1681-450x450.jpg 450w, https:\/\/www.aucoeurdelamain.fr\/wp-content\/uploads\/2025\/04\/IMG_1681-1300x1300.jpg 1300w, https:\/\/www.aucoeurdelamain.fr\/wp-content\/uploads\/2025\/04\/IMG_1681-300x300.jpg 300w, https:\/\/www.aucoeurdelamain.fr\/wp-content\/uploads\/2025\/04\/IMG_1681-100x100.jpg 100w\" sizes=\"(max-width: 650px) 100vw, 650px\" \/>\t<\/a>\n\t<\/div>\n<div class=\"mkdf-pli-text-holder\" >\n\t<div class=\"mkdf-pli-text-wrapper\">\n\t\t<div class=\"mkdf-pli-text\">\n\t\t\t\t<h5 itemprop=\"name\" class=\"mkdf-pli-title entry-title\" >\n\t\t<a itemprop=\"url\" href=\"https:\/\/www.aucoeurdelamain.fr\/index.php\/test1\/notre-dame-dauteuil-a-paris-75\/\" target=\"_self\">\n\t\t\tNotre-Dame d&#8217;Auteuil \u00e0 Paris (75)\t\t<\/a>\n\t<\/h5>\n\n\t\t\t\t\t<div class=\"mkdf-pli-category-holder\">\n\t\t\t\t\t\t\t<span class=\"mkdf-pli-category-outer\"><a itemprop=\"url\" class=\"mkdf-pli-category\" href=\"https:\/\/www.aucoeurdelamain.fr\/index.php\/portfolio-category\/art-sacre\/\">Art Sacr\u00e9<\/a><\/span>\n\t\t\t\t\t<\/div>\n\t\n\t\t\t\n\t\t\t\t\t<\/div>\n\t<\/div>\n<\/div>\n\t\t\t<\/div>\n<\/article>\n<article class=\"mkdf-pl-item mkdf-item-space  post-8072 portfolio-item type-portfolio-item status-publish has-post-thumbnail hentry portfolio-category-art-sacre\" >\n\t<div class=\"mkdf-pl-item-inner\">\n\t\t<div class=\"mkdf-pli-image\">\n\t<a itemprop=\"url\" class=\"mkdf-pli-image-main\" href=\"https:\/\/www.aucoeurdelamain.fr\/index.php\/test1\/eglise-st-germain-a-rennes-35\/\" target=\"_self\">\n\t\t<img loading=\"lazy\" decoding=\"async\" width=\"650\" height=\"650\" src=\"https:\/\/www.aucoeurdelamain.fr\/wp-content\/uploads\/2025\/04\/IMG_3525-650x650.jpg\" class=\"attachment-dor_mikado_image_square size-dor_mikado_image_square wp-post-image\" alt=\"\" srcset=\"https:\/\/www.aucoeurdelamain.fr\/wp-content\/uploads\/2025\/04\/IMG_3525-650x650.jpg 650w, https:\/\/www.aucoeurdelamain.fr\/wp-content\/uploads\/2025\/04\/IMG_3525-150x150.jpg 150w, https:\/\/www.aucoeurdelamain.fr\/wp-content\/uploads\/2025\/04\/IMG_3525-450x450.jpg 450w, https:\/\/www.aucoeurdelamain.fr\/wp-content\/uploads\/2025\/04\/IMG_3525-1300x1300.jpg 1300w, https:\/\/www.aucoeurdelamain.fr\/wp-content\/uploads\/2025\/04\/IMG_3525-300x300.jpg 300w, https:\/\/www.aucoeurdelamain.fr\/wp-content\/uploads\/2025\/04\/IMG_3525-100x100.jpg 100w\" sizes=\"(max-width: 650px) 100vw, 650px\" \/>\t<\/a>\n\t<\/div>\n<div class=\"mkdf-pli-text-holder\" >\n\t<div class=\"mkdf-pli-text-wrapper\">\n\t\t<div class=\"mkdf-pli-text\">\n\t\t\t\t<h5 itemprop=\"name\" class=\"mkdf-pli-title entry-title\" >\n\t\t<a itemprop=\"url\" href=\"https:\/\/www.aucoeurdelamain.fr\/index.php\/test1\/eglise-st-germain-a-rennes-35\/\" target=\"_self\">\n\t\t\tEglise St Germain \u00e0 Rennes (35)\t\t<\/a>\n\t<\/h5>\n\n\t\t\t\t\t<div class=\"mkdf-pli-category-holder\">\n\t\t\t\t\t\t\t<span class=\"mkdf-pli-category-outer\"><a itemprop=\"url\" class=\"mkdf-pli-category\" href=\"https:\/\/www.aucoeurdelamain.fr\/index.php\/portfolio-category\/art-sacre\/\">Art Sacr\u00e9<\/a><\/span>\n\t\t\t\t\t<\/div>\n\t\n\t\t\t\n\t\t\t\t\t<\/div>\n\t<\/div>\n<\/div>\n\t\t\t<\/div>\n<\/article>\n<article class=\"mkdf-pl-item mkdf-item-space  post-8073 portfolio-item type-portfolio-item status-publish has-post-thumbnail hentry portfolio-category-art-sacre portfolio-category-design-despaces\" >\n\t<div class=\"mkdf-pl-item-inner\">\n\t\t<div class=\"mkdf-pli-image\">\n\t<a itemprop=\"url\" class=\"mkdf-pli-image-main\" href=\"https:\/\/www.aucoeurdelamain.fr\/index.php\/test1\/eglise-saint-pierre-saint-paul-a-courbevoie-92\/\" target=\"_self\">\n\t\t<img loading=\"lazy\" decoding=\"async\" width=\"650\" height=\"650\" src=\"https:\/\/www.aucoeurdelamain.fr\/wp-content\/uploads\/2025\/04\/IMG_0334-650x650.jpg\" class=\"attachment-dor_mikado_image_square size-dor_mikado_image_square wp-post-image\" alt=\"\" srcset=\"https:\/\/www.aucoeurdelamain.fr\/wp-content\/uploads\/2025\/04\/IMG_0334-650x650.jpg 650w, https:\/\/www.aucoeurdelamain.fr\/wp-content\/uploads\/2025\/04\/IMG_0334-150x150.jpg 150w, https:\/\/www.aucoeurdelamain.fr\/wp-content\/uploads\/2025\/04\/IMG_0334-450x450.jpg 450w, https:\/\/www.aucoeurdelamain.fr\/wp-content\/uploads\/2025\/04\/IMG_0334-1300x1300.jpg 1300w, https:\/\/www.aucoeurdelamain.fr\/wp-content\/uploads\/2025\/04\/IMG_0334-300x300.jpg 300w, https:\/\/www.aucoeurdelamain.fr\/wp-content\/uploads\/2025\/04\/IMG_0334-100x100.jpg 100w\" sizes=\"(max-width: 650px) 100vw, 650px\" \/>\t<\/a>\n\t<\/div>\n<div class=\"mkdf-pli-text-holder\" >\n\t<div class=\"mkdf-pli-text-wrapper\">\n\t\t<div class=\"mkdf-pli-text\">\n\t\t\t\t<h5 itemprop=\"name\" class=\"mkdf-pli-title entry-title\" >\n\t\t<a itemprop=\"url\" href=\"https:\/\/www.aucoeurdelamain.fr\/index.php\/test1\/eglise-saint-pierre-saint-paul-a-courbevoie-92\/\" target=\"_self\">\n\t\t\tEglise Saint-Pierre-Saint-Paul \u00e0 Courbevoie (92)\t\t<\/a>\n\t<\/h5>\n\n\t\t\t\t\t<div class=\"mkdf-pli-category-holder\">\n\t\t\t\t\t\t\t<span class=\"mkdf-pli-category-outer\"><a itemprop=\"url\" class=\"mkdf-pli-category\" href=\"https:\/\/www.aucoeurdelamain.fr\/index.php\/portfolio-category\/art-sacre\/\">Art Sacr\u00e9<\/a><\/span>\n\t\t\t\t\t\t\t<span class=\"mkdf-pli-category-outer\"><a itemprop=\"url\" class=\"mkdf-pli-category\" href=\"https:\/\/www.aucoeurdelamain.fr\/index.php\/portfolio-category\/design-despaces\/\">Design d&#039;Espaces<\/a><\/span>\n\t\t\t\t\t<\/div>\n\t\n\t\t\t\n\t\t\t\t\t<\/div>\n\t<\/div>\n<\/div>\n\t\t\t<\/div>\n<\/article>\n<article class=\"mkdf-pl-item mkdf-item-space  post-8085 portfolio-item type-portfolio-item status-publish has-post-thumbnail hentry portfolio-category-art-sacre portfolio-category-mobiliers-dexception\" >\n\t<div class=\"mkdf-pl-item-inner\">\n\t\t<div class=\"mkdf-pli-image\">\n\t<a itemprop=\"url\" class=\"mkdf-pli-image-main\" href=\"https:\/\/www.aucoeurdelamain.fr\/index.php\/test1\/la-table-trinite\/\" target=\"_self\">\n\t\t<img loading=\"lazy\" decoding=\"async\" width=\"650\" height=\"650\" src=\"https:\/\/www.aucoeurdelamain.fr\/wp-content\/uploads\/2025\/04\/WhatsApp-Image-2025-03-20-a-10.50.58_628f2e16-650x650.jpg\" class=\"attachment-dor_mikado_image_square size-dor_mikado_image_square wp-post-image\" alt=\"\" srcset=\"https:\/\/www.aucoeurdelamain.fr\/wp-content\/uploads\/2025\/04\/WhatsApp-Image-2025-03-20-a-10.50.58_628f2e16-650x650.jpg 650w, https:\/\/www.aucoeurdelamain.fr\/wp-content\/uploads\/2025\/04\/WhatsApp-Image-2025-03-20-a-10.50.58_628f2e16-150x150.jpg 150w, https:\/\/www.aucoeurdelamain.fr\/wp-content\/uploads\/2025\/04\/WhatsApp-Image-2025-03-20-a-10.50.58_628f2e16-450x450.jpg 450w, https:\/\/www.aucoeurdelamain.fr\/wp-content\/uploads\/2025\/04\/WhatsApp-Image-2025-03-20-a-10.50.58_628f2e16-1300x1300.jpg 1300w, https:\/\/www.aucoeurdelamain.fr\/wp-content\/uploads\/2025\/04\/WhatsApp-Image-2025-03-20-a-10.50.58_628f2e16-300x300.jpg 300w, https:\/\/www.aucoeurdelamain.fr\/wp-content\/uploads\/2025\/04\/WhatsApp-Image-2025-03-20-a-10.50.58_628f2e16-100x100.jpg 100w\" sizes=\"(max-width: 650px) 100vw, 650px\" \/>\t<\/a>\n\t<\/div>\n<div class=\"mkdf-pli-text-holder\" >\n\t<div class=\"mkdf-pli-text-wrapper\">\n\t\t<div class=\"mkdf-pli-text\">\n\t\t\t\t<h5 itemprop=\"name\" class=\"mkdf-pli-title entry-title\" >\n\t\t<a itemprop=\"url\" href=\"https:\/\/www.aucoeurdelamain.fr\/index.php\/test1\/la-table-trinite\/\" target=\"_self\">\n\t\t\tLa Table Trinit\u00e9 &#8211; Studio les Lueurs (Paris)\t\t<\/a>\n\t<\/h5>\n\n\t\t\t\t\t<div class=\"mkdf-pli-category-holder\">\n\t\t\t\t\t\t\t<span class=\"mkdf-pli-category-outer\"><a itemprop=\"url\" class=\"mkdf-pli-category\" href=\"https:\/\/www.aucoeurdelamain.fr\/index.php\/portfolio-category\/art-sacre\/\">Art Sacr\u00e9<\/a><\/span>\n\t\t\t\t\t\t\t<span class=\"mkdf-pli-category-outer\"><a itemprop=\"url\" class=\"mkdf-pli-category\" href=\"https:\/\/www.aucoeurdelamain.fr\/index.php\/portfolio-category\/mobiliers-dexception\/\">Mobiliers d&#039;Exception<\/a><\/span>\n\t\t\t\t\t<\/div>\n\t\n\t\t\t\n\t\t\t\t\t<\/div>\n\t<\/div>\n<\/div>\n\t\t\t<\/div>\n<\/article>\n<article class=\"mkdf-pl-item mkdf-item-space  post-8627 portfolio-item type-portfolio-item status-publish has-post-thumbnail hentry portfolio-category-art-sacre\" >\n\t<div class=\"mkdf-pl-item-inner\">\n\t\t<div class=\"mkdf-pli-image\">\n\t<a itemprop=\"url\" class=\"mkdf-pli-image-main\" href=\"https:\/\/www.aucoeurdelamain.fr\/index.php\/test1\/eglise-saint-michel-des-batignolles\/\" target=\"_self\">\n\t\t<img loading=\"lazy\" decoding=\"async\" width=\"650\" height=\"650\" src=\"https:\/\/www.aucoeurdelamain.fr\/wp-content\/uploads\/2025\/05\/515509237_10161547131614033_7540122011003706046_n-650x650.jpg\" class=\"attachment-dor_mikado_image_square size-dor_mikado_image_square wp-post-image\" alt=\"\" srcset=\"https:\/\/www.aucoeurdelamain.fr\/wp-content\/uploads\/2025\/05\/515509237_10161547131614033_7540122011003706046_n-650x650.jpg 650w, https:\/\/www.aucoeurdelamain.fr\/wp-content\/uploads\/2025\/05\/515509237_10161547131614033_7540122011003706046_n-150x150.jpg 150w, https:\/\/www.aucoeurdelamain.fr\/wp-content\/uploads\/2025\/05\/515509237_10161547131614033_7540122011003706046_n-450x450.jpg 450w, https:\/\/www.aucoeurdelamain.fr\/wp-content\/uploads\/2025\/05\/515509237_10161547131614033_7540122011003706046_n-1300x1300.jpg 1300w, https:\/\/www.aucoeurdelamain.fr\/wp-content\/uploads\/2025\/05\/515509237_10161547131614033_7540122011003706046_n-300x300.jpg 300w, https:\/\/www.aucoeurdelamain.fr\/wp-content\/uploads\/2025\/05\/515509237_10161547131614033_7540122011003706046_n-100x100.jpg 100w\" sizes=\"(max-width: 650px) 100vw, 650px\" \/>\t<\/a>\n\t<\/div>\n<div class=\"mkdf-pli-text-holder\" >\n\t<div class=\"mkdf-pli-text-wrapper\">\n\t\t<div class=\"mkdf-pli-text\">\n\t\t\t\t<h5 itemprop=\"name\" class=\"mkdf-pli-title entry-title\" >\n\t\t<a itemprop=\"url\" href=\"https:\/\/www.aucoeurdelamain.fr\/index.php\/test1\/eglise-saint-michel-des-batignolles\/\" target=\"_self\">\n\t\t\t\u00c9glise Saint-Michel\u00a0des\u00a0Batignolles (Paris)\t\t<\/a>\n\t<\/h5>\n\n\t\t\t\t\t<div class=\"mkdf-pli-category-holder\">\n\t\t\t\t\t\t\t<span class=\"mkdf-pli-category-outer\"><a itemprop=\"url\" class=\"mkdf-pli-category\" href=\"https:\/\/www.aucoeurdelamain.fr\/index.php\/portfolio-category\/art-sacre\/\">Art Sacr\u00e9<\/a><\/span>\n\t\t\t\t\t<\/div>\n\t\n\t\t\t\n\t\t\t\t\t<\/div>\n\t<\/div>\n<\/div>\n\t\t\t<\/div>\n<\/article>\n<article class=\"mkdf-pl-item mkdf-item-space  post-9018 portfolio-item type-portfolio-item status-publish has-post-thumbnail hentry portfolio-category-art-sacre\" >\n\t<div class=\"mkdf-pl-item-inner\">\n\t\t<div class=\"mkdf-pli-image\">\n\t<a itemprop=\"url\" class=\"mkdf-pli-image-main\" href=\"https:\/\/www.aucoeurdelamain.fr\/index.php\/test1\/eglise-saint-pierre-saint-paul-a-montreuil-93\/\" target=\"_self\">\n\t\t<img loading=\"lazy\" decoding=\"async\" width=\"650\" height=\"650\" src=\"https:\/\/www.aucoeurdelamain.fr\/wp-content\/uploads\/2025\/10\/IMG_6418-650x650.jpg\" class=\"attachment-dor_mikado_image_square size-dor_mikado_image_square wp-post-image\" alt=\"\" srcset=\"https:\/\/www.aucoeurdelamain.fr\/wp-content\/uploads\/2025\/10\/IMG_6418-650x650.jpg 650w, https:\/\/www.aucoeurdelamain.fr\/wp-content\/uploads\/2025\/10\/IMG_6418-150x150.jpg 150w, https:\/\/www.aucoeurdelamain.fr\/wp-content\/uploads\/2025\/10\/IMG_6418-450x450.jpg 450w, https:\/\/www.aucoeurdelamain.fr\/wp-content\/uploads\/2025\/10\/IMG_6418-1300x1300.jpg 1300w, https:\/\/www.aucoeurdelamain.fr\/wp-content\/uploads\/2025\/10\/IMG_6418-300x300.jpg 300w, https:\/\/www.aucoeurdelamain.fr\/wp-content\/uploads\/2025\/10\/IMG_6418-100x100.jpg 100w\" sizes=\"(max-width: 650px) 100vw, 650px\" \/>\t<\/a>\n\t<\/div>\n<div class=\"mkdf-pli-text-holder\" >\n\t<div class=\"mkdf-pli-text-wrapper\">\n\t\t<div class=\"mkdf-pli-text\">\n\t\t\t\t<h5 itemprop=\"name\" class=\"mkdf-pli-title entry-title\" >\n\t\t<a itemprop=\"url\" href=\"https:\/\/www.aucoeurdelamain.fr\/index.php\/test1\/eglise-saint-pierre-saint-paul-a-montreuil-93\/\" target=\"_self\">\n\t\t\tEglise Saint-Pierre-Saint-Paul \u00e0 Montreuil (93)\t\t<\/a>\n\t<\/h5>\n\n\t\t\t\t\t<div class=\"mkdf-pli-category-holder\">\n\t\t\t\t\t\t\t<span class=\"mkdf-pli-category-outer\"><a itemprop=\"url\" class=\"mkdf-pli-category\" href=\"https:\/\/www.aucoeurdelamain.fr\/index.php\/portfolio-category\/art-sacre\/\">Art Sacr\u00e9<\/a><\/span>\n\t\t\t\t\t<\/div>\n\t\n\t\t\t\n\t\t\t\t\t<\/div>\n\t<\/div>\n<\/div>\n\t\t\t<\/div>\n<\/article>\n<article class=\"mkdf-pl-item mkdf-item-space  post-9256 portfolio-item type-portfolio-item status-publish has-post-thumbnail hentry portfolio-category-art-sacre portfolio-category-design-despaces\" >\n\t<div class=\"mkdf-pl-item-inner\">\n\t\t<div class=\"mkdf-pli-image\">\n\t<a itemprop=\"url\" class=\"mkdf-pli-image-main\" href=\"https:\/\/www.aucoeurdelamain.fr\/index.php\/test1\/chapelle-de-lecole-et-du-college-saint-joseph-a-saint-cloud-92\/\" target=\"_self\">\n\t\t<img loading=\"lazy\" decoding=\"async\" width=\"650\" height=\"650\" src=\"https:\/\/www.aucoeurdelamain.fr\/wp-content\/uploads\/2025\/12\/615402111_10162353876804033_5634440928365807853_n-650x650.jpg\" class=\"attachment-dor_mikado_image_square size-dor_mikado_image_square wp-post-image\" alt=\"\" srcset=\"https:\/\/www.aucoeurdelamain.fr\/wp-content\/uploads\/2025\/12\/615402111_10162353876804033_5634440928365807853_n-650x650.jpg 650w, https:\/\/www.aucoeurdelamain.fr\/wp-content\/uploads\/2025\/12\/615402111_10162353876804033_5634440928365807853_n-150x150.jpg 150w, https:\/\/www.aucoeurdelamain.fr\/wp-content\/uploads\/2025\/12\/615402111_10162353876804033_5634440928365807853_n-450x450.jpg 450w, https:\/\/www.aucoeurdelamain.fr\/wp-content\/uploads\/2025\/12\/615402111_10162353876804033_5634440928365807853_n-1300x1300.jpg 1300w, https:\/\/www.aucoeurdelamain.fr\/wp-content\/uploads\/2025\/12\/615402111_10162353876804033_5634440928365807853_n-300x300.jpg 300w, https:\/\/www.aucoeurdelamain.fr\/wp-content\/uploads\/2025\/12\/615402111_10162353876804033_5634440928365807853_n-100x100.jpg 100w\" sizes=\"(max-width: 650px) 100vw, 650px\" \/>\t<\/a>\n\t<\/div>\n<div class=\"mkdf-pli-text-holder\" >\n\t<div class=\"mkdf-pli-text-wrapper\">\n\t\t<div class=\"mkdf-pli-text\">\n\t\t\t\t<h5 itemprop=\"name\" class=\"mkdf-pli-title entry-title\" >\n\t\t<a itemprop=\"url\" href=\"https:\/\/www.aucoeurdelamain.fr\/index.php\/test1\/chapelle-de-lecole-et-du-college-saint-joseph-a-saint-cloud-92\/\" target=\"_self\">\n\t\t\tChapelle de l&#8217;Ecole et du Coll\u00e8ge Saint-Joseph \u00e0 Saint-Cloud (92)\t\t<\/a>\n\t<\/h5>\n\n\t\t\t\t\t<div class=\"mkdf-pli-category-holder\">\n\t\t\t\t\t\t\t<span class=\"mkdf-pli-category-outer\"><a itemprop=\"url\" class=\"mkdf-pli-category\" href=\"https:\/\/www.aucoeurdelamain.fr\/index.php\/portfolio-category\/art-sacre\/\">Art Sacr\u00e9<\/a><\/span>\n\t\t\t\t\t\t\t<span class=\"mkdf-pli-category-outer\"><a itemprop=\"url\" class=\"mkdf-pli-category\" href=\"https:\/\/www.aucoeurdelamain.fr\/index.php\/portfolio-category\/design-despaces\/\">Design d&#039;Espaces<\/a><\/span>\n\t\t\t\t\t<\/div>\n\t\n\t\t\t\n\t\t\t\t\t<\/div>\n\t<\/div>\n<\/div>\n\t\t\t<\/div>\n<\/article>\n<article class=\"mkdf-pl-item mkdf-item-space  post-9263 portfolio-item type-portfolio-item status-publish has-post-thumbnail hentry portfolio-category-art-sacre\" >\n\t<div class=\"mkdf-pl-item-inner\">\n\t\t<div class=\"mkdf-pli-image\">\n\t<a itemprop=\"url\" class=\"mkdf-pli-image-main\" href=\"https:\/\/www.aucoeurdelamain.fr\/index.php\/test1\/tabernacle-agneau-de-dieu-78\/\" target=\"_self\">\n\t\t<img loading=\"lazy\" decoding=\"async\" width=\"650\" height=\"650\" src=\"https:\/\/www.aucoeurdelamain.fr\/wp-content\/uploads\/2025\/10\/IMG_7373-1-650x650.jpg\" class=\"attachment-dor_mikado_image_square size-dor_mikado_image_square wp-post-image\" alt=\"\" srcset=\"https:\/\/www.aucoeurdelamain.fr\/wp-content\/uploads\/2025\/10\/IMG_7373-1-650x650.jpg 650w, https:\/\/www.aucoeurdelamain.fr\/wp-content\/uploads\/2025\/10\/IMG_7373-1-150x150.jpg 150w, https:\/\/www.aucoeurdelamain.fr\/wp-content\/uploads\/2025\/10\/IMG_7373-1-450x450.jpg 450w, https:\/\/www.aucoeurdelamain.fr\/wp-content\/uploads\/2025\/10\/IMG_7373-1-1300x1300.jpg 1300w, https:\/\/www.aucoeurdelamain.fr\/wp-content\/uploads\/2025\/10\/IMG_7373-1-300x300.jpg 300w, https:\/\/www.aucoeurdelamain.fr\/wp-content\/uploads\/2025\/10\/IMG_7373-1-100x100.jpg 100w\" sizes=\"(max-width: 650px) 100vw, 650px\" \/>\t<\/a>\n\t<\/div>\n<div class=\"mkdf-pli-text-holder\" >\n\t<div class=\"mkdf-pli-text-wrapper\">\n\t\t<div class=\"mkdf-pli-text\">\n\t\t\t\t<h5 itemprop=\"name\" class=\"mkdf-pli-title entry-title\" >\n\t\t<a itemprop=\"url\" href=\"https:\/\/www.aucoeurdelamain.fr\/index.php\/test1\/tabernacle-agneau-de-dieu-78\/\" target=\"_self\">\n\t\t\tTabernacle Agneau de Dieu (78)\t\t<\/a>\n\t<\/h5>\n\n\t\t\t\t\t<div class=\"mkdf-pli-category-holder\">\n\t\t\t\t\t\t\t<span class=\"mkdf-pli-category-outer\"><a itemprop=\"url\" class=\"mkdf-pli-category\" href=\"https:\/\/www.aucoeurdelamain.fr\/index.php\/portfolio-category\/art-sacre\/\">Art Sacr\u00e9<\/a><\/span>\n\t\t\t\t\t<\/div>\n\t\n\t\t\t\n\t\t\t\t\t<\/div>\n\t<\/div>\n<\/div>\n\t\t\t<\/div>\n<\/article>\n<article class=\"mkdf-pl-item mkdf-item-space  post-9268 portfolio-item type-portfolio-item status-publish has-post-thumbnail hentry portfolio-category-art-sacre\" >\n\t<div class=\"mkdf-pl-item-inner\">\n\t\t<div class=\"mkdf-pli-image\">\n\t<a itemprop=\"url\" class=\"mkdf-pli-image-main\" href=\"https:\/\/www.aucoeurdelamain.fr\/index.php\/test1\/chapelle-notre-dame-du-saint-sacrement-cortambert-paris\/\" target=\"_self\">\n\t\t<img loading=\"lazy\" decoding=\"async\" width=\"650\" height=\"650\" src=\"https:\/\/www.aucoeurdelamain.fr\/wp-content\/uploads\/2025\/10\/c6fd3636-edaf-4d3e-809e-e328bf180766-650x650.jpg\" class=\"attachment-dor_mikado_image_square size-dor_mikado_image_square wp-post-image\" alt=\"\" srcset=\"https:\/\/www.aucoeurdelamain.fr\/wp-content\/uploads\/2025\/10\/c6fd3636-edaf-4d3e-809e-e328bf180766-650x650.jpg 650w, https:\/\/www.aucoeurdelamain.fr\/wp-content\/uploads\/2025\/10\/c6fd3636-edaf-4d3e-809e-e328bf180766-150x150.jpg 150w, https:\/\/www.aucoeurdelamain.fr\/wp-content\/uploads\/2025\/10\/c6fd3636-edaf-4d3e-809e-e328bf180766-450x450.jpg 450w, https:\/\/www.aucoeurdelamain.fr\/wp-content\/uploads\/2025\/10\/c6fd3636-edaf-4d3e-809e-e328bf180766-1300x1300.jpg 1300w, https:\/\/www.aucoeurdelamain.fr\/wp-content\/uploads\/2025\/10\/c6fd3636-edaf-4d3e-809e-e328bf180766-300x300.jpg 300w, https:\/\/www.aucoeurdelamain.fr\/wp-content\/uploads\/2025\/10\/c6fd3636-edaf-4d3e-809e-e328bf180766-100x100.jpg 100w\" sizes=\"(max-width: 650px) 100vw, 650px\" \/>\t<\/a>\n\t<\/div>\n<div class=\"mkdf-pli-text-holder\" >\n\t<div class=\"mkdf-pli-text-wrapper\">\n\t\t<div class=\"mkdf-pli-text\">\n\t\t\t\t<h5 itemprop=\"name\" class=\"mkdf-pli-title entry-title\" >\n\t\t<a itemprop=\"url\" href=\"https:\/\/www.aucoeurdelamain.fr\/index.php\/test1\/chapelle-notre-dame-du-saint-sacrement-cortambert-paris\/\" target=\"_self\">\n\t\t\tChapelle Notre-Dame du Saint Sacrement, Cortambert (Paris)\t\t<\/a>\n\t<\/h5>\n\n\t\t\t\t\t<div class=\"mkdf-pli-category-holder\">\n\t\t\t\t\t\t\t<span class=\"mkdf-pli-category-outer\"><a itemprop=\"url\" class=\"mkdf-pli-category\" href=\"https:\/\/www.aucoeurdelamain.fr\/index.php\/portfolio-category\/art-sacre\/\">Art Sacr\u00e9<\/a><\/span>\n\t\t\t\t\t<\/div>\n\t\n\t\t\t\n\t\t\t\t\t<\/div>\n\t<\/div>\n<\/div>\n\t\t\t<\/div>\n<\/article>\n<article class=\"mkdf-pl-item mkdf-item-space  post-9354 portfolio-item type-portfolio-item status-publish has-post-thumbnail hentry portfolio-category-art-sacre\" >\n\t<div class=\"mkdf-pl-item-inner\">\n\t\t<div class=\"mkdf-pli-image\">\n\t<a itemprop=\"url\" class=\"mkdf-pli-image-main\" href=\"https:\/\/www.aucoeurdelamain.fr\/index.php\/test1\/vitraux-de-lecole-et-du-college-saint-joseph-a-saint-cloud-92\/\" target=\"_self\">\n\t\t<img loading=\"lazy\" decoding=\"async\" width=\"650\" height=\"650\" src=\"https:\/\/www.aucoeurdelamain.fr\/wp-content\/uploads\/2025\/12\/615400213_10162349805384033_805208120074537547_n-650x650.jpg\" class=\"attachment-dor_mikado_image_square size-dor_mikado_image_square wp-post-image\" alt=\"\" srcset=\"https:\/\/www.aucoeurdelamain.fr\/wp-content\/uploads\/2025\/12\/615400213_10162349805384033_805208120074537547_n-650x650.jpg 650w, https:\/\/www.aucoeurdelamain.fr\/wp-content\/uploads\/2025\/12\/615400213_10162349805384033_805208120074537547_n-150x150.jpg 150w, https:\/\/www.aucoeurdelamain.fr\/wp-content\/uploads\/2025\/12\/615400213_10162349805384033_805208120074537547_n-450x450.jpg 450w, https:\/\/www.aucoeurdelamain.fr\/wp-content\/uploads\/2025\/12\/615400213_10162349805384033_805208120074537547_n-300x300.jpg 300w, https:\/\/www.aucoeurdelamain.fr\/wp-content\/uploads\/2025\/12\/615400213_10162349805384033_805208120074537547_n-100x100.jpg 100w\" sizes=\"(max-width: 650px) 100vw, 650px\" \/>\t<\/a>\n\t<\/div>\n<div class=\"mkdf-pli-text-holder\" >\n\t<div class=\"mkdf-pli-text-wrapper\">\n\t\t<div class=\"mkdf-pli-text\">\n\t\t\t\t<h5 itemprop=\"name\" class=\"mkdf-pli-title entry-title\" >\n\t\t<a itemprop=\"url\" href=\"https:\/\/www.aucoeurdelamain.fr\/index.php\/test1\/vitraux-de-lecole-et-du-college-saint-joseph-a-saint-cloud-92\/\" target=\"_self\">\n\t\t\tVitraux de l\u2019Ecole et du Coll\u00e8ge Saint-Joseph \u00e0 Saint-Cloud (92)\t\t<\/a>\n\t<\/h5>\n\n\t\t\t\t\t<div class=\"mkdf-pli-category-holder\">\n\t\t\t\t\t\t\t<span class=\"mkdf-pli-category-outer\"><a itemprop=\"url\" class=\"mkdf-pli-category\" href=\"https:\/\/www.aucoeurdelamain.fr\/index.php\/portfolio-category\/art-sacre\/\">Art Sacr\u00e9<\/a><\/span>\n\t\t\t\t\t<\/div>\n\t\n\t\t\t\n\t\t\t\t\t<\/div>\n\t<\/div>\n<\/div>\n\t\t\t<\/div>\n<\/article>\n<article class=\"mkdf-pl-item mkdf-item-space  post-9457 portfolio-item type-portfolio-item status-publish has-post-thumbnail hentry portfolio-category-art-sacre\" >\n\t<div class=\"mkdf-pl-item-inner\">\n\t\t<div class=\"mkdf-pli-image\">\n\t<a itemprop=\"url\" class=\"mkdf-pli-image-main\" href=\"https:\/\/www.aucoeurdelamain.fr\/index.php\/test1\/vitraux-de-la-chapelle-de-la-maison-famylia-paroisse-saint-francois-xavier-paris\/\" target=\"_self\">\n\t\t<img loading=\"lazy\" decoding=\"async\" width=\"650\" height=\"650\" src=\"https:\/\/www.aucoeurdelamain.fr\/wp-content\/uploads\/2025\/04\/Familya-Nov-5-650x650.jpg\" class=\"attachment-dor_mikado_image_square size-dor_mikado_image_square wp-post-image\" alt=\"\" srcset=\"https:\/\/www.aucoeurdelamain.fr\/wp-content\/uploads\/2025\/04\/Familya-Nov-5-650x650.jpg 650w, https:\/\/www.aucoeurdelamain.fr\/wp-content\/uploads\/2025\/04\/Familya-Nov-5-150x150.jpg 150w, https:\/\/www.aucoeurdelamain.fr\/wp-content\/uploads\/2025\/04\/Familya-Nov-5-450x450.jpg 450w, https:\/\/www.aucoeurdelamain.fr\/wp-content\/uploads\/2025\/04\/Familya-Nov-5-1300x1300.jpg 1300w, https:\/\/www.aucoeurdelamain.fr\/wp-content\/uploads\/2025\/04\/Familya-Nov-5-300x300.jpg 300w, https:\/\/www.aucoeurdelamain.fr\/wp-content\/uploads\/2025\/04\/Familya-Nov-5-100x100.jpg 100w\" sizes=\"(max-width: 650px) 100vw, 650px\" \/>\t<\/a>\n\t<\/div>\n<div class=\"mkdf-pli-text-holder\" >\n\t<div class=\"mkdf-pli-text-wrapper\">\n\t\t<div class=\"mkdf-pli-text\">\n\t\t\t\t<h5 itemprop=\"name\" class=\"mkdf-pli-title entry-title\" >\n\t\t<a itemprop=\"url\" href=\"https:\/\/www.aucoeurdelamain.fr\/index.php\/test1\/vitraux-de-la-chapelle-de-la-maison-famylia-paroisse-saint-francois-xavier-paris\/\" target=\"_self\">\n\t\t\tVitraux de la Chapelle de la Maison Famylia, Paroisse Saint Fran\u00e7ois-Xavier (Paris)\t\t<\/a>\n\t<\/h5>\n\n\t\t\t\t\t<div class=\"mkdf-pli-category-holder\">\n\t\t\t\t\t\t\t<span class=\"mkdf-pli-category-outer\"><a itemprop=\"url\" class=\"mkdf-pli-category\" href=\"https:\/\/www.aucoeurdelamain.fr\/index.php\/portfolio-category\/art-sacre\/\">Art Sacr\u00e9<\/a><\/span>\n\t\t\t\t\t<\/div>\n\t\n\t\t\t\n\t\t\t\t\t<\/div>\n\t<\/div>\n<\/div>\n\t\t\t<\/div>\n<\/article>\n<article class=\"mkdf-pl-item mkdf-item-space  post-9466 portfolio-item type-portfolio-item status-publish has-post-thumbnail hentry portfolio-category-art-sacre\" >\n\t<div class=\"mkdf-pl-item-inner\">\n\t\t<div class=\"mkdf-pli-image\">\n\t<a itemprop=\"url\" class=\"mkdf-pli-image-main\" href=\"https:\/\/www.aucoeurdelamain.fr\/index.php\/test1\/chemin-de-misericorde-paroisse-de-chaville-92\/\" target=\"_self\">\n\t\t<img loading=\"lazy\" decoding=\"async\" width=\"650\" height=\"650\" src=\"https:\/\/www.aucoeurdelamain.fr\/wp-content\/uploads\/2026\/01\/IMG_9087-650x650.jpeg\" class=\"attachment-dor_mikado_image_square size-dor_mikado_image_square wp-post-image\" alt=\"\" srcset=\"https:\/\/www.aucoeurdelamain.fr\/wp-content\/uploads\/2026\/01\/IMG_9087-650x650.jpeg 650w, https:\/\/www.aucoeurdelamain.fr\/wp-content\/uploads\/2026\/01\/IMG_9087-150x150.jpeg 150w, https:\/\/www.aucoeurdelamain.fr\/wp-content\/uploads\/2026\/01\/IMG_9087-450x450.jpeg 450w, https:\/\/www.aucoeurdelamain.fr\/wp-content\/uploads\/2026\/01\/IMG_9087-1300x1300.jpeg 1300w, https:\/\/www.aucoeurdelamain.fr\/wp-content\/uploads\/2026\/01\/IMG_9087-300x300.jpeg 300w, https:\/\/www.aucoeurdelamain.fr\/wp-content\/uploads\/2026\/01\/IMG_9087-100x100.jpeg 100w\" sizes=\"(max-width: 650px) 100vw, 650px\" \/>\t<\/a>\n\t<\/div>\n<div class=\"mkdf-pli-text-holder\" >\n\t<div class=\"mkdf-pli-text-wrapper\">\n\t\t<div class=\"mkdf-pli-text\">\n\t\t\t\t<h5 itemprop=\"name\" class=\"mkdf-pli-title entry-title\" >\n\t\t<a itemprop=\"url\" href=\"https:\/\/www.aucoeurdelamain.fr\/index.php\/test1\/chemin-de-misericorde-paroisse-de-chaville-92\/\" target=\"_self\">\n\t\t\tChemin de Mis\u00e9ricorde, Paroisse de Chaville (92)\t\t<\/a>\n\t<\/h5>\n\n\t\t\t\t\t<div class=\"mkdf-pli-category-holder\">\n\t\t\t\t\t\t\t<span class=\"mkdf-pli-category-outer\"><a itemprop=\"url\" class=\"mkdf-pli-category\" href=\"https:\/\/www.aucoeurdelamain.fr\/index.php\/portfolio-category\/art-sacre\/\">Art Sacr\u00e9<\/a><\/span>\n\t\t\t\t\t<\/div>\n\t\n\t\t\t\n\t\t\t\t\t<\/div>\n\t<\/div>\n<\/div>\n\t\t\t<\/div>\n<\/article>\t<\/div>\n\t\n\t<\/div><div class=\"mkdf-portfolio-list-holder mkdf-grid-list mkdf-pl-gallery mkdf-three-columns mkdf-normal-space  mkdf-disable-bottom-space mkdf-pl-standard-shader    mkdf-pl-pag-no-pagination      \"  data-type=gallery data-number-of-columns=three data-space-between-items=normal data-number-of-items=-1 data-image-proportions=square data-enable-fixed-proportions=no data-enable-image-shadow=no data-category=design-despaces data-orderby=date data-order=ASC data-item-style=standard-shader data-enable-title=yes data-title-tag=h5 data-enable-category=yes data-enable-excerpt=no data-pagination-type=no-pagination data-filter=no data-filter-order-by=name data-enable-article-animation=no data-portfolio-slider-on=no data-enable-loop=yes data-enable-autoplay=yes data-slider-speed=5000 data-slider-speed-animation=800 data-enable-navigation=yes data-enable-pagination=yes data-list-is-slider=no data-custom-stylization=no data-max-num-pages=0 data-next-page=2>\n\t\t<div class=\"mkdf-pl-inner mkdf-outer-space  clearfix\">\n\t\t\n<article class=\"mkdf-pl-item mkdf-item-space  post-6208 portfolio-item type-portfolio-item status-publish has-post-thumbnail hentry portfolio-category-design-despaces\" >\n\t<div class=\"mkdf-pl-item-inner\">\n\t\t<div class=\"mkdf-pli-image\">\n\t<a itemprop=\"url\" class=\"mkdf-pli-image-main\" href=\"https:\/\/www.aucoeurdelamain.fr\/index.php\/test1\/boiseries-faisanderie-du-chateau-de-rambouillet-pour-le-domaine-de-chambord\/\" target=\"_self\">\n\t\t<img loading=\"lazy\" decoding=\"async\" width=\"650\" height=\"650\" src=\"https:\/\/www.aucoeurdelamain.fr\/wp-content\/uploads\/2025\/04\/BOISERIE-FAISANDERIE-CHMABORD-1-650x650.jpg\" class=\"attachment-dor_mikado_image_square size-dor_mikado_image_square wp-post-image\" alt=\"\" srcset=\"https:\/\/www.aucoeurdelamain.fr\/wp-content\/uploads\/2025\/04\/BOISERIE-FAISANDERIE-CHMABORD-1-650x650.jpg 650w, https:\/\/www.aucoeurdelamain.fr\/wp-content\/uploads\/2025\/04\/BOISERIE-FAISANDERIE-CHMABORD-1-150x150.jpg 150w, https:\/\/www.aucoeurdelamain.fr\/wp-content\/uploads\/2025\/04\/BOISERIE-FAISANDERIE-CHMABORD-1-450x450.jpg 450w, https:\/\/www.aucoeurdelamain.fr\/wp-content\/uploads\/2025\/04\/BOISERIE-FAISANDERIE-CHMABORD-1-1300x1300.jpg 1300w, https:\/\/www.aucoeurdelamain.fr\/wp-content\/uploads\/2025\/04\/BOISERIE-FAISANDERIE-CHMABORD-1-300x300.jpg 300w, https:\/\/www.aucoeurdelamain.fr\/wp-content\/uploads\/2025\/04\/BOISERIE-FAISANDERIE-CHMABORD-1-100x100.jpg 100w\" sizes=\"(max-width: 650px) 100vw, 650px\" \/>\t<\/a>\n\t<\/div>\n<div class=\"mkdf-pli-text-holder\" >\n\t<div class=\"mkdf-pli-text-wrapper\">\n\t\t<div class=\"mkdf-pli-text\">\n\t\t\t\t<h5 itemprop=\"name\" class=\"mkdf-pli-title entry-title\" >\n\t\t<a itemprop=\"url\" href=\"https:\/\/www.aucoeurdelamain.fr\/index.php\/test1\/boiseries-faisanderie-du-chateau-de-rambouillet-pour-le-domaine-de-chambord\/\" target=\"_self\">\n\t\t\tBoiseries, Faisanderie du ch\u00e2teau de Rambouillet pour le Domaine de Chambord\t\t<\/a>\n\t<\/h5>\n\n\t\t\t\t\t<div class=\"mkdf-pli-category-holder\">\n\t\t\t\t\t\t\t<span class=\"mkdf-pli-category-outer\"><a itemprop=\"url\" class=\"mkdf-pli-category\" href=\"https:\/\/www.aucoeurdelamain.fr\/index.php\/portfolio-category\/design-despaces\/\">Design d&#039;Espaces<\/a><\/span>\n\t\t\t\t\t<\/div>\n\t\n\t\t\t\n\t\t\t\t\t<\/div>\n\t<\/div>\n<\/div>\n\t\t\t<\/div>\n<\/article>\n<article class=\"mkdf-pl-item mkdf-item-space  post-6215 portfolio-item type-portfolio-item status-publish has-post-thumbnail hentry portfolio-category-design-despaces\" >\n\t<div class=\"mkdf-pl-item-inner\">\n\t\t<div class=\"mkdf-pli-image\">\n\t<a itemprop=\"url\" class=\"mkdf-pli-image-main\" href=\"https:\/\/www.aucoeurdelamain.fr\/index.php\/test1\/espace-daccueil-chateau-de-chambord\/\" target=\"_self\">\n\t\t<img loading=\"lazy\" decoding=\"async\" width=\"650\" height=\"650\" src=\"https:\/\/www.aucoeurdelamain.fr\/wp-content\/uploads\/2025\/04\/CHAMBORD-3-650x650.jpg\" class=\"attachment-dor_mikado_image_square size-dor_mikado_image_square wp-post-image\" alt=\"\" srcset=\"https:\/\/www.aucoeurdelamain.fr\/wp-content\/uploads\/2025\/04\/CHAMBORD-3-650x650.jpg 650w, https:\/\/www.aucoeurdelamain.fr\/wp-content\/uploads\/2025\/04\/CHAMBORD-3-150x150.jpg 150w, https:\/\/www.aucoeurdelamain.fr\/wp-content\/uploads\/2025\/04\/CHAMBORD-3-450x450.jpg 450w, https:\/\/www.aucoeurdelamain.fr\/wp-content\/uploads\/2025\/04\/CHAMBORD-3-1300x1300.jpg 1300w, https:\/\/www.aucoeurdelamain.fr\/wp-content\/uploads\/2025\/04\/CHAMBORD-3-300x300.jpg 300w, https:\/\/www.aucoeurdelamain.fr\/wp-content\/uploads\/2025\/04\/CHAMBORD-3-100x100.jpg 100w\" sizes=\"(max-width: 650px) 100vw, 650px\" \/>\t<\/a>\n\t<\/div>\n<div class=\"mkdf-pli-text-holder\" >\n\t<div class=\"mkdf-pli-text-wrapper\">\n\t\t<div class=\"mkdf-pli-text\">\n\t\t\t\t<h5 itemprop=\"name\" class=\"mkdf-pli-title entry-title\" >\n\t\t<a itemprop=\"url\" href=\"https:\/\/www.aucoeurdelamain.fr\/index.php\/test1\/espace-daccueil-chateau-de-chambord\/\" target=\"_self\">\n\t\t\tEspace d\u2019accueil &#8211; Ch\u00e2teau de Chambord\t\t<\/a>\n\t<\/h5>\n\n\t\t\t\t\t<div class=\"mkdf-pli-category-holder\">\n\t\t\t\t\t\t\t<span class=\"mkdf-pli-category-outer\"><a itemprop=\"url\" class=\"mkdf-pli-category\" href=\"https:\/\/www.aucoeurdelamain.fr\/index.php\/portfolio-category\/design-despaces\/\">Design d&#039;Espaces<\/a><\/span>\n\t\t\t\t\t<\/div>\n\t\n\t\t\t\n\t\t\t\t\t<\/div>\n\t<\/div>\n<\/div>\n\t\t\t<\/div>\n<\/article>\n<article class=\"mkdf-pl-item mkdf-item-space  post-6224 portfolio-item type-portfolio-item status-publish has-post-thumbnail hentry portfolio-category-design-despaces\" >\n\t<div class=\"mkdf-pl-item-inner\">\n\t\t<div class=\"mkdf-pli-image\">\n\t<a itemprop=\"url\" class=\"mkdf-pli-image-main\" href=\"https:\/\/www.aucoeurdelamain.fr\/index.php\/test1\/bibliotheque-lignum\/\" target=\"_self\">\n\t\t<img loading=\"lazy\" decoding=\"async\" width=\"650\" height=\"650\" src=\"https:\/\/www.aucoeurdelamain.fr\/wp-content\/uploads\/2025\/04\/bibliotheque-high-res-650x650.png\" class=\"attachment-dor_mikado_image_square size-dor_mikado_image_square wp-post-image\" alt=\"\" srcset=\"https:\/\/www.aucoeurdelamain.fr\/wp-content\/uploads\/2025\/04\/bibliotheque-high-res-650x650.png 650w, https:\/\/www.aucoeurdelamain.fr\/wp-content\/uploads\/2025\/04\/bibliotheque-high-res-150x150.png 150w, https:\/\/www.aucoeurdelamain.fr\/wp-content\/uploads\/2025\/04\/bibliotheque-high-res-450x450.png 450w, https:\/\/www.aucoeurdelamain.fr\/wp-content\/uploads\/2025\/04\/bibliotheque-high-res-1300x1300.png 1300w, https:\/\/www.aucoeurdelamain.fr\/wp-content\/uploads\/2025\/04\/bibliotheque-high-res-300x300.png 300w, https:\/\/www.aucoeurdelamain.fr\/wp-content\/uploads\/2025\/04\/bibliotheque-high-res-100x100.png 100w\" sizes=\"(max-width: 650px) 100vw, 650px\" \/>\t<\/a>\n\t<\/div>\n<div class=\"mkdf-pli-text-holder\" >\n\t<div class=\"mkdf-pli-text-wrapper\">\n\t\t<div class=\"mkdf-pli-text\">\n\t\t\t\t<h5 itemprop=\"name\" class=\"mkdf-pli-title entry-title\" >\n\t\t<a itemprop=\"url\" href=\"https:\/\/www.aucoeurdelamain.fr\/index.php\/test1\/bibliotheque-lignum\/\" target=\"_self\">\n\t\t\tBiblioth\u00e8que Lignum (78)\t\t<\/a>\n\t<\/h5>\n\n\t\t\t\t\t<div class=\"mkdf-pli-category-holder\">\n\t\t\t\t\t\t\t<span class=\"mkdf-pli-category-outer\"><a itemprop=\"url\" class=\"mkdf-pli-category\" href=\"https:\/\/www.aucoeurdelamain.fr\/index.php\/portfolio-category\/design-despaces\/\">Design d&#039;Espaces<\/a><\/span>\n\t\t\t\t\t<\/div>\n\t\n\t\t\t\n\t\t\t\t\t<\/div>\n\t<\/div>\n<\/div>\n\t\t\t<\/div>\n<\/article>\n<article class=\"mkdf-pl-item mkdf-item-space  post-6228 portfolio-item type-portfolio-item status-publish has-post-thumbnail hentry portfolio-category-design-despaces\" >\n\t<div class=\"mkdf-pl-item-inner\">\n\t\t<div class=\"mkdf-pli-image\">\n\t<a itemprop=\"url\" class=\"mkdf-pli-image-main\" href=\"https:\/\/www.aucoeurdelamain.fr\/index.php\/test1\/appartement-sezane-paris\/\" target=\"_self\">\n\t\t<img loading=\"lazy\" decoding=\"async\" width=\"650\" height=\"650\" src=\"https:\/\/www.aucoeurdelamain.fr\/wp-content\/uploads\/2025\/04\/cezane-650x650.jpg\" class=\"attachment-dor_mikado_image_square size-dor_mikado_image_square wp-post-image\" alt=\"\" srcset=\"https:\/\/www.aucoeurdelamain.fr\/wp-content\/uploads\/2025\/04\/cezane-650x650.jpg 650w, https:\/\/www.aucoeurdelamain.fr\/wp-content\/uploads\/2025\/04\/cezane-150x150.jpg 150w, https:\/\/www.aucoeurdelamain.fr\/wp-content\/uploads\/2025\/04\/cezane-450x450.jpg 450w, https:\/\/www.aucoeurdelamain.fr\/wp-content\/uploads\/2025\/04\/cezane-300x300.jpg 300w, https:\/\/www.aucoeurdelamain.fr\/wp-content\/uploads\/2025\/04\/cezane-100x100.jpg 100w\" sizes=\"(max-width: 650px) 100vw, 650px\" \/>\t<\/a>\n\t<\/div>\n<div class=\"mkdf-pli-text-holder\" >\n\t<div class=\"mkdf-pli-text-wrapper\">\n\t\t<div class=\"mkdf-pli-text\">\n\t\t\t\t<h5 itemprop=\"name\" class=\"mkdf-pli-title entry-title\" >\n\t\t<a itemprop=\"url\" href=\"https:\/\/www.aucoeurdelamain.fr\/index.php\/test1\/appartement-sezane-paris\/\" target=\"_self\">\n\t\t\tAppartement S\u00e9zane &#8211; Paris\t\t<\/a>\n\t<\/h5>\n\n\t\t\t\t\t<div class=\"mkdf-pli-category-holder\">\n\t\t\t\t\t\t\t<span class=\"mkdf-pli-category-outer\"><a itemprop=\"url\" class=\"mkdf-pli-category\" href=\"https:\/\/www.aucoeurdelamain.fr\/index.php\/portfolio-category\/design-despaces\/\">Design d&#039;Espaces<\/a><\/span>\n\t\t\t\t\t<\/div>\n\t\n\t\t\t\n\t\t\t\t\t<\/div>\n\t<\/div>\n<\/div>\n\t\t\t<\/div>\n<\/article>\n<article class=\"mkdf-pl-item mkdf-item-space  post-6235 portfolio-item type-portfolio-item status-publish has-post-thumbnail hentry portfolio-category-art-sacre portfolio-category-design-despaces\" >\n\t<div class=\"mkdf-pl-item-inner\">\n\t\t<div class=\"mkdf-pli-image\">\n\t<a itemprop=\"url\" class=\"mkdf-pli-image-main\" href=\"https:\/\/www.aucoeurdelamain.fr\/index.php\/test1\/eglise-notre-dame-de-boulogne\/\" target=\"_self\">\n\t\t<img loading=\"lazy\" decoding=\"async\" width=\"650\" height=\"650\" src=\"https:\/\/www.aucoeurdelamain.fr\/wp-content\/uploads\/2025\/04\/301019.BDM-23-sur-26-650x650.jpg\" class=\"attachment-dor_mikado_image_square size-dor_mikado_image_square wp-post-image\" alt=\"\" srcset=\"https:\/\/www.aucoeurdelamain.fr\/wp-content\/uploads\/2025\/04\/301019.BDM-23-sur-26-650x650.jpg 650w, https:\/\/www.aucoeurdelamain.fr\/wp-content\/uploads\/2025\/04\/301019.BDM-23-sur-26-150x150.jpg 150w, https:\/\/www.aucoeurdelamain.fr\/wp-content\/uploads\/2025\/04\/301019.BDM-23-sur-26-450x450.jpg 450w, https:\/\/www.aucoeurdelamain.fr\/wp-content\/uploads\/2025\/04\/301019.BDM-23-sur-26-300x300.jpg 300w, https:\/\/www.aucoeurdelamain.fr\/wp-content\/uploads\/2025\/04\/301019.BDM-23-sur-26-100x100.jpg 100w\" sizes=\"(max-width: 650px) 100vw, 650px\" \/>\t<\/a>\n\t<\/div>\n<div class=\"mkdf-pli-text-holder\" >\n\t<div class=\"mkdf-pli-text-wrapper\">\n\t\t<div class=\"mkdf-pli-text\">\n\t\t\t\t<h5 itemprop=\"name\" class=\"mkdf-pli-title entry-title\" >\n\t\t<a itemprop=\"url\" href=\"https:\/\/www.aucoeurdelamain.fr\/index.php\/test1\/eglise-notre-dame-de-boulogne\/\" target=\"_self\">\n\t\t\tBasilique Notre-Dame de Boulogne (92)\t\t<\/a>\n\t<\/h5>\n\n\t\t\t\t\t<div class=\"mkdf-pli-category-holder\">\n\t\t\t\t\t\t\t<span class=\"mkdf-pli-category-outer\"><a itemprop=\"url\" class=\"mkdf-pli-category\" href=\"https:\/\/www.aucoeurdelamain.fr\/index.php\/portfolio-category\/art-sacre\/\">Art Sacr\u00e9<\/a><\/span>\n\t\t\t\t\t\t\t<span class=\"mkdf-pli-category-outer\"><a itemprop=\"url\" class=\"mkdf-pli-category\" href=\"https:\/\/www.aucoeurdelamain.fr\/index.php\/portfolio-category\/design-despaces\/\">Design d&#039;Espaces<\/a><\/span>\n\t\t\t\t\t<\/div>\n\t\n\t\t\t\n\t\t\t\t\t<\/div>\n\t<\/div>\n<\/div>\n\t\t\t<\/div>\n<\/article>\n<article class=\"mkdf-pl-item mkdf-item-space  post-7378 portfolio-item type-portfolio-item status-publish has-post-thumbnail hentry portfolio-category-design-despaces portfolio-category-mobiliers-dexception\" >\n\t<div class=\"mkdf-pl-item-inner\">\n\t\t<div class=\"mkdf-pli-image\">\n\t<a itemprop=\"url\" class=\"mkdf-pli-image-main\" href=\"https:\/\/www.aucoeurdelamain.fr\/index.php\/test1\/table-de-reunion-toute-en-transparence\/\" target=\"_self\">\n\t\t<img loading=\"lazy\" decoding=\"async\" width=\"650\" height=\"650\" src=\"https:\/\/www.aucoeurdelamain.fr\/wp-content\/uploads\/2025\/04\/Table-reunion-3-650x650.jpg\" class=\"attachment-dor_mikado_image_square size-dor_mikado_image_square wp-post-image\" alt=\"\" srcset=\"https:\/\/www.aucoeurdelamain.fr\/wp-content\/uploads\/2025\/04\/Table-reunion-3-650x650.jpg 650w, https:\/\/www.aucoeurdelamain.fr\/wp-content\/uploads\/2025\/04\/Table-reunion-3-150x150.jpg 150w, https:\/\/www.aucoeurdelamain.fr\/wp-content\/uploads\/2025\/04\/Table-reunion-3-450x450.jpg 450w, https:\/\/www.aucoeurdelamain.fr\/wp-content\/uploads\/2025\/04\/Table-reunion-3-1300x1300.jpg 1300w, https:\/\/www.aucoeurdelamain.fr\/wp-content\/uploads\/2025\/04\/Table-reunion-3-300x300.jpg 300w, https:\/\/www.aucoeurdelamain.fr\/wp-content\/uploads\/2025\/04\/Table-reunion-3-100x100.jpg 100w\" sizes=\"(max-width: 650px) 100vw, 650px\" \/>\t<\/a>\n\t<\/div>\n<div class=\"mkdf-pli-text-holder\" >\n\t<div class=\"mkdf-pli-text-wrapper\">\n\t\t<div class=\"mkdf-pli-text\">\n\t\t\t\t<h5 itemprop=\"name\" class=\"mkdf-pli-title entry-title\" >\n\t\t<a itemprop=\"url\" href=\"https:\/\/www.aucoeurdelamain.fr\/index.php\/test1\/table-de-reunion-toute-en-transparence\/\" target=\"_self\">\n\t\t\tTable de r\u00e9union toute en transparence\t\t<\/a>\n\t<\/h5>\n\n\t\t\t\t\t<div class=\"mkdf-pli-category-holder\">\n\t\t\t\t\t\t\t<span class=\"mkdf-pli-category-outer\"><a itemprop=\"url\" class=\"mkdf-pli-category\" href=\"https:\/\/www.aucoeurdelamain.fr\/index.php\/portfolio-category\/design-despaces\/\">Design d&#039;Espaces<\/a><\/span>\n\t\t\t\t\t\t\t<span class=\"mkdf-pli-category-outer\"><a itemprop=\"url\" class=\"mkdf-pli-category\" href=\"https:\/\/www.aucoeurdelamain.fr\/index.php\/portfolio-category\/mobiliers-dexception\/\">Mobiliers d&#039;Exception<\/a><\/span>\n\t\t\t\t\t<\/div>\n\t\n\t\t\t\n\t\t\t\t\t<\/div>\n\t<\/div>\n<\/div>\n\t\t\t<\/div>\n<\/article>\n<article class=\"mkdf-pl-item mkdf-item-space  post-7387 portfolio-item type-portfolio-item status-publish has-post-thumbnail hentry portfolio-category-design-despaces portfolio-category-mobiliers-dexception\" >\n\t<div class=\"mkdf-pl-item-inner\">\n\t\t<div class=\"mkdf-pli-image\">\n\t<a itemprop=\"url\" class=\"mkdf-pli-image-main\" href=\"https:\/\/www.aucoeurdelamain.fr\/index.php\/test1\/la-table-pour-le-centre-daffaires-wacano\/\" target=\"_self\">\n\t\t<img loading=\"lazy\" decoding=\"async\" width=\"650\" height=\"650\" src=\"https:\/\/www.aucoeurdelamain.fr\/wp-content\/uploads\/2025\/04\/IMG_6424-650x650.jpg\" class=\"attachment-dor_mikado_image_square size-dor_mikado_image_square wp-post-image\" alt=\"\" srcset=\"https:\/\/www.aucoeurdelamain.fr\/wp-content\/uploads\/2025\/04\/IMG_6424-650x650.jpg 650w, https:\/\/www.aucoeurdelamain.fr\/wp-content\/uploads\/2025\/04\/IMG_6424-150x150.jpg 150w, https:\/\/www.aucoeurdelamain.fr\/wp-content\/uploads\/2025\/04\/IMG_6424-450x450.jpg 450w, https:\/\/www.aucoeurdelamain.fr\/wp-content\/uploads\/2025\/04\/IMG_6424-300x300.jpg 300w, https:\/\/www.aucoeurdelamain.fr\/wp-content\/uploads\/2025\/04\/IMG_6424-100x100.jpg 100w\" sizes=\"(max-width: 650px) 100vw, 650px\" \/>\t<\/a>\n\t<\/div>\n<div class=\"mkdf-pli-text-holder\" >\n\t<div class=\"mkdf-pli-text-wrapper\">\n\t\t<div class=\"mkdf-pli-text\">\n\t\t\t\t<h5 itemprop=\"name\" class=\"mkdf-pli-title entry-title\" >\n\t\t<a itemprop=\"url\" href=\"https:\/\/www.aucoeurdelamain.fr\/index.php\/test1\/la-table-pour-le-centre-daffaires-wacano\/\" target=\"_self\">\n\t\t\tTable pour le centre d&#8217;affaires WACANO &#8211; Roissy Charles de Gaulle\t\t<\/a>\n\t<\/h5>\n\n\t\t\t\t\t<div class=\"mkdf-pli-category-holder\">\n\t\t\t\t\t\t\t<span class=\"mkdf-pli-category-outer\"><a itemprop=\"url\" class=\"mkdf-pli-category\" href=\"https:\/\/www.aucoeurdelamain.fr\/index.php\/portfolio-category\/design-despaces\/\">Design d&#039;Espaces<\/a><\/span>\n\t\t\t\t\t\t\t<span class=\"mkdf-pli-category-outer\"><a itemprop=\"url\" class=\"mkdf-pli-category\" href=\"https:\/\/www.aucoeurdelamain.fr\/index.php\/portfolio-category\/mobiliers-dexception\/\">Mobiliers d&#039;Exception<\/a><\/span>\n\t\t\t\t\t<\/div>\n\t\n\t\t\t\n\t\t\t\t\t<\/div>\n\t<\/div>\n<\/div>\n\t\t\t<\/div>\n<\/article>\n<article class=\"mkdf-pl-item mkdf-item-space  post-8073 portfolio-item type-portfolio-item status-publish has-post-thumbnail hentry portfolio-category-art-sacre portfolio-category-design-despaces\" >\n\t<div class=\"mkdf-pl-item-inner\">\n\t\t<div class=\"mkdf-pli-image\">\n\t<a itemprop=\"url\" class=\"mkdf-pli-image-main\" href=\"https:\/\/www.aucoeurdelamain.fr\/index.php\/test1\/eglise-saint-pierre-saint-paul-a-courbevoie-92\/\" target=\"_self\">\n\t\t<img loading=\"lazy\" decoding=\"async\" width=\"650\" height=\"650\" src=\"https:\/\/www.aucoeurdelamain.fr\/wp-content\/uploads\/2025\/04\/IMG_0334-650x650.jpg\" class=\"attachment-dor_mikado_image_square size-dor_mikado_image_square wp-post-image\" alt=\"\" srcset=\"https:\/\/www.aucoeurdelamain.fr\/wp-content\/uploads\/2025\/04\/IMG_0334-650x650.jpg 650w, https:\/\/www.aucoeurdelamain.fr\/wp-content\/uploads\/2025\/04\/IMG_0334-150x150.jpg 150w, https:\/\/www.aucoeurdelamain.fr\/wp-content\/uploads\/2025\/04\/IMG_0334-450x450.jpg 450w, https:\/\/www.aucoeurdelamain.fr\/wp-content\/uploads\/2025\/04\/IMG_0334-1300x1300.jpg 1300w, https:\/\/www.aucoeurdelamain.fr\/wp-content\/uploads\/2025\/04\/IMG_0334-300x300.jpg 300w, https:\/\/www.aucoeurdelamain.fr\/wp-content\/uploads\/2025\/04\/IMG_0334-100x100.jpg 100w\" sizes=\"(max-width: 650px) 100vw, 650px\" \/>\t<\/a>\n\t<\/div>\n<div class=\"mkdf-pli-text-holder\" >\n\t<div class=\"mkdf-pli-text-wrapper\">\n\t\t<div class=\"mkdf-pli-text\">\n\t\t\t\t<h5 itemprop=\"name\" class=\"mkdf-pli-title entry-title\" >\n\t\t<a itemprop=\"url\" href=\"https:\/\/www.aucoeurdelamain.fr\/index.php\/test1\/eglise-saint-pierre-saint-paul-a-courbevoie-92\/\" target=\"_self\">\n\t\t\tEglise Saint-Pierre-Saint-Paul \u00e0 Courbevoie (92)\t\t<\/a>\n\t<\/h5>\n\n\t\t\t\t\t<div class=\"mkdf-pli-category-holder\">\n\t\t\t\t\t\t\t<span class=\"mkdf-pli-category-outer\"><a itemprop=\"url\" class=\"mkdf-pli-category\" href=\"https:\/\/www.aucoeurdelamain.fr\/index.php\/portfolio-category\/art-sacre\/\">Art Sacr\u00e9<\/a><\/span>\n\t\t\t\t\t\t\t<span class=\"mkdf-pli-category-outer\"><a itemprop=\"url\" class=\"mkdf-pli-category\" href=\"https:\/\/www.aucoeurdelamain.fr\/index.php\/portfolio-category\/design-despaces\/\">Design d&#039;Espaces<\/a><\/span>\n\t\t\t\t\t<\/div>\n\t\n\t\t\t\n\t\t\t\t\t<\/div>\n\t<\/div>\n<\/div>\n\t\t\t<\/div>\n<\/article>\n<article class=\"mkdf-pl-item mkdf-item-space  post-9256 portfolio-item type-portfolio-item status-publish has-post-thumbnail hentry portfolio-category-art-sacre portfolio-category-design-despaces\" >\n\t<div class=\"mkdf-pl-item-inner\">\n\t\t<div class=\"mkdf-pli-image\">\n\t<a itemprop=\"url\" class=\"mkdf-pli-image-main\" href=\"https:\/\/www.aucoeurdelamain.fr\/index.php\/test1\/chapelle-de-lecole-et-du-college-saint-joseph-a-saint-cloud-92\/\" target=\"_self\">\n\t\t<img loading=\"lazy\" decoding=\"async\" width=\"650\" height=\"650\" src=\"https:\/\/www.aucoeurdelamain.fr\/wp-content\/uploads\/2025\/12\/615402111_10162353876804033_5634440928365807853_n-650x650.jpg\" class=\"attachment-dor_mikado_image_square size-dor_mikado_image_square wp-post-image\" alt=\"\" srcset=\"https:\/\/www.aucoeurdelamain.fr\/wp-content\/uploads\/2025\/12\/615402111_10162353876804033_5634440928365807853_n-650x650.jpg 650w, https:\/\/www.aucoeurdelamain.fr\/wp-content\/uploads\/2025\/12\/615402111_10162353876804033_5634440928365807853_n-150x150.jpg 150w, https:\/\/www.aucoeurdelamain.fr\/wp-content\/uploads\/2025\/12\/615402111_10162353876804033_5634440928365807853_n-450x450.jpg 450w, https:\/\/www.aucoeurdelamain.fr\/wp-content\/uploads\/2025\/12\/615402111_10162353876804033_5634440928365807853_n-1300x1300.jpg 1300w, https:\/\/www.aucoeurdelamain.fr\/wp-content\/uploads\/2025\/12\/615402111_10162353876804033_5634440928365807853_n-300x300.jpg 300w, https:\/\/www.aucoeurdelamain.fr\/wp-content\/uploads\/2025\/12\/615402111_10162353876804033_5634440928365807853_n-100x100.jpg 100w\" sizes=\"(max-width: 650px) 100vw, 650px\" \/>\t<\/a>\n\t<\/div>\n<div class=\"mkdf-pli-text-holder\" >\n\t<div class=\"mkdf-pli-text-wrapper\">\n\t\t<div class=\"mkdf-pli-text\">\n\t\t\t\t<h5 itemprop=\"name\" class=\"mkdf-pli-title entry-title\" >\n\t\t<a itemprop=\"url\" href=\"https:\/\/www.aucoeurdelamain.fr\/index.php\/test1\/chapelle-de-lecole-et-du-college-saint-joseph-a-saint-cloud-92\/\" target=\"_self\">\n\t\t\tChapelle de l&#8217;Ecole et du Coll\u00e8ge Saint-Joseph \u00e0 Saint-Cloud (92)\t\t<\/a>\n\t<\/h5>\n\n\t\t\t\t\t<div class=\"mkdf-pli-category-holder\">\n\t\t\t\t\t\t\t<span class=\"mkdf-pli-category-outer\"><a itemprop=\"url\" class=\"mkdf-pli-category\" href=\"https:\/\/www.aucoeurdelamain.fr\/index.php\/portfolio-category\/art-sacre\/\">Art Sacr\u00e9<\/a><\/span>\n\t\t\t\t\t\t\t<span class=\"mkdf-pli-category-outer\"><a itemprop=\"url\" class=\"mkdf-pli-category\" href=\"https:\/\/www.aucoeurdelamain.fr\/index.php\/portfolio-category\/design-despaces\/\">Design d&#039;Espaces<\/a><\/span>\n\t\t\t\t\t<\/div>\n\t\n\t\t\t\n\t\t\t\t\t<\/div>\n\t<\/div>\n<\/div>\n\t\t\t<\/div>\n<\/article>\t<\/div>\n\t\n\t<\/div>    <\/div>\n<\/div>\t\t\t\t<\/div>\n\t\t\t\t<\/div>\n\t\t\t\t\t<\/div>\n\t\t\t\t<\/div>\n\t\t<div class=\"elementor-element elementor-element-df0cd8c e-flex e-con-boxed wpr-particle-no wpr-jarallax-no wpr-parallax-no wpr-sticky-section-no wpr-equal-height-no e-con e-parent\" data-id=\"df0cd8c\" data-element_type=\"container\" data-e-type=\"container\">\n\t\t\t\t\t<div class=\"e-con-inner\">\n\t\t\t\t<div class=\"elementor-element elementor-element-4708ec1 elementor-widget elementor-widget-video\" data-id=\"4708ec1\" data-element_type=\"widget\" data-e-type=\"widget\" data-settings=\"{&quot;youtube_url&quot;:&quot;https:\\\/\\\/www.youtube.com\\\/watch?v=3cwqy4ioCrA&quot;,&quot;video_type&quot;:&quot;youtube&quot;,&quot;controls&quot;:&quot;yes&quot;}\" data-widget_type=\"video.default\">\n\t\t\t\t<div class=\"elementor-widget-container\">\n\t\t\t\t\t\t\t<div class=\"elementor-wrapper elementor-open-inline\">\n\t\t\t<div class=\"elementor-video\"><\/div>\t\t<\/div>\n\t\t\t\t\t\t<\/div>\n\t\t\t\t<\/div>\n\t\t\t\t\t<\/div>\n\t\t\t\t<\/div>\n\t\t\t\t<\/div>\n\t\t","protected":false},"excerpt":{"rendered":"<p>Cr\u00e9ation et r\u00e9alisation de mobiliers d&#8217;Exception depuis 2011 Mobilier d\u2019exception \u2013 L\u2019art de cr\u00e9er l\u2019unique \u00a0 Chaque cr\u00e9ation na\u00eet d\u2019un dialogue entre la mati\u00e8re et la main, entre l\u2019intuition du dessin et la rigueur du geste. Nos pi\u00e8ces de mobilier sont fa\u00e7onn\u00e9es comme des sculptures d\u2019usage, \u00e0 la crois\u00e9e de<\/p>\n","protected":false},"author":3,"featured_media":0,"parent":0,"menu_order":0,"comment_status":"closed","ping_status":"closed","template":"","meta":{"footnotes":""},"class_list":["post-6733","page","type-page","status-publish","hentry"],"jetpack_sharing_enabled":true,"_links":{"self":[{"href":"https:\/\/www.aucoeurdelamain.fr\/index.php\/wp-json\/wp\/v2\/pages\/6733","targetHints":{"allow":["GET"]}}],"collection":[{"href":"https:\/\/www.aucoeurdelamain.fr\/index.php\/wp-json\/wp\/v2\/pages"}],"about":[{"href":"https:\/\/www.aucoeurdelamain.fr\/index.php\/wp-json\/wp\/v2\/types\/page"}],"author":[{"embeddable":true,"href":"https:\/\/www.aucoeurdelamain.fr\/index.php\/wp-json\/wp\/v2\/users\/3"}],"replies":[{"embeddable":true,"href":"https:\/\/www.aucoeurdelamain.fr\/index.php\/wp-json\/wp\/v2\/comments?post=6733"}],"version-history":[{"count":22,"href":"https:\/\/www.aucoeurdelamain.fr\/index.php\/wp-json\/wp\/v2\/pages\/6733\/revisions"}],"predecessor-version":[{"id":9474,"href":"https:\/\/www.aucoeurdelamain.fr\/index.php\/wp-json\/wp\/v2\/pages\/6733\/revisions\/9474"}],"wp:attachment":[{"href":"https:\/\/www.aucoeurdelamain.fr\/index.php\/wp-json\/wp\/v2\/media?parent=6733"}],"curies":[{"name":"wp","href":"https:\/\/api.w.org\/{rel}","templated":true}]}}