{"id":6354,"date":"2025-04-10T15:53:48","date_gmt":"2025-04-10T13:53:48","guid":{"rendered":"https:\/\/www.aucoeurdelamain.fr\/?page_id=6354"},"modified":"2025-05-26T15:21:11","modified_gmt":"2025-05-26T13:21:11","slug":"elementor-page-6354","status":"publish","type":"page","link":"https:\/\/www.aucoeurdelamain.fr\/index.php\/elementor-page-6354\/","title":{"rendered":"News"},"content":{"rendered":"\t\t<div data-elementor-type=\"wp-page\" data-elementor-id=\"6354\" class=\"elementor elementor-6354\">\n\t\t\t\t<div class=\"elementor-element elementor-element-19b5056 e-grid e-con-boxed wpr-particle-no wpr-jarallax-no wpr-parallax-no wpr-sticky-section-no wpr-equal-height-no e-con e-parent\" data-id=\"19b5056\" data-element_type=\"container\" data-e-type=\"container\">\n\t\t\t\t\t<div class=\"e-con-inner\">\n\t\t\t\t<div class=\"elementor-element elementor-element-fbd1b1f wpr-grid-columns-3 wpr-grid-columns--tablet2 wpr-grid-columns--mobile1 wpr-grid-pagination-center wpr-item-styles-inner elementor-widget elementor-widget-wpr-grid\" data-id=\"fbd1b1f\" data-element_type=\"widget\" data-e-type=\"widget\" data-widget_type=\"wpr-grid.default\">\n\t\t\t\t<div class=\"elementor-widget-container\">\n\t\t\t\t\t<ul class=\"wpr-grid-filters elementor-clearfix wpr-grid-filters-sep-right\"><li class=\" wpr-pointer-none wpr-pointer-line-fx wpr-pointer-fx-none\"><span  data-filter=\"*\" class=\"wpr-grid-filters-item wpr-active-filter \">Toutes les news<\/span><em class=\"wpr-grid-filters-sep\"><\/em><\/li><li class=\" wpr-pointer-none wpr-pointer-line-fx wpr-pointer-fx-none\"><span   data-ajax-filter=[\"category\",\"dernieres-news-des-evenements-a-venir\"]  data-filter=\".category-dernieres-news-des-evenements-a-venir\">Mobilier d&#039;exception<\/span><em class=\"wpr-grid-filters-sep\"><\/em><\/li><li class=\" wpr-pointer-none wpr-pointer-line-fx wpr-pointer-fx-none\"><span   data-ajax-filter=[\"category\",\"evenements\"]  data-filter=\".category-evenements\">Ev\u00e8nements<\/span><em class=\"wpr-grid-filters-sep\"><\/em><\/li><li class=\" wpr-pointer-none wpr-pointer-line-fx wpr-pointer-fx-none\"><span   data-ajax-filter=[\"category\",\"exposition\"]  data-filter=\".category-exposition\">exposition<\/span><em class=\"wpr-grid-filters-sep\"><\/em><\/li><li class=\" wpr-pointer-none wpr-pointer-line-fx wpr-pointer-fx-none\"><span   data-ajax-filter=[\"category\",\"art-sacre\"]  data-filter=\".category-art-sacre\">Art Sacr\u00e9<\/span><em class=\"wpr-grid-filters-sep\"><\/em><\/li><li class=\" wpr-pointer-none wpr-pointer-line-fx wpr-pointer-fx-none\"><span   data-ajax-filter=[\"category\",\"presse\"]  data-filter=\".category-presse\">Presse<\/span><em class=\"wpr-grid-filters-sep\"><\/em><\/li><\/ul><section class=\"wpr-grid elementor-clearfix\" data-settings=\"{&quot;layout&quot;:&quot;fitRows&quot;,&quot;stick_last_element_to_bottom&quot;:&quot;&quot;,&quot;columns_desktop&quot;:3,&quot;gutter_hr&quot;:15,&quot;gutter_hr_mobile&quot;:15,&quot;gutter_hr_mobile_extra&quot;:15,&quot;gutter_hr_tablet&quot;:15,&quot;gutter_hr_tablet_extra&quot;:15,&quot;gutter_hr_laptop&quot;:15,&quot;gutter_hr_widescreen&quot;:15,&quot;gutter_vr&quot;:15,&quot;gutter_vr_mobile&quot;:15,&quot;gutter_vr_mobile_extra&quot;:15,&quot;gutter_vr_tablet&quot;:15,&quot;gutter_vr_tablet_extra&quot;:15,&quot;gutter_vr_laptop&quot;:15,&quot;gutter_vr_widescreen&quot;:15,&quot;animation&quot;:&quot;default&quot;,&quot;animation_duration&quot;:0.3,&quot;animation_delay&quot;:0.1,&quot;deeplinking&quot;:&quot;&quot;,&quot;filters_linkable&quot;:&quot;no&quot;,&quot;filters_default_filter&quot;:&quot;&quot;,&quot;filters_count&quot;:&quot;&quot;,&quot;filters_hide_empty&quot;:&quot;no&quot;,&quot;filters_animation&quot;:&quot;default&quot;,&quot;filters_animation_duration&quot;:0.3,&quot;filters_animation_delay&quot;:0.1,&quot;pagination_type&quot;:&quot;load-more&quot;,&quot;pagination_max_pages&quot;:3,&quot;lightbox&quot;:{&quot;selector&quot;:&quot;.wpr-grid-image-wrap&quot;,&quot;iframeMaxWidth&quot;:&quot;60%&quot;,&quot;hash&quot;:false,&quot;autoplay&quot;:&quot;true&quot;,&quot;pause&quot;:5000,&quot;progressBar&quot;:&quot;true&quot;,&quot;counter&quot;:&quot;true&quot;,&quot;controls&quot;:&quot;true&quot;,&quot;getCaptionFromTitleOrAlt&quot;:&quot;true&quot;,&quot;thumbnail&quot;:&quot;&quot;,&quot;showThumbByDefault&quot;:&quot;&quot;,&quot;share&quot;:&quot;&quot;,&quot;zoom&quot;:&quot;true&quot;,&quot;fullScreen&quot;:&quot;true&quot;,&quot;download&quot;:&quot;true&quot;}}\" data-advanced-filters=\"no\"><article class=\"wpr-grid-item elementor-clearfix post-8894 post type-post status-publish format-standard has-post-thumbnail hentry category-evenements category-presse\"><div class=\"wpr-grid-item-inner\"><div class=\"wpr-grid-media-wrap wpr-effect-size-medium \" data-overlay-link=\"yes\"><div class=\"wpr-grid-image-wrap\" data-src=\"https:\/\/www.aucoeurdelamain.fr\/wp-content\/uploads\/2025\/06\/dsc-9607-scaled-1-2048x1366.jpg\" data-img-on-hover=\"\"  data-src-secondary=\"\"><img decoding=\"async\" data-no-lazy=\"1\" src=\"https:\/\/www.aucoeurdelamain.fr\/wp-content\/uploads\/2025\/06\/dsc-9607-scaled-1-2048x1366.jpg\" alt=\"Bruno de Maistre, parrain de l&#8217;\u00e9dition 2025 du label &#8220;Artisan de Tourisme&#8221;\" class=\"wpr-anim-timing-ease-default\"><\/div><div class=\"wpr-grid-media-hover wpr-animation-wrap\"><div class=\"wpr-grid-media-hover-bg  wpr-overlay-fade-in wpr-anim-size-large wpr-anim-timing-ease-default wpr-anim-transparency\" data-url=\"https:\/\/www.aucoeurdelamain.fr\/index.php\/2025\/06\/04\/bruno-de-maistre-parrain-de-ledition-2025-du-label-artisan-de-tourisme\/\"><\/div><\/div><\/div><div class=\"wpr-grid-item-below-content elementor-clearfix\"><h2 class=\"wpr-grid-item-title elementor-repeater-item-351980f wpr-grid-item-display-block wpr-grid-item-align-left wpr-pointer-none wpr-pointer-line-fx wpr-pointer-fx-fade\"><div class=\"inner-block\"><a target=\"_self\"  href=\"https:\/\/www.aucoeurdelamain.fr\/index.php\/2025\/06\/04\/bruno-de-maistre-parrain-de-ledition-2025-du-label-artisan-de-tourisme\/\">Bruno de Maistre, parrain de l&#8217;\u00e9dition 2025 du label &#8220;Artisan de Tourisme&#8221;<\/a><\/div><\/h2><div class=\"wpr-grid-item-date elementor-repeater-item-226c5fd wpr-grid-item-display-inline wpr-grid-item-align-left\"><div class=\"inner-block\"><span>4 juin 2025<span class=\"wpr-grid-extra-text-right\">\/<\/span><\/span><\/div><\/div><div class=\"wpr-grid-item-read-more elementor-repeater-item-7371583 wpr-grid-item-display-block wpr-grid-item-align-left\"><div class=\"inner-block\"><a target=\"_self\" href=\"https:\/\/www.aucoeurdelamain.fr\/index.php\/2025\/06\/04\/bruno-de-maistre-parrain-de-ledition-2025-du-label-artisan-de-tourisme\/\" class=\"wpr-button-effect wpr-button-none\"><span>Read More<\/span><\/a><\/div><\/div><\/div><\/div><\/article><article class=\"wpr-grid-item elementor-clearfix post-8826 post type-post status-publish format-standard has-post-thumbnail hentry category-non-classe category-presse\"><div class=\"wpr-grid-item-inner\"><div class=\"wpr-grid-media-wrap wpr-effect-size-medium \" data-overlay-link=\"yes\"><div class=\"wpr-grid-image-wrap\" data-src=\"https:\/\/www.aucoeurdelamain.fr\/wp-content\/uploads\/2025\/05\/49b79d44-236f-449d-b822-c5e63878fdcc.jpg\" data-img-on-hover=\"\"  data-src-secondary=\"\"><img decoding=\"async\" data-no-lazy=\"1\" src=\"https:\/\/www.aucoeurdelamain.fr\/wp-content\/uploads\/2025\/05\/49b79d44-236f-449d-b822-c5e63878fdcc.jpg\" alt=\"Podcast avec la Fondation Remy Cointreau\" class=\"wpr-anim-timing-ease-default\"><\/div><div class=\"wpr-grid-media-hover wpr-animation-wrap\"><div class=\"wpr-grid-media-hover-bg  wpr-overlay-fade-in wpr-anim-size-large wpr-anim-timing-ease-default wpr-anim-transparency\" data-url=\"https:\/\/www.aucoeurdelamain.fr\/index.php\/2025\/05\/21\/podcast-avec-la-fondation-remy-cointreau\/\"><\/div><\/div><\/div><div class=\"wpr-grid-item-below-content elementor-clearfix\"><h2 class=\"wpr-grid-item-title elementor-repeater-item-351980f wpr-grid-item-display-block wpr-grid-item-align-left wpr-pointer-none wpr-pointer-line-fx wpr-pointer-fx-fade\"><div class=\"inner-block\"><a target=\"_self\"  href=\"https:\/\/www.aucoeurdelamain.fr\/index.php\/2025\/05\/21\/podcast-avec-la-fondation-remy-cointreau\/\">Podcast avec la Fondation Remy Cointreau<\/a><\/div><\/h2><div class=\"wpr-grid-item-date elementor-repeater-item-226c5fd wpr-grid-item-display-inline wpr-grid-item-align-left\"><div class=\"inner-block\"><span>21 mai 2025<span class=\"wpr-grid-extra-text-right\">\/<\/span><\/span><\/div><\/div><div class=\"wpr-grid-item-read-more elementor-repeater-item-7371583 wpr-grid-item-display-block wpr-grid-item-align-left\"><div class=\"inner-block\"><a target=\"_self\" href=\"https:\/\/www.aucoeurdelamain.fr\/index.php\/2025\/05\/21\/podcast-avec-la-fondation-remy-cointreau\/\" class=\"wpr-button-effect wpr-button-none\"><span>Read More<\/span><\/a><\/div><\/div><\/div><\/div><\/article><article class=\"wpr-grid-item elementor-clearfix post-8798 post type-post status-publish format-standard has-post-thumbnail hentry category-dernieres-news-des-evenements-a-venir\"><div class=\"wpr-grid-item-inner\"><div class=\"wpr-grid-media-wrap wpr-effect-size-medium \" data-overlay-link=\"yes\"><div class=\"wpr-grid-image-wrap\" data-src=\"https:\/\/www.aucoeurdelamain.fr\/wp-content\/uploads\/2025\/05\/WhatsApp-Image-2025-03-20-a-10.38.12_bb01c52c-1536x2048.jpg\" data-img-on-hover=\"\"  data-src-secondary=\"\"><img decoding=\"async\" data-no-lazy=\"1\" src=\"https:\/\/www.aucoeurdelamain.fr\/wp-content\/uploads\/2025\/05\/WhatsApp-Image-2025-03-20-a-10.38.12_bb01c52c-1536x2048.jpg\" alt=\"Le coffret en \u00e9b\u00e8ne de macassar\" class=\"wpr-anim-timing-ease-default\"><\/div><div class=\"wpr-grid-media-hover wpr-animation-wrap\"><div class=\"wpr-grid-media-hover-bg  wpr-overlay-fade-in wpr-anim-size-large wpr-anim-timing-ease-default wpr-anim-transparency\" data-url=\"https:\/\/www.aucoeurdelamain.fr\/index.php\/2025\/05\/21\/le-coffret-en-ebene-de-macassar\/\"><\/div><\/div><\/div><div class=\"wpr-grid-item-below-content elementor-clearfix\"><h2 class=\"wpr-grid-item-title elementor-repeater-item-351980f wpr-grid-item-display-block wpr-grid-item-align-left wpr-pointer-none wpr-pointer-line-fx wpr-pointer-fx-fade\"><div class=\"inner-block\"><a target=\"_self\"  href=\"https:\/\/www.aucoeurdelamain.fr\/index.php\/2025\/05\/21\/le-coffret-en-ebene-de-macassar\/\">Le coffret en \u00e9b\u00e8ne de macassar<\/a><\/div><\/h2><div class=\"wpr-grid-item-date elementor-repeater-item-226c5fd wpr-grid-item-display-inline wpr-grid-item-align-left\"><div class=\"inner-block\"><span>21 mai 2025<span class=\"wpr-grid-extra-text-right\">\/<\/span><\/span><\/div><\/div><div class=\"wpr-grid-item-read-more elementor-repeater-item-7371583 wpr-grid-item-display-block wpr-grid-item-align-left\"><div class=\"inner-block\"><a target=\"_self\" href=\"https:\/\/www.aucoeurdelamain.fr\/index.php\/2025\/05\/21\/le-coffret-en-ebene-de-macassar\/\" class=\"wpr-button-effect wpr-button-none\"><span>Read More<\/span><\/a><\/div><\/div><\/div><\/div><\/article><article class=\"wpr-grid-item elementor-clearfix post-8777 post type-post status-publish format-standard has-post-thumbnail hentry category-evenements category-exposition\"><div class=\"wpr-grid-item-inner\"><div class=\"wpr-grid-media-wrap wpr-effect-size-medium \" data-overlay-link=\"yes\"><div class=\"wpr-grid-image-wrap\" data-src=\"https:\/\/www.aucoeurdelamain.fr\/wp-content\/uploads\/2025\/05\/WhatsApp-Image-2025-05-20-a-20.08.45_437657ef.jpg\" data-img-on-hover=\"\"  data-src-secondary=\"\"><img decoding=\"async\" data-no-lazy=\"1\" src=\"https:\/\/www.aucoeurdelamain.fr\/wp-content\/uploads\/2025\/05\/WhatsApp-Image-2025-05-20-a-20.08.45_437657ef.jpg\" alt=\"Salon R\u00e9v\u00e9lations\" class=\"wpr-anim-timing-ease-default\"><\/div><div class=\"wpr-grid-media-hover wpr-animation-wrap\"><div class=\"wpr-grid-media-hover-bg  wpr-overlay-fade-in wpr-anim-size-large wpr-anim-timing-ease-default wpr-anim-transparency\" data-url=\"https:\/\/www.aucoeurdelamain.fr\/index.php\/2025\/05\/21\/salon-revelation\/\"><\/div><\/div><\/div><div class=\"wpr-grid-item-below-content elementor-clearfix\"><h2 class=\"wpr-grid-item-title elementor-repeater-item-351980f wpr-grid-item-display-block wpr-grid-item-align-left wpr-pointer-none wpr-pointer-line-fx wpr-pointer-fx-fade\"><div class=\"inner-block\"><a target=\"_self\"  href=\"https:\/\/www.aucoeurdelamain.fr\/index.php\/2025\/05\/21\/salon-revelation\/\">Salon R\u00e9v\u00e9lations<\/a><\/div><\/h2><div class=\"wpr-grid-item-date elementor-repeater-item-226c5fd wpr-grid-item-display-inline wpr-grid-item-align-left\"><div class=\"inner-block\"><span>21 mai 2025<span class=\"wpr-grid-extra-text-right\">\/<\/span><\/span><\/div><\/div><div class=\"wpr-grid-item-read-more elementor-repeater-item-7371583 wpr-grid-item-display-block wpr-grid-item-align-left\"><div class=\"inner-block\"><a target=\"_self\" href=\"https:\/\/www.aucoeurdelamain.fr\/index.php\/2025\/05\/21\/salon-revelation\/\" class=\"wpr-button-effect wpr-button-none\"><span>Read More<\/span><\/a><\/div><\/div><\/div><\/div><\/article><article class=\"wpr-grid-item elementor-clearfix post-8768 post type-post status-publish format-standard has-post-thumbnail hentry category-art-sacre\"><div class=\"wpr-grid-item-inner\"><div class=\"wpr-grid-media-wrap wpr-effect-size-medium \" data-overlay-link=\"yes\"><div class=\"wpr-grid-image-wrap\" data-src=\"https:\/\/www.aucoeurdelamain.fr\/wp-content\/uploads\/2025\/05\/WhatsApp-Image-2025-06-25-a-23.00.05_7ae7dbff.jpg\" data-img-on-hover=\"\"  data-src-secondary=\"\"><img decoding=\"async\" data-no-lazy=\"1\" src=\"https:\/\/www.aucoeurdelamain.fr\/wp-content\/uploads\/2025\/05\/WhatsApp-Image-2025-06-25-a-23.00.05_7ae7dbff.jpg\" alt=\"Saint-Pierre-Saint-Paul\u00a0\u00e0\u00a0Courbevoie\" class=\"wpr-anim-timing-ease-default\"><\/div><div class=\"wpr-grid-media-hover wpr-animation-wrap\"><div class=\"wpr-grid-media-hover-bg  wpr-overlay-fade-in wpr-anim-size-large wpr-anim-timing-ease-default wpr-anim-transparency\" data-url=\"https:\/\/www.aucoeurdelamain.fr\/index.php\/2025\/05\/21\/saint-pierre-saint-paul-a-courbevoie\/\"><\/div><\/div><\/div><div class=\"wpr-grid-item-below-content elementor-clearfix\"><h2 class=\"wpr-grid-item-title elementor-repeater-item-351980f wpr-grid-item-display-block wpr-grid-item-align-left wpr-pointer-none wpr-pointer-line-fx wpr-pointer-fx-fade\"><div class=\"inner-block\"><a target=\"_self\"  href=\"https:\/\/www.aucoeurdelamain.fr\/index.php\/2025\/05\/21\/saint-pierre-saint-paul-a-courbevoie\/\">Saint-Pierre-Saint-Paul\u00a0\u00e0\u00a0Courbevoie<\/a><\/div><\/h2><div class=\"wpr-grid-item-date elementor-repeater-item-226c5fd wpr-grid-item-display-inline wpr-grid-item-align-left\"><div class=\"inner-block\"><span>21 mai 2025<span class=\"wpr-grid-extra-text-right\">\/<\/span><\/span><\/div><\/div><div class=\"wpr-grid-item-read-more elementor-repeater-item-7371583 wpr-grid-item-display-block wpr-grid-item-align-left\"><div class=\"inner-block\"><a target=\"_self\" href=\"https:\/\/www.aucoeurdelamain.fr\/index.php\/2025\/05\/21\/saint-pierre-saint-paul-a-courbevoie\/\" class=\"wpr-button-effect wpr-button-none\"><span>Read More<\/span><\/a><\/div><\/div><\/div><\/div><\/article><article class=\"wpr-grid-item elementor-clearfix post-8727 post type-post status-publish format-standard has-post-thumbnail hentry category-art-sacre category-dernieres-news-des-evenements-a-venir\"><div class=\"wpr-grid-item-inner\"><div class=\"wpr-grid-media-wrap wpr-effect-size-medium \" data-overlay-link=\"yes\"><div class=\"wpr-grid-image-wrap\" data-src=\"https:\/\/www.aucoeurdelamain.fr\/wp-content\/uploads\/2025\/05\/WhatsApp-Image-2025-05-20-a-20.06.09_5056d946.jpg\" data-img-on-hover=\"\"  data-src-secondary=\"\"><img decoding=\"async\" data-no-lazy=\"1\" src=\"https:\/\/www.aucoeurdelamain.fr\/wp-content\/uploads\/2025\/05\/WhatsApp-Image-2025-05-20-a-20.06.09_5056d946.jpg\" alt=\"La Table Trinit\u00e9\" class=\"wpr-anim-timing-ease-default\"><\/div><div class=\"wpr-grid-media-hover wpr-animation-wrap\"><div class=\"wpr-grid-media-hover-bg  wpr-overlay-fade-in wpr-anim-size-large wpr-anim-timing-ease-default wpr-anim-transparency\" data-url=\"https:\/\/www.aucoeurdelamain.fr\/index.php\/2025\/05\/21\/la-table-trinite\/\"><\/div><\/div><\/div><div class=\"wpr-grid-item-below-content elementor-clearfix\"><h2 class=\"wpr-grid-item-title elementor-repeater-item-351980f wpr-grid-item-display-block wpr-grid-item-align-left wpr-pointer-none wpr-pointer-line-fx wpr-pointer-fx-fade\"><div class=\"inner-block\"><a target=\"_self\"  href=\"https:\/\/www.aucoeurdelamain.fr\/index.php\/2025\/05\/21\/la-table-trinite\/\">La Table Trinit\u00e9<\/a><\/div><\/h2><div class=\"wpr-grid-item-date elementor-repeater-item-226c5fd wpr-grid-item-display-inline wpr-grid-item-align-left\"><div class=\"inner-block\"><span>21 mai 2025<span class=\"wpr-grid-extra-text-right\">\/<\/span><\/span><\/div><\/div><div class=\"wpr-grid-item-read-more elementor-repeater-item-7371583 wpr-grid-item-display-block wpr-grid-item-align-left\"><div class=\"inner-block\"><a target=\"_self\" href=\"https:\/\/www.aucoeurdelamain.fr\/index.php\/2025\/05\/21\/la-table-trinite\/\" class=\"wpr-button-effect wpr-button-none\"><span>Read More<\/span><\/a><\/div><\/div><\/div><\/div><\/article><article class=\"wpr-grid-item elementor-clearfix post-8700 post type-post status-publish format-standard has-post-thumbnail hentry category-evenements\"><div class=\"wpr-grid-item-inner\"><div class=\"wpr-grid-media-wrap wpr-effect-size-medium \" data-overlay-link=\"yes\"><div class=\"wpr-grid-image-wrap\" data-src=\"https:\/\/www.aucoeurdelamain.fr\/wp-content\/uploads\/2025\/05\/WhatsApp-Image-2025-05-20-a-20.04.18_5d66d4f5.jpg\" data-img-on-hover=\"\"  data-src-secondary=\"\"><img decoding=\"async\" data-no-lazy=\"1\" src=\"https:\/\/www.aucoeurdelamain.fr\/wp-content\/uploads\/2025\/05\/WhatsApp-Image-2025-05-20-a-20.04.18_5d66d4f5.jpg\" alt=\"&#8220;Chaque geste transmis est une \u00e9tincelle d\u2019\u00e9ternit\u00e9, un pont entre les g\u00e9n\u00e9rations.&#8221;\" class=\"wpr-anim-timing-ease-default\"><\/div><div class=\"wpr-grid-media-hover wpr-animation-wrap\"><div class=\"wpr-grid-media-hover-bg  wpr-overlay-fade-in wpr-anim-size-large wpr-anim-timing-ease-default wpr-anim-transparency\" data-url=\"https:\/\/www.aucoeurdelamain.fr\/index.php\/2025\/05\/21\/chaque-geste-transmis-est-une-etincelle-deternite-un-pont-entre-les-generations\/\"><\/div><\/div><\/div><div class=\"wpr-grid-item-below-content elementor-clearfix\"><h2 class=\"wpr-grid-item-title elementor-repeater-item-351980f wpr-grid-item-display-block wpr-grid-item-align-left wpr-pointer-none wpr-pointer-line-fx wpr-pointer-fx-fade\"><div class=\"inner-block\"><a target=\"_self\"  href=\"https:\/\/www.aucoeurdelamain.fr\/index.php\/2025\/05\/21\/chaque-geste-transmis-est-une-etincelle-deternite-un-pont-entre-les-generations\/\">&#8220;Chaque geste transmis est une \u00e9tincelle d\u2019\u00e9ternit\u00e9, un pont entre les g\u00e9n\u00e9rations.&#8221;<\/a><\/div><\/h2><div class=\"wpr-grid-item-date elementor-repeater-item-226c5fd wpr-grid-item-display-inline wpr-grid-item-align-left\"><div class=\"inner-block\"><span>21 mai 2025<span class=\"wpr-grid-extra-text-right\">\/<\/span><\/span><\/div><\/div><div class=\"wpr-grid-item-read-more elementor-repeater-item-7371583 wpr-grid-item-display-block wpr-grid-item-align-left\"><div class=\"inner-block\"><a target=\"_self\" href=\"https:\/\/www.aucoeurdelamain.fr\/index.php\/2025\/05\/21\/chaque-geste-transmis-est-une-etincelle-deternite-un-pont-entre-les-generations\/\" class=\"wpr-button-effect wpr-button-none\"><span>Read More<\/span><\/a><\/div><\/div><\/div><\/div><\/article><article class=\"wpr-grid-item elementor-clearfix post-8619 post type-post status-publish format-standard has-post-thumbnail hentry category-art-sacre category-presse\"><div class=\"wpr-grid-item-inner\"><div class=\"wpr-grid-media-wrap wpr-effect-size-medium \" data-overlay-link=\"yes\"><div class=\"wpr-grid-image-wrap\" data-src=\"https:\/\/www.aucoeurdelamain.fr\/wp-content\/uploads\/2025\/05\/WhatsApp-Image-2025-05-20-a-19.47.50_0e544b47.jpg\" data-img-on-hover=\"\"  data-src-secondary=\"\"><img decoding=\"async\" data-no-lazy=\"1\" src=\"https:\/\/www.aucoeurdelamain.fr\/wp-content\/uploads\/2025\/05\/WhatsApp-Image-2025-05-20-a-19.47.50_0e544b47.jpg\" alt=\"&#8220;B\u00e2tisseurs&#8221; (Chantier du Cardinal) : Artisans d&#8217;Art Sacr\u00e9, transmettre la foi ou les savoir-faire?\" class=\"wpr-anim-timing-ease-default\"><\/div><div class=\"wpr-grid-media-hover wpr-animation-wrap\"><div class=\"wpr-grid-media-hover-bg  wpr-overlay-fade-in wpr-anim-size-large wpr-anim-timing-ease-default wpr-anim-transparency\" data-url=\"https:\/\/www.aucoeurdelamain.fr\/index.php\/2025\/05\/21\/batisseurs-chantier-du-cardinal-artisans-dart-sacre-transmettre-la-foi-ou-les-savoir-faire\/\"><\/div><\/div><\/div><div class=\"wpr-grid-item-below-content elementor-clearfix\"><h2 class=\"wpr-grid-item-title elementor-repeater-item-351980f wpr-grid-item-display-block wpr-grid-item-align-left wpr-pointer-none wpr-pointer-line-fx wpr-pointer-fx-fade\"><div class=\"inner-block\"><a target=\"_self\"  href=\"https:\/\/www.aucoeurdelamain.fr\/index.php\/2025\/05\/21\/batisseurs-chantier-du-cardinal-artisans-dart-sacre-transmettre-la-foi-ou-les-savoir-faire\/\">&#8220;B\u00e2tisseurs&#8221; (Chantier du Cardinal) : Artisans d&#8217;Art Sacr\u00e9, transmettre la foi ou les savoir-faire?<\/a><\/div><\/h2><div class=\"wpr-grid-item-date elementor-repeater-item-226c5fd wpr-grid-item-display-inline wpr-grid-item-align-left\"><div class=\"inner-block\"><span>21 mai 2025<span class=\"wpr-grid-extra-text-right\">\/<\/span><\/span><\/div><\/div><div class=\"wpr-grid-item-read-more elementor-repeater-item-7371583 wpr-grid-item-display-block wpr-grid-item-align-left\"><div class=\"inner-block\"><a target=\"_self\" href=\"https:\/\/www.aucoeurdelamain.fr\/index.php\/2025\/05\/21\/batisseurs-chantier-du-cardinal-artisans-dart-sacre-transmettre-la-foi-ou-les-savoir-faire\/\" class=\"wpr-button-effect wpr-button-none\"><span>Read More<\/span><\/a><\/div><\/div><\/div><\/div><\/article><article class=\"wpr-grid-item elementor-clearfix post-4740 post type-post status-publish format-gallery has-post-thumbnail hentry category-dernieres-news-des-evenements-a-venir post_format-post-format-gallery\"><div class=\"wpr-grid-item-inner\"><div class=\"wpr-grid-media-wrap wpr-effect-size-medium \" data-overlay-link=\"yes\"><div class=\"wpr-grid-image-wrap\" data-src=\"https:\/\/www.aucoeurdelamain.fr\/wp-content\/uploads\/2022\/03\/IMG_2915.jpg\" data-img-on-hover=\"\"  data-src-secondary=\"\"><img decoding=\"async\" data-no-lazy=\"1\" src=\"https:\/\/www.aucoeurdelamain.fr\/wp-content\/uploads\/2022\/03\/IMG_2915.jpg\" alt=\"Entr\u00e9es dans les Collections du Mobilier National des Modules Hexagones &#038; Papillon (d\u00e9c 2024)\" class=\"wpr-anim-timing-ease-default\"><\/div><div class=\"wpr-grid-media-hover wpr-animation-wrap\"><div class=\"wpr-grid-media-hover-bg  wpr-overlay-fade-in wpr-anim-size-large wpr-anim-timing-ease-default wpr-anim-transparency\" data-url=\"https:\/\/www.aucoeurdelamain.fr\/index.php\/2025\/01\/13\/entrees-dans-les-collections-du-mobilier-national-des-modules-hexagones-papillon-dec-2024\/\"><\/div><\/div><\/div><div class=\"wpr-grid-item-below-content elementor-clearfix\"><h2 class=\"wpr-grid-item-title elementor-repeater-item-351980f wpr-grid-item-display-block wpr-grid-item-align-left wpr-pointer-none wpr-pointer-line-fx wpr-pointer-fx-fade\"><div class=\"inner-block\"><a target=\"_self\"  href=\"https:\/\/www.aucoeurdelamain.fr\/index.php\/2025\/01\/13\/entrees-dans-les-collections-du-mobilier-national-des-modules-hexagones-papillon-dec-2024\/\">Entr\u00e9es dans les Collections du Mobilier National des Modules Hexagones &#038; Papillon (d\u00e9c 2024)<\/a><\/div><\/h2><div class=\"wpr-grid-item-date elementor-repeater-item-226c5fd wpr-grid-item-display-inline wpr-grid-item-align-left\"><div class=\"inner-block\"><span>13 janvier 2025<span class=\"wpr-grid-extra-text-right\">\/<\/span><\/span><\/div><\/div><div class=\"wpr-grid-item-read-more elementor-repeater-item-7371583 wpr-grid-item-display-block wpr-grid-item-align-left\"><div class=\"inner-block\"><a target=\"_self\" href=\"https:\/\/www.aucoeurdelamain.fr\/index.php\/2025\/01\/13\/entrees-dans-les-collections-du-mobilier-national-des-modules-hexagones-papillon-dec-2024\/\" class=\"wpr-button-effect wpr-button-none\"><span>Read More<\/span><\/a><\/div><\/div><\/div><\/div><\/article><article class=\"wpr-grid-item elementor-clearfix post-4743 post type-post status-publish format-gallery has-post-thumbnail hentry category-dernieres-news-des-evenements-a-venir category-presse post_format-post-format-gallery\"><div class=\"wpr-grid-item-inner\"><div class=\"wpr-grid-media-wrap wpr-effect-size-medium \" data-overlay-link=\"yes\"><div class=\"wpr-grid-image-wrap\" data-src=\"https:\/\/www.aucoeurdelamain.fr\/wp-content\/uploads\/2025\/01\/FF-679_Decembre-2024-extrait-dossier-pdf.jpg\" data-img-on-hover=\"\"  data-src-secondary=\"\"><img decoding=\"async\" data-no-lazy=\"1\" src=\"https:\/\/www.aucoeurdelamain.fr\/wp-content\/uploads\/2025\/01\/FF-679_Decembre-2024-extrait-dossier-pdf.jpg\" alt=\"&#8220;Allier tradition et modernit\u00e9&#8221; France et For\u00eats (Nov-d\u00e9c 2024)\" class=\"wpr-anim-timing-ease-default\"><\/div><div class=\"wpr-grid-media-hover wpr-animation-wrap\"><div class=\"wpr-grid-media-hover-bg  wpr-overlay-fade-in wpr-anim-size-large wpr-anim-timing-ease-default wpr-anim-transparency\" data-url=\"https:\/\/www.aucoeurdelamain.fr\/index.php\/2024\/11\/13\/allier-tradition-et-modernite-france-et-forets-nov-dec-2024\/\"><\/div><\/div><\/div><div class=\"wpr-grid-item-below-content elementor-clearfix\"><h2 class=\"wpr-grid-item-title elementor-repeater-item-351980f wpr-grid-item-display-block wpr-grid-item-align-left wpr-pointer-none wpr-pointer-line-fx wpr-pointer-fx-fade\"><div class=\"inner-block\"><a target=\"_self\"  href=\"https:\/\/www.aucoeurdelamain.fr\/index.php\/2024\/11\/13\/allier-tradition-et-modernite-france-et-forets-nov-dec-2024\/\">&#8220;Allier tradition et modernit\u00e9&#8221; France et For\u00eats (Nov-d\u00e9c 2024)<\/a><\/div><\/h2><div class=\"wpr-grid-item-date elementor-repeater-item-226c5fd wpr-grid-item-display-inline wpr-grid-item-align-left\"><div class=\"inner-block\"><span>13 novembre 2024<span class=\"wpr-grid-extra-text-right\">\/<\/span><\/span><\/div><\/div><div class=\"wpr-grid-item-read-more elementor-repeater-item-7371583 wpr-grid-item-display-block wpr-grid-item-align-left\"><div class=\"inner-block\"><a target=\"_self\" href=\"https:\/\/www.aucoeurdelamain.fr\/index.php\/2024\/11\/13\/allier-tradition-et-modernite-france-et-forets-nov-dec-2024\/\" class=\"wpr-button-effect wpr-button-none\"><span>Read More<\/span><\/a><\/div><\/div><\/div><\/div><\/article><article class=\"wpr-grid-item elementor-clearfix post-8220 post type-post status-publish format-standard has-post-thumbnail hentry category-art-sacre\"><div class=\"wpr-grid-item-inner\"><div class=\"wpr-grid-media-wrap wpr-effect-size-medium \" data-overlay-link=\"yes\"><div class=\"wpr-grid-image-wrap\" data-src=\"https:\/\/www.aucoeurdelamain.fr\/wp-content\/uploads\/2025\/04\/IMG_3264-1536x2048.jpg\" data-img-on-hover=\"\"  data-src-secondary=\"\"><img decoding=\"async\" data-no-lazy=\"1\" src=\"https:\/\/www.aucoeurdelamain.fr\/wp-content\/uploads\/2025\/04\/IMG_3264-1536x2048.jpg\" alt=\"&#8220;Un nouvel autel pour l\u2019\u00e9glise Saint-Jacques de Lyon !&#8221; ALETEIA &#8211; 9 janvier 2024\" class=\"wpr-anim-timing-ease-default\"><\/div><div class=\"wpr-grid-media-hover wpr-animation-wrap\"><div class=\"wpr-grid-media-hover-bg  wpr-overlay-fade-in wpr-anim-size-large wpr-anim-timing-ease-default wpr-anim-transparency\" data-url=\"https:\/\/www.aucoeurdelamain.fr\/index.php\/2024\/01\/09\/un-nouvel-autel-pour-leglise-saint-jacques-de-lyon-aleteia-9-janvier-2024\/\"><\/div><\/div><\/div><div class=\"wpr-grid-item-below-content elementor-clearfix\"><h2 class=\"wpr-grid-item-title elementor-repeater-item-351980f wpr-grid-item-display-block wpr-grid-item-align-left wpr-pointer-none wpr-pointer-line-fx wpr-pointer-fx-fade\"><div class=\"inner-block\"><a target=\"_self\"  href=\"https:\/\/www.aucoeurdelamain.fr\/index.php\/2024\/01\/09\/un-nouvel-autel-pour-leglise-saint-jacques-de-lyon-aleteia-9-janvier-2024\/\">&#8220;Un nouvel autel pour l\u2019\u00e9glise Saint-Jacques de Lyon !&#8221; ALETEIA &#8211; 9 janvier 2024<\/a><\/div><\/h2><div class=\"wpr-grid-item-date elementor-repeater-item-226c5fd wpr-grid-item-display-inline wpr-grid-item-align-left\"><div class=\"inner-block\"><span>9 janvier 2024<span class=\"wpr-grid-extra-text-right\">\/<\/span><\/span><\/div><\/div><div class=\"wpr-grid-item-read-more elementor-repeater-item-7371583 wpr-grid-item-display-block wpr-grid-item-align-left\"><div class=\"inner-block\"><a target=\"_self\" href=\"https:\/\/www.aucoeurdelamain.fr\/index.php\/2024\/01\/09\/un-nouvel-autel-pour-leglise-saint-jacques-de-lyon-aleteia-9-janvier-2024\/\" class=\"wpr-button-effect wpr-button-none\"><span>Read More<\/span><\/a><\/div><\/div><\/div><\/div><\/article><article class=\"wpr-grid-item elementor-clearfix post-8334 post type-post status-publish format-standard has-post-thumbnail hentry category-art-sacre category-dernieres-news-des-evenements-a-venir\"><div class=\"wpr-grid-item-inner\"><div class=\"wpr-grid-media-wrap wpr-effect-size-medium \" data-overlay-link=\"yes\"><div class=\"wpr-grid-image-wrap\" data-src=\"https:\/\/www.aucoeurdelamain.fr\/wp-content\/uploads\/2023\/11\/IMG_2411-rotated-1.jpg\" data-img-on-hover=\"\"  data-src-secondary=\"\"><img decoding=\"async\" data-no-lazy=\"1\" src=\"https:\/\/www.aucoeurdelamain.fr\/wp-content\/uploads\/2023\/11\/IMG_2411-rotated-1.jpg\" alt=\"Remise de la m\u00e9daille de l\u2019Excellence Artisanale (sept 2023)\" class=\"wpr-anim-timing-ease-default\"><\/div><div class=\"wpr-grid-media-hover wpr-animation-wrap\"><div class=\"wpr-grid-media-hover-bg  wpr-overlay-fade-in wpr-anim-size-large wpr-anim-timing-ease-default wpr-anim-transparency\" data-url=\"https:\/\/www.aucoeurdelamain.fr\/index.php\/2023\/11\/07\/remise-de-la-medaille-de-lexcellence-artisanale-sept-2023\/\"><\/div><\/div><\/div><div class=\"wpr-grid-item-below-content elementor-clearfix\"><h2 class=\"wpr-grid-item-title elementor-repeater-item-351980f wpr-grid-item-display-block wpr-grid-item-align-left wpr-pointer-none wpr-pointer-line-fx wpr-pointer-fx-fade\"><div class=\"inner-block\"><a target=\"_self\"  href=\"https:\/\/www.aucoeurdelamain.fr\/index.php\/2023\/11\/07\/remise-de-la-medaille-de-lexcellence-artisanale-sept-2023\/\">Remise de la m\u00e9daille de l\u2019Excellence Artisanale (sept 2023)<\/a><\/div><\/h2><div class=\"wpr-grid-item-date elementor-repeater-item-226c5fd wpr-grid-item-display-inline wpr-grid-item-align-left\"><div class=\"inner-block\"><span>7 novembre 2023<span class=\"wpr-grid-extra-text-right\">\/<\/span><\/span><\/div><\/div><div class=\"wpr-grid-item-read-more elementor-repeater-item-7371583 wpr-grid-item-display-block wpr-grid-item-align-left\"><div class=\"inner-block\"><a target=\"_self\" href=\"https:\/\/www.aucoeurdelamain.fr\/index.php\/2023\/11\/07\/remise-de-la-medaille-de-lexcellence-artisanale-sept-2023\/\" class=\"wpr-button-effect wpr-button-none\"><span>Read More<\/span><\/a><\/div><\/div><\/div><\/div><\/article><article class=\"wpr-grid-item elementor-clearfix post-8300 post type-post status-publish format-standard has-post-thumbnail hentry category-art-sacre category-dernieres-news-des-evenements-a-venir\"><div class=\"wpr-grid-item-inner\"><div class=\"wpr-grid-media-wrap wpr-effect-size-medium \" data-overlay-link=\"yes\"><div class=\"wpr-grid-image-wrap\" data-src=\"https:\/\/www.aucoeurdelamain.fr\/wp-content\/uploads\/2023\/11\/IMG_6089-scaled-1-1536x2048.jpg\" data-img-on-hover=\"\"  data-src-secondary=\"\"><img decoding=\"async\" data-no-lazy=\"1\" src=\"https:\/\/www.aucoeurdelamain.fr\/wp-content\/uploads\/2023\/11\/IMG_6089-scaled-1-1536x2048.jpg\" alt=\"Label Artisan du Tourisme \u2013 CMA IDF (juin 2023)\" class=\"wpr-anim-timing-ease-default\"><\/div><div class=\"wpr-grid-media-hover wpr-animation-wrap\"><div class=\"wpr-grid-media-hover-bg  wpr-overlay-fade-in wpr-anim-size-large wpr-anim-timing-ease-default wpr-anim-transparency\" data-url=\"https:\/\/www.aucoeurdelamain.fr\/index.php\/2023\/11\/07\/label-artisan-du-tourisme-cma-idf-juin-2023-2\/\"><\/div><\/div><\/div><div class=\"wpr-grid-item-below-content elementor-clearfix\"><h2 class=\"wpr-grid-item-title elementor-repeater-item-351980f wpr-grid-item-display-block wpr-grid-item-align-left wpr-pointer-none wpr-pointer-line-fx wpr-pointer-fx-fade\"><div class=\"inner-block\"><a target=\"_self\"  href=\"https:\/\/www.aucoeurdelamain.fr\/index.php\/2023\/11\/07\/label-artisan-du-tourisme-cma-idf-juin-2023-2\/\">Label Artisan du Tourisme \u2013 CMA IDF (juin 2023)<\/a><\/div><\/h2><div class=\"wpr-grid-item-date elementor-repeater-item-226c5fd wpr-grid-item-display-inline wpr-grid-item-align-left\"><div class=\"inner-block\"><span>7 novembre 2023<span class=\"wpr-grid-extra-text-right\">\/<\/span><\/span><\/div><\/div><div class=\"wpr-grid-item-read-more elementor-repeater-item-7371583 wpr-grid-item-display-block wpr-grid-item-align-left\"><div class=\"inner-block\"><a target=\"_self\" href=\"https:\/\/www.aucoeurdelamain.fr\/index.php\/2023\/11\/07\/label-artisan-du-tourisme-cma-idf-juin-2023-2\/\" class=\"wpr-button-effect wpr-button-none\"><span>Read More<\/span><\/a><\/div><\/div><\/div><\/div><\/article><article class=\"wpr-grid-item elementor-clearfix post-8146 post type-post status-publish format-standard has-post-thumbnail hentry category-art-sacre\"><div class=\"wpr-grid-item-inner\"><div class=\"wpr-grid-media-wrap wpr-effect-size-medium \" data-overlay-link=\"yes\"><div class=\"wpr-grid-image-wrap\" data-src=\"https:\/\/www.aucoeurdelamain.fr\/wp-content\/uploads\/2025\/04\/IMG_3240-1536x2048.jpg\" data-img-on-hover=\"\"  data-src-secondary=\"\"><img decoding=\"async\" data-no-lazy=\"1\" src=\"https:\/\/www.aucoeurdelamain.fr\/wp-content\/uploads\/2025\/04\/IMG_3240-1536x2048.jpg\" alt=\"&#8220;Le feu du c\u0153ur du Christ et de l\u2019Esprit-Saint nous br\u00fblent et nous envoient en mission&#8221; 7 janvier 2024 &#8211; Dioc\u00e8se de Lyon\" class=\"wpr-anim-timing-ease-default\"><\/div><div class=\"wpr-grid-media-hover wpr-animation-wrap\"><div class=\"wpr-grid-media-hover-bg  wpr-overlay-fade-in wpr-anim-size-large wpr-anim-timing-ease-default wpr-anim-transparency\" data-url=\"https:\/\/www.aucoeurdelamain.fr\/index.php\/2023\/04\/28\/le-feu-du-coeur-du-christ-et-de-lesprit-saint-nous-brulent-et-nous-envoient-en-mission-7-janvier-2024-diocese-de-lyon\/\"><\/div><\/div><\/div><div class=\"wpr-grid-item-below-content elementor-clearfix\"><h2 class=\"wpr-grid-item-title elementor-repeater-item-351980f wpr-grid-item-display-block wpr-grid-item-align-left wpr-pointer-none wpr-pointer-line-fx wpr-pointer-fx-fade\"><div class=\"inner-block\"><a target=\"_self\"  href=\"https:\/\/www.aucoeurdelamain.fr\/index.php\/2023\/04\/28\/le-feu-du-coeur-du-christ-et-de-lesprit-saint-nous-brulent-et-nous-envoient-en-mission-7-janvier-2024-diocese-de-lyon\/\">&#8220;Le feu du c\u0153ur du Christ et de l\u2019Esprit-Saint nous br\u00fblent et nous envoient en mission&#8221; 7 janvier 2024 &#8211;\u2026<\/a><\/div><\/h2><div class=\"wpr-grid-item-date elementor-repeater-item-226c5fd wpr-grid-item-display-inline wpr-grid-item-align-left\"><div class=\"inner-block\"><span>28 avril 2023<span class=\"wpr-grid-extra-text-right\">\/<\/span><\/span><\/div><\/div><div class=\"wpr-grid-item-read-more elementor-repeater-item-7371583 wpr-grid-item-display-block wpr-grid-item-align-left\"><div class=\"inner-block\"><a target=\"_self\" href=\"https:\/\/www.aucoeurdelamain.fr\/index.php\/2023\/04\/28\/le-feu-du-coeur-du-christ-et-de-lesprit-saint-nous-brulent-et-nous-envoient-en-mission-7-janvier-2024-diocese-de-lyon\/\" class=\"wpr-button-effect wpr-button-none\"><span>Read More<\/span><\/a><\/div><\/div><\/div><\/div><\/article><article class=\"wpr-grid-item elementor-clearfix post-8151 post type-post status-publish format-standard has-post-thumbnail hentry category-art-sacre\"><div class=\"wpr-grid-item-inner\"><div class=\"wpr-grid-media-wrap wpr-effect-size-medium \" data-overlay-link=\"yes\"><div class=\"wpr-grid-image-wrap\" data-src=\"https:\/\/www.aucoeurdelamain.fr\/wp-content\/uploads\/2025\/04\/vitrail-colombe-1-1536x2048.jpg\" data-img-on-hover=\"\"  data-src-secondary=\"\"><img decoding=\"async\" data-no-lazy=\"1\" src=\"https:\/\/www.aucoeurdelamain.fr\/wp-content\/uploads\/2025\/04\/vitrail-colombe-1-1536x2048.jpg\" alt=\"&#8220;Le Mobilier de Dieu&#8221; par le Dioc\u00e8se de Paris (Mars 2023)\" class=\"wpr-anim-timing-ease-default\"><\/div><div class=\"wpr-grid-media-hover wpr-animation-wrap\"><div class=\"wpr-grid-media-hover-bg  wpr-overlay-fade-in wpr-anim-size-large wpr-anim-timing-ease-default wpr-anim-transparency\" data-url=\"https:\/\/www.aucoeurdelamain.fr\/index.php\/2023\/04\/18\/le-mobilier-de-dieu-par-le-diocese-de-paris-mars-2023\/\"><\/div><\/div><\/div><div class=\"wpr-grid-item-below-content elementor-clearfix\"><h2 class=\"wpr-grid-item-title elementor-repeater-item-351980f wpr-grid-item-display-block wpr-grid-item-align-left wpr-pointer-none wpr-pointer-line-fx wpr-pointer-fx-fade\"><div class=\"inner-block\"><a target=\"_self\"  href=\"https:\/\/www.aucoeurdelamain.fr\/index.php\/2023\/04\/18\/le-mobilier-de-dieu-par-le-diocese-de-paris-mars-2023\/\">&#8220;Le Mobilier de Dieu&#8221; par le Dioc\u00e8se de Paris (Mars 2023)<\/a><\/div><\/h2><div class=\"wpr-grid-item-date elementor-repeater-item-226c5fd wpr-grid-item-display-inline wpr-grid-item-align-left\"><div class=\"inner-block\"><span>18 avril 2023<span class=\"wpr-grid-extra-text-right\">\/<\/span><\/span><\/div><\/div><div class=\"wpr-grid-item-read-more elementor-repeater-item-7371583 wpr-grid-item-display-block wpr-grid-item-align-left\"><div class=\"inner-block\"><a target=\"_self\" href=\"https:\/\/www.aucoeurdelamain.fr\/index.php\/2023\/04\/18\/le-mobilier-de-dieu-par-le-diocese-de-paris-mars-2023\/\" class=\"wpr-button-effect wpr-button-none\"><span>Read More<\/span><\/a><\/div><\/div><\/div><\/div><\/article><article class=\"wpr-grid-item elementor-clearfix post-8131 post type-post status-publish format-standard has-post-thumbnail hentry category-art-sacre category-presse\"><div class=\"wpr-grid-item-inner\"><div class=\"wpr-grid-media-wrap wpr-effect-size-medium \" data-overlay-link=\"yes\"><div class=\"wpr-grid-image-wrap\" data-src=\"https:\/\/www.aucoeurdelamain.fr\/wp-content\/uploads\/2025\/04\/IMG_6448-1536x2048.jpg\" data-img-on-hover=\"\"  data-src-secondary=\"\"><img decoding=\"async\" data-no-lazy=\"1\" src=\"https:\/\/www.aucoeurdelamain.fr\/wp-content\/uploads\/2025\/04\/IMG_6448-1536x2048.jpg\" alt=\"&#8220;Faire exprimer la volont\u00e9 pastorale&#8221; La Croix, 14 avril 2023\" class=\"wpr-anim-timing-ease-default\"><\/div><div class=\"wpr-grid-media-hover wpr-animation-wrap\"><div class=\"wpr-grid-media-hover-bg  wpr-overlay-fade-in wpr-anim-size-large wpr-anim-timing-ease-default wpr-anim-transparency\" data-url=\"https:\/\/www.aucoeurdelamain.fr\/index.php\/2023\/04\/18\/faire-exprimer-la-volonte-pastorale-la-croix-14-avril-2023\/\"><\/div><\/div><\/div><div class=\"wpr-grid-item-below-content elementor-clearfix\"><h2 class=\"wpr-grid-item-title elementor-repeater-item-351980f wpr-grid-item-display-block wpr-grid-item-align-left wpr-pointer-none wpr-pointer-line-fx wpr-pointer-fx-fade\"><div class=\"inner-block\"><a target=\"_self\"  href=\"https:\/\/www.aucoeurdelamain.fr\/index.php\/2023\/04\/18\/faire-exprimer-la-volonte-pastorale-la-croix-14-avril-2023\/\">&#8220;Faire exprimer la volont\u00e9 pastorale&#8221; La Croix, 14 avril 2023<\/a><\/div><\/h2><div class=\"wpr-grid-item-date elementor-repeater-item-226c5fd wpr-grid-item-display-inline wpr-grid-item-align-left\"><div class=\"inner-block\"><span>18 avril 2023<span class=\"wpr-grid-extra-text-right\">\/<\/span><\/span><\/div><\/div><div class=\"wpr-grid-item-read-more elementor-repeater-item-7371583 wpr-grid-item-display-block wpr-grid-item-align-left\"><div class=\"inner-block\"><a target=\"_self\" href=\"https:\/\/www.aucoeurdelamain.fr\/index.php\/2023\/04\/18\/faire-exprimer-la-volonte-pastorale-la-croix-14-avril-2023\/\" class=\"wpr-button-effect wpr-button-none\"><span>Read More<\/span><\/a><\/div><\/div><\/div><\/div><\/article><article class=\"wpr-grid-item elementor-clearfix post-8292 post type-post status-publish format-standard has-post-thumbnail hentry category-art-sacre\"><div class=\"wpr-grid-item-inner\"><div class=\"wpr-grid-media-wrap wpr-effect-size-medium \" data-overlay-link=\"yes\"><div class=\"wpr-grid-image-wrap\" data-src=\"https:\/\/www.aucoeurdelamain.fr\/wp-content\/uploads\/2025\/04\/IMG_2833-scaled-1-1536x2048.jpg\" data-img-on-hover=\"\"  data-src-secondary=\"\"><img decoding=\"async\" data-no-lazy=\"1\" src=\"https:\/\/www.aucoeurdelamain.fr\/wp-content\/uploads\/2025\/04\/IMG_2833-scaled-1-1536x2048.jpg\" alt=\"Journ\u00e9es Europ\u00e9ennes des M\u00e9tiers d&#8217;Art 2023 : Sublimer le quotidien (avril 2023)\" class=\"wpr-anim-timing-ease-default\"><\/div><div class=\"wpr-grid-media-hover wpr-animation-wrap\"><div class=\"wpr-grid-media-hover-bg  wpr-overlay-fade-in wpr-anim-size-large wpr-anim-timing-ease-default wpr-anim-transparency\" data-url=\"https:\/\/www.aucoeurdelamain.fr\/index.php\/2023\/04\/18\/journees-europeennes-des-metiers-dart-2023-sublimer-le-quotidien-avril-2023\/\"><\/div><\/div><\/div><div class=\"wpr-grid-item-below-content elementor-clearfix\"><h2 class=\"wpr-grid-item-title elementor-repeater-item-351980f wpr-grid-item-display-block wpr-grid-item-align-left wpr-pointer-none wpr-pointer-line-fx wpr-pointer-fx-fade\"><div class=\"inner-block\"><a target=\"_self\"  href=\"https:\/\/www.aucoeurdelamain.fr\/index.php\/2023\/04\/18\/journees-europeennes-des-metiers-dart-2023-sublimer-le-quotidien-avril-2023\/\">Journ\u00e9es Europ\u00e9ennes des M\u00e9tiers d&#8217;Art 2023 : Sublimer le quotidien (avril 2023)<\/a><\/div><\/h2><div class=\"wpr-grid-item-date elementor-repeater-item-226c5fd wpr-grid-item-display-inline wpr-grid-item-align-left\"><div class=\"inner-block\"><span>18 avril 2023<span class=\"wpr-grid-extra-text-right\">\/<\/span><\/span><\/div><\/div><div class=\"wpr-grid-item-read-more elementor-repeater-item-7371583 wpr-grid-item-display-block wpr-grid-item-align-left\"><div class=\"inner-block\"><a target=\"_self\" href=\"https:\/\/www.aucoeurdelamain.fr\/index.php\/2023\/04\/18\/journees-europeennes-des-metiers-dart-2023-sublimer-le-quotidien-avril-2023\/\" class=\"wpr-button-effect wpr-button-none\"><span>Read More<\/span><\/a><\/div><\/div><\/div><\/div><\/article><article class=\"wpr-grid-item elementor-clearfix post-8277 post type-post status-publish format-standard has-post-thumbnail hentry category-art-sacre\"><div class=\"wpr-grid-item-inner\"><div class=\"wpr-grid-media-wrap wpr-effect-size-medium \" data-overlay-link=\"yes\"><div class=\"wpr-grid-image-wrap\" data-src=\"https:\/\/www.aucoeurdelamain.fr\/wp-content\/uploads\/2025\/04\/IMG_1497-1536x2048.jpg\" data-img-on-hover=\"\"  data-src-secondary=\"\"><img decoding=\"async\" data-no-lazy=\"1\" src=\"https:\/\/www.aucoeurdelamain.fr\/wp-content\/uploads\/2025\/04\/IMG_1497-1536x2048.jpg\" alt=\"Cr\u00e9ation de 6 vitraux en verres de couleurs pour la chapelle de la Charit\u00e9 \u00e0 Clichy (92) &#8211; Avril 2023\" class=\"wpr-anim-timing-ease-default\"><\/div><div class=\"wpr-grid-media-hover wpr-animation-wrap\"><div class=\"wpr-grid-media-hover-bg  wpr-overlay-fade-in wpr-anim-size-large wpr-anim-timing-ease-default wpr-anim-transparency\" data-url=\"https:\/\/www.aucoeurdelamain.fr\/index.php\/2023\/04\/18\/creation-de-6-vitraux-en-verres-de-couleurs-pour-la-chapelle-de-la-charite-a-clichy-92-avril-2023\/\"><\/div><\/div><\/div><div class=\"wpr-grid-item-below-content elementor-clearfix\"><h2 class=\"wpr-grid-item-title elementor-repeater-item-351980f wpr-grid-item-display-block wpr-grid-item-align-left wpr-pointer-none wpr-pointer-line-fx wpr-pointer-fx-fade\"><div class=\"inner-block\"><a target=\"_self\"  href=\"https:\/\/www.aucoeurdelamain.fr\/index.php\/2023\/04\/18\/creation-de-6-vitraux-en-verres-de-couleurs-pour-la-chapelle-de-la-charite-a-clichy-92-avril-2023\/\">Cr\u00e9ation de 6 vitraux en verres de couleurs pour la chapelle de la Charit\u00e9 \u00e0 Clichy (92) &#8211; Avril 2023<\/a><\/div><\/h2><div class=\"wpr-grid-item-date elementor-repeater-item-226c5fd wpr-grid-item-display-inline wpr-grid-item-align-left\"><div class=\"inner-block\"><span>18 avril 2023<span class=\"wpr-grid-extra-text-right\">\/<\/span><\/span><\/div><\/div><div class=\"wpr-grid-item-read-more elementor-repeater-item-7371583 wpr-grid-item-display-block wpr-grid-item-align-left\"><div class=\"inner-block\"><a target=\"_self\" href=\"https:\/\/www.aucoeurdelamain.fr\/index.php\/2023\/04\/18\/creation-de-6-vitraux-en-verres-de-couleurs-pour-la-chapelle-de-la-charite-a-clichy-92-avril-2023\/\" class=\"wpr-button-effect wpr-button-none\"><span>Read More<\/span><\/a><\/div><\/div><\/div><\/div><\/article><article class=\"wpr-grid-item elementor-clearfix post-4608 post type-post status-publish format-gallery has-post-thumbnail hentry category-dernieres-news-des-evenements-a-venir category-presse post_format-post-format-gallery\"><div class=\"wpr-grid-item-inner\"><div class=\"wpr-grid-media-wrap wpr-effect-size-medium \" data-overlay-link=\"yes\"><div class=\"wpr-grid-image-wrap\" data-src=\"https:\/\/www.aucoeurdelamain.fr\/wp-content\/uploads\/2023\/04\/001_CI28-scaled-1-1586x2048.jpg\" data-img-on-hover=\"\"  data-src-secondary=\"\"><img decoding=\"async\" data-no-lazy=\"1\" src=\"https:\/\/www.aucoeurdelamain.fr\/wp-content\/uploads\/2023\/04\/001_CI28-scaled-1-1586x2048.jpg\" alt=\"Chasses Internationales, Les Ateliers BdM (f\u00e9vrier 2023)\" class=\"wpr-anim-timing-ease-default\"><\/div><div class=\"wpr-grid-media-hover wpr-animation-wrap\"><div class=\"wpr-grid-media-hover-bg  wpr-overlay-fade-in wpr-anim-size-large wpr-anim-timing-ease-default wpr-anim-transparency\" data-url=\"https:\/\/www.aucoeurdelamain.fr\/index.php\/2023\/04\/18\/chasses-internationales-les-ateliers-bdm-fevrier-2022\/\"><\/div><\/div><\/div><div class=\"wpr-grid-item-below-content elementor-clearfix\"><h2 class=\"wpr-grid-item-title elementor-repeater-item-351980f wpr-grid-item-display-block wpr-grid-item-align-left wpr-pointer-none wpr-pointer-line-fx wpr-pointer-fx-fade\"><div class=\"inner-block\"><a target=\"_self\"  href=\"https:\/\/www.aucoeurdelamain.fr\/index.php\/2023\/04\/18\/chasses-internationales-les-ateliers-bdm-fevrier-2022\/\">Chasses Internationales, Les Ateliers BdM (f\u00e9vrier 2023)<\/a><\/div><\/h2><div class=\"wpr-grid-item-date elementor-repeater-item-226c5fd wpr-grid-item-display-inline wpr-grid-item-align-left\"><div class=\"inner-block\"><span>18 avril 2023<span class=\"wpr-grid-extra-text-right\">\/<\/span><\/span><\/div><\/div><div class=\"wpr-grid-item-read-more elementor-repeater-item-7371583 wpr-grid-item-display-block wpr-grid-item-align-left\"><div class=\"inner-block\"><a target=\"_self\" href=\"https:\/\/www.aucoeurdelamain.fr\/index.php\/2023\/04\/18\/chasses-internationales-les-ateliers-bdm-fevrier-2022\/\" class=\"wpr-button-effect wpr-button-none\"><span>Read More<\/span><\/a><\/div><\/div><\/div><\/div><\/article><article class=\"wpr-grid-item elementor-clearfix post-4602 post type-post status-publish format-gallery has-post-thumbnail hentry category-dernieres-news-des-evenements-a-venir post_format-post-format-gallery\"><div class=\"wpr-grid-item-inner\"><div class=\"wpr-grid-media-wrap wpr-effect-size-medium \" data-overlay-link=\"yes\"><div class=\"wpr-grid-image-wrap\" data-src=\"https:\/\/www.aucoeurdelamain.fr\/wp-content\/uploads\/2022\/10\/IMG_5825-scaled-1-1536x2048.jpg\" data-img-on-hover=\"\"  data-src-secondary=\"\"><img decoding=\"async\" data-no-lazy=\"1\" src=\"https:\/\/www.aucoeurdelamain.fr\/wp-content\/uploads\/2022\/10\/IMG_5825-scaled-1-1536x2048.jpg\" alt=\"Un bureau con\u00e7u pour l&#8217;Elys\u00e9e ? Les Nouvelles (mars 2022)\" class=\"wpr-anim-timing-ease-default\"><\/div><div class=\"wpr-grid-media-hover wpr-animation-wrap\"><div class=\"wpr-grid-media-hover-bg  wpr-overlay-fade-in wpr-anim-size-large wpr-anim-timing-ease-default wpr-anim-transparency\" data-url=\"https:\/\/www.aucoeurdelamain.fr\/index.php\/2023\/04\/04\/4602-2\/\"><\/div><\/div><\/div><div class=\"wpr-grid-item-below-content elementor-clearfix\"><h2 class=\"wpr-grid-item-title elementor-repeater-item-351980f wpr-grid-item-display-block wpr-grid-item-align-left wpr-pointer-none wpr-pointer-line-fx wpr-pointer-fx-fade\"><div class=\"inner-block\"><a target=\"_self\"  href=\"https:\/\/www.aucoeurdelamain.fr\/index.php\/2023\/04\/04\/4602-2\/\">Un bureau con\u00e7u pour l&#8217;Elys\u00e9e ? Les Nouvelles (mars 2022)<\/a><\/div><\/h2><div class=\"wpr-grid-item-date elementor-repeater-item-226c5fd wpr-grid-item-display-inline wpr-grid-item-align-left\"><div class=\"inner-block\"><span>4 avril 2023<span class=\"wpr-grid-extra-text-right\">\/<\/span><\/span><\/div><\/div><div class=\"wpr-grid-item-read-more elementor-repeater-item-7371583 wpr-grid-item-display-block wpr-grid-item-align-left\"><div class=\"inner-block\"><a target=\"_self\" href=\"https:\/\/www.aucoeurdelamain.fr\/index.php\/2023\/04\/04\/4602-2\/\" class=\"wpr-button-effect wpr-button-none\"><span>Read More<\/span><\/a><\/div><\/div><\/div><\/div><\/article><article class=\"wpr-grid-item elementor-clearfix post-4578 post type-post status-publish format-gallery has-post-thumbnail hentry category-dernieres-news-des-evenements-a-venir post_format-post-format-gallery\"><div class=\"wpr-grid-item-inner\"><div class=\"wpr-grid-media-wrap wpr-effect-size-medium \" data-overlay-link=\"yes\"><div class=\"wpr-grid-image-wrap\" data-src=\"https:\/\/www.aucoeurdelamain.fr\/wp-content\/uploads\/2023\/03\/D313CC76-455D-40E0-AAEB-5D92CF9F79CE-1.jpg\" data-img-on-hover=\"\"  data-src-secondary=\"\"><img decoding=\"async\" data-no-lazy=\"1\" src=\"https:\/\/www.aucoeurdelamain.fr\/wp-content\/uploads\/2023\/03\/D313CC76-455D-40E0-AAEB-5D92CF9F79CE-1.jpg\" alt=\"JEMA 2023 : Sublimer le quotidien (avril 2023)\" class=\"wpr-anim-timing-ease-default\"><\/div><div class=\"wpr-grid-media-hover wpr-animation-wrap\"><div class=\"wpr-grid-media-hover-bg  wpr-overlay-fade-in wpr-anim-size-large wpr-anim-timing-ease-default wpr-anim-transparency\" data-url=\"https:\/\/www.aucoeurdelamain.fr\/index.php\/2023\/03\/29\/jema-2023-sublimer-le-quotidien\/\"><\/div><\/div><\/div><div class=\"wpr-grid-item-below-content elementor-clearfix\"><h2 class=\"wpr-grid-item-title elementor-repeater-item-351980f wpr-grid-item-display-block wpr-grid-item-align-left wpr-pointer-none wpr-pointer-line-fx wpr-pointer-fx-fade\"><div class=\"inner-block\"><a target=\"_self\"  href=\"https:\/\/www.aucoeurdelamain.fr\/index.php\/2023\/03\/29\/jema-2023-sublimer-le-quotidien\/\">JEMA 2023 : Sublimer le quotidien (avril 2023)<\/a><\/div><\/h2><div class=\"wpr-grid-item-date elementor-repeater-item-226c5fd wpr-grid-item-display-inline wpr-grid-item-align-left\"><div class=\"inner-block\"><span>29 mars 2023<span class=\"wpr-grid-extra-text-right\">\/<\/span><\/span><\/div><\/div><div class=\"wpr-grid-item-read-more elementor-repeater-item-7371583 wpr-grid-item-display-block wpr-grid-item-align-left\"><div class=\"inner-block\"><a target=\"_self\" href=\"https:\/\/www.aucoeurdelamain.fr\/index.php\/2023\/03\/29\/jema-2023-sublimer-le-quotidien\/\" class=\"wpr-button-effect wpr-button-none\"><span>Read More<\/span><\/a><\/div><\/div><\/div><\/div><\/article><article class=\"wpr-grid-item elementor-clearfix post-4573 post type-post status-publish format-gallery has-post-thumbnail hentry category-dernieres-news-des-evenements-a-venir post_format-post-format-gallery\"><div class=\"wpr-grid-item-inner\"><div class=\"wpr-grid-media-wrap wpr-effect-size-medium \" data-overlay-link=\"yes\"><div class=\"wpr-grid-image-wrap\" data-src=\"https:\/\/www.aucoeurdelamain.fr\/wp-content\/uploads\/2023\/03\/A525818E-3808-4629-A7C7-B3975910E4F6.jpg\" data-img-on-hover=\"\"  data-src-secondary=\"\"><img decoding=\"async\" data-no-lazy=\"1\" src=\"https:\/\/www.aucoeurdelamain.fr\/wp-content\/uploads\/2023\/03\/A525818E-3808-4629-A7C7-B3975910E4F6.jpg\" alt=\"De l&#8217;or dans les Mains, coll\u00e8ge de S\u00e8vres (27 mars 2023)\" class=\"wpr-anim-timing-ease-default\"><\/div><div class=\"wpr-grid-media-hover wpr-animation-wrap\"><div class=\"wpr-grid-media-hover-bg  wpr-overlay-fade-in wpr-anim-size-large wpr-anim-timing-ease-default wpr-anim-transparency\" data-url=\"https:\/\/www.aucoeurdelamain.fr\/index.php\/2023\/03\/29\/de-lor-dans-les-mains-college-de-sevres-27-mars-2023\/\"><\/div><\/div><\/div><div class=\"wpr-grid-item-below-content elementor-clearfix\"><h2 class=\"wpr-grid-item-title elementor-repeater-item-351980f wpr-grid-item-display-block wpr-grid-item-align-left wpr-pointer-none wpr-pointer-line-fx wpr-pointer-fx-fade\"><div class=\"inner-block\"><a target=\"_self\"  href=\"https:\/\/www.aucoeurdelamain.fr\/index.php\/2023\/03\/29\/de-lor-dans-les-mains-college-de-sevres-27-mars-2023\/\">De l&#8217;or dans les Mains, coll\u00e8ge de S\u00e8vres (27 mars 2023)<\/a><\/div><\/h2><div class=\"wpr-grid-item-date elementor-repeater-item-226c5fd wpr-grid-item-display-inline wpr-grid-item-align-left\"><div class=\"inner-block\"><span>29 mars 2023<span class=\"wpr-grid-extra-text-right\">\/<\/span><\/span><\/div><\/div><div class=\"wpr-grid-item-read-more elementor-repeater-item-7371583 wpr-grid-item-display-block wpr-grid-item-align-left\"><div class=\"inner-block\"><a target=\"_self\" href=\"https:\/\/www.aucoeurdelamain.fr\/index.php\/2023\/03\/29\/de-lor-dans-les-mains-college-de-sevres-27-mars-2023\/\" class=\"wpr-button-effect wpr-button-none\"><span>Read More<\/span><\/a><\/div><\/div><\/div><\/div><\/article><article class=\"wpr-grid-item elementor-clearfix post-4510 post type-post status-publish format-gallery has-post-thumbnail hentry category-dernieres-news-des-evenements-a-venir post_format-post-format-gallery\"><div class=\"wpr-grid-item-inner\"><div class=\"wpr-grid-media-wrap wpr-effect-size-medium \" data-overlay-link=\"yes\"><div class=\"wpr-grid-image-wrap\" data-src=\"https:\/\/www.aucoeurdelamain.fr\/wp-content\/uploads\/2023\/01\/IMG-9606.jpg\" data-img-on-hover=\"\"  data-src-secondary=\"\"><img decoding=\"async\" data-no-lazy=\"1\" src=\"https:\/\/www.aucoeurdelamain.fr\/wp-content\/uploads\/2023\/01\/IMG-9606.jpg\" alt=\"Galerie F\u00e9au accueille jusqu&#8217;au 10 f\u00e9vrier 2023 le partenariat The Invisible Collection &#038; Mobilier National, le bureau lyrique des Ateliers BdM mis en lumi\u00e8re &#8211; F\u00e9vrier 2023\" class=\"wpr-anim-timing-ease-default\"><\/div><div class=\"wpr-grid-media-hover wpr-animation-wrap\"><div class=\"wpr-grid-media-hover-bg  wpr-overlay-fade-in wpr-anim-size-large wpr-anim-timing-ease-default wpr-anim-transparency\" data-url=\"https:\/\/www.aucoeurdelamain.fr\/index.php\/2023\/01\/30\/galerie-feau-accueille-jusquau-10-fevrier-2023-le-partenariat-the-invisible-collection-mobilier-national-le-bureau-lyrique-des-ateliers-bdm-mis-en-lumiere-fevrier-2023\/\"><\/div><\/div><\/div><div class=\"wpr-grid-item-below-content elementor-clearfix\"><h2 class=\"wpr-grid-item-title elementor-repeater-item-351980f wpr-grid-item-display-block wpr-grid-item-align-left wpr-pointer-none wpr-pointer-line-fx wpr-pointer-fx-fade\"><div class=\"inner-block\"><a target=\"_self\"  href=\"https:\/\/www.aucoeurdelamain.fr\/index.php\/2023\/01\/30\/galerie-feau-accueille-jusquau-10-fevrier-2023-le-partenariat-the-invisible-collection-mobilier-national-le-bureau-lyrique-des-ateliers-bdm-mis-en-lumiere-fevrier-2023\/\">Galerie F\u00e9au accueille jusqu&#8217;au 10 f\u00e9vrier 2023 le partenariat The Invisible Collection &#038; Mobilier National, le bureau lyrique des Ateliers\u2026<\/a><\/div><\/h2><div class=\"wpr-grid-item-date elementor-repeater-item-226c5fd wpr-grid-item-display-inline wpr-grid-item-align-left\"><div class=\"inner-block\"><span>30 janvier 2023<span class=\"wpr-grid-extra-text-right\">\/<\/span><\/span><\/div><\/div><div class=\"wpr-grid-item-read-more elementor-repeater-item-7371583 wpr-grid-item-display-block wpr-grid-item-align-left\"><div class=\"inner-block\"><a target=\"_self\" href=\"https:\/\/www.aucoeurdelamain.fr\/index.php\/2023\/01\/30\/galerie-feau-accueille-jusquau-10-fevrier-2023-le-partenariat-the-invisible-collection-mobilier-national-le-bureau-lyrique-des-ateliers-bdm-mis-en-lumiere-fevrier-2023\/\" class=\"wpr-button-effect wpr-button-none\"><span>Read More<\/span><\/a><\/div><\/div><\/div><\/div><\/article><article class=\"wpr-grid-item elementor-clearfix post-4508 post type-post status-publish format-gallery has-post-thumbnail hentry category-dernieres-news-des-evenements-a-venir post_format-post-format-gallery\"><div class=\"wpr-grid-item-inner\"><div class=\"wpr-grid-media-wrap wpr-effect-size-medium \" data-overlay-link=\"yes\"><div class=\"wpr-grid-image-wrap\" data-src=\"https:\/\/www.aucoeurdelamain.fr\/wp-content\/uploads\/2021\/03\/4-Bureau-Lyrique-MN-scaled-1-2048x1509.jpg\" data-img-on-hover=\"\"  data-src-secondary=\"\"><img decoding=\"async\" data-no-lazy=\"1\" src=\"https:\/\/www.aucoeurdelamain.fr\/wp-content\/uploads\/2021\/03\/4-Bureau-Lyrique-MN-scaled-1-2048x1509.jpg\" alt=\"R\u00e9f\u00e9renc\u00e9 chez The Invisible Collection &#8211; F\u00e9vrier 2023\" class=\"wpr-anim-timing-ease-default\"><\/div><div class=\"wpr-grid-media-hover wpr-animation-wrap\"><div class=\"wpr-grid-media-hover-bg  wpr-overlay-fade-in wpr-anim-size-large wpr-anim-timing-ease-default wpr-anim-transparency\" data-url=\"https:\/\/www.aucoeurdelamain.fr\/index.php\/2023\/01\/30\/reference-chez-the-invisible-collection\/\"><\/div><\/div><\/div><div class=\"wpr-grid-item-below-content elementor-clearfix\"><h2 class=\"wpr-grid-item-title elementor-repeater-item-351980f wpr-grid-item-display-block wpr-grid-item-align-left wpr-pointer-none wpr-pointer-line-fx wpr-pointer-fx-fade\"><div class=\"inner-block\"><a target=\"_self\"  href=\"https:\/\/www.aucoeurdelamain.fr\/index.php\/2023\/01\/30\/reference-chez-the-invisible-collection\/\">R\u00e9f\u00e9renc\u00e9 chez The Invisible Collection &#8211; F\u00e9vrier 2023<\/a><\/div><\/h2><div class=\"wpr-grid-item-date elementor-repeater-item-226c5fd wpr-grid-item-display-inline wpr-grid-item-align-left\"><div class=\"inner-block\"><span>30 janvier 2023<span class=\"wpr-grid-extra-text-right\">\/<\/span><\/span><\/div><\/div><div class=\"wpr-grid-item-read-more elementor-repeater-item-7371583 wpr-grid-item-display-block wpr-grid-item-align-left\"><div class=\"inner-block\"><a target=\"_self\" href=\"https:\/\/www.aucoeurdelamain.fr\/index.php\/2023\/01\/30\/reference-chez-the-invisible-collection\/\" class=\"wpr-button-effect wpr-button-none\"><span>Read More<\/span><\/a><\/div><\/div><\/div><\/div><\/article><article class=\"wpr-grid-item elementor-clearfix post-4492 post type-post status-publish format-gallery has-post-thumbnail hentry category-dernieres-news-des-evenements-a-venir post_format-post-format-gallery\"><div class=\"wpr-grid-item-inner\"><div class=\"wpr-grid-media-wrap wpr-effect-size-medium \" data-overlay-link=\"yes\"><div class=\"wpr-grid-image-wrap\" data-src=\"https:\/\/www.aucoeurdelamain.fr\/wp-content\/uploads\/2023\/01\/Bruno_de_Maistre_Fondation-RC_HD-24-scaled-1-2048x1362.jpg\" data-img-on-hover=\"\"  data-src-secondary=\"\"><img decoding=\"async\" data-no-lazy=\"1\" src=\"https:\/\/www.aucoeurdelamain.fr\/wp-content\/uploads\/2023\/01\/Bruno_de_Maistre_Fondation-RC_HD-24-scaled-1-2048x1362.jpg\" alt=\"Laur\u00e9at de la Fondation R\u00e9my Cointreau &#8211; Janvier 2023\" class=\"wpr-anim-timing-ease-default\"><\/div><div class=\"wpr-grid-media-hover wpr-animation-wrap\"><div class=\"wpr-grid-media-hover-bg  wpr-overlay-fade-in wpr-anim-size-large wpr-anim-timing-ease-default wpr-anim-transparency\" data-url=\"https:\/\/www.aucoeurdelamain.fr\/index.php\/2023\/01\/30\/laureat-de-la-fondation-remy-cointreau-janvier-2023\/\"><\/div><\/div><\/div><div class=\"wpr-grid-item-below-content elementor-clearfix\"><h2 class=\"wpr-grid-item-title elementor-repeater-item-351980f wpr-grid-item-display-block wpr-grid-item-align-left wpr-pointer-none wpr-pointer-line-fx wpr-pointer-fx-fade\"><div class=\"inner-block\"><a target=\"_self\"  href=\"https:\/\/www.aucoeurdelamain.fr\/index.php\/2023\/01\/30\/laureat-de-la-fondation-remy-cointreau-janvier-2023\/\">Laur\u00e9at de la Fondation R\u00e9my Cointreau &#8211; Janvier 2023<\/a><\/div><\/h2><div class=\"wpr-grid-item-date elementor-repeater-item-226c5fd wpr-grid-item-display-inline wpr-grid-item-align-left\"><div class=\"inner-block\"><span>30 janvier 2023<span class=\"wpr-grid-extra-text-right\">\/<\/span><\/span><\/div><\/div><div class=\"wpr-grid-item-read-more elementor-repeater-item-7371583 wpr-grid-item-display-block wpr-grid-item-align-left\"><div class=\"inner-block\"><a target=\"_self\" href=\"https:\/\/www.aucoeurdelamain.fr\/index.php\/2023\/01\/30\/laureat-de-la-fondation-remy-cointreau-janvier-2023\/\" class=\"wpr-button-effect wpr-button-none\"><span>Read More<\/span><\/a><\/div><\/div><\/div><\/div><\/article><article class=\"wpr-grid-item elementor-clearfix post-8257 post type-post status-publish format-standard has-post-thumbnail hentry category-art-sacre\"><div class=\"wpr-grid-item-inner\"><div class=\"wpr-grid-media-wrap wpr-effect-size-medium \" data-overlay-link=\"yes\"><div class=\"wpr-grid-image-wrap\" data-src=\"https:\/\/www.aucoeurdelamain.fr\/wp-content\/uploads\/2021\/02\/DSC_2676a-scaled-1-2048x1362.jpg\" data-img-on-hover=\"\"  data-src-secondary=\"\"><img decoding=\"async\" data-no-lazy=\"1\" src=\"https:\/\/www.aucoeurdelamain.fr\/wp-content\/uploads\/2021\/02\/DSC_2676a-scaled-1-2048x1362.jpg\" alt=\"B\u00e9n\u00e9diction par Mgr Roug\u00e9 de la nouvelle Chapelle Sainte-Genevi\u00e8ve \u00e0 Rueil-Malmaison (92)\" class=\"wpr-anim-timing-ease-default\"><\/div><div class=\"wpr-grid-media-hover wpr-animation-wrap\"><div class=\"wpr-grid-media-hover-bg  wpr-overlay-fade-in wpr-anim-size-large wpr-anim-timing-ease-default wpr-anim-transparency\" data-url=\"https:\/\/www.aucoeurdelamain.fr\/index.php\/2023\/01\/04\/benediction-par-mgr-rouge-de-la-nouvelle-chapelle-sainte-genevieve-a-rueil-malmaison-92\/\"><\/div><\/div><\/div><div class=\"wpr-grid-item-below-content elementor-clearfix\"><h2 class=\"wpr-grid-item-title elementor-repeater-item-351980f wpr-grid-item-display-block wpr-grid-item-align-left wpr-pointer-none wpr-pointer-line-fx wpr-pointer-fx-fade\"><div class=\"inner-block\"><a target=\"_self\"  href=\"https:\/\/www.aucoeurdelamain.fr\/index.php\/2023\/01\/04\/benediction-par-mgr-rouge-de-la-nouvelle-chapelle-sainte-genevieve-a-rueil-malmaison-92\/\">B\u00e9n\u00e9diction par Mgr Roug\u00e9 de la nouvelle Chapelle Sainte-Genevi\u00e8ve \u00e0 Rueil-Malmaison (92)<\/a><\/div><\/h2><div class=\"wpr-grid-item-date elementor-repeater-item-226c5fd wpr-grid-item-display-inline wpr-grid-item-align-left\"><div class=\"inner-block\"><span>4 janvier 2023<span class=\"wpr-grid-extra-text-right\">\/<\/span><\/span><\/div><\/div><div class=\"wpr-grid-item-read-more elementor-repeater-item-7371583 wpr-grid-item-display-block wpr-grid-item-align-left\"><div class=\"inner-block\"><a target=\"_self\" href=\"https:\/\/www.aucoeurdelamain.fr\/index.php\/2023\/01\/04\/benediction-par-mgr-rouge-de-la-nouvelle-chapelle-sainte-genevieve-a-rueil-malmaison-92\/\" class=\"wpr-button-effect wpr-button-none\"><span>Read More<\/span><\/a><\/div><\/div><\/div><\/div><\/article><article class=\"wpr-grid-item elementor-clearfix post-8246 post type-post status-publish format-standard has-post-thumbnail hentry category-art-sacre\"><div class=\"wpr-grid-item-inner\"><div class=\"wpr-grid-media-wrap wpr-effect-size-medium \" data-overlay-link=\"yes\"><div class=\"wpr-grid-image-wrap\" data-src=\"https:\/\/www.aucoeurdelamain.fr\/wp-content\/uploads\/2025\/04\/IMG_7155-1-1536x2048.jpg\" data-img-on-hover=\"\"  data-src-secondary=\"\"><img decoding=\"async\" data-no-lazy=\"1\" src=\"https:\/\/www.aucoeurdelamain.fr\/wp-content\/uploads\/2025\/04\/IMG_7155-1-1536x2048.jpg\" alt=\"Au service de Notre-Dame de Paris &#8211; Dossier de Candidature\" class=\"wpr-anim-timing-ease-default\"><\/div><div class=\"wpr-grid-media-hover wpr-animation-wrap\"><div class=\"wpr-grid-media-hover-bg  wpr-overlay-fade-in wpr-anim-size-large wpr-anim-timing-ease-default wpr-anim-transparency\" data-url=\"https:\/\/www.aucoeurdelamain.fr\/index.php\/2022\/11\/17\/au-service-de-notre-dame-de-paris-dossier-de-candidature\/\"><\/div><\/div><\/div><div class=\"wpr-grid-item-below-content elementor-clearfix\"><h2 class=\"wpr-grid-item-title elementor-repeater-item-351980f wpr-grid-item-display-block wpr-grid-item-align-left wpr-pointer-none wpr-pointer-line-fx wpr-pointer-fx-fade\"><div class=\"inner-block\"><a target=\"_self\"  href=\"https:\/\/www.aucoeurdelamain.fr\/index.php\/2022\/11\/17\/au-service-de-notre-dame-de-paris-dossier-de-candidature\/\">Au service de Notre-Dame de Paris &#8211; Dossier de Candidature<\/a><\/div><\/h2><div class=\"wpr-grid-item-date elementor-repeater-item-226c5fd wpr-grid-item-display-inline wpr-grid-item-align-left\"><div class=\"inner-block\"><span>17 novembre 2022<span class=\"wpr-grid-extra-text-right\">\/<\/span><\/span><\/div><\/div><div class=\"wpr-grid-item-read-more elementor-repeater-item-7371583 wpr-grid-item-display-block wpr-grid-item-align-left\"><div class=\"inner-block\"><a target=\"_self\" href=\"https:\/\/www.aucoeurdelamain.fr\/index.php\/2022\/11\/17\/au-service-de-notre-dame-de-paris-dossier-de-candidature\/\" class=\"wpr-button-effect wpr-button-none\"><span>Read More<\/span><\/a><\/div><\/div><\/div><\/div><\/article><article class=\"wpr-grid-item elementor-clearfix post-8117 post type-post status-publish format-standard has-post-thumbnail hentry category-art-sacre category-presse\"><div class=\"wpr-grid-item-inner\"><div class=\"wpr-grid-media-wrap wpr-effect-size-medium \" data-overlay-link=\"yes\"><div class=\"wpr-grid-image-wrap\" data-src=\"https:\/\/www.aucoeurdelamain.fr\/wp-content\/uploads\/2025\/04\/IMG_6049-1536x2048.jpg\" data-img-on-hover=\"\"  data-src-secondary=\"\"><img decoding=\"async\" data-no-lazy=\"1\" src=\"https:\/\/www.aucoeurdelamain.fr\/wp-content\/uploads\/2025\/04\/IMG_6049-1536x2048.jpg\" alt=\"&#8220;Bruno de Maistre, un \u00e9b\u00e9niste au service du sacr\u00e9&#8221; &#8211; ALETEIA &#8211; 4 novembre 2022\" class=\"wpr-anim-timing-ease-default\"><\/div><div class=\"wpr-grid-media-hover wpr-animation-wrap\"><div class=\"wpr-grid-media-hover-bg  wpr-overlay-fade-in wpr-anim-size-large wpr-anim-timing-ease-default wpr-anim-transparency\" data-url=\"https:\/\/www.aucoeurdelamain.fr\/index.php\/2022\/11\/05\/bruno-de-maistre-un-ebeniste-au-service-du-sacre-aleteia-4-novembre-2022\/\"><\/div><\/div><\/div><div class=\"wpr-grid-item-below-content elementor-clearfix\"><h2 class=\"wpr-grid-item-title elementor-repeater-item-351980f wpr-grid-item-display-block wpr-grid-item-align-left wpr-pointer-none wpr-pointer-line-fx wpr-pointer-fx-fade\"><div class=\"inner-block\"><a target=\"_self\"  href=\"https:\/\/www.aucoeurdelamain.fr\/index.php\/2022\/11\/05\/bruno-de-maistre-un-ebeniste-au-service-du-sacre-aleteia-4-novembre-2022\/\">&#8220;Bruno de Maistre, un \u00e9b\u00e9niste au service du sacr\u00e9&#8221; &#8211; ALETEIA &#8211; 4 novembre 2022<\/a><\/div><\/h2><div class=\"wpr-grid-item-date elementor-repeater-item-226c5fd wpr-grid-item-display-inline wpr-grid-item-align-left\"><div class=\"inner-block\"><span>5 novembre 2022<span class=\"wpr-grid-extra-text-right\">\/<\/span><\/span><\/div><\/div><div class=\"wpr-grid-item-read-more elementor-repeater-item-7371583 wpr-grid-item-display-block wpr-grid-item-align-left\"><div class=\"inner-block\"><a target=\"_self\" href=\"https:\/\/www.aucoeurdelamain.fr\/index.php\/2022\/11\/05\/bruno-de-maistre-un-ebeniste-au-service-du-sacre-aleteia-4-novembre-2022\/\" class=\"wpr-button-effect wpr-button-none\"><span>Read More<\/span><\/a><\/div><\/div><\/div><\/div><\/article><article class=\"wpr-grid-item elementor-clearfix post-8251 post type-post status-publish format-standard has-post-thumbnail hentry category-art-sacre\"><div class=\"wpr-grid-item-inner\"><div class=\"wpr-grid-media-wrap wpr-effect-size-medium \" data-overlay-link=\"yes\"><div class=\"wpr-grid-image-wrap\" data-src=\"https:\/\/www.aucoeurdelamain.fr\/wp-content\/uploads\/2025\/04\/IMG_9463-2048x1536.jpg\" data-img-on-hover=\"\"  data-src-secondary=\"\"><img decoding=\"async\" data-no-lazy=\"1\" src=\"https:\/\/www.aucoeurdelamain.fr\/wp-content\/uploads\/2025\/04\/IMG_9463-2048x1536.jpg\" alt=\"B\u00e9n\u00e9diction de la Maison Familya SFX par Mgr Ulrich &#8211; 14 octobre 2022\" class=\"wpr-anim-timing-ease-default\"><\/div><div class=\"wpr-grid-media-hover wpr-animation-wrap\"><div class=\"wpr-grid-media-hover-bg  wpr-overlay-fade-in wpr-anim-size-large wpr-anim-timing-ease-default wpr-anim-transparency\" data-url=\"https:\/\/www.aucoeurdelamain.fr\/index.php\/2022\/10\/17\/benediction-de-la-maison-familya-sfx-par-mgr-ulrich-14-octobre-2022\/\"><\/div><\/div><\/div><div class=\"wpr-grid-item-below-content elementor-clearfix\"><h2 class=\"wpr-grid-item-title elementor-repeater-item-351980f wpr-grid-item-display-block wpr-grid-item-align-left wpr-pointer-none wpr-pointer-line-fx wpr-pointer-fx-fade\"><div class=\"inner-block\"><a target=\"_self\"  href=\"https:\/\/www.aucoeurdelamain.fr\/index.php\/2022\/10\/17\/benediction-de-la-maison-familya-sfx-par-mgr-ulrich-14-octobre-2022\/\">B\u00e9n\u00e9diction de la Maison Familya SFX par Mgr Ulrich &#8211; 14 octobre 2022<\/a><\/div><\/h2><div class=\"wpr-grid-item-date elementor-repeater-item-226c5fd wpr-grid-item-display-inline wpr-grid-item-align-left\"><div class=\"inner-block\"><span>17 octobre 2022<span class=\"wpr-grid-extra-text-right\">\/<\/span><\/span><\/div><\/div><div class=\"wpr-grid-item-read-more elementor-repeater-item-7371583 wpr-grid-item-display-block wpr-grid-item-align-left\"><div class=\"inner-block\"><a target=\"_self\" href=\"https:\/\/www.aucoeurdelamain.fr\/index.php\/2022\/10\/17\/benediction-de-la-maison-familya-sfx-par-mgr-ulrich-14-octobre-2022\/\" class=\"wpr-button-effect wpr-button-none\"><span>Read More<\/span><\/a><\/div><\/div><\/div><\/div><\/article><article class=\"wpr-grid-item elementor-clearfix post-8344 post type-post status-publish format-standard has-post-thumbnail hentry category-art-sacre category-presse\"><div class=\"wpr-grid-item-inner\"><div class=\"wpr-grid-media-wrap wpr-effect-size-medium \" data-overlay-link=\"yes\"><div class=\"wpr-grid-image-wrap\" data-src=\"https:\/\/www.aucoeurdelamain.fr\/wp-content\/uploads\/2020\/11\/image_2021-01-02_090953.png\" data-img-on-hover=\"\"  data-src-secondary=\"\"><img decoding=\"async\" data-no-lazy=\"1\" src=\"https:\/\/www.aucoeurdelamain.fr\/wp-content\/uploads\/2020\/11\/image_2021-01-02_090953.png\" alt=\"Reportage sur les Ateliers d&#8217;Arimathie r\u00e9alis\u00e9 par les Chantiers du Cardinal (Novembre 2020)\" class=\"wpr-anim-timing-ease-default\"><\/div><div class=\"wpr-grid-media-hover wpr-animation-wrap\"><div class=\"wpr-grid-media-hover-bg  wpr-overlay-fade-in wpr-anim-size-large wpr-anim-timing-ease-default wpr-anim-transparency\" data-url=\"https:\/\/www.aucoeurdelamain.fr\/index.php\/2022\/08\/17\/reportage-sur-les-ateliers-darimathie-realise-par-les-chantiers-du-cardinal-novembre-2020\/\"><\/div><\/div><\/div><div class=\"wpr-grid-item-below-content elementor-clearfix\"><h2 class=\"wpr-grid-item-title elementor-repeater-item-351980f wpr-grid-item-display-block wpr-grid-item-align-left wpr-pointer-none wpr-pointer-line-fx wpr-pointer-fx-fade\"><div class=\"inner-block\"><a target=\"_self\"  href=\"https:\/\/www.aucoeurdelamain.fr\/index.php\/2022\/08\/17\/reportage-sur-les-ateliers-darimathie-realise-par-les-chantiers-du-cardinal-novembre-2020\/\">Reportage sur les Ateliers d&#8217;Arimathie r\u00e9alis\u00e9 par les Chantiers du Cardinal (Novembre 2020)<\/a><\/div><\/h2><div class=\"wpr-grid-item-date elementor-repeater-item-226c5fd wpr-grid-item-display-inline wpr-grid-item-align-left\"><div class=\"inner-block\"><span>17 ao\u00fbt 2022<span class=\"wpr-grid-extra-text-right\">\/<\/span><\/span><\/div><\/div><div class=\"wpr-grid-item-read-more elementor-repeater-item-7371583 wpr-grid-item-display-block wpr-grid-item-align-left\"><div class=\"inner-block\"><a target=\"_self\" href=\"https:\/\/www.aucoeurdelamain.fr\/index.php\/2022\/08\/17\/reportage-sur-les-ateliers-darimathie-realise-par-les-chantiers-du-cardinal-novembre-2020\/\" class=\"wpr-button-effect wpr-button-none\"><span>Read More<\/span><\/a><\/div><\/div><\/div><\/div><\/article><\/section><div class=\"wpr-grid-pagination elementor-clearfix wpr-grid-pagination-load-more\" data-pages=\"3\"><a href=\"https:\/\/www.aucoeurdelamain.fr\/index.php\/wp-json\/wp\/v2\/pages\/6354\/page\/2\/\" class=\"wpr-load-more-btn\" data-e-disable-page-transition >Load More<\/a><div class=\"wpr-pagination-loading\"><div class=\"wpr-double-bounce\"><div class=\"wpr-child wpr-double-bounce1\"><\/div><div class=\"wpr-child wpr-double-bounce2\"><\/div><\/div><\/div><p class=\"wpr-pagination-finish\">End of Content.<\/p><\/div>\t\t\t\t<\/div>\n\t\t\t\t<\/div>\n\t\t\t\t\t<\/div>\n\t\t\t\t<\/div>\n\t\t\t\t<\/div>\n\t\t","protected":false},"excerpt":{"rendered":"<p>Toutes les news Mobilier d&#039;exception Ev\u00e8nements exposition Art Sacr\u00e9 Presse Podcast avec la Fondation Remy Cointreau 21 mai 2025\/Read More Le coffret en \u00e9b\u00e8ne de macassar 21 mai 2025\/Read More Salon R\u00e9v\u00e9lation 21 mai 2025\/Read More Saint-Pierre-Saint-Paul\u00a0\u00e0\u00a0Courbevoie 21 mai 2025\/Read More La Table Trinit\u00e9 21 mai 2025\/Read More &#8220;Chaque geste<\/p>\n","protected":false},"author":3,"featured_media":0,"parent":0,"menu_order":0,"comment_status":"closed","ping_status":"closed","template":"","meta":{"footnotes":""},"class_list":["post-6354","page","type-page","status-publish","hentry"],"jetpack_sharing_enabled":true,"_links":{"self":[{"href":"https:\/\/www.aucoeurdelamain.fr\/index.php\/wp-json\/wp\/v2\/pages\/6354","targetHints":{"allow":["GET"]}}],"collection":[{"href":"https:\/\/www.aucoeurdelamain.fr\/index.php\/wp-json\/wp\/v2\/pages"}],"about":[{"href":"https:\/\/www.aucoeurdelamain.fr\/index.php\/wp-json\/wp\/v2\/types\/page"}],"author":[{"embeddable":true,"href":"https:\/\/www.aucoeurdelamain.fr\/index.php\/wp-json\/wp\/v2\/users\/3"}],"replies":[{"embeddable":true,"href":"https:\/\/www.aucoeurdelamain.fr\/index.php\/wp-json\/wp\/v2\/comments?post=6354"}],"version-history":[{"count":66,"href":"https:\/\/www.aucoeurdelamain.fr\/index.php\/wp-json\/wp\/v2\/pages\/6354\/revisions"}],"predecessor-version":[{"id":8892,"href":"https:\/\/www.aucoeurdelamain.fr\/index.php\/wp-json\/wp\/v2\/pages\/6354\/revisions\/8892"}],"wp:attachment":[{"href":"https:\/\/www.aucoeurdelamain.fr\/index.php\/wp-json\/wp\/v2\/media?parent=6354"}],"curies":[{"name":"wp","href":"https:\/\/api.w.org\/{rel}","templated":true}]}}